{"id":28382,"date":"2024-11-26T16:48:56","date_gmt":"2024-11-26T16:48:56","guid":{"rendered":"https:\/\/www.turismelacostera.com\/?page_id=28382"},"modified":"2024-11-26T16:49:53","modified_gmt":"2024-11-26T16:49:53","slug":"declaracion-de-accesibilidad","status":"publish","type":"page","link":"https:\/\/www.turismelacostera.com\/es\/declaracion-de-accesibilidad\/","title":{"rendered":"Declaraci\u00f3n de Accesibilidad"},"content":{"rendered":"\t\t<div data-elementor-type=\"wp-page\" data-elementor-id=\"28382\" class=\"elementor elementor-28382 elementor-28380\" data-elementor-post-type=\"page\">\n\t\t\t\t\t\t<section class=\"elementor-section elementor-top-section elementor-element elementor-element-7018110 elementor-section-content-middle elementor-section-stretched elementor-section-boxed elementor-section-height-default elementor-section-height-default\" data-id=\"7018110\" data-element_type=\"section\" data-e-type=\"section\" data-settings=\"{&quot;stretch_section&quot;:&quot;section-stretched&quot;,&quot;jet_parallax_layout_list&quot;:[{&quot;jet_parallax_layout_image&quot;:{&quot;url&quot;:&quot;&quot;,&quot;id&quot;:&quot;&quot;,&quot;size&quot;:&quot;&quot;},&quot;_id&quot;:&quot;69e5e79&quot;,&quot;jet_parallax_layout_speed&quot;:{&quot;unit&quot;:&quot;%&quot;,&quot;size&quot;:50,&quot;sizes&quot;:[]},&quot;jet_parallax_layout_image_tablet&quot;:{&quot;url&quot;:&quot;&quot;,&quot;id&quot;:&quot;&quot;,&quot;size&quot;:&quot;&quot;},&quot;jet_parallax_layout_image_mobile&quot;:{&quot;url&quot;:&quot;&quot;,&quot;id&quot;:&quot;&quot;,&quot;size&quot;:&quot;&quot;},&quot;jet_parallax_layout_type&quot;:&quot;scroll&quot;,&quot;jet_parallax_layout_direction&quot;:&quot;1&quot;,&quot;jet_parallax_layout_fx_direction&quot;:null,&quot;jet_parallax_layout_z_index&quot;:&quot;&quot;,&quot;jet_parallax_layout_bg_x&quot;:50,&quot;jet_parallax_layout_bg_x_tablet&quot;:&quot;&quot;,&quot;jet_parallax_layout_bg_x_mobile&quot;:&quot;&quot;,&quot;jet_parallax_layout_bg_y&quot;:50,&quot;jet_parallax_layout_bg_y_tablet&quot;:&quot;&quot;,&quot;jet_parallax_layout_bg_y_mobile&quot;:&quot;&quot;,&quot;jet_parallax_layout_bg_size&quot;:&quot;auto&quot;,&quot;jet_parallax_layout_bg_size_tablet&quot;:&quot;&quot;,&quot;jet_parallax_layout_bg_size_mobile&quot;:&quot;&quot;,&quot;jet_parallax_layout_animation_prop&quot;:&quot;transform&quot;,&quot;jet_parallax_layout_on&quot;:[&quot;desktop&quot;,&quot;tablet&quot;]}]}\">\n\t\t\t\t\t\t\t<div class=\"elementor-background-overlay\"><\/div>\n\t\t\t\t\t\t\t<div class=\"elementor-container elementor-column-gap-default\">\n\t\t\t\t\t<div class=\"elementor-column elementor-col-100 elementor-top-column elementor-element elementor-element-197e2f1\" data-id=\"197e2f1\" data-element_type=\"column\" data-e-type=\"column\">\n\t\t\t<div class=\"elementor-widget-wrap elementor-element-populated\">\n\t\t\t\t\t<div class=\"elementor-background-overlay\"><\/div>\n\t\t\t\t\t\t<div class=\"elementor-element elementor-element-2bb5323 elementor-widget elementor-widget-heading\" data-id=\"2bb5323\" data-element_type=\"widget\" data-e-type=\"widget\" data-widget_type=\"heading.default\">\n\t\t\t\t<div class=\"elementor-widget-container\">\n\t\t\t\t\t<h2 class=\"elementor-heading-title elementor-size-default\">Declaraci\u00f3n de Accesibilidad<\/h2>\t\t\t\t<\/div>\n\t\t\t\t<\/div>\n\t\t\t\t<div class=\"elementor-element elementor-element-76e602e elementor-widget-divider--view-line elementor-widget elementor-widget-divider\" data-id=\"76e602e\" data-element_type=\"widget\" data-e-type=\"widget\" data-widget_type=\"divider.default\">\n\t\t\t\t<div class=\"elementor-widget-container\">\n\t\t\t\t\t\t\t<div class=\"elementor-divider\">\n\t\t\t<span class=\"elementor-divider-separator\">\n\t\t\t\t\t\t<\/span>\n\t\t<\/div>\n\t\t\t\t\t\t<\/div>\n\t\t\t\t<\/div>\n\t\t\t\t<div class=\"elementor-element elementor-element-6dd5706 elementor-widget elementor-widget-text-editor\" data-id=\"6dd5706\" data-element_type=\"widget\" data-e-type=\"widget\" data-widget_type=\"text-editor.default\">\n\t\t\t\t<div class=\"elementor-widget-container\">\n\t\t\t\t\t\t\t\t\t<div id=\"bannerR\"><div id=\"div-gpt-ad-1474537762122-3\" data-google-query-id=\"CM6mh-2s1ewCFUFuGwodJJkM_w\"><div id=\"google_ads_iframe_\/15188745\/Lipsum-Unit4_0__container__\"><div id=\"bannerR\"><div id=\"div-gpt-ad-1474537762122-3\" data-google-query-id=\"CM6mh-2s1ewCFUFuGwodJJkM_w\"><div id=\"google_ads_iframe_\/15188745\/Lipsum-Unit4_0__container__\"><h3>Introducci\u00f3n<\/h3><p>La accesibilidad trata de suprimir, o minimizar, las barreras con las que se encuentran determinados grupos de usuarios mientras se navega por Internet, de forma que permite el acceso a la informaci\u00f3n. Estas dificultades est\u00e1n relacionadas con la tecnolog\u00eda que usan:<\/p><ul><li>Problemas de visi\u00f3n, audici\u00f3n o movilidad<\/li><li>Dificultad para entender el contenido<\/li><li>Navegaci\u00f3n poco intuitiva<\/li><li>Mala conexi\u00f3n<\/li><li>Navegadores que no interpretan bien el contenido<\/li><li>Ausencia de perif\u00e9ricos<\/li><li>Mal contraste del contenido<\/li><\/ul><p>La Mancomunitat Costera &#8211; Canal se ha comprometido a hacer accesible <a href=\"https:\/\/www.turismelacostera.com\">www.turismelacostera.com<\/a>, de conformidad con el Real Decreto 1112\/2018, de 7 de septiembre, sobre accesibilidad de los sitios web y aplicaciones para dispositivos m\u00f3viles del sector p\u00fablico.<\/p><p>La presente declaraci\u00f3n de accesibilidad se aplica a <a href=\"https:\/\/www.turismelacostera.com\">www.turismelacostera.com<\/a>.<\/p><h3>Situaci\u00f3n de cumplimiento<\/h3><p>Este sitio web es parcialmente conforme con el Real Decreto 1112\/2018 debido a las excepciones y a la falta de conformidad de los aspectos que se indican a continuaci\u00f3n.<\/p><h3>Contenido no accesible<\/h3><p>El contenido que se recoge a continuaci\u00f3n no es accesible por lo siguiente:<\/p><ul><li>Falta de conformidad con el RD 1112\/2018 &#8211; Indicar aspectos no conformes<ul><li>Podr\u00edan existir fallos puntuales de edici\u00f3n en alguna p\u00e1gina web.<\/li><li>En el portal existen contenidos en ingl\u00e9s cuyo idioma no est\u00e1 etiquetado correctamente.<\/li><li>Existen fallos puntuales en el uso de algunas etiquetas de marcado sem\u00e1ntico, marcado de p\u00e1rrafos, ausencia de descripci\u00f3n y estructuraci\u00f3n en tablas.<\/li><li>Podr\u00eda existir un marcado incorrecto de im\u00e1genes decorativas.<\/li><li>Podr\u00eda existir alg\u00fan video en el que no contenga subt\u00edtulos.<\/li><li>Uso incorrecto de roles y estados WAI-ARIA en componentes tales como los paneles de pesta\u00f1as, \u00e1rboles de navegaci\u00f3n, acordeones, etc.<\/li><\/ul><\/li><li>Carga desproporcionada<ul><li>No aplica<\/li><\/ul><\/li><li>El contenido no entra dentro del \u00e1mbito de la legislaci\u00f3n aplicable<ul><li>Podr\u00edan existir archivos ofim\u00e1ticos en PDF u otros formatos publicados antes del 20 de septiembre de 2018 que no cumplan en su totalidad todos los requisitos de accesibilidad. Aunque se ha procurado que la mayor\u00eda de ellos s\u00ed lo cumplan.<\/li><\/ul><\/li><\/ul><h3>Preparaci\u00f3n de la presente declaraci\u00f3n de accesibilidad<\/h3><p>La presente declaraci\u00f3n de accesibilidad fue preparada el 26\/11\/2024.<\/p><p>El m\u00e9todo empleado para la presente declaraci\u00f3n ha sido una evaluaci\u00f3n manual realizada por Digital Value S.L<\/p><p>\u00daltima revisi\u00f3n de la declaraci\u00f3n: 26\/11\/2024.<\/p><p>informe accesibilidad Turisme La Costera<\/p><h3>Observaciones y datos de contacto<\/h3><p>Puede realizar comunicaciones sobre requisitos de accesibilidad (art\u00edculo 10.2.a del RD 1112\/2018) como por ejemplo:<\/p><ul><li>Informar sobre cualquier posible incumplimiento por parte de este sitio web.<\/li><li>Transmitir otras dificultades de acceso al contenido.<\/li><li>Formular cualquier otra consulta o sugerencia de mejora relativa a la accesibilidad del sitio web a trav\u00e9s del formulario de contacto de este sitio web.<\/li><\/ul><p>Las comunicaciones ser\u00e1n recibidas y tratadas por el Mancomunitat Costera &#8211; Canal.<\/p><h3>Procedimiento de aplicaci\u00f3n<\/h3><p>Solicitudes de informaci\u00f3n accesible y quejas: De acuerdo con el art\u00edculo 12 del RD 1112\/2018, ser\u00e1n presentadas y registradas conforme a los requisitos establecidos en la Ley 39\/2015, de 1 de octubre, del Procedimiento Administrativo Com\u00fan de las Administraciones P\u00fablicas.<\/p><p>Si una vez realizada una solicitud de informaci\u00f3n accesible o queja, \u00e9sta hubiera sido desestimada, no se estuviera de acuerdo con la decisi\u00f3n adoptada, o la respuesta no cumpliera los requisitos contemplados en el art\u00edculo 12.5, la persona interesada podr\u00e1 iniciar una reclamaci\u00f3n. Igualmente se podr\u00e1 iniciar una reclamaci\u00f3n en el caso de que haya transcurrido el plazo de veinte d\u00edas h\u00e1biles sin haber obtenido respuesta.<\/p><p>La reclamaci\u00f3n puede ser presentada a trav\u00e9s del de la Instancia Gen\u00e9rica de la Sede electr\u00f3nica del Mancomunitat Costera &#8211; Canal, as\u00ed como en el resto de opciones recogidas en la Ley 39\/ 2015, de 1 de octubre, del Procedimiento Administrativo Com\u00fan de las Administraciones P\u00fablicas.<\/p><p>Las reclamaciones ser\u00e1n recibidas y tratadas por la Mancomunitat Costera &#8211; Canal.<\/p><h3>Quejas y sugerencias<\/h3><p>Las quejas y sugerencias ser\u00e1n enviadas al correo electr\u00f3nico <a href=\"mailto:turisme@mancomunitatlacostera.es\">turisme@mancomunitatlacostera.es<\/a><\/p><\/div><\/div><\/div><\/div><\/div><\/div>\t\t\t\t\t\t\t\t<\/div>\n\t\t\t\t<\/div>\n\t\t\t\t\t<\/div>\n\t\t<\/div>\n\t\t\t\t\t<\/div>\n\t\t<\/section>\n\t\t\t\t<\/div>\n\t\t","protected":false},"excerpt":{"rendered":"<p>Declaraci\u00f3n de Accesibilidad Introducci\u00f3n La accesibilidad trata de suprimir, o minimizar, las barreras con las que se encuentran determinados grupos de usuarios mientras se navega por Internet, de forma que permite el acceso a la informaci\u00f3n. Estas dificultades est\u00e1n relacionadas con la tecnolog\u00eda que usan: Problemas de visi\u00f3n, audici\u00f3n o movilidad Dificultad para entender el [&hellip;]<\/p>\n","protected":false},"author":9,"featured_media":0,"parent":0,"menu_order":0,"comment_status":"closed","ping_status":"closed","template":"","meta":{"_acf_changed":false,"footnotes":""},"class_list":["post-28382","page","type-page","status-publish","hentry"],"acf":[],"yoast_head":"<!-- This site is optimized with the Yoast SEO plugin v27.4 - https:\/\/yoast.com\/product\/yoast-seo-wordpress\/ -->\n<title>Declaraci\u00f3n de Accesibilidad - Turisme La Costera<\/title>\n<meta name=\"robots\" content=\"noindex, nofollow\" \/>\n<meta property=\"og:locale\" content=\"es_ES\" \/>\n<meta property=\"og:type\" content=\"article\" \/>\n<meta property=\"og:title\" content=\"Declaraci\u00f3n de Accesibilidad - Turisme La Costera\" \/>\n<meta property=\"og:description\" content=\"Declaraci\u00f3n de Accesibilidad Introducci\u00f3n La accesibilidad trata de suprimir, o minimizar, las barreras con las que se encuentran determinados grupos de usuarios mientras se navega por Internet, de forma que permite el acceso a la informaci\u00f3n. Estas dificultades est\u00e1n relacionadas con la tecnolog\u00eda que usan: Problemas de visi\u00f3n, audici\u00f3n o movilidad Dificultad para entender el [&hellip;]\" \/>\n<meta property=\"og:url\" content=\"https:\/\/www.turismelacostera.com\/es\/declaracion-de-accesibilidad\/\" \/>\n<meta property=\"og:site_name\" content=\"Turisme la Costera l Tesoros del interior\" \/>\n<meta property=\"article:modified_time\" content=\"2024-11-26T16:49:53+00:00\" \/>\n<meta name=\"twitter:card\" content=\"summary_large_image\" \/>\n<meta name=\"twitter:label1\" content=\"Tiempo de lectura\" \/>\n\t<meta name=\"twitter:data1\" content=\"3 minutos\" \/>\n<script type=\"application\/ld+json\" class=\"yoast-schema-graph\">{\"@context\":\"https:\\\/\\\/schema.org\",\"@graph\":[{\"@type\":\"WebPage\",\"@id\":\"https:\\\/\\\/www.turismelacostera.com\\\/es\\\/declaracion-de-accesibilidad\\\/\",\"url\":\"https:\\\/\\\/www.turismelacostera.com\\\/es\\\/declaracion-de-accesibilidad\\\/\",\"name\":\"Declaraci\u00f3n de Accesibilidad - Turisme La Costera\",\"isPartOf\":{\"@id\":\"https:\\\/\\\/www.turismelacostera.com\\\/es\\\/#website\"},\"datePublished\":\"2024-11-26T16:48:56+00:00\",\"dateModified\":\"2024-11-26T16:49:53+00:00\",\"breadcrumb\":{\"@id\":\"https:\\\/\\\/www.turismelacostera.com\\\/es\\\/declaracion-de-accesibilidad\\\/#breadcrumb\"},\"inLanguage\":\"es\",\"potentialAction\":[{\"@type\":\"ReadAction\",\"target\":[\"https:\\\/\\\/www.turismelacostera.com\\\/es\\\/declaracion-de-accesibilidad\\\/\"]}]},{\"@type\":\"BreadcrumbList\",\"@id\":\"https:\\\/\\\/www.turismelacostera.com\\\/es\\\/declaracion-de-accesibilidad\\\/#breadcrumb\",\"itemListElement\":[{\"@type\":\"ListItem\",\"position\":1,\"name\":\"Portada\",\"item\":\"https:\\\/\\\/www.turismelacostera.com\\\/es\\\/\"},{\"@type\":\"ListItem\",\"position\":2,\"name\":\"Declaraci\u00f3n de Accesibilidad\"}]},{\"@type\":\"WebSite\",\"@id\":\"https:\\\/\\\/www.turismelacostera.com\\\/es\\\/#website\",\"url\":\"https:\\\/\\\/www.turismelacostera.com\\\/es\\\/\",\"name\":\"Turisme la Costera l Tesoros del interior\",\"description\":\"Descobreix els tresors que amaga l&#039;interior de Val\u00e8ncia\",\"potentialAction\":[{\"@type\":\"SearchAction\",\"target\":{\"@type\":\"EntryPoint\",\"urlTemplate\":\"https:\\\/\\\/www.turismelacostera.com\\\/es\\\/?s={search_term_string}\"},\"query-input\":{\"@type\":\"PropertyValueSpecification\",\"valueRequired\":true,\"valueName\":\"search_term_string\"}}],\"inLanguage\":\"es\"}]}<\/script>\n<!-- \/ Yoast SEO plugin. -->","yoast_head_json":{"title":"Declaraci\u00f3n de Accesibilidad - Turisme La Costera","robots":{"index":"noindex","follow":"nofollow"},"og_locale":"es_ES","og_type":"article","og_title":"Declaraci\u00f3n de Accesibilidad - Turisme La Costera","og_description":"Declaraci\u00f3n de Accesibilidad Introducci\u00f3n La accesibilidad trata de suprimir, o minimizar, las barreras con las que se encuentran determinados grupos de usuarios mientras se navega por Internet, de forma que permite el acceso a la informaci\u00f3n. Estas dificultades est\u00e1n relacionadas con la tecnolog\u00eda que usan: Problemas de visi\u00f3n, audici\u00f3n o movilidad Dificultad para entender el [&hellip;]","og_url":"https:\/\/www.turismelacostera.com\/es\/declaracion-de-accesibilidad\/","og_site_name":"Turisme la Costera l Tesoros del interior","article_modified_time":"2024-11-26T16:49:53+00:00","twitter_card":"summary_large_image","twitter_misc":{"Tiempo de lectura":"3 minutos"},"schema":{"@context":"https:\/\/schema.org","@graph":[{"@type":"WebPage","@id":"https:\/\/www.turismelacostera.com\/es\/declaracion-de-accesibilidad\/","url":"https:\/\/www.turismelacostera.com\/es\/declaracion-de-accesibilidad\/","name":"Declaraci\u00f3n de Accesibilidad - Turisme La Costera","isPartOf":{"@id":"https:\/\/www.turismelacostera.com\/es\/#website"},"datePublished":"2024-11-26T16:48:56+00:00","dateModified":"2024-11-26T16:49:53+00:00","breadcrumb":{"@id":"https:\/\/www.turismelacostera.com\/es\/declaracion-de-accesibilidad\/#breadcrumb"},"inLanguage":"es","potentialAction":[{"@type":"ReadAction","target":["https:\/\/www.turismelacostera.com\/es\/declaracion-de-accesibilidad\/"]}]},{"@type":"BreadcrumbList","@id":"https:\/\/www.turismelacostera.com\/es\/declaracion-de-accesibilidad\/#breadcrumb","itemListElement":[{"@type":"ListItem","position":1,"name":"Portada","item":"https:\/\/www.turismelacostera.com\/es\/"},{"@type":"ListItem","position":2,"name":"Declaraci\u00f3n de Accesibilidad"}]},{"@type":"WebSite","@id":"https:\/\/www.turismelacostera.com\/es\/#website","url":"https:\/\/www.turismelacostera.com\/es\/","name":"Turisme la Costera l Tesoros del interior","description":"Descobreix els tresors que amaga l&#039;interior de Val\u00e8ncia","potentialAction":[{"@type":"SearchAction","target":{"@type":"EntryPoint","urlTemplate":"https:\/\/www.turismelacostera.com\/es\/?s={search_term_string}"},"query-input":{"@type":"PropertyValueSpecification","valueRequired":true,"valueName":"search_term_string"}}],"inLanguage":"es"}]}},"_links":{"self":[{"href":"https:\/\/www.turismelacostera.com\/es\/wp-json\/wp\/v2\/pages\/28382","targetHints":{"allow":["GET"]}}],"collection":[{"href":"https:\/\/www.turismelacostera.com\/es\/wp-json\/wp\/v2\/pages"}],"about":[{"href":"https:\/\/www.turismelacostera.com\/es\/wp-json\/wp\/v2\/types\/page"}],"author":[{"embeddable":true,"href":"https:\/\/www.turismelacostera.com\/es\/wp-json\/wp\/v2\/users\/9"}],"replies":[{"embeddable":true,"href":"https:\/\/www.turismelacostera.com\/es\/wp-json\/wp\/v2\/comments?post=28382"}],"version-history":[{"count":4,"href":"https:\/\/www.turismelacostera.com\/es\/wp-json\/wp\/v2\/pages\/28382\/revisions"}],"predecessor-version":[{"id":28416,"href":"https:\/\/www.turismelacostera.com\/es\/wp-json\/wp\/v2\/pages\/28382\/revisions\/28416"}],"wp:attachment":[{"href":"https:\/\/www.turismelacostera.com\/es\/wp-json\/wp\/v2\/media?parent=28382"}],"curies":[{"name":"wp","href":"https:\/\/api.w.org\/{rel}","templated":true}]}}