{"id":22165,"date":"2021-10-25T16:22:36","date_gmt":"2021-10-25T16:22:36","guid":{"rendered":"https:\/\/www.turismelacostera.com\/senderismo\/senda-de-la-ferradura\/"},"modified":"2021-10-28T13:00:33","modified_gmt":"2021-10-28T13:00:33","slug":"senda-de-la-ferradura","status":"publish","type":"page","link":"https:\/\/www.turismelacostera.com\/es\/senderismo\/senda-de-la-ferradura\/","title":{"rendered":"Senda de La Ferradura"},"content":{"rendered":"\t\t<div data-elementor-type=\"wp-page\" data-elementor-id=\"22165\" class=\"elementor elementor-22165 elementor-21333\" data-elementor-post-type=\"page\">\n\t\t\t\t\t\t<section class=\"elementor-section elementor-top-section elementor-element elementor-element-e4d7c66 elementor-section-full_width elementor-section-height-min-height elementor-hidden-tablet elementor-hidden-phone elementor-section-height-default elementor-section-items-middle\" data-id=\"e4d7c66\" data-element_type=\"section\" data-e-type=\"section\" data-settings=\"{&quot;jet_parallax_layout_list&quot;:[{&quot;jet_parallax_layout_image&quot;:{&quot;url&quot;:&quot;&quot;,&quot;id&quot;:&quot;&quot;,&quot;size&quot;:&quot;&quot;},&quot;_id&quot;:&quot;b68b6ea&quot;,&quot;jet_parallax_layout_image_tablet&quot;:{&quot;url&quot;:&quot;&quot;,&quot;id&quot;:&quot;&quot;,&quot;size&quot;:&quot;&quot;},&quot;jet_parallax_layout_image_mobile&quot;:{&quot;url&quot;:&quot;&quot;,&quot;id&quot;:&quot;&quot;,&quot;size&quot;:&quot;&quot;},&quot;jet_parallax_layout_speed&quot;:{&quot;unit&quot;:&quot;%&quot;,&quot;size&quot;:50,&quot;sizes&quot;:[]},&quot;jet_parallax_layout_type&quot;:&quot;scroll&quot;,&quot;jet_parallax_layout_direction&quot;:&quot;1&quot;,&quot;jet_parallax_layout_fx_direction&quot;:null,&quot;jet_parallax_layout_z_index&quot;:&quot;&quot;,&quot;jet_parallax_layout_bg_x&quot;:50,&quot;jet_parallax_layout_bg_x_tablet&quot;:&quot;&quot;,&quot;jet_parallax_layout_bg_x_mobile&quot;:&quot;&quot;,&quot;jet_parallax_layout_bg_y&quot;:50,&quot;jet_parallax_layout_bg_y_tablet&quot;:&quot;&quot;,&quot;jet_parallax_layout_bg_y_mobile&quot;:&quot;&quot;,&quot;jet_parallax_layout_bg_size&quot;:&quot;auto&quot;,&quot;jet_parallax_layout_bg_size_tablet&quot;:&quot;&quot;,&quot;jet_parallax_layout_bg_size_mobile&quot;:&quot;&quot;,&quot;jet_parallax_layout_animation_prop&quot;:&quot;transform&quot;,&quot;jet_parallax_layout_on&quot;:[&quot;desktop&quot;,&quot;tablet&quot;]}],&quot;background_background&quot;:&quot;classic&quot;}\">\n\t\t\t\t\t\t<div class=\"elementor-container elementor-column-gap-default\">\n\t\t\t\t\t<div class=\"elementor-column elementor-col-100 elementor-top-column elementor-element elementor-element-778576e\" data-id=\"778576e\" data-element_type=\"column\" data-e-type=\"column\">\n\t\t\t<div class=\"elementor-widget-wrap\">\n\t\t\t\t\t\t\t<\/div>\n\t\t<\/div>\n\t\t\t\t\t<\/div>\n\t\t<\/section>\n\t\t\t\t<section class=\"elementor-section elementor-top-section elementor-element elementor-element-f61fec5 elementor-section-full_width elementor-hidden-desktop elementor-section-height-default elementor-section-height-default\" data-id=\"f61fec5\" data-element_type=\"section\" data-e-type=\"section\" data-settings=\"{&quot;jet_parallax_layout_list&quot;:[{&quot;jet_parallax_layout_image&quot;:{&quot;url&quot;:&quot;&quot;,&quot;id&quot;:&quot;&quot;,&quot;size&quot;:&quot;&quot;},&quot;_id&quot;:&quot;d35055b&quot;,&quot;jet_parallax_layout_image_tablet&quot;:{&quot;url&quot;:&quot;&quot;,&quot;id&quot;:&quot;&quot;,&quot;size&quot;:&quot;&quot;},&quot;jet_parallax_layout_image_mobile&quot;:{&quot;url&quot;:&quot;&quot;,&quot;id&quot;:&quot;&quot;,&quot;size&quot;:&quot;&quot;},&quot;jet_parallax_layout_speed&quot;:{&quot;unit&quot;:&quot;%&quot;,&quot;size&quot;:50,&quot;sizes&quot;:[]},&quot;jet_parallax_layout_type&quot;:&quot;scroll&quot;,&quot;jet_parallax_layout_direction&quot;:&quot;1&quot;,&quot;jet_parallax_layout_fx_direction&quot;:null,&quot;jet_parallax_layout_z_index&quot;:&quot;&quot;,&quot;jet_parallax_layout_bg_x&quot;:50,&quot;jet_parallax_layout_bg_x_tablet&quot;:&quot;&quot;,&quot;jet_parallax_layout_bg_x_mobile&quot;:&quot;&quot;,&quot;jet_parallax_layout_bg_y&quot;:50,&quot;jet_parallax_layout_bg_y_tablet&quot;:&quot;&quot;,&quot;jet_parallax_layout_bg_y_mobile&quot;:&quot;&quot;,&quot;jet_parallax_layout_bg_size&quot;:&quot;auto&quot;,&quot;jet_parallax_layout_bg_size_tablet&quot;:&quot;&quot;,&quot;jet_parallax_layout_bg_size_mobile&quot;:&quot;&quot;,&quot;jet_parallax_layout_animation_prop&quot;:&quot;transform&quot;,&quot;jet_parallax_layout_on&quot;:[&quot;desktop&quot;,&quot;tablet&quot;]}]}\">\n\t\t\t\t\t\t<div class=\"elementor-container elementor-column-gap-default\">\n\t\t\t\t\t<div class=\"elementor-column elementor-col-100 elementor-top-column elementor-element elementor-element-9b4c498\" data-id=\"9b4c498\" data-element_type=\"column\" data-e-type=\"column\">\n\t\t\t<div class=\"elementor-widget-wrap elementor-element-populated\">\n\t\t\t\t\t\t<div class=\"elementor-element elementor-element-5421b07 elementor-widget elementor-widget-raven-image\" data-id=\"5421b07\" data-element_type=\"widget\" data-e-type=\"widget\" data-widget_type=\"raven-image.default\">\n\t\t\t\t<div class=\"elementor-widget-container\">\n\t\t\t\t\t\t\t<div class=\"raven-image\">\n\t\t\n\t\t\n\t\t<img decoding=\"async\" src=\"https:\/\/www.turismelacostera.com\/wp-content\/uploads\/elementor\/thumbs\/ferradura-pjkp3n8wd2lr9lfmn7dgxsjrto8qb3fh2ts5aj0isw.jpg\" title=\"ferradura\" alt=\"ferradura\" loading=\"lazy\" \/>\t\t<\/div>\n\t\t\t\t\t\t<\/div>\n\t\t\t\t<\/div>\n\t\t\t\t\t<\/div>\n\t\t<\/div>\n\t\t\t\t\t<\/div>\n\t\t<\/section>\n\t\t\t\t<section class=\"elementor-section elementor-top-section elementor-element elementor-element-e7545ff elementor-section-content-middle elementor-section-stretched elementor-section-boxed elementor-section-height-default elementor-section-height-default\" data-id=\"e7545ff\" data-element_type=\"section\" data-e-type=\"section\" data-settings=\"{&quot;stretch_section&quot;:&quot;section-stretched&quot;,&quot;jet_parallax_layout_list&quot;:[{&quot;jet_parallax_layout_image&quot;:{&quot;url&quot;:&quot;&quot;,&quot;id&quot;:&quot;&quot;,&quot;size&quot;:&quot;&quot;},&quot;_id&quot;:&quot;69e5e79&quot;,&quot;jet_parallax_layout_speed&quot;:{&quot;unit&quot;:&quot;%&quot;,&quot;size&quot;:50,&quot;sizes&quot;:[]},&quot;jet_parallax_layout_image_tablet&quot;:{&quot;url&quot;:&quot;&quot;,&quot;id&quot;:&quot;&quot;,&quot;size&quot;:&quot;&quot;},&quot;jet_parallax_layout_image_mobile&quot;:{&quot;url&quot;:&quot;&quot;,&quot;id&quot;:&quot;&quot;,&quot;size&quot;:&quot;&quot;},&quot;jet_parallax_layout_type&quot;:&quot;scroll&quot;,&quot;jet_parallax_layout_direction&quot;:&quot;1&quot;,&quot;jet_parallax_layout_fx_direction&quot;:null,&quot;jet_parallax_layout_z_index&quot;:&quot;&quot;,&quot;jet_parallax_layout_bg_x&quot;:50,&quot;jet_parallax_layout_bg_x_tablet&quot;:&quot;&quot;,&quot;jet_parallax_layout_bg_x_mobile&quot;:&quot;&quot;,&quot;jet_parallax_layout_bg_y&quot;:50,&quot;jet_parallax_layout_bg_y_tablet&quot;:&quot;&quot;,&quot;jet_parallax_layout_bg_y_mobile&quot;:&quot;&quot;,&quot;jet_parallax_layout_bg_size&quot;:&quot;auto&quot;,&quot;jet_parallax_layout_bg_size_tablet&quot;:&quot;&quot;,&quot;jet_parallax_layout_bg_size_mobile&quot;:&quot;&quot;,&quot;jet_parallax_layout_animation_prop&quot;:&quot;transform&quot;,&quot;jet_parallax_layout_on&quot;:[&quot;desktop&quot;,&quot;tablet&quot;]}]}\">\n\t\t\t\t\t\t\t<div class=\"elementor-background-overlay\"><\/div>\n\t\t\t\t\t\t\t<div class=\"elementor-container elementor-column-gap-default\">\n\t\t\t\t\t<div class=\"elementor-column elementor-col-100 elementor-top-column elementor-element elementor-element-aa53520\" data-id=\"aa53520\" data-element_type=\"column\" data-e-type=\"column\">\n\t\t\t<div class=\"elementor-widget-wrap elementor-element-populated\">\n\t\t\t\t\t<div class=\"elementor-background-overlay\"><\/div>\n\t\t\t\t\t\t<div class=\"elementor-element elementor-element-04b1b56 elementor-widget elementor-widget-text-editor\" data-id=\"04b1b56\" data-element_type=\"widget\" data-e-type=\"widget\" id=\"pobles\" data-widget_type=\"text-editor.default\">\n\t\t\t\t<div class=\"elementor-widget-container\">\n\t\t\t\t\t\t\t\t\t<p><a href=\"https:\/\/www.turismelacostera.com\/es\/senderismo\/\">SENDERISMO<\/a><\/p>\t\t\t\t\t\t\t\t<\/div>\n\t\t\t\t<\/div>\n\t\t\t\t<div class=\"elementor-element elementor-element-b5a2e52 elementor-widget elementor-widget-heading\" data-id=\"b5a2e52\" data-element_type=\"widget\" data-e-type=\"widget\" data-widget_type=\"heading.default\">\n\t\t\t\t<div class=\"elementor-widget-container\">\n\t\t\t\t\t<h2 class=\"elementor-heading-title elementor-size-default\">Senda de La Ferradura<\/h2>\t\t\t\t<\/div>\n\t\t\t\t<\/div>\n\t\t\t\t<div class=\"elementor-element elementor-element-722d849 elementor-widget-divider--view-line elementor-widget elementor-widget-divider\" data-id=\"722d849\" data-element_type=\"widget\" data-e-type=\"widget\" data-widget_type=\"divider.default\">\n\t\t\t\t<div class=\"elementor-widget-container\">\n\t\t\t\t\t\t\t<div class=\"elementor-divider\">\n\t\t\t<span class=\"elementor-divider-separator\">\n\t\t\t\t\t\t<\/span>\n\t\t<\/div>\n\t\t\t\t\t\t<\/div>\n\t\t\t\t<\/div>\n\t\t\t\t<div class=\"elementor-element elementor-element-730d316 elementor-widget elementor-widget-text-editor\" data-id=\"730d316\" data-element_type=\"widget\" data-e-type=\"widget\" data-widget_type=\"text-editor.default\">\n\t\t\t\t<div class=\"elementor-widget-container\">\n\t\t\t\t\t\t\t\t\t<p>Espectacular excursi\u00f3n que recorre una par-te importante del <strong>Paraje Natural Municipal de <em>Els Cinc Germans<\/em><\/strong>. Ascenderemos por la Senda de <em>la Ferradura<\/em> y tras recorrer la zona axial de la <em>Serra Grossa<\/em>, entre los lindes de los t\u00e9rminos municipales de Canals, l\u2019Oller\u00eda y X\u00e0tiva, llegaremos a la <em>Font de la Quintana<\/em> tras un vertiginoso descenso s\u00f3lo apto para los senderistas con m\u00e1s experiencia. Una ruta de monta\u00f1a, completa y exigente, que nos permitir\u00e1 disfrutar de amplias panor\u00e1micas sobre La Costera y la Vall d\u2019Albaida, trayecto que precisa de una buena preparaci\u00f3n f\u00edsica.<\/p>\t\t\t\t\t\t\t\t<\/div>\n\t\t\t\t<\/div>\n\t\t\t\t<section class=\"elementor-section elementor-inner-section elementor-element elementor-element-18962e3 elementor-section-boxed elementor-section-height-default elementor-section-height-default\" data-id=\"18962e3\" data-element_type=\"section\" data-e-type=\"section\" data-settings=\"{&quot;jet_parallax_layout_list&quot;:[{&quot;jet_parallax_layout_image&quot;:{&quot;url&quot;:&quot;&quot;,&quot;id&quot;:&quot;&quot;,&quot;size&quot;:&quot;&quot;},&quot;_id&quot;:&quot;f7f5b20&quot;,&quot;jet_parallax_layout_image_tablet&quot;:{&quot;url&quot;:&quot;&quot;,&quot;id&quot;:&quot;&quot;,&quot;size&quot;:&quot;&quot;},&quot;jet_parallax_layout_image_mobile&quot;:{&quot;url&quot;:&quot;&quot;,&quot;id&quot;:&quot;&quot;,&quot;size&quot;:&quot;&quot;},&quot;jet_parallax_layout_speed&quot;:{&quot;unit&quot;:&quot;%&quot;,&quot;size&quot;:50,&quot;sizes&quot;:[]},&quot;jet_parallax_layout_type&quot;:&quot;scroll&quot;,&quot;jet_parallax_layout_direction&quot;:&quot;1&quot;,&quot;jet_parallax_layout_fx_direction&quot;:null,&quot;jet_parallax_layout_z_index&quot;:&quot;&quot;,&quot;jet_parallax_layout_bg_x&quot;:50,&quot;jet_parallax_layout_bg_x_tablet&quot;:&quot;&quot;,&quot;jet_parallax_layout_bg_x_mobile&quot;:&quot;&quot;,&quot;jet_parallax_layout_bg_y&quot;:50,&quot;jet_parallax_layout_bg_y_tablet&quot;:&quot;&quot;,&quot;jet_parallax_layout_bg_y_mobile&quot;:&quot;&quot;,&quot;jet_parallax_layout_bg_size&quot;:&quot;auto&quot;,&quot;jet_parallax_layout_bg_size_tablet&quot;:&quot;&quot;,&quot;jet_parallax_layout_bg_size_mobile&quot;:&quot;&quot;,&quot;jet_parallax_layout_animation_prop&quot;:&quot;transform&quot;,&quot;jet_parallax_layout_on&quot;:[&quot;desktop&quot;,&quot;tablet&quot;]}]}\">\n\t\t\t\t\t\t<div class=\"elementor-container elementor-column-gap-default\">\n\t\t\t\t\t<div class=\"elementor-column elementor-col-50 elementor-inner-column elementor-element elementor-element-d846a36\" data-id=\"d846a36\" data-element_type=\"column\" data-e-type=\"column\">\n\t\t\t<div class=\"elementor-widget-wrap elementor-element-populated\">\n\t\t\t\t\t\t<div class=\"elementor-element elementor-element-7cafa97 elementor-widget elementor-widget-image\" data-id=\"7cafa97\" data-element_type=\"widget\" data-e-type=\"widget\" data-widget_type=\"image.default\">\n\t\t\t\t<div class=\"elementor-widget-container\">\n\t\t\t\t\t\t\t\t\t\t\t\t\t\t\t\t<a href=\"https:\/\/www.turismelacostera.com\/wp-content\/uploads\/2021\/10\/datos-tecnicos-VOL_II-SENDA-FERRADURA.png\" data-elementor-open-lightbox=\"yes\" data-elementor-lightbox-title=\"datos tecnicos VOL_II SENDA FERRADURA\" data-e-action-hash=\"#elementor-action%3Aaction%3Dlightbox%26settings%3DeyJpZCI6MjE4MDMsInVybCI6Imh0dHBzOlwvXC93d3cudHVyaXNtZWxhY29zdGVyYS5jb21cL3dwLWNvbnRlbnRcL3VwbG9hZHNcLzIwMjFcLzEwXC9kYXRvcy10ZWNuaWNvcy1WT0xfSUktU0VOREEtRkVSUkFEVVJBLnBuZyJ9\">\n\t\t\t\t\t\t\t<img decoding=\"async\" src=\"https:\/\/www.turismelacostera.com\/wp-content\/uploads\/elementor\/thumbs\/datos-tecnicos-VOL_II-SENDA-FERRADURA-pjkp51zpbdrtdahggwj2o9zyhc7p7u3sk6jkrmbo5u.png\" title=\"datos tecnicos VOL_II SENDA FERRADURA\" alt=\"datos tecnicos VOL_II SENDA FERRADURA\" loading=\"lazy\" \/>\t\t\t\t\t\t\t\t<\/a>\n\t\t\t\t\t\t\t\t\t\t\t\t\t\t\t<\/div>\n\t\t\t\t<\/div>\n\t\t\t\t\t<\/div>\n\t\t<\/div>\n\t\t\t\t<div class=\"elementor-column elementor-col-50 elementor-inner-column elementor-element elementor-element-53587de\" data-id=\"53587de\" data-element_type=\"column\" data-e-type=\"column\">\n\t\t\t<div class=\"elementor-widget-wrap elementor-element-populated\">\n\t\t\t\t\t\t<div class=\"elementor-element elementor-element-accfb30 elementor-mobile-align-center elementor-widget elementor-widget-raven-button\" data-id=\"accfb30\" data-element_type=\"widget\" data-e-type=\"widget\" data-settings=\"{&quot;_animation&quot;:&quot;none&quot;,&quot;_animation_delay&quot;:1200,&quot;turn_to_popup_action_button&quot;:&quot;no&quot;}\" data-widget_type=\"raven-button.default\">\n\t\t\t\t<div class=\"elementor-widget-container\">\n\t\t\t\t\t\t\t<div class=\"raven-widget-wrapper\">\n\t\t\t<a class=\"raven-button raven-button-widget-normal-effect-none  raven-button-text-align-center raven-button-link elementor-animation-grow\" href=\"https:\/\/www.turismelacostera.com\/wp-content\/uploads\/2021\/10\/08-ferradura.pdf\" target=\"_blank\">\t\t\t\t<div class=\"raven-button-overlay\" ><\/div>\n\t\t\t\t<span class=\"raven-button-content\">\n\t\t\t\t\t\n\t\t\t\t\t<div class=\"button-text-container\">\n\t\t\t\t\t\t\t\t\t<span class=\"raven-button-icon raven-button-icon-position-left\">\n\t\t\t\t<i aria-hidden=\"true\" class=\"fas fa-download\"><\/i>\t\t\t<\/span>\n\t\t\t\t\t\t\t\t<div class=\"raven-button-texts-wrapper\">\n\t\t\t\t\t\t\t<div class=\"button-text\">\n\t\t\t\t\t\t\t\t<span class=\"raven-button-text\">\n\t\t\t\t\t\t\t\t\tDESCARGAR GU\u00cdA\t\t\t\t\t\t\t\t<\/span>\n\t\t\t\t\t\t\t<\/div>\n\t\t\t\t\t\t\t\t\t\t\t\t\t<\/div>\n\t\t\t\t\t\t\t\t\t\t\t<\/div>\n\t\t\t\t\t\n\t\t\t\t\t\t\t\t\t<\/span>\n\t\t\t<\/a>\t\t<\/div>\n\t\t\t\t\t\t<\/div>\n\t\t\t\t<\/div>\n\t\t\t\t<div class=\"elementor-element elementor-element-8689d0f elementor-mobile-align-center elementor-widget elementor-widget-raven-button\" data-id=\"8689d0f\" data-element_type=\"widget\" data-e-type=\"widget\" data-settings=\"{&quot;_animation&quot;:&quot;none&quot;,&quot;_animation_delay&quot;:1200,&quot;turn_to_popup_action_button&quot;:&quot;no&quot;}\" data-widget_type=\"raven-button.default\">\n\t\t\t\t<div class=\"elementor-widget-container\">\n\t\t\t\t\t\t\t<div class=\"raven-widget-wrapper\">\n\t\t\t<a class=\"raven-button raven-button-widget-normal-effect-none  raven-button-text-align-center raven-button-link elementor-animation-grow\" href=\"https:\/\/es.wikiloc.com\/rutas-senderismo\/senda-de-la-ferradura-84691626\" target=\"_blank\">\t\t\t\t<div class=\"raven-button-overlay\" ><\/div>\n\t\t\t\t<span class=\"raven-button-content\">\n\t\t\t\t\t\n\t\t\t\t\t<div class=\"button-text-container\">\n\t\t\t\t\t\t\t\t\t<span class=\"raven-button-icon raven-button-icon-position-left\">\n\t\t\t\t<i aria-hidden=\"true\" class=\"fas fa-link\"><\/i>\t\t\t<\/span>\n\t\t\t\t\t\t\t\t<div class=\"raven-button-texts-wrapper\">\n\t\t\t\t\t\t\t<div class=\"button-text\">\n\t\t\t\t\t\t\t\t<span class=\"raven-button-text\">\n\t\t\t\t\t\t\t\t\tWIKILOC\t\t\t\t\t\t\t\t<\/span>\n\t\t\t\t\t\t\t<\/div>\n\t\t\t\t\t\t\t\t\t\t\t\t\t<\/div>\n\t\t\t\t\t\t\t\t\t\t\t<\/div>\n\t\t\t\t\t\n\t\t\t\t\t\t\t\t\t<\/span>\n\t\t\t<\/a>\t\t<\/div>\n\t\t\t\t\t\t<\/div>\n\t\t\t\t<\/div>\n\t\t\t\t\t<\/div>\n\t\t<\/div>\n\t\t\t\t\t<\/div>\n\t\t<\/section>\n\t\t\t\t\t<\/div>\n\t\t<\/div>\n\t\t\t\t\t<\/div>\n\t\t<\/section>\n\t\t\t\t<\/div>\n\t\t","protected":false},"excerpt":{"rendered":"<p>SENDERISMO Espectacular excursi\u00f3n que recorre una par-te importante del Paraje Natural Municipal de Els Cinc Germans. Ascenderemos por la Senda de la Ferradura y tras recorrer la zona axial de la Serra Grossa, entre los lindes de los t\u00e9rminos municipales de Canals, l\u2019Oller\u00eda y X\u00e0tiva, llegaremos a la Font de la Quintana tras un vertiginoso [&hellip;]<\/p>\n","protected":false},"author":1,"featured_media":21725,"parent":16481,"menu_order":0,"comment_status":"closed","ping_status":"closed","template":"elementor_header_footer","meta":{"_acf_changed":false,"footnotes":""},"class_list":["post-22165","page","type-page","status-publish","has-post-thumbnail","hentry"],"acf":[],"yoast_head":"<!-- This site is optimized with the Yoast SEO plugin v27.4 - https:\/\/yoast.com\/product\/yoast-seo-wordpress\/ -->\n<title>Senda de La Ferradura - Turisme La Costera<\/title>\n<meta name=\"description\" content=\"En esta p\u00e1gina podr\u00e1s encontrar informaci\u00f3n relevante sobre la senda de La Ferradura, una ruta de monta\u00f1a, completa y exigente, que nos permitir\u00e1 disfrutar de amplias panor\u00e1micas sobre la Costera y la Vall d&#039;Albaida.\" \/>\n<meta name=\"robots\" content=\"index, follow, max-snippet:-1, max-image-preview:large, max-video-preview:-1\" \/>\n<link rel=\"canonical\" href=\"https:\/\/www.turismelacostera.com\/es\/senderismo\/senda-de-la-ferradura\/\" \/>\n<meta property=\"og:locale\" content=\"es_ES\" \/>\n<meta property=\"og:type\" content=\"article\" \/>\n<meta property=\"og:title\" content=\"Senda de La Ferradura - Turisme La Costera\" \/>\n<meta property=\"og:description\" content=\"En esta p\u00e1gina podr\u00e1s encontrar informaci\u00f3n relevante sobre la senda de La Ferradura, una ruta de monta\u00f1a, completa y exigente, que nos permitir\u00e1 disfrutar de amplias panor\u00e1micas sobre la Costera y la Vall d&#039;Albaida.\" \/>\n<meta property=\"og:url\" content=\"https:\/\/www.turismelacostera.com\/es\/senderismo\/senda-de-la-ferradura\/\" \/>\n<meta property=\"og:site_name\" content=\"Turisme la Costera l Tesoros del interior\" \/>\n<meta property=\"article:modified_time\" content=\"2021-10-28T13:00:33+00:00\" \/>\n<meta property=\"og:image\" content=\"https:\/\/www.turismelacostera.com\/wp-content\/uploads\/2021\/10\/ferradura.jpg\" \/>\n\t<meta property=\"og:image:width\" content=\"1920\" \/>\n\t<meta property=\"og:image:height\" content=\"1080\" \/>\n\t<meta property=\"og:image:type\" content=\"image\/jpeg\" \/>\n<meta name=\"twitter:card\" content=\"summary_large_image\" \/>\n<meta name=\"twitter:label1\" content=\"Tiempo de lectura\" \/>\n\t<meta name=\"twitter:data1\" content=\"1 minuto\" \/>\n<script type=\"application\/ld+json\" class=\"yoast-schema-graph\">{\"@context\":\"https:\\\/\\\/schema.org\",\"@graph\":[{\"@type\":\"WebPage\",\"@id\":\"https:\\\/\\\/www.turismelacostera.com\\\/es\\\/senderismo\\\/senda-de-la-ferradura\\\/\",\"url\":\"https:\\\/\\\/www.turismelacostera.com\\\/es\\\/senderismo\\\/senda-de-la-ferradura\\\/\",\"name\":\"Senda de La Ferradura - Turisme La Costera\",\"isPartOf\":{\"@id\":\"https:\\\/\\\/www.turismelacostera.com\\\/es\\\/#website\"},\"primaryImageOfPage\":{\"@id\":\"https:\\\/\\\/www.turismelacostera.com\\\/es\\\/senderismo\\\/senda-de-la-ferradura\\\/#primaryimage\"},\"image\":{\"@id\":\"https:\\\/\\\/www.turismelacostera.com\\\/es\\\/senderismo\\\/senda-de-la-ferradura\\\/#primaryimage\"},\"thumbnailUrl\":\"https:\\\/\\\/www.turismelacostera.com\\\/wp-content\\\/uploads\\\/2021\\\/10\\\/ferradura.jpg\",\"datePublished\":\"2021-10-25T16:22:36+00:00\",\"dateModified\":\"2021-10-28T13:00:33+00:00\",\"description\":\"En esta p\u00e1gina podr\u00e1s encontrar informaci\u00f3n relevante sobre la senda de La Ferradura, una ruta de monta\u00f1a, completa y exigente, que nos permitir\u00e1 disfrutar de amplias panor\u00e1micas sobre la Costera y la Vall d'Albaida.\",\"breadcrumb\":{\"@id\":\"https:\\\/\\\/www.turismelacostera.com\\\/es\\\/senderismo\\\/senda-de-la-ferradura\\\/#breadcrumb\"},\"inLanguage\":\"es\",\"potentialAction\":[{\"@type\":\"ReadAction\",\"target\":[\"https:\\\/\\\/www.turismelacostera.com\\\/es\\\/senderismo\\\/senda-de-la-ferradura\\\/\"]}]},{\"@type\":\"ImageObject\",\"inLanguage\":\"es\",\"@id\":\"https:\\\/\\\/www.turismelacostera.com\\\/es\\\/senderismo\\\/senda-de-la-ferradura\\\/#primaryimage\",\"url\":\"https:\\\/\\\/www.turismelacostera.com\\\/wp-content\\\/uploads\\\/2021\\\/10\\\/ferradura.jpg\",\"contentUrl\":\"https:\\\/\\\/www.turismelacostera.com\\\/wp-content\\\/uploads\\\/2021\\\/10\\\/ferradura.jpg\",\"width\":1920,\"height\":1080},{\"@type\":\"BreadcrumbList\",\"@id\":\"https:\\\/\\\/www.turismelacostera.com\\\/es\\\/senderismo\\\/senda-de-la-ferradura\\\/#breadcrumb\",\"itemListElement\":[{\"@type\":\"ListItem\",\"position\":1,\"name\":\"Portada\",\"item\":\"https:\\\/\\\/www.turismelacostera.com\\\/es\\\/\"},{\"@type\":\"ListItem\",\"position\":2,\"name\":\"Senderismo\",\"item\":\"https:\\\/\\\/www.turismelacostera.com\\\/es\\\/senderismo\\\/\"},{\"@type\":\"ListItem\",\"position\":3,\"name\":\"Senda de La Ferradura\"}]},{\"@type\":\"WebSite\",\"@id\":\"https:\\\/\\\/www.turismelacostera.com\\\/es\\\/#website\",\"url\":\"https:\\\/\\\/www.turismelacostera.com\\\/es\\\/\",\"name\":\"Turisme la Costera l Tesoros del interior\",\"description\":\"Descobreix els tresors que amaga l&#039;interior de Val\u00e8ncia\",\"potentialAction\":[{\"@type\":\"SearchAction\",\"target\":{\"@type\":\"EntryPoint\",\"urlTemplate\":\"https:\\\/\\\/www.turismelacostera.com\\\/es\\\/?s={search_term_string}\"},\"query-input\":{\"@type\":\"PropertyValueSpecification\",\"valueRequired\":true,\"valueName\":\"search_term_string\"}}],\"inLanguage\":\"es\"}]}<\/script>\n<!-- \/ Yoast SEO plugin. -->","yoast_head_json":{"title":"Senda de La Ferradura - Turisme La Costera","description":"En esta p\u00e1gina podr\u00e1s encontrar informaci\u00f3n relevante sobre la senda de La Ferradura, una ruta de monta\u00f1a, completa y exigente, que nos permitir\u00e1 disfrutar de amplias panor\u00e1micas sobre la Costera y la Vall d'Albaida.","robots":{"index":"index","follow":"follow","max-snippet":"max-snippet:-1","max-image-preview":"max-image-preview:large","max-video-preview":"max-video-preview:-1"},"canonical":"https:\/\/www.turismelacostera.com\/es\/senderismo\/senda-de-la-ferradura\/","og_locale":"es_ES","og_type":"article","og_title":"Senda de La Ferradura - Turisme La Costera","og_description":"En esta p\u00e1gina podr\u00e1s encontrar informaci\u00f3n relevante sobre la senda de La Ferradura, una ruta de monta\u00f1a, completa y exigente, que nos permitir\u00e1 disfrutar de amplias panor\u00e1micas sobre la Costera y la Vall d'Albaida.","og_url":"https:\/\/www.turismelacostera.com\/es\/senderismo\/senda-de-la-ferradura\/","og_site_name":"Turisme la Costera l Tesoros del interior","article_modified_time":"2021-10-28T13:00:33+00:00","og_image":[{"width":1920,"height":1080,"url":"https:\/\/www.turismelacostera.com\/wp-content\/uploads\/2021\/10\/ferradura.jpg","type":"image\/jpeg"}],"twitter_card":"summary_large_image","twitter_misc":{"Tiempo de lectura":"1 minuto"},"schema":{"@context":"https:\/\/schema.org","@graph":[{"@type":"WebPage","@id":"https:\/\/www.turismelacostera.com\/es\/senderismo\/senda-de-la-ferradura\/","url":"https:\/\/www.turismelacostera.com\/es\/senderismo\/senda-de-la-ferradura\/","name":"Senda de La Ferradura - Turisme La Costera","isPartOf":{"@id":"https:\/\/www.turismelacostera.com\/es\/#website"},"primaryImageOfPage":{"@id":"https:\/\/www.turismelacostera.com\/es\/senderismo\/senda-de-la-ferradura\/#primaryimage"},"image":{"@id":"https:\/\/www.turismelacostera.com\/es\/senderismo\/senda-de-la-ferradura\/#primaryimage"},"thumbnailUrl":"https:\/\/www.turismelacostera.com\/wp-content\/uploads\/2021\/10\/ferradura.jpg","datePublished":"2021-10-25T16:22:36+00:00","dateModified":"2021-10-28T13:00:33+00:00","description":"En esta p\u00e1gina podr\u00e1s encontrar informaci\u00f3n relevante sobre la senda de La Ferradura, una ruta de monta\u00f1a, completa y exigente, que nos permitir\u00e1 disfrutar de amplias panor\u00e1micas sobre la Costera y la Vall d'Albaida.","breadcrumb":{"@id":"https:\/\/www.turismelacostera.com\/es\/senderismo\/senda-de-la-ferradura\/#breadcrumb"},"inLanguage":"es","potentialAction":[{"@type":"ReadAction","target":["https:\/\/www.turismelacostera.com\/es\/senderismo\/senda-de-la-ferradura\/"]}]},{"@type":"ImageObject","inLanguage":"es","@id":"https:\/\/www.turismelacostera.com\/es\/senderismo\/senda-de-la-ferradura\/#primaryimage","url":"https:\/\/www.turismelacostera.com\/wp-content\/uploads\/2021\/10\/ferradura.jpg","contentUrl":"https:\/\/www.turismelacostera.com\/wp-content\/uploads\/2021\/10\/ferradura.jpg","width":1920,"height":1080},{"@type":"BreadcrumbList","@id":"https:\/\/www.turismelacostera.com\/es\/senderismo\/senda-de-la-ferradura\/#breadcrumb","itemListElement":[{"@type":"ListItem","position":1,"name":"Portada","item":"https:\/\/www.turismelacostera.com\/es\/"},{"@type":"ListItem","position":2,"name":"Senderismo","item":"https:\/\/www.turismelacostera.com\/es\/senderismo\/"},{"@type":"ListItem","position":3,"name":"Senda de La Ferradura"}]},{"@type":"WebSite","@id":"https:\/\/www.turismelacostera.com\/es\/#website","url":"https:\/\/www.turismelacostera.com\/es\/","name":"Turisme la Costera l Tesoros del interior","description":"Descobreix els tresors que amaga l&#039;interior de Val\u00e8ncia","potentialAction":[{"@type":"SearchAction","target":{"@type":"EntryPoint","urlTemplate":"https:\/\/www.turismelacostera.com\/es\/?s={search_term_string}"},"query-input":{"@type":"PropertyValueSpecification","valueRequired":true,"valueName":"search_term_string"}}],"inLanguage":"es"}]}},"_links":{"self":[{"href":"https:\/\/www.turismelacostera.com\/es\/wp-json\/wp\/v2\/pages\/22165","targetHints":{"allow":["GET"]}}],"collection":[{"href":"https:\/\/www.turismelacostera.com\/es\/wp-json\/wp\/v2\/pages"}],"about":[{"href":"https:\/\/www.turismelacostera.com\/es\/wp-json\/wp\/v2\/types\/page"}],"author":[{"embeddable":true,"href":"https:\/\/www.turismelacostera.com\/es\/wp-json\/wp\/v2\/users\/1"}],"replies":[{"embeddable":true,"href":"https:\/\/www.turismelacostera.com\/es\/wp-json\/wp\/v2\/comments?post=22165"}],"version-history":[{"count":0,"href":"https:\/\/www.turismelacostera.com\/es\/wp-json\/wp\/v2\/pages\/22165\/revisions"}],"up":[{"embeddable":true,"href":"https:\/\/www.turismelacostera.com\/es\/wp-json\/wp\/v2\/pages\/16481"}],"wp:featuredmedia":[{"embeddable":true,"href":"https:\/\/www.turismelacostera.com\/es\/wp-json\/wp\/v2\/media\/21725"}],"wp:attachment":[{"href":"https:\/\/www.turismelacostera.com\/es\/wp-json\/wp\/v2\/media?parent=22165"}],"curies":[{"name":"wp","href":"https:\/\/api.w.org\/{rel}","templated":true}]}}