{"id":16479,"date":"2020-12-01T15:29:14","date_gmt":"2020-12-01T15:29:14","guid":{"rendered":"https:\/\/www.turismelacostera.com\/politica-de-privacitat-i-de-proteccio-de-dades\/"},"modified":"2024-11-27T08:14:21","modified_gmt":"2024-11-27T08:14:21","slug":"politica-de-privacidad-y-de-proteccion-de-datos","status":"publish","type":"page","link":"https:\/\/www.turismelacostera.com\/es\/politica-de-privacidad-y-de-proteccion-de-datos\/","title":{"rendered":"Pol\u00edtica de privacidad y de protecci\u00f3n de datos"},"content":{"rendered":"\t\t<div data-elementor-type=\"wp-page\" data-elementor-id=\"16479\" class=\"elementor elementor-16479 elementor-12811\" data-elementor-post-type=\"page\">\n\t\t\t\t\t\t<section class=\"elementor-section elementor-top-section elementor-element elementor-element-7018110 elementor-section-content-middle elementor-section-stretched elementor-section-boxed elementor-section-height-default elementor-section-height-default\" data-id=\"7018110\" data-element_type=\"section\" data-e-type=\"section\" data-settings=\"{&quot;stretch_section&quot;:&quot;section-stretched&quot;,&quot;jet_parallax_layout_list&quot;:[{&quot;jet_parallax_layout_image&quot;:{&quot;url&quot;:&quot;&quot;,&quot;id&quot;:&quot;&quot;,&quot;size&quot;:&quot;&quot;},&quot;_id&quot;:&quot;69e5e79&quot;,&quot;jet_parallax_layout_speed&quot;:{&quot;unit&quot;:&quot;%&quot;,&quot;size&quot;:50,&quot;sizes&quot;:[]},&quot;jet_parallax_layout_image_tablet&quot;:{&quot;url&quot;:&quot;&quot;,&quot;id&quot;:&quot;&quot;,&quot;size&quot;:&quot;&quot;},&quot;jet_parallax_layout_image_mobile&quot;:{&quot;url&quot;:&quot;&quot;,&quot;id&quot;:&quot;&quot;,&quot;size&quot;:&quot;&quot;},&quot;jet_parallax_layout_type&quot;:&quot;scroll&quot;,&quot;jet_parallax_layout_direction&quot;:&quot;1&quot;,&quot;jet_parallax_layout_fx_direction&quot;:null,&quot;jet_parallax_layout_z_index&quot;:&quot;&quot;,&quot;jet_parallax_layout_bg_x&quot;:50,&quot;jet_parallax_layout_bg_x_tablet&quot;:&quot;&quot;,&quot;jet_parallax_layout_bg_x_mobile&quot;:&quot;&quot;,&quot;jet_parallax_layout_bg_y&quot;:50,&quot;jet_parallax_layout_bg_y_tablet&quot;:&quot;&quot;,&quot;jet_parallax_layout_bg_y_mobile&quot;:&quot;&quot;,&quot;jet_parallax_layout_bg_size&quot;:&quot;auto&quot;,&quot;jet_parallax_layout_bg_size_tablet&quot;:&quot;&quot;,&quot;jet_parallax_layout_bg_size_mobile&quot;:&quot;&quot;,&quot;jet_parallax_layout_animation_prop&quot;:&quot;transform&quot;,&quot;jet_parallax_layout_on&quot;:[&quot;desktop&quot;,&quot;tablet&quot;]}]}\">\n\t\t\t\t\t\t\t<div class=\"elementor-background-overlay\"><\/div>\n\t\t\t\t\t\t\t<div class=\"elementor-container elementor-column-gap-default\">\n\t\t\t\t\t<div class=\"elementor-column elementor-col-100 elementor-top-column elementor-element elementor-element-197e2f1\" data-id=\"197e2f1\" data-element_type=\"column\" data-e-type=\"column\">\n\t\t\t<div class=\"elementor-widget-wrap elementor-element-populated\">\n\t\t\t\t\t<div class=\"elementor-background-overlay\"><\/div>\n\t\t\t\t\t\t<div class=\"elementor-element elementor-element-2869cc8 elementor-widget elementor-widget-heading\" data-id=\"2869cc8\" data-element_type=\"widget\" data-e-type=\"widget\" data-settings=\"{&quot;_animation&quot;:&quot;none&quot;}\" data-widget_type=\"heading.default\">\n\t\t\t\t<div class=\"elementor-widget-container\">\n\t\t\t\t\t<p class=\"elementor-heading-title elementor-size-default\">Pol\u00edtica de privacidad y de protecci\u00f3n de datos<\/p>\t\t\t\t<\/div>\n\t\t\t\t<\/div>\n\t\t\t\t<div class=\"elementor-element elementor-element-2bb5323 elementor-widget elementor-widget-heading\" data-id=\"2bb5323\" data-element_type=\"widget\" data-e-type=\"widget\" data-widget_type=\"heading.default\">\n\t\t\t\t<div class=\"elementor-widget-container\">\n\t\t\t\t\t<h1 class=\"elementor-heading-title elementor-size-default\">Privacidad<\/h1>\t\t\t\t<\/div>\n\t\t\t\t<\/div>\n\t\t\t\t<div class=\"elementor-element elementor-element-76e602e elementor-widget-divider--view-line elementor-widget elementor-widget-divider\" data-id=\"76e602e\" data-element_type=\"widget\" data-e-type=\"widget\" data-widget_type=\"divider.default\">\n\t\t\t\t<div class=\"elementor-widget-container\">\n\t\t\t\t\t\t\t<div class=\"elementor-divider\">\n\t\t\t<span class=\"elementor-divider-separator\">\n\t\t\t\t\t\t<\/span>\n\t\t<\/div>\n\t\t\t\t\t\t<\/div>\n\t\t\t\t<\/div>\n\t\t\t\t<div class=\"elementor-element elementor-element-6dd5706 elementor-widget elementor-widget-text-editor\" data-id=\"6dd5706\" data-element_type=\"widget\" data-e-type=\"widget\" data-widget_type=\"text-editor.default\">\n\t\t\t\t<div class=\"elementor-widget-container\">\n\t\t\t\t\t\t\t\t\t<div id=\"bannerR\"><div id=\"div-gpt-ad-1474537762122-3\" data-google-query-id=\"CM6mh-2s1ewCFUFuGwodJJkM_w\"><div id=\"google_ads_iframe_\/15188745\/Lipsum-Unit4_0__container__\"><p>El Ayuntamiento tiene como una de sus prioridades garantizar el derecho fundamental a la protecci\u00f3n de los datos personales, tanto de los usuarios que se relacionan con su Administraci\u00f3n como de los propios empleados p\u00fablicos a su servicio.<\/p><p>En este sentido, el Ayuntamiento manifiesta que el tratamiento de los datos de car\u00e1cter personal que pueda resultar necesario para el desarrollo de sus competencias a trav\u00e9s de su portal web se ajustar\u00e1 escrupulosamente al que dispone la Ley Org\u00e1nica 15\/1999, de Protecci\u00f3n de Datos de Car\u00e1cter Personal, y a la normativa de despliegue o conexo que pueda resultar de aplicaci\u00f3n en la actualidad o en un futuro.<\/p><p>En concreto, todos los datos personales que puedan suministrarse por los interesados a trav\u00e9s de este portal no ser\u00e1n destinados a finalidades diferentes de las expresadas en el momento de su aportaci\u00f3n, seg\u00fan el supuesto espec\u00edfico de que se trate, ni comunicados a terceros excepto en aquellos supuestos legales en qu\u00e9 pueda procederse a la dicha comunicaci\u00f3n o se cuente con el consentimiento expreso del interesado. Del mismo modo, el tratamiento de los mismos se efectuar\u00e1 de modo confidencial. En cualquier caso, el Ayuntamiento podr\u00e1 hacer uso de los datos contenidos en sus ficheros con finalidades hist\u00f3ricas, estad\u00edsticas o cient\u00edficas. Los interesados ser\u00e1n informados de la incorporaci\u00f3n de sus datos personales a ficheros, automatizados o no, de los fines, usos y, si procede, de los posibles cesiones de sus datos en el momento es recauden los mismos.<\/p><p>Sin embargo, y a todos los efectos, se informa todos los usuarios que en el caso de aportar datos personales podr\u00e1n ejercitar los derechos de acceso, rectificaci\u00f3n, cancelaci\u00f3n y oposici\u00f3n dirigi\u00e9ndose por escrito al Registro de Entrada de:<\/p><p><strong>Mancomunitat Costera &#8211; Canal<\/strong><br \/>Plaza de la Seo, 11 &#8211; CP: 46800<br \/>X\u00e0tiva (Val\u00e8ncia)<br \/>Tel: 962 280 441<br \/>email: <a href=\"mailto:info@turismelacostera.com\" target=\"_blank\" rel=\"noopener\">info@turismelacostera.com<\/a><\/p><\/div><\/div><\/div>\t\t\t\t\t\t\t\t<\/div>\n\t\t\t\t<\/div>\n\t\t\t\t\t<\/div>\n\t\t<\/div>\n\t\t\t\t\t<\/div>\n\t\t<\/section>\n\t\t\t\t<\/div>\n\t\t","protected":false},"excerpt":{"rendered":"<p>Pol\u00edtica de privacidad y de protecci\u00f3n de datos Privacidad El Ayuntamiento tiene como una de sus prioridades garantizar el derecho fundamental a la protecci\u00f3n de los datos personales, tanto de los usuarios que se relacionan con su Administraci\u00f3n como de los propios empleados p\u00fablicos a su servicio. En este sentido, el Ayuntamiento manifiesta que el [&hellip;]<\/p>\n","protected":false},"author":1,"featured_media":0,"parent":0,"menu_order":0,"comment_status":"closed","ping_status":"closed","template":"","meta":{"_acf_changed":false,"footnotes":""},"class_list":["post-16479","page","type-page","status-publish","hentry"],"acf":[],"yoast_head":"<!-- This site is optimized with the Yoast SEO plugin v27.4 - https:\/\/yoast.com\/product\/yoast-seo-wordpress\/ -->\n<title>Pol\u00edtica de privacidad y de protecci\u00f3n de datos - Turisme La Costera<\/title>\n<meta name=\"robots\" content=\"noindex, nofollow\" \/>\n<meta property=\"og:locale\" content=\"es_ES\" \/>\n<meta property=\"og:type\" content=\"article\" \/>\n<meta property=\"og:title\" content=\"Pol\u00edtica de privacidad y de protecci\u00f3n de datos - Turisme La Costera\" \/>\n<meta property=\"og:description\" content=\"Pol\u00edtica de privacidad y de protecci\u00f3n de datos Privacidad El Ayuntamiento tiene como una de sus prioridades garantizar el derecho fundamental a la protecci\u00f3n de los datos personales, tanto de los usuarios que se relacionan con su Administraci\u00f3n como de los propios empleados p\u00fablicos a su servicio. En este sentido, el Ayuntamiento manifiesta que el [&hellip;]\" \/>\n<meta property=\"og:url\" content=\"https:\/\/www.turismelacostera.com\/es\/politica-de-privacidad-y-de-proteccion-de-datos\/\" \/>\n<meta property=\"og:site_name\" content=\"Turisme la Costera l Tesoros del interior\" \/>\n<meta property=\"article:modified_time\" content=\"2024-11-27T08:14:21+00:00\" \/>\n<meta name=\"twitter:card\" content=\"summary_large_image\" \/>\n<meta name=\"twitter:label1\" content=\"Tiempo de lectura\" \/>\n\t<meta name=\"twitter:data1\" content=\"2 minutos\" \/>\n<script type=\"application\/ld+json\" class=\"yoast-schema-graph\">{\"@context\":\"https:\\\/\\\/schema.org\",\"@graph\":[{\"@type\":\"WebPage\",\"@id\":\"https:\\\/\\\/www.turismelacostera.com\\\/es\\\/politica-de-privacidad-y-de-proteccion-de-datos\\\/\",\"url\":\"https:\\\/\\\/www.turismelacostera.com\\\/es\\\/politica-de-privacidad-y-de-proteccion-de-datos\\\/\",\"name\":\"Pol\u00edtica de privacidad y de protecci\u00f3n de datos - Turisme La Costera\",\"isPartOf\":{\"@id\":\"https:\\\/\\\/www.turismelacostera.com\\\/es\\\/#website\"},\"datePublished\":\"2020-12-01T15:29:14+00:00\",\"dateModified\":\"2024-11-27T08:14:21+00:00\",\"breadcrumb\":{\"@id\":\"https:\\\/\\\/www.turismelacostera.com\\\/es\\\/politica-de-privacidad-y-de-proteccion-de-datos\\\/#breadcrumb\"},\"inLanguage\":\"es\",\"potentialAction\":[{\"@type\":\"ReadAction\",\"target\":[\"https:\\\/\\\/www.turismelacostera.com\\\/es\\\/politica-de-privacidad-y-de-proteccion-de-datos\\\/\"]}]},{\"@type\":\"BreadcrumbList\",\"@id\":\"https:\\\/\\\/www.turismelacostera.com\\\/es\\\/politica-de-privacidad-y-de-proteccion-de-datos\\\/#breadcrumb\",\"itemListElement\":[{\"@type\":\"ListItem\",\"position\":1,\"name\":\"Portada\",\"item\":\"https:\\\/\\\/www.turismelacostera.com\\\/es\\\/\"},{\"@type\":\"ListItem\",\"position\":2,\"name\":\"Pol\u00edtica de privacidad y de protecci\u00f3n de datos\"}]},{\"@type\":\"WebSite\",\"@id\":\"https:\\\/\\\/www.turismelacostera.com\\\/es\\\/#website\",\"url\":\"https:\\\/\\\/www.turismelacostera.com\\\/es\\\/\",\"name\":\"Turisme la Costera l Tesoros del interior\",\"description\":\"Descobreix els tresors que amaga l&#039;interior de Val\u00e8ncia\",\"potentialAction\":[{\"@type\":\"SearchAction\",\"target\":{\"@type\":\"EntryPoint\",\"urlTemplate\":\"https:\\\/\\\/www.turismelacostera.com\\\/es\\\/?s={search_term_string}\"},\"query-input\":{\"@type\":\"PropertyValueSpecification\",\"valueRequired\":true,\"valueName\":\"search_term_string\"}}],\"inLanguage\":\"es\"}]}<\/script>\n<!-- \/ Yoast SEO plugin. -->","yoast_head_json":{"title":"Pol\u00edtica de privacidad y de protecci\u00f3n de datos - Turisme La Costera","robots":{"index":"noindex","follow":"nofollow"},"og_locale":"es_ES","og_type":"article","og_title":"Pol\u00edtica de privacidad y de protecci\u00f3n de datos - Turisme La Costera","og_description":"Pol\u00edtica de privacidad y de protecci\u00f3n de datos Privacidad El Ayuntamiento tiene como una de sus prioridades garantizar el derecho fundamental a la protecci\u00f3n de los datos personales, tanto de los usuarios que se relacionan con su Administraci\u00f3n como de los propios empleados p\u00fablicos a su servicio. En este sentido, el Ayuntamiento manifiesta que el [&hellip;]","og_url":"https:\/\/www.turismelacostera.com\/es\/politica-de-privacidad-y-de-proteccion-de-datos\/","og_site_name":"Turisme la Costera l Tesoros del interior","article_modified_time":"2024-11-27T08:14:21+00:00","twitter_card":"summary_large_image","twitter_misc":{"Tiempo de lectura":"2 minutos"},"schema":{"@context":"https:\/\/schema.org","@graph":[{"@type":"WebPage","@id":"https:\/\/www.turismelacostera.com\/es\/politica-de-privacidad-y-de-proteccion-de-datos\/","url":"https:\/\/www.turismelacostera.com\/es\/politica-de-privacidad-y-de-proteccion-de-datos\/","name":"Pol\u00edtica de privacidad y de protecci\u00f3n de datos - Turisme La Costera","isPartOf":{"@id":"https:\/\/www.turismelacostera.com\/es\/#website"},"datePublished":"2020-12-01T15:29:14+00:00","dateModified":"2024-11-27T08:14:21+00:00","breadcrumb":{"@id":"https:\/\/www.turismelacostera.com\/es\/politica-de-privacidad-y-de-proteccion-de-datos\/#breadcrumb"},"inLanguage":"es","potentialAction":[{"@type":"ReadAction","target":["https:\/\/www.turismelacostera.com\/es\/politica-de-privacidad-y-de-proteccion-de-datos\/"]}]},{"@type":"BreadcrumbList","@id":"https:\/\/www.turismelacostera.com\/es\/politica-de-privacidad-y-de-proteccion-de-datos\/#breadcrumb","itemListElement":[{"@type":"ListItem","position":1,"name":"Portada","item":"https:\/\/www.turismelacostera.com\/es\/"},{"@type":"ListItem","position":2,"name":"Pol\u00edtica de privacidad y de protecci\u00f3n de datos"}]},{"@type":"WebSite","@id":"https:\/\/www.turismelacostera.com\/es\/#website","url":"https:\/\/www.turismelacostera.com\/es\/","name":"Turisme la Costera l Tesoros del interior","description":"Descobreix els tresors que amaga l&#039;interior de Val\u00e8ncia","potentialAction":[{"@type":"SearchAction","target":{"@type":"EntryPoint","urlTemplate":"https:\/\/www.turismelacostera.com\/es\/?s={search_term_string}"},"query-input":{"@type":"PropertyValueSpecification","valueRequired":true,"valueName":"search_term_string"}}],"inLanguage":"es"}]}},"_links":{"self":[{"href":"https:\/\/www.turismelacostera.com\/es\/wp-json\/wp\/v2\/pages\/16479","targetHints":{"allow":["GET"]}}],"collection":[{"href":"https:\/\/www.turismelacostera.com\/es\/wp-json\/wp\/v2\/pages"}],"about":[{"href":"https:\/\/www.turismelacostera.com\/es\/wp-json\/wp\/v2\/types\/page"}],"author":[{"embeddable":true,"href":"https:\/\/www.turismelacostera.com\/es\/wp-json\/wp\/v2\/users\/1"}],"replies":[{"embeddable":true,"href":"https:\/\/www.turismelacostera.com\/es\/wp-json\/wp\/v2\/comments?post=16479"}],"version-history":[{"count":12,"href":"https:\/\/www.turismelacostera.com\/es\/wp-json\/wp\/v2\/pages\/16479\/revisions"}],"predecessor-version":[{"id":28471,"href":"https:\/\/www.turismelacostera.com\/es\/wp-json\/wp\/v2\/pages\/16479\/revisions\/28471"}],"wp:attachment":[{"href":"https:\/\/www.turismelacostera.com\/es\/wp-json\/wp\/v2\/media?parent=16479"}],"curies":[{"name":"wp","href":"https:\/\/api.w.org\/{rel}","templated":true}]}}