{"id":16464,"date":"2020-11-01T23:37:52","date_gmt":"2020-11-01T23:37:52","guid":{"rendered":"https:\/\/www.turismelacostera.com\/valles\/"},"modified":"2021-02-24T17:27:40","modified_gmt":"2021-02-24T17:27:40","slug":"valles","status":"publish","type":"page","link":"https:\/\/www.turismelacostera.com\/es\/pueblos-con-encanto\/valles\/","title":{"rendered":"Vall\u00e9s"},"content":{"rendered":"\t\t<div data-elementor-type=\"wp-page\" data-elementor-id=\"16464\" class=\"elementor elementor-16464 elementor-7989\" data-elementor-post-type=\"page\">\n\t\t\t\t\t\t<section class=\"elementor-section elementor-top-section elementor-element elementor-element-fcc35bc elementor-section-full_width elementor-hidden-tablet elementor-hidden-phone elementor-section-height-default elementor-section-height-default\" data-id=\"fcc35bc\" data-element_type=\"section\" data-e-type=\"section\" data-settings=\"{&quot;jet_parallax_layout_list&quot;:[{&quot;jet_parallax_layout_image&quot;:{&quot;url&quot;:&quot;&quot;,&quot;id&quot;:&quot;&quot;,&quot;size&quot;:&quot;&quot;},&quot;_id&quot;:&quot;bc8c9db&quot;,&quot;jet_parallax_layout_image_tablet&quot;:{&quot;url&quot;:&quot;&quot;,&quot;id&quot;:&quot;&quot;,&quot;size&quot;:&quot;&quot;},&quot;jet_parallax_layout_image_mobile&quot;:{&quot;url&quot;:&quot;&quot;,&quot;id&quot;:&quot;&quot;,&quot;size&quot;:&quot;&quot;},&quot;jet_parallax_layout_speed&quot;:{&quot;unit&quot;:&quot;%&quot;,&quot;size&quot;:50,&quot;sizes&quot;:[]},&quot;jet_parallax_layout_type&quot;:&quot;scroll&quot;,&quot;jet_parallax_layout_direction&quot;:&quot;1&quot;,&quot;jet_parallax_layout_fx_direction&quot;:null,&quot;jet_parallax_layout_z_index&quot;:&quot;&quot;,&quot;jet_parallax_layout_bg_x&quot;:50,&quot;jet_parallax_layout_bg_x_tablet&quot;:&quot;&quot;,&quot;jet_parallax_layout_bg_x_mobile&quot;:&quot;&quot;,&quot;jet_parallax_layout_bg_y&quot;:50,&quot;jet_parallax_layout_bg_y_tablet&quot;:&quot;&quot;,&quot;jet_parallax_layout_bg_y_mobile&quot;:&quot;&quot;,&quot;jet_parallax_layout_bg_size&quot;:&quot;auto&quot;,&quot;jet_parallax_layout_bg_size_tablet&quot;:&quot;&quot;,&quot;jet_parallax_layout_bg_size_mobile&quot;:&quot;&quot;,&quot;jet_parallax_layout_animation_prop&quot;:&quot;transform&quot;,&quot;jet_parallax_layout_on&quot;:[&quot;desktop&quot;,&quot;tablet&quot;]}]}\">\n\t\t\t\t\t\t<div class=\"elementor-container elementor-column-gap-default\">\n\t\t\t\t\t<div class=\"elementor-column elementor-col-100 elementor-top-column elementor-element elementor-element-0badc18\" data-id=\"0badc18\" data-element_type=\"column\" data-e-type=\"column\">\n\t\t\t<div class=\"elementor-widget-wrap elementor-element-populated\">\n\t\t\t\t\t\t<div class=\"elementor-element elementor-element-8e2deef elementor-widget elementor-widget-raven-image\" data-id=\"8e2deef\" data-element_type=\"widget\" data-e-type=\"widget\" data-widget_type=\"raven-image.default\">\n\t\t\t\t<div class=\"elementor-widget-container\">\n\t\t\t\t\t\t\t<div class=\"raven-image\">\n\t\t\n\t\t\n\t\t<img decoding=\"async\" src=\"https:\/\/www.turismelacostera.com\/wp-content\/uploads\/elementor\/thumbs\/Valles-01-pjkpkgkymdjoqtrrnbdelfskjcsxvwoxlbj8mir434.jpg\" title=\"\" alt=\"\" loading=\"lazy\" \/>\t\t<\/div>\n\t\t\t\t\t\t<\/div>\n\t\t\t\t<\/div>\n\t\t\t\t\t<\/div>\n\t\t<\/div>\n\t\t\t\t\t<\/div>\n\t\t<\/section>\n\t\t\t\t<section class=\"elementor-section elementor-top-section elementor-element elementor-element-236a486 elementor-section-full_width elementor-hidden-desktop elementor-section-height-default elementor-section-height-default\" data-id=\"236a486\" data-element_type=\"section\" data-e-type=\"section\" data-settings=\"{&quot;jet_parallax_layout_list&quot;:[{&quot;jet_parallax_layout_image&quot;:{&quot;url&quot;:&quot;&quot;,&quot;id&quot;:&quot;&quot;,&quot;size&quot;:&quot;&quot;},&quot;_id&quot;:&quot;51bee02&quot;,&quot;jet_parallax_layout_image_tablet&quot;:{&quot;url&quot;:&quot;&quot;,&quot;id&quot;:&quot;&quot;,&quot;size&quot;:&quot;&quot;},&quot;jet_parallax_layout_image_mobile&quot;:{&quot;url&quot;:&quot;&quot;,&quot;id&quot;:&quot;&quot;,&quot;size&quot;:&quot;&quot;},&quot;jet_parallax_layout_speed&quot;:{&quot;unit&quot;:&quot;%&quot;,&quot;size&quot;:50,&quot;sizes&quot;:[]},&quot;jet_parallax_layout_type&quot;:&quot;scroll&quot;,&quot;jet_parallax_layout_direction&quot;:&quot;1&quot;,&quot;jet_parallax_layout_fx_direction&quot;:null,&quot;jet_parallax_layout_z_index&quot;:&quot;&quot;,&quot;jet_parallax_layout_bg_x&quot;:50,&quot;jet_parallax_layout_bg_x_tablet&quot;:&quot;&quot;,&quot;jet_parallax_layout_bg_x_mobile&quot;:&quot;&quot;,&quot;jet_parallax_layout_bg_y&quot;:50,&quot;jet_parallax_layout_bg_y_tablet&quot;:&quot;&quot;,&quot;jet_parallax_layout_bg_y_mobile&quot;:&quot;&quot;,&quot;jet_parallax_layout_bg_size&quot;:&quot;auto&quot;,&quot;jet_parallax_layout_bg_size_tablet&quot;:&quot;&quot;,&quot;jet_parallax_layout_bg_size_mobile&quot;:&quot;&quot;,&quot;jet_parallax_layout_animation_prop&quot;:&quot;transform&quot;,&quot;jet_parallax_layout_on&quot;:[&quot;desktop&quot;,&quot;tablet&quot;]}]}\">\n\t\t\t\t\t\t<div class=\"elementor-container elementor-column-gap-default\">\n\t\t\t\t\t<div class=\"elementor-column elementor-col-100 elementor-top-column elementor-element elementor-element-ad6f8ea\" data-id=\"ad6f8ea\" data-element_type=\"column\" data-e-type=\"column\">\n\t\t\t<div class=\"elementor-widget-wrap elementor-element-populated\">\n\t\t\t\t\t\t<div class=\"elementor-element elementor-element-6762da2 elementor-widget elementor-widget-raven-image\" data-id=\"6762da2\" data-element_type=\"widget\" data-e-type=\"widget\" data-widget_type=\"raven-image.default\">\n\t\t\t\t<div class=\"elementor-widget-container\">\n\t\t\t\t\t\t\t<div class=\"raven-image\">\n\t\t\n\t\t\n\t\t<img decoding=\"async\" src=\"https:\/\/www.turismelacostera.com\/wp-content\/uploads\/elementor\/thumbs\/Valles-01-pjkpkgkymdlyl74wzm38pv4m2qlqzglnz9ikqcv09c.jpg\" title=\"\" alt=\"\" loading=\"lazy\" \/>\t\t<\/div>\n\t\t\t\t\t\t<\/div>\n\t\t\t\t<\/div>\n\t\t\t\t\t<\/div>\n\t\t<\/div>\n\t\t\t\t\t<\/div>\n\t\t<\/section>\n\t\t\t\t<section class=\"elementor-section elementor-top-section elementor-element elementor-element-9bbae8a elementor-section-content-middle elementor-section-boxed elementor-section-height-default elementor-section-height-default\" data-id=\"9bbae8a\" data-element_type=\"section\" data-e-type=\"section\" id=\"pobles\" data-settings=\"{&quot;jet_parallax_layout_list&quot;:[{&quot;jet_parallax_layout_image&quot;:{&quot;url&quot;:&quot;&quot;,&quot;id&quot;:&quot;&quot;,&quot;size&quot;:&quot;&quot;},&quot;_id&quot;:&quot;69e5e79&quot;,&quot;jet_parallax_layout_speed&quot;:{&quot;unit&quot;:&quot;%&quot;,&quot;size&quot;:50,&quot;sizes&quot;:[]},&quot;jet_parallax_layout_image_tablet&quot;:{&quot;url&quot;:&quot;&quot;,&quot;id&quot;:&quot;&quot;,&quot;size&quot;:&quot;&quot;},&quot;jet_parallax_layout_image_mobile&quot;:{&quot;url&quot;:&quot;&quot;,&quot;id&quot;:&quot;&quot;,&quot;size&quot;:&quot;&quot;},&quot;jet_parallax_layout_type&quot;:&quot;scroll&quot;,&quot;jet_parallax_layout_direction&quot;:&quot;1&quot;,&quot;jet_parallax_layout_fx_direction&quot;:null,&quot;jet_parallax_layout_z_index&quot;:&quot;&quot;,&quot;jet_parallax_layout_bg_x&quot;:50,&quot;jet_parallax_layout_bg_x_tablet&quot;:&quot;&quot;,&quot;jet_parallax_layout_bg_x_mobile&quot;:&quot;&quot;,&quot;jet_parallax_layout_bg_y&quot;:50,&quot;jet_parallax_layout_bg_y_tablet&quot;:&quot;&quot;,&quot;jet_parallax_layout_bg_y_mobile&quot;:&quot;&quot;,&quot;jet_parallax_layout_bg_size&quot;:&quot;auto&quot;,&quot;jet_parallax_layout_bg_size_tablet&quot;:&quot;&quot;,&quot;jet_parallax_layout_bg_size_mobile&quot;:&quot;&quot;,&quot;jet_parallax_layout_animation_prop&quot;:&quot;transform&quot;,&quot;jet_parallax_layout_on&quot;:[&quot;desktop&quot;,&quot;tablet&quot;]}]}\">\n\t\t\t\t\t\t\t<div class=\"elementor-background-overlay\"><\/div>\n\t\t\t\t\t\t\t<div class=\"elementor-container elementor-column-gap-default\">\n\t\t\t\t\t<div class=\"elementor-column elementor-col-100 elementor-top-column elementor-element elementor-element-ce89ef7\" data-id=\"ce89ef7\" data-element_type=\"column\" data-e-type=\"column\">\n\t\t\t<div class=\"elementor-widget-wrap elementor-element-populated\">\n\t\t\t\t\t<div class=\"elementor-background-overlay\"><\/div>\n\t\t\t\t\t\t<div class=\"elementor-element elementor-element-1cb5953 elementor-widget elementor-widget-heading\" data-id=\"1cb5953\" data-element_type=\"widget\" data-e-type=\"widget\" data-settings=\"{&quot;_animation&quot;:&quot;none&quot;}\" data-widget_type=\"heading.default\">\n\t\t\t\t<div class=\"elementor-widget-container\">\n\t\t\t\t\t<h5 class=\"elementor-heading-title elementor-size-default\"><a href=\"https:\/\/www.turismelacostera.com\/es\/?page_id=16361\">PUEBLOS CON ENCANTO<\/a><\/h5>\t\t\t\t<\/div>\n\t\t\t\t<\/div>\n\t\t\t\t<div class=\"elementor-element elementor-element-86ee19a elementor-widget elementor-widget-heading\" data-id=\"86ee19a\" data-element_type=\"widget\" data-e-type=\"widget\" data-widget_type=\"heading.default\">\n\t\t\t\t<div class=\"elementor-widget-container\">\n\t\t\t\t\t<h2 class=\"elementor-heading-title elementor-size-default\">Vall\u00e9s<\/h2>\t\t\t\t<\/div>\n\t\t\t\t<\/div>\n\t\t\t\t<div class=\"elementor-element elementor-element-9e05e7a elementor-widget-divider--view-line elementor-widget elementor-widget-divider\" data-id=\"9e05e7a\" data-element_type=\"widget\" data-e-type=\"widget\" data-widget_type=\"divider.default\">\n\t\t\t\t<div class=\"elementor-widget-container\">\n\t\t\t\t\t\t\t<div class=\"elementor-divider\">\n\t\t\t<span class=\"elementor-divider-separator\">\n\t\t\t\t\t\t<\/span>\n\t\t<\/div>\n\t\t\t\t\t\t<\/div>\n\t\t\t\t<\/div>\n\t\t\t\t<div class=\"elementor-element elementor-element-b2ed595 elementor-widget elementor-widget-text-editor\" data-id=\"b2ed595\" data-element_type=\"widget\" data-e-type=\"widget\" data-widget_type=\"text-editor.default\">\n\t\t\t\t<div class=\"elementor-widget-container\">\n\t\t\t\t\t\t\t\t\t<p><strong>Vall\u00e9s<\/strong> es un peque\u00f1o municipio de la Costera ubicado sobre el margen izquierdo del r\u00edo C\u00e0nyoles. Muy cerca del molino de Vall\u00e9s y del azud de Mesos, el t\u00e9rmino se riega con la acequia de Ranes, que se remonta al menos al siglo X. Vall\u00e9s aparece documentado en el siglo XIV como la alquer\u00eda de Jaume Vall\u00e9s. Contaba con 18 casas cuando el caballero de X\u00e0tiva, Bernat San\u00e7, lo repobl\u00f3 con cristianos viejos en el a\u00f1o 1609. En Vall\u00e9s se encuentra<strong><a href=\"https:\/\/www.turismelacostera.com\/es\/?page_id=16341\"> el Palacio de San\u00e7,<\/a><\/strong> una de las joyas arquitect\u00f3nicas del g\u00f3tico civil valenciano del siglo XV. Se ubica en un extremo de la plaza Mayor, muy cerca del r\u00edo C\u00e0nyoles, desde donde podemos disfrutar de unas magn\u00edficas vistas de la sierra Vernissa y de la ciudad de X\u00e0tiva.<\/p>\t\t\t\t\t\t\t\t<\/div>\n\t\t\t\t<\/div>\n\t\t\t\t<div class=\"elementor-element elementor-element-1ebfdfa elementor-widget elementor-widget-image\" data-id=\"1ebfdfa\" data-element_type=\"widget\" data-e-type=\"widget\" data-widget_type=\"image.default\">\n\t\t\t\t<div class=\"elementor-widget-container\">\n\t\t\t\t\t\t\t\t\t\t\t\t\t\t\t<img fetchpriority=\"high\" decoding=\"async\" width=\"1920\" height=\"1080\" src=\"https:\/\/www.turismelacostera.com\/wp-content\/uploads\/2020\/11\/Valles-02.jpg\" class=\"attachment-full size-full wp-image-15033\" alt=\"\" srcset=\"https:\/\/www.turismelacostera.com\/wp-content\/uploads\/2020\/11\/Valles-02.jpg 1920w, https:\/\/www.turismelacostera.com\/wp-content\/uploads\/2020\/11\/Valles-02-300x169.jpg 300w, https:\/\/www.turismelacostera.com\/wp-content\/uploads\/2020\/11\/Valles-02-1024x576.jpg 1024w, https:\/\/www.turismelacostera.com\/wp-content\/uploads\/2020\/11\/Valles-02-768x432.jpg 768w, https:\/\/www.turismelacostera.com\/wp-content\/uploads\/2020\/11\/Valles-02-1536x864.jpg 1536w\" sizes=\"(max-width: 1920px) 100vw, 1920px\" \/>\t\t\t\t\t\t\t\t\t\t\t\t\t\t\t<\/div>\n\t\t\t\t<\/div>\n\t\t\t\t<div class=\"elementor-element elementor-element-9aa7ca3 elementor-widget elementor-widget-text-editor\" data-id=\"9aa7ca3\" data-element_type=\"widget\" data-e-type=\"widget\" data-widget_type=\"text-editor.default\">\n\t\t\t\t<div class=\"elementor-widget-container\">\n\t\t\t\t\t\t\t\t\t<p>El n\u00facleo original es el resultado de la destrucci\u00f3n del urbanismo morisco, reemplazado por la austera <strong>iglesia de San Juan Bautista<\/strong> del siglo XVII. Alrededor del templo se encuentran las calles m\u00e1s antiguas: la calle de Santa Teresa, la calle de la Pilota y la plaza de la Vila. Cierra este rect\u00e1ngulo por el nordeste el Palacio de San\u00e7 y por delante el lavadero p\u00fablico de nueva construcci\u00f3n.<\/p>\t\t\t\t\t\t\t\t<\/div>\n\t\t\t\t<\/div>\n\t\t\t\t<div class=\"elementor-element elementor-element-23995fa elementor-widget elementor-widget-gallery\" data-id=\"23995fa\" data-element_type=\"widget\" data-e-type=\"widget\" data-settings=\"{&quot;columns&quot;:5,&quot;columns_tablet&quot;:5,&quot;gap&quot;:{&quot;unit&quot;:&quot;px&quot;,&quot;size&quot;:25,&quot;sizes&quot;:[]},&quot;gap_tablet&quot;:{&quot;unit&quot;:&quot;px&quot;,&quot;size&quot;:16,&quot;sizes&quot;:[]},&quot;gap_mobile&quot;:{&quot;unit&quot;:&quot;px&quot;,&quot;size&quot;:20,&quot;sizes&quot;:[]},&quot;aspect_ratio&quot;:&quot;1:1&quot;,&quot;lazyload&quot;:&quot;yes&quot;,&quot;gallery_layout&quot;:&quot;grid&quot;,&quot;columns_mobile&quot;:1,&quot;link_to&quot;:&quot;file&quot;,&quot;overlay_background&quot;:&quot;yes&quot;,&quot;content_hover_animation&quot;:&quot;fade-in&quot;}\" data-widget_type=\"gallery.default\">\n\t\t\t\t<div class=\"elementor-widget-container\">\n\t\t\t\t\t\t\t<div class=\"elementor-gallery__container\">\n\t\t\t\t\t\t\t<a class=\"e-gallery-item elementor-gallery-item elementor-animated-content\" href=\"https:\/\/www.turismelacostera.com\/wp-content\/uploads\/2020\/11\/Valles-07.jpg\" data-elementor-open-lightbox=\"yes\" data-elementor-lightbox-slideshow=\"23995fa\" data-e-action-hash=\"#elementor-action%3Aaction%3Dlightbox%26settings%3DeyJpZCI6Nzk5NywidXJsIjoiaHR0cHM6XC9cL3d3dy50dXJpc21lbGFjb3N0ZXJhLmNvbVwvd3AtY29udGVudFwvdXBsb2Fkc1wvMjAyMFwvMTFcL1ZhbGxlcy0wNy5qcGciLCJzbGlkZXNob3ciOiIyMzk5NWZhIn0%3D\">\n\t\t\t\t\t<div class=\"e-gallery-image elementor-gallery-item__image\" data-thumbnail=\"https:\/\/www.turismelacostera.com\/wp-content\/uploads\/2020\/11\/Valles-07-500x500.jpg\" data-width=\"500\" data-height=\"500\" aria-label=\"\" role=\"img\" ><\/div>\n\t\t\t\t\t\t\t\t\t\t\t<div class=\"elementor-gallery-item__overlay\"><\/div>\n\t\t\t\t\t\t\t\t\t\t\t\t\t\t<\/a>\n\t\t\t\t\t\t\t<a class=\"e-gallery-item elementor-gallery-item elementor-animated-content\" href=\"https:\/\/www.turismelacostera.com\/wp-content\/uploads\/2020\/11\/Valles-04.jpg\" data-elementor-open-lightbox=\"yes\" data-elementor-lightbox-slideshow=\"23995fa\" data-e-action-hash=\"#elementor-action%3Aaction%3Dlightbox%26settings%3DeyJpZCI6Nzk5NCwidXJsIjoiaHR0cHM6XC9cL3d3dy50dXJpc21lbGFjb3N0ZXJhLmNvbVwvd3AtY29udGVudFwvdXBsb2Fkc1wvMjAyMFwvMTFcL1ZhbGxlcy0wNC5qcGciLCJzbGlkZXNob3ciOiIyMzk5NWZhIn0%3D\">\n\t\t\t\t\t<div class=\"e-gallery-image elementor-gallery-item__image\" data-thumbnail=\"https:\/\/www.turismelacostera.com\/wp-content\/uploads\/2020\/11\/Valles-04-500x500.jpg\" data-width=\"500\" data-height=\"500\" aria-label=\"\" role=\"img\" ><\/div>\n\t\t\t\t\t\t\t\t\t\t\t<div class=\"elementor-gallery-item__overlay\"><\/div>\n\t\t\t\t\t\t\t\t\t\t\t\t\t\t<\/a>\n\t\t\t\t\t\t\t<a class=\"e-gallery-item elementor-gallery-item elementor-animated-content\" href=\"https:\/\/www.turismelacostera.com\/wp-content\/uploads\/2020\/11\/Valles-08.jpg\" data-elementor-open-lightbox=\"yes\" data-elementor-lightbox-slideshow=\"23995fa\" data-e-action-hash=\"#elementor-action%3Aaction%3Dlightbox%26settings%3DeyJpZCI6Nzk5OCwidXJsIjoiaHR0cHM6XC9cL3d3dy50dXJpc21lbGFjb3N0ZXJhLmNvbVwvd3AtY29udGVudFwvdXBsb2Fkc1wvMjAyMFwvMTFcL1ZhbGxlcy0wOC5qcGciLCJzbGlkZXNob3ciOiIyMzk5NWZhIn0%3D\">\n\t\t\t\t\t<div class=\"e-gallery-image elementor-gallery-item__image\" data-thumbnail=\"https:\/\/www.turismelacostera.com\/wp-content\/uploads\/2020\/11\/Valles-08-500x500.jpg\" data-width=\"500\" data-height=\"500\" aria-label=\"\" role=\"img\" ><\/div>\n\t\t\t\t\t\t\t\t\t\t\t<div class=\"elementor-gallery-item__overlay\"><\/div>\n\t\t\t\t\t\t\t\t\t\t\t\t\t\t<\/a>\n\t\t\t\t\t\t\t<a class=\"e-gallery-item elementor-gallery-item elementor-animated-content\" href=\"https:\/\/www.turismelacostera.com\/wp-content\/uploads\/2020\/11\/Valles-11.jpg\" data-elementor-open-lightbox=\"yes\" data-elementor-lightbox-slideshow=\"23995fa\" data-e-action-hash=\"#elementor-action%3Aaction%3Dlightbox%26settings%3DeyJpZCI6ODAwMSwidXJsIjoiaHR0cHM6XC9cL3d3dy50dXJpc21lbGFjb3N0ZXJhLmNvbVwvd3AtY29udGVudFwvdXBsb2Fkc1wvMjAyMFwvMTFcL1ZhbGxlcy0xMS5qcGciLCJzbGlkZXNob3ciOiIyMzk5NWZhIn0%3D\">\n\t\t\t\t\t<div class=\"e-gallery-image elementor-gallery-item__image\" data-thumbnail=\"https:\/\/www.turismelacostera.com\/wp-content\/uploads\/2020\/11\/Valles-11-500x500.jpg\" data-width=\"500\" data-height=\"500\" aria-label=\"\" role=\"img\" ><\/div>\n\t\t\t\t\t\t\t\t\t\t\t<div class=\"elementor-gallery-item__overlay\"><\/div>\n\t\t\t\t\t\t\t\t\t\t\t\t\t\t<\/a>\n\t\t\t\t\t\t\t<a class=\"e-gallery-item elementor-gallery-item elementor-animated-content\" href=\"https:\/\/www.turismelacostera.com\/wp-content\/uploads\/2020\/11\/Valles-12.jpg\" data-elementor-open-lightbox=\"yes\" data-elementor-lightbox-slideshow=\"23995fa\" data-e-action-hash=\"#elementor-action%3Aaction%3Dlightbox%26settings%3DeyJpZCI6ODAwMiwidXJsIjoiaHR0cHM6XC9cL3d3dy50dXJpc21lbGFjb3N0ZXJhLmNvbVwvd3AtY29udGVudFwvdXBsb2Fkc1wvMjAyMFwvMTFcL1ZhbGxlcy0xMi5qcGciLCJzbGlkZXNob3ciOiIyMzk5NWZhIn0%3D\">\n\t\t\t\t\t<div class=\"e-gallery-image elementor-gallery-item__image\" data-thumbnail=\"https:\/\/www.turismelacostera.com\/wp-content\/uploads\/2020\/11\/Valles-12-500x500.jpg\" data-width=\"500\" data-height=\"500\" aria-label=\"\" role=\"img\" ><\/div>\n\t\t\t\t\t\t\t\t\t\t\t<div class=\"elementor-gallery-item__overlay\"><\/div>\n\t\t\t\t\t\t\t\t\t\t\t\t\t\t<\/a>\n\t\t\t\t\t\t\t<a class=\"e-gallery-item elementor-gallery-item elementor-animated-content\" href=\"https:\/\/www.turismelacostera.com\/wp-content\/uploads\/2020\/11\/Valles-10.jpg\" data-elementor-open-lightbox=\"yes\" data-elementor-lightbox-slideshow=\"23995fa\" data-e-action-hash=\"#elementor-action%3Aaction%3Dlightbox%26settings%3DeyJpZCI6ODAwMCwidXJsIjoiaHR0cHM6XC9cL3d3dy50dXJpc21lbGFjb3N0ZXJhLmNvbVwvd3AtY29udGVudFwvdXBsb2Fkc1wvMjAyMFwvMTFcL1ZhbGxlcy0xMC5qcGciLCJzbGlkZXNob3ciOiIyMzk5NWZhIn0%3D\">\n\t\t\t\t\t<div class=\"e-gallery-image elementor-gallery-item__image\" data-thumbnail=\"https:\/\/www.turismelacostera.com\/wp-content\/uploads\/2020\/11\/Valles-10-500x500.jpg\" data-width=\"500\" data-height=\"500\" aria-label=\"\" role=\"img\" ><\/div>\n\t\t\t\t\t\t\t\t\t\t\t<div class=\"elementor-gallery-item__overlay\"><\/div>\n\t\t\t\t\t\t\t\t\t\t\t\t\t\t<\/a>\n\t\t\t\t\t\t\t<a class=\"e-gallery-item elementor-gallery-item elementor-animated-content\" href=\"https:\/\/www.turismelacostera.com\/wp-content\/uploads\/2020\/11\/Valles-05.jpg\" data-elementor-open-lightbox=\"yes\" data-elementor-lightbox-slideshow=\"23995fa\" data-e-action-hash=\"#elementor-action%3Aaction%3Dlightbox%26settings%3DeyJpZCI6Nzk5NSwidXJsIjoiaHR0cHM6XC9cL3d3dy50dXJpc21lbGFjb3N0ZXJhLmNvbVwvd3AtY29udGVudFwvdXBsb2Fkc1wvMjAyMFwvMTFcL1ZhbGxlcy0wNS5qcGciLCJzbGlkZXNob3ciOiIyMzk5NWZhIn0%3D\">\n\t\t\t\t\t<div class=\"e-gallery-image elementor-gallery-item__image\" data-thumbnail=\"https:\/\/www.turismelacostera.com\/wp-content\/uploads\/2020\/11\/Valles-05-500x500.jpg\" data-width=\"500\" data-height=\"500\" aria-label=\"\" role=\"img\" ><\/div>\n\t\t\t\t\t\t\t\t\t\t\t<div class=\"elementor-gallery-item__overlay\"><\/div>\n\t\t\t\t\t\t\t\t\t\t\t\t\t\t<\/a>\n\t\t\t\t\t\t\t<a class=\"e-gallery-item elementor-gallery-item elementor-animated-content\" href=\"https:\/\/www.turismelacostera.com\/wp-content\/uploads\/2020\/11\/Valles-06.jpg\" data-elementor-open-lightbox=\"yes\" data-elementor-lightbox-slideshow=\"23995fa\" data-e-action-hash=\"#elementor-action%3Aaction%3Dlightbox%26settings%3DeyJpZCI6Nzk5NiwidXJsIjoiaHR0cHM6XC9cL3d3dy50dXJpc21lbGFjb3N0ZXJhLmNvbVwvd3AtY29udGVudFwvdXBsb2Fkc1wvMjAyMFwvMTFcL1ZhbGxlcy0wNi5qcGciLCJzbGlkZXNob3ciOiIyMzk5NWZhIn0%3D\">\n\t\t\t\t\t<div class=\"e-gallery-image elementor-gallery-item__image\" data-thumbnail=\"https:\/\/www.turismelacostera.com\/wp-content\/uploads\/2020\/11\/Valles-06-500x500.jpg\" data-width=\"500\" data-height=\"500\" aria-label=\"\" role=\"img\" ><\/div>\n\t\t\t\t\t\t\t\t\t\t\t<div class=\"elementor-gallery-item__overlay\"><\/div>\n\t\t\t\t\t\t\t\t\t\t\t\t\t\t<\/a>\n\t\t\t\t\t\t\t<a class=\"e-gallery-item elementor-gallery-item elementor-animated-content\" href=\"https:\/\/www.turismelacostera.com\/wp-content\/uploads\/2020\/11\/Valles-09.jpg\" data-elementor-open-lightbox=\"yes\" data-elementor-lightbox-slideshow=\"23995fa\" data-e-action-hash=\"#elementor-action%3Aaction%3Dlightbox%26settings%3DeyJpZCI6Nzk5OSwidXJsIjoiaHR0cHM6XC9cL3d3dy50dXJpc21lbGFjb3N0ZXJhLmNvbVwvd3AtY29udGVudFwvdXBsb2Fkc1wvMjAyMFwvMTFcL1ZhbGxlcy0wOS5qcGciLCJzbGlkZXNob3ciOiIyMzk5NWZhIn0%3D\">\n\t\t\t\t\t<div class=\"e-gallery-image elementor-gallery-item__image\" data-thumbnail=\"https:\/\/www.turismelacostera.com\/wp-content\/uploads\/2020\/11\/Valles-09-500x500.jpg\" data-width=\"500\" data-height=\"500\" aria-label=\"\" role=\"img\" ><\/div>\n\t\t\t\t\t\t\t\t\t\t\t<div class=\"elementor-gallery-item__overlay\"><\/div>\n\t\t\t\t\t\t\t\t\t\t\t\t\t\t<\/a>\n\t\t\t\t\t\t\t<a class=\"e-gallery-item elementor-gallery-item elementor-animated-content\" href=\"https:\/\/www.turismelacostera.com\/wp-content\/uploads\/2020\/11\/Valles-03.jpg\" data-elementor-open-lightbox=\"yes\" data-elementor-lightbox-slideshow=\"23995fa\" data-e-action-hash=\"#elementor-action%3Aaction%3Dlightbox%26settings%3DeyJpZCI6Nzk5MywidXJsIjoiaHR0cHM6XC9cL3d3dy50dXJpc21lbGFjb3N0ZXJhLmNvbVwvd3AtY29udGVudFwvdXBsb2Fkc1wvMjAyMFwvMTFcL1ZhbGxlcy0wMy5qcGciLCJzbGlkZXNob3ciOiIyMzk5NWZhIn0%3D\">\n\t\t\t\t\t<div class=\"e-gallery-image elementor-gallery-item__image\" data-thumbnail=\"https:\/\/www.turismelacostera.com\/wp-content\/uploads\/2020\/11\/Valles-03-500x500.jpg\" data-width=\"500\" data-height=\"500\" aria-label=\"\" role=\"img\" ><\/div>\n\t\t\t\t\t\t\t\t\t\t\t<div class=\"elementor-gallery-item__overlay\"><\/div>\n\t\t\t\t\t\t\t\t\t\t\t\t\t\t<\/a>\n\t\t\t\t\t<\/div>\n\t\t\t\t\t<\/div>\n\t\t\t\t<\/div>\n\t\t\t\t\t<\/div>\n\t\t<\/div>\n\t\t\t\t\t<\/div>\n\t\t<\/section>\n\t\t\t\t<\/div>\n\t\t","protected":false},"excerpt":{"rendered":"<p>PUEBLOS CON ENCANTO Vall\u00e9s Vall\u00e9s es un peque\u00f1o municipio de la Costera ubicado sobre el margen izquierdo del r\u00edo C\u00e0nyoles. Muy cerca del molino de Vall\u00e9s y del azud de Mesos, el t\u00e9rmino se riega con la acequia de Ranes, que se remonta al menos al siglo X. Vall\u00e9s aparece documentado en el siglo XIV [&hellip;]<\/p>\n","protected":false},"author":1,"featured_media":15033,"parent":16361,"menu_order":0,"comment_status":"closed","ping_status":"closed","template":"elementor_header_footer","meta":{"_acf_changed":false,"footnotes":""},"class_list":["post-16464","page","type-page","status-publish","has-post-thumbnail","hentry"],"acf":[],"yoast_head":"<!-- This site is optimized with the Yoast SEO plugin v27.4 - https:\/\/yoast.com\/product\/yoast-seo-wordpress\/ -->\n<title>Vall\u00e9s - Turisme La Costera<\/title>\n<meta name=\"description\" content=\"En esta p\u00e1gina, encontrar\u00e1s informaci\u00f3n relevante sobre el t\u00e9rmino de Vall\u00e9s y sus principales recursos tur\u00edsticos.\" \/>\n<meta name=\"robots\" content=\"index, follow, max-snippet:-1, max-image-preview:large, max-video-preview:-1\" \/>\n<link rel=\"canonical\" href=\"https:\/\/www.turismelacostera.com\/es\/pueblos-con-encanto\/valles\/\" \/>\n<meta property=\"og:locale\" content=\"es_ES\" \/>\n<meta property=\"og:type\" content=\"article\" \/>\n<meta property=\"og:title\" content=\"Vall\u00e9s - Turisme La Costera\" \/>\n<meta property=\"og:description\" content=\"En esta p\u00e1gina, encontrar\u00e1s informaci\u00f3n relevante sobre el t\u00e9rmino de Vall\u00e9s y sus principales recursos tur\u00edsticos.\" \/>\n<meta property=\"og:url\" content=\"https:\/\/www.turismelacostera.com\/es\/pueblos-con-encanto\/valles\/\" \/>\n<meta property=\"og:site_name\" content=\"Turisme la Costera l Tesoros del interior\" \/>\n<meta property=\"article:modified_time\" content=\"2021-02-24T17:27:40+00:00\" \/>\n<meta property=\"og:image\" content=\"https:\/\/www.turismelacostera.com\/wp-content\/uploads\/2020\/11\/Valles-02.jpg\" \/>\n\t<meta property=\"og:image:width\" content=\"1920\" \/>\n\t<meta property=\"og:image:height\" content=\"1080\" \/>\n\t<meta property=\"og:image:type\" content=\"image\/jpeg\" \/>\n<meta name=\"twitter:card\" content=\"summary_large_image\" \/>\n<meta name=\"twitter:label1\" content=\"Tiempo de lectura\" \/>\n\t<meta name=\"twitter:data1\" content=\"2 minutos\" \/>\n<script type=\"application\/ld+json\" class=\"yoast-schema-graph\">{\"@context\":\"https:\\\/\\\/schema.org\",\"@graph\":[{\"@type\":\"WebPage\",\"@id\":\"https:\\\/\\\/www.turismelacostera.com\\\/es\\\/pueblos-con-encanto\\\/valles\\\/\",\"url\":\"https:\\\/\\\/www.turismelacostera.com\\\/es\\\/pueblos-con-encanto\\\/valles\\\/\",\"name\":\"Vall\u00e9s - Turisme La Costera\",\"isPartOf\":{\"@id\":\"https:\\\/\\\/www.turismelacostera.com\\\/es\\\/#website\"},\"primaryImageOfPage\":{\"@id\":\"https:\\\/\\\/www.turismelacostera.com\\\/es\\\/pueblos-con-encanto\\\/valles\\\/#primaryimage\"},\"image\":{\"@id\":\"https:\\\/\\\/www.turismelacostera.com\\\/es\\\/pueblos-con-encanto\\\/valles\\\/#primaryimage\"},\"thumbnailUrl\":\"https:\\\/\\\/www.turismelacostera.com\\\/wp-content\\\/uploads\\\/2020\\\/11\\\/Valles-02.jpg\",\"datePublished\":\"2020-11-01T23:37:52+00:00\",\"dateModified\":\"2021-02-24T17:27:40+00:00\",\"description\":\"En esta p\u00e1gina, encontrar\u00e1s informaci\u00f3n relevante sobre el t\u00e9rmino de Vall\u00e9s y sus principales recursos tur\u00edsticos.\",\"breadcrumb\":{\"@id\":\"https:\\\/\\\/www.turismelacostera.com\\\/es\\\/pueblos-con-encanto\\\/valles\\\/#breadcrumb\"},\"inLanguage\":\"es\",\"potentialAction\":[{\"@type\":\"ReadAction\",\"target\":[\"https:\\\/\\\/www.turismelacostera.com\\\/es\\\/pueblos-con-encanto\\\/valles\\\/\"]}]},{\"@type\":\"ImageObject\",\"inLanguage\":\"es\",\"@id\":\"https:\\\/\\\/www.turismelacostera.com\\\/es\\\/pueblos-con-encanto\\\/valles\\\/#primaryimage\",\"url\":\"https:\\\/\\\/www.turismelacostera.com\\\/wp-content\\\/uploads\\\/2020\\\/11\\\/Valles-02.jpg\",\"contentUrl\":\"https:\\\/\\\/www.turismelacostera.com\\\/wp-content\\\/uploads\\\/2020\\\/11\\\/Valles-02.jpg\",\"width\":1920,\"height\":1080},{\"@type\":\"BreadcrumbList\",\"@id\":\"https:\\\/\\\/www.turismelacostera.com\\\/es\\\/pueblos-con-encanto\\\/valles\\\/#breadcrumb\",\"itemListElement\":[{\"@type\":\"ListItem\",\"position\":1,\"name\":\"Portada\",\"item\":\"https:\\\/\\\/www.turismelacostera.com\\\/es\\\/\"},{\"@type\":\"ListItem\",\"position\":2,\"name\":\"Pueblos con encanto\",\"item\":\"https:\\\/\\\/www.turismelacostera.com\\\/es\\\/pueblos-con-encanto\\\/\"},{\"@type\":\"ListItem\",\"position\":3,\"name\":\"Vall\u00e9s\"}]},{\"@type\":\"WebSite\",\"@id\":\"https:\\\/\\\/www.turismelacostera.com\\\/es\\\/#website\",\"url\":\"https:\\\/\\\/www.turismelacostera.com\\\/es\\\/\",\"name\":\"Turisme la Costera l Tesoros del interior\",\"description\":\"Descobreix els tresors que amaga l&#039;interior de Val\u00e8ncia\",\"potentialAction\":[{\"@type\":\"SearchAction\",\"target\":{\"@type\":\"EntryPoint\",\"urlTemplate\":\"https:\\\/\\\/www.turismelacostera.com\\\/es\\\/?s={search_term_string}\"},\"query-input\":{\"@type\":\"PropertyValueSpecification\",\"valueRequired\":true,\"valueName\":\"search_term_string\"}}],\"inLanguage\":\"es\"}]}<\/script>\n<!-- \/ Yoast SEO plugin. -->","yoast_head_json":{"title":"Vall\u00e9s - Turisme La Costera","description":"En esta p\u00e1gina, encontrar\u00e1s informaci\u00f3n relevante sobre el t\u00e9rmino de Vall\u00e9s y sus principales recursos tur\u00edsticos.","robots":{"index":"index","follow":"follow","max-snippet":"max-snippet:-1","max-image-preview":"max-image-preview:large","max-video-preview":"max-video-preview:-1"},"canonical":"https:\/\/www.turismelacostera.com\/es\/pueblos-con-encanto\/valles\/","og_locale":"es_ES","og_type":"article","og_title":"Vall\u00e9s - Turisme La Costera","og_description":"En esta p\u00e1gina, encontrar\u00e1s informaci\u00f3n relevante sobre el t\u00e9rmino de Vall\u00e9s y sus principales recursos tur\u00edsticos.","og_url":"https:\/\/www.turismelacostera.com\/es\/pueblos-con-encanto\/valles\/","og_site_name":"Turisme la Costera l Tesoros del interior","article_modified_time":"2021-02-24T17:27:40+00:00","og_image":[{"width":1920,"height":1080,"url":"https:\/\/www.turismelacostera.com\/wp-content\/uploads\/2020\/11\/Valles-02.jpg","type":"image\/jpeg"}],"twitter_card":"summary_large_image","twitter_misc":{"Tiempo de lectura":"2 minutos"},"schema":{"@context":"https:\/\/schema.org","@graph":[{"@type":"WebPage","@id":"https:\/\/www.turismelacostera.com\/es\/pueblos-con-encanto\/valles\/","url":"https:\/\/www.turismelacostera.com\/es\/pueblos-con-encanto\/valles\/","name":"Vall\u00e9s - Turisme La Costera","isPartOf":{"@id":"https:\/\/www.turismelacostera.com\/es\/#website"},"primaryImageOfPage":{"@id":"https:\/\/www.turismelacostera.com\/es\/pueblos-con-encanto\/valles\/#primaryimage"},"image":{"@id":"https:\/\/www.turismelacostera.com\/es\/pueblos-con-encanto\/valles\/#primaryimage"},"thumbnailUrl":"https:\/\/www.turismelacostera.com\/wp-content\/uploads\/2020\/11\/Valles-02.jpg","datePublished":"2020-11-01T23:37:52+00:00","dateModified":"2021-02-24T17:27:40+00:00","description":"En esta p\u00e1gina, encontrar\u00e1s informaci\u00f3n relevante sobre el t\u00e9rmino de Vall\u00e9s y sus principales recursos tur\u00edsticos.","breadcrumb":{"@id":"https:\/\/www.turismelacostera.com\/es\/pueblos-con-encanto\/valles\/#breadcrumb"},"inLanguage":"es","potentialAction":[{"@type":"ReadAction","target":["https:\/\/www.turismelacostera.com\/es\/pueblos-con-encanto\/valles\/"]}]},{"@type":"ImageObject","inLanguage":"es","@id":"https:\/\/www.turismelacostera.com\/es\/pueblos-con-encanto\/valles\/#primaryimage","url":"https:\/\/www.turismelacostera.com\/wp-content\/uploads\/2020\/11\/Valles-02.jpg","contentUrl":"https:\/\/www.turismelacostera.com\/wp-content\/uploads\/2020\/11\/Valles-02.jpg","width":1920,"height":1080},{"@type":"BreadcrumbList","@id":"https:\/\/www.turismelacostera.com\/es\/pueblos-con-encanto\/valles\/#breadcrumb","itemListElement":[{"@type":"ListItem","position":1,"name":"Portada","item":"https:\/\/www.turismelacostera.com\/es\/"},{"@type":"ListItem","position":2,"name":"Pueblos con encanto","item":"https:\/\/www.turismelacostera.com\/es\/pueblos-con-encanto\/"},{"@type":"ListItem","position":3,"name":"Vall\u00e9s"}]},{"@type":"WebSite","@id":"https:\/\/www.turismelacostera.com\/es\/#website","url":"https:\/\/www.turismelacostera.com\/es\/","name":"Turisme la Costera l Tesoros del interior","description":"Descobreix els tresors que amaga l&#039;interior de Val\u00e8ncia","potentialAction":[{"@type":"SearchAction","target":{"@type":"EntryPoint","urlTemplate":"https:\/\/www.turismelacostera.com\/es\/?s={search_term_string}"},"query-input":{"@type":"PropertyValueSpecification","valueRequired":true,"valueName":"search_term_string"}}],"inLanguage":"es"}]}},"_links":{"self":[{"href":"https:\/\/www.turismelacostera.com\/es\/wp-json\/wp\/v2\/pages\/16464","targetHints":{"allow":["GET"]}}],"collection":[{"href":"https:\/\/www.turismelacostera.com\/es\/wp-json\/wp\/v2\/pages"}],"about":[{"href":"https:\/\/www.turismelacostera.com\/es\/wp-json\/wp\/v2\/types\/page"}],"author":[{"embeddable":true,"href":"https:\/\/www.turismelacostera.com\/es\/wp-json\/wp\/v2\/users\/1"}],"replies":[{"embeddable":true,"href":"https:\/\/www.turismelacostera.com\/es\/wp-json\/wp\/v2\/comments?post=16464"}],"version-history":[{"count":0,"href":"https:\/\/www.turismelacostera.com\/es\/wp-json\/wp\/v2\/pages\/16464\/revisions"}],"up":[{"embeddable":true,"href":"https:\/\/www.turismelacostera.com\/es\/wp-json\/wp\/v2\/pages\/16361"}],"wp:featuredmedia":[{"embeddable":true,"href":"https:\/\/www.turismelacostera.com\/es\/wp-json\/wp\/v2\/media\/15033"}],"wp:attachment":[{"href":"https:\/\/www.turismelacostera.com\/es\/wp-json\/wp\/v2\/media?parent=16464"}],"curies":[{"name":"wp","href":"https:\/\/api.w.org\/{rel}","templated":true}]}}