{"id":16414,"date":"2020-10-31T17:41:54","date_gmt":"2020-10-31T17:41:54","guid":{"rendered":"https:\/\/www.turismelacostera.com\/llanera-de-ranes\/"},"modified":"2021-02-24T11:25:49","modified_gmt":"2021-02-24T11:25:49","slug":"llanera-de-ranes","status":"publish","type":"page","link":"https:\/\/www.turismelacostera.com\/es\/pueblos-con-encanto\/llanera-de-ranes\/","title":{"rendered":"Llanera de Ranes"},"content":{"rendered":"\t\t<div data-elementor-type=\"wp-page\" data-elementor-id=\"16414\" class=\"elementor elementor-16414 elementor-7859\" data-elementor-post-type=\"page\">\n\t\t\t\t\t\t<section class=\"elementor-section elementor-top-section elementor-element elementor-element-fcc35bc elementor-section-full_width elementor-hidden-tablet elementor-hidden-phone elementor-section-height-default elementor-section-height-default\" data-id=\"fcc35bc\" data-element_type=\"section\" data-e-type=\"section\" data-settings=\"{&quot;jet_parallax_layout_list&quot;:[{&quot;jet_parallax_layout_image&quot;:{&quot;url&quot;:&quot;&quot;,&quot;id&quot;:&quot;&quot;,&quot;size&quot;:&quot;&quot;},&quot;_id&quot;:&quot;bc8c9db&quot;,&quot;jet_parallax_layout_image_tablet&quot;:{&quot;url&quot;:&quot;&quot;,&quot;id&quot;:&quot;&quot;,&quot;size&quot;:&quot;&quot;},&quot;jet_parallax_layout_image_mobile&quot;:{&quot;url&quot;:&quot;&quot;,&quot;id&quot;:&quot;&quot;,&quot;size&quot;:&quot;&quot;},&quot;jet_parallax_layout_speed&quot;:{&quot;unit&quot;:&quot;%&quot;,&quot;size&quot;:50,&quot;sizes&quot;:[]},&quot;jet_parallax_layout_type&quot;:&quot;scroll&quot;,&quot;jet_parallax_layout_direction&quot;:&quot;1&quot;,&quot;jet_parallax_layout_fx_direction&quot;:null,&quot;jet_parallax_layout_z_index&quot;:&quot;&quot;,&quot;jet_parallax_layout_bg_x&quot;:50,&quot;jet_parallax_layout_bg_x_tablet&quot;:&quot;&quot;,&quot;jet_parallax_layout_bg_x_mobile&quot;:&quot;&quot;,&quot;jet_parallax_layout_bg_y&quot;:50,&quot;jet_parallax_layout_bg_y_tablet&quot;:&quot;&quot;,&quot;jet_parallax_layout_bg_y_mobile&quot;:&quot;&quot;,&quot;jet_parallax_layout_bg_size&quot;:&quot;auto&quot;,&quot;jet_parallax_layout_bg_size_tablet&quot;:&quot;&quot;,&quot;jet_parallax_layout_bg_size_mobile&quot;:&quot;&quot;,&quot;jet_parallax_layout_animation_prop&quot;:&quot;transform&quot;,&quot;jet_parallax_layout_on&quot;:[&quot;desktop&quot;,&quot;tablet&quot;]}]}\">\n\t\t\t\t\t\t<div class=\"elementor-container elementor-column-gap-default\">\n\t\t\t\t\t<div class=\"elementor-column elementor-col-100 elementor-top-column elementor-element elementor-element-0badc18\" data-id=\"0badc18\" data-element_type=\"column\" data-e-type=\"column\">\n\t\t\t<div class=\"elementor-widget-wrap elementor-element-populated\">\n\t\t\t\t\t\t<div class=\"elementor-element elementor-element-8e2deef elementor-widget elementor-widget-raven-image\" data-id=\"8e2deef\" data-element_type=\"widget\" data-e-type=\"widget\" data-widget_type=\"raven-image.default\">\n\t\t\t\t<div class=\"elementor-widget-container\">\n\t\t\t\t\t\t\t<div class=\"raven-image\">\n\t\t\n\t\t\n\t\t<img decoding=\"async\" src=\"https:\/\/www.turismelacostera.com\/wp-content\/uploads\/elementor\/thumbs\/llanera-ranes-01-oxqjop8yo8e7fw1dr4dh862s6qawqwbaa4jpj04w34.jpg\" title=\"\" alt=\"\" loading=\"lazy\" \/>\t\t<\/div>\n\t\t\t\t\t\t<\/div>\n\t\t\t\t<\/div>\n\t\t\t\t\t<\/div>\n\t\t<\/div>\n\t\t\t\t\t<\/div>\n\t\t<\/section>\n\t\t\t\t<section class=\"elementor-section elementor-top-section elementor-element elementor-element-236a486 elementor-section-full_width elementor-hidden-desktop elementor-section-height-default elementor-section-height-default\" data-id=\"236a486\" data-element_type=\"section\" data-e-type=\"section\" data-settings=\"{&quot;jet_parallax_layout_list&quot;:[{&quot;jet_parallax_layout_image&quot;:{&quot;url&quot;:&quot;&quot;,&quot;id&quot;:&quot;&quot;,&quot;size&quot;:&quot;&quot;},&quot;_id&quot;:&quot;51bee02&quot;,&quot;jet_parallax_layout_image_tablet&quot;:{&quot;url&quot;:&quot;&quot;,&quot;id&quot;:&quot;&quot;,&quot;size&quot;:&quot;&quot;},&quot;jet_parallax_layout_image_mobile&quot;:{&quot;url&quot;:&quot;&quot;,&quot;id&quot;:&quot;&quot;,&quot;size&quot;:&quot;&quot;},&quot;jet_parallax_layout_speed&quot;:{&quot;unit&quot;:&quot;%&quot;,&quot;size&quot;:50,&quot;sizes&quot;:[]},&quot;jet_parallax_layout_type&quot;:&quot;scroll&quot;,&quot;jet_parallax_layout_direction&quot;:&quot;1&quot;,&quot;jet_parallax_layout_fx_direction&quot;:null,&quot;jet_parallax_layout_z_index&quot;:&quot;&quot;,&quot;jet_parallax_layout_bg_x&quot;:50,&quot;jet_parallax_layout_bg_x_tablet&quot;:&quot;&quot;,&quot;jet_parallax_layout_bg_x_mobile&quot;:&quot;&quot;,&quot;jet_parallax_layout_bg_y&quot;:50,&quot;jet_parallax_layout_bg_y_tablet&quot;:&quot;&quot;,&quot;jet_parallax_layout_bg_y_mobile&quot;:&quot;&quot;,&quot;jet_parallax_layout_bg_size&quot;:&quot;auto&quot;,&quot;jet_parallax_layout_bg_size_tablet&quot;:&quot;&quot;,&quot;jet_parallax_layout_bg_size_mobile&quot;:&quot;&quot;,&quot;jet_parallax_layout_animation_prop&quot;:&quot;transform&quot;,&quot;jet_parallax_layout_on&quot;:[&quot;desktop&quot;,&quot;tablet&quot;]}]}\">\n\t\t\t\t\t\t<div class=\"elementor-container elementor-column-gap-default\">\n\t\t\t\t\t<div class=\"elementor-column elementor-col-100 elementor-top-column elementor-element elementor-element-ad6f8ea\" data-id=\"ad6f8ea\" data-element_type=\"column\" data-e-type=\"column\">\n\t\t\t<div class=\"elementor-widget-wrap elementor-element-populated\">\n\t\t\t\t\t\t<div class=\"elementor-element elementor-element-6762da2 elementor-widget elementor-widget-raven-image\" data-id=\"6762da2\" data-element_type=\"widget\" data-e-type=\"widget\" data-widget_type=\"raven-image.default\">\n\t\t\t\t<div class=\"elementor-widget-container\">\n\t\t\t\t\t\t\t<div class=\"raven-image\">\n\t\t\n\t\t\n\t\t<img decoding=\"async\" src=\"https:\/\/www.turismelacostera.com\/wp-content\/uploads\/elementor\/thumbs\/llanera-ranes-01-oxqjop8yo8gha9ej3f3bcletq43pug80o2j1mu8s9c.jpg\" title=\"\" alt=\"\" loading=\"lazy\" \/>\t\t<\/div>\n\t\t\t\t\t\t<\/div>\n\t\t\t\t<\/div>\n\t\t\t\t\t<\/div>\n\t\t<\/div>\n\t\t\t\t\t<\/div>\n\t\t<\/section>\n\t\t\t\t<section class=\"elementor-section elementor-top-section elementor-element elementor-element-9bbae8a elementor-section-content-middle elementor-section-boxed elementor-section-height-default elementor-section-height-default\" data-id=\"9bbae8a\" data-element_type=\"section\" data-e-type=\"section\" id=\"pobles\" data-settings=\"{&quot;jet_parallax_layout_list&quot;:[{&quot;jet_parallax_layout_image&quot;:{&quot;url&quot;:&quot;&quot;,&quot;id&quot;:&quot;&quot;,&quot;size&quot;:&quot;&quot;},&quot;_id&quot;:&quot;69e5e79&quot;,&quot;jet_parallax_layout_speed&quot;:{&quot;unit&quot;:&quot;%&quot;,&quot;size&quot;:50,&quot;sizes&quot;:[]},&quot;jet_parallax_layout_image_tablet&quot;:{&quot;url&quot;:&quot;&quot;,&quot;id&quot;:&quot;&quot;,&quot;size&quot;:&quot;&quot;},&quot;jet_parallax_layout_image_mobile&quot;:{&quot;url&quot;:&quot;&quot;,&quot;id&quot;:&quot;&quot;,&quot;size&quot;:&quot;&quot;},&quot;jet_parallax_layout_type&quot;:&quot;scroll&quot;,&quot;jet_parallax_layout_direction&quot;:&quot;1&quot;,&quot;jet_parallax_layout_fx_direction&quot;:null,&quot;jet_parallax_layout_z_index&quot;:&quot;&quot;,&quot;jet_parallax_layout_bg_x&quot;:50,&quot;jet_parallax_layout_bg_x_tablet&quot;:&quot;&quot;,&quot;jet_parallax_layout_bg_x_mobile&quot;:&quot;&quot;,&quot;jet_parallax_layout_bg_y&quot;:50,&quot;jet_parallax_layout_bg_y_tablet&quot;:&quot;&quot;,&quot;jet_parallax_layout_bg_y_mobile&quot;:&quot;&quot;,&quot;jet_parallax_layout_bg_size&quot;:&quot;auto&quot;,&quot;jet_parallax_layout_bg_size_tablet&quot;:&quot;&quot;,&quot;jet_parallax_layout_bg_size_mobile&quot;:&quot;&quot;,&quot;jet_parallax_layout_animation_prop&quot;:&quot;transform&quot;,&quot;jet_parallax_layout_on&quot;:[&quot;desktop&quot;,&quot;tablet&quot;]}]}\">\n\t\t\t\t\t\t\t<div class=\"elementor-background-overlay\"><\/div>\n\t\t\t\t\t\t\t<div class=\"elementor-container elementor-column-gap-default\">\n\t\t\t\t\t<div class=\"elementor-column elementor-col-100 elementor-top-column elementor-element elementor-element-ce89ef7\" data-id=\"ce89ef7\" data-element_type=\"column\" data-e-type=\"column\">\n\t\t\t<div class=\"elementor-widget-wrap elementor-element-populated\">\n\t\t\t\t\t\t<div class=\"elementor-element elementor-element-21c7ccb elementor-widget elementor-widget-heading\" data-id=\"21c7ccb\" data-element_type=\"widget\" data-e-type=\"widget\" data-settings=\"{&quot;_animation&quot;:&quot;none&quot;}\" data-widget_type=\"heading.default\">\n\t\t\t\t<div class=\"elementor-widget-container\">\n\t\t\t\t\t<h5 class=\"elementor-heading-title elementor-size-default\"><a href=\"https:\/\/www.turismelacostera.com\/es\/?page_id=16361\">PUEBLOS CON ENCANTO<\/a><\/h5>\t\t\t\t<\/div>\n\t\t\t\t<\/div>\n\t\t\t\t<div class=\"elementor-element elementor-element-86ee19a elementor-widget elementor-widget-heading\" data-id=\"86ee19a\" data-element_type=\"widget\" data-e-type=\"widget\" data-widget_type=\"heading.default\">\n\t\t\t\t<div class=\"elementor-widget-container\">\n\t\t\t\t\t<h2 class=\"elementor-heading-title elementor-size-default\">Llanera de Ranes<\/h2>\t\t\t\t<\/div>\n\t\t\t\t<\/div>\n\t\t\t\t<div class=\"elementor-element elementor-element-9e05e7a elementor-widget-divider--view-line elementor-widget elementor-widget-divider\" data-id=\"9e05e7a\" data-element_type=\"widget\" data-e-type=\"widget\" data-widget_type=\"divider.default\">\n\t\t\t\t<div class=\"elementor-widget-container\">\n\t\t\t\t\t\t\t<div class=\"elementor-divider\">\n\t\t\t<span class=\"elementor-divider-separator\">\n\t\t\t\t\t\t<\/span>\n\t\t<\/div>\n\t\t\t\t\t\t<\/div>\n\t\t\t\t<\/div>\n\t\t\t\t<div class=\"elementor-element elementor-element-b2ed595 elementor-widget elementor-widget-text-editor\" data-id=\"b2ed595\" data-element_type=\"widget\" data-e-type=\"widget\" data-widget_type=\"text-editor.default\">\n\t\t\t\t<div class=\"elementor-widget-container\">\n\t\t\t\t\t\t\t\t\t<p>Sobre una suave pendiente de la Costera de Ranes se encuentra <strong>Llanera de Ranes<\/strong>. En sus or\u00edgenes este pueblo fue un anexo de la desaparecida alquer\u00eda de Cairent, que antes de la expulsi\u00f3n de los moriscos contaba con 32 casas. En el a\u00f1o 1650 le concedieron el t\u00edtulo de marqu\u00e9s de Llanera a Jordi San\u00e7 de Vilaragut y de Castellv\u00ed, de donde procede el nombre del pueblo.<\/p><p>Una de las devociones seculares de los habitantes del pueblo es el juego de <strong>la Pilota Valenciana<\/strong>. Practicada desde siempre en las calles del pueblo, su historia cuenta con una figura destacada en este deporte: Emili Revert i Mart\u00ednez, el <em>Xiquet de Llanera<\/em>, quien fue un gran jugador a comienzos del siglo XX.<\/p>\t\t\t\t\t\t\t\t<\/div>\n\t\t\t\t<\/div>\n\t\t\t\t<div class=\"elementor-element elementor-element-1ebfdfa elementor-widget elementor-widget-image\" data-id=\"1ebfdfa\" data-element_type=\"widget\" data-e-type=\"widget\" data-widget_type=\"image.default\">\n\t\t\t\t<div class=\"elementor-widget-container\">\n\t\t\t\t\t\t\t\t\t\t\t\t\t\t\t<img fetchpriority=\"high\" decoding=\"async\" width=\"1920\" height=\"1080\" src=\"https:\/\/www.turismelacostera.com\/wp-content\/uploads\/2020\/10\/llanera-ranes-12.jpg\" class=\"attachment-full size-full wp-image-14963\" alt=\"\" srcset=\"https:\/\/www.turismelacostera.com\/wp-content\/uploads\/2020\/10\/llanera-ranes-12.jpg 1920w, https:\/\/www.turismelacostera.com\/wp-content\/uploads\/2020\/10\/llanera-ranes-12-300x169.jpg 300w, https:\/\/www.turismelacostera.com\/wp-content\/uploads\/2020\/10\/llanera-ranes-12-1024x576.jpg 1024w, https:\/\/www.turismelacostera.com\/wp-content\/uploads\/2020\/10\/llanera-ranes-12-768x432.jpg 768w, https:\/\/www.turismelacostera.com\/wp-content\/uploads\/2020\/10\/llanera-ranes-12-1536x864.jpg 1536w\" sizes=\"(max-width: 1920px) 100vw, 1920px\" \/>\t\t\t\t\t\t\t\t\t\t\t\t\t\t\t<\/div>\n\t\t\t\t<\/div>\n\t\t\t\t<div class=\"elementor-element elementor-element-9aa7ca3 elementor-widget elementor-widget-text-editor\" data-id=\"9aa7ca3\" data-element_type=\"widget\" data-e-type=\"widget\" data-widget_type=\"text-editor.default\">\n\t\t\t\t<div class=\"elementor-widget-container\">\n\t\t\t\t\t\t\t\t\t<p>Su iglesia parroquial fue dedicada a San Juan Bautista y construida en el siglo XVIII con arquitectura neocl\u00e1sica. En la ladera de la monta\u00f1a se encuentra <strong>la ermita de Cristo de Torrent<\/strong>, actualmente adscrita a la parroquia de Rotgl\u00e0 i Corber\u00e0, que probablemente fue erigida sobre una ermita musulmana.<\/p><p>El pueblo dispone de dos peque\u00f1os museos: <strong>el Museo de Acuarelas Boluda<\/strong>, dedicado al pintor valenciano Rafael Boluda y situado en un antiguo caser\u00f3n rehabilitado, y <strong>el Museo Etnol\u00f3gico Llu\u00eds Perales<\/strong>, el cual alberga la evoluci\u00f3n del patrimonio etnol\u00f3gico local y comarcal a lo largo de los a\u00f1os y donde se recogen interesantes objetos y herramientas de los oficios de la \u00e9poca.<\/p>\t\t\t\t\t\t\t\t<\/div>\n\t\t\t\t<\/div>\n\t\t\t\t<div class=\"elementor-element elementor-element-a59756f elementor-mobile-align-center elementor-align-center elementor-widget elementor-widget-raven-button\" data-id=\"a59756f\" data-element_type=\"widget\" data-e-type=\"widget\" data-settings=\"{&quot;_animation&quot;:&quot;none&quot;,&quot;_animation_delay&quot;:1200,&quot;turn_to_popup_action_button&quot;:&quot;no&quot;}\" data-widget_type=\"raven-button.default\">\n\t\t\t\t<div class=\"elementor-widget-container\">\n\t\t\t\t\t\t\t<div class=\"raven-widget-wrapper\">\n\t\t\t<a class=\"raven-button raven-button-widget-normal-effect-none  raven-button-text-align-center raven-button-link elementor-animation-grow\" href=\"https:\/\/youtu.be\/wDQb-vYUAlI\" target=\"_blank\">\t\t\t\t<div class=\"raven-button-overlay\" ><\/div>\n\t\t\t\t<span class=\"raven-button-content\">\n\t\t\t\t\t\n\t\t\t\t\t<div class=\"button-text-container\">\n\t\t\t\t\t\t\t\t\t<span class=\"raven-button-icon raven-button-icon-position-left\">\n\t\t\t\t<i aria-hidden=\"true\" class=\"fab fa-youtube\"><\/i>\t\t\t<\/span>\n\t\t\t\t\t\t\t\t<div class=\"raven-button-texts-wrapper\">\n\t\t\t\t\t\t\t<div class=\"button-text\">\n\t\t\t\t\t\t\t\t<span class=\"raven-button-text\">\n\t\t\t\t\t\t\t\t\tMUSEO RAFAEL BOLUDA\t\t\t\t\t\t\t\t<\/span>\n\t\t\t\t\t\t\t<\/div>\n\t\t\t\t\t\t\t\t\t\t\t\t\t<\/div>\n\t\t\t\t\t\t\t\t\t\t\t<\/div>\n\t\t\t\t\t\n\t\t\t\t\t\t\t\t\t<\/span>\n\t\t\t<\/a>\t\t<\/div>\n\t\t\t\t\t\t<\/div>\n\t\t\t\t<\/div>\n\t\t\t\t<div class=\"elementor-element elementor-element-2c5bec8 elementor-widget elementor-widget-gallery\" data-id=\"2c5bec8\" data-element_type=\"widget\" data-e-type=\"widget\" data-settings=\"{&quot;columns&quot;:5,&quot;columns_tablet&quot;:5,&quot;gap&quot;:{&quot;unit&quot;:&quot;px&quot;,&quot;size&quot;:25,&quot;sizes&quot;:[]},&quot;gap_tablet&quot;:{&quot;unit&quot;:&quot;px&quot;,&quot;size&quot;:16,&quot;sizes&quot;:[]},&quot;gap_mobile&quot;:{&quot;unit&quot;:&quot;px&quot;,&quot;size&quot;:20,&quot;sizes&quot;:[]},&quot;aspect_ratio&quot;:&quot;1:1&quot;,&quot;lazyload&quot;:&quot;yes&quot;,&quot;gallery_layout&quot;:&quot;grid&quot;,&quot;columns_mobile&quot;:1,&quot;link_to&quot;:&quot;file&quot;,&quot;overlay_background&quot;:&quot;yes&quot;,&quot;content_hover_animation&quot;:&quot;fade-in&quot;}\" data-widget_type=\"gallery.default\">\n\t\t\t\t<div class=\"elementor-widget-container\">\n\t\t\t\t\t\t\t<div class=\"elementor-gallery__container\">\n\t\t\t\t\t\t\t<a class=\"e-gallery-item elementor-gallery-item elementor-animated-content\" href=\"https:\/\/www.turismelacostera.com\/wp-content\/uploads\/2020\/10\/llanera-ranes-13.jpg\" data-elementor-open-lightbox=\"yes\" data-elementor-lightbox-slideshow=\"2c5bec8\" data-e-action-hash=\"#elementor-action%3Aaction%3Dlightbox%26settings%3DeyJpZCI6Nzg3MSwidXJsIjoiaHR0cHM6XC9cL3d3dy50dXJpc21lbGFjb3N0ZXJhLmNvbVwvd3AtY29udGVudFwvdXBsb2Fkc1wvMjAyMFwvMTBcL2xsYW5lcmEtcmFuZXMtMTMuanBnIiwic2xpZGVzaG93IjoiMmM1YmVjOCJ9\">\n\t\t\t\t\t<div class=\"e-gallery-image elementor-gallery-item__image\" data-thumbnail=\"https:\/\/www.turismelacostera.com\/wp-content\/uploads\/2020\/10\/llanera-ranes-13-500x500.jpg\" data-width=\"500\" data-height=\"500\" aria-label=\"\" role=\"img\" ><\/div>\n\t\t\t\t\t\t\t\t\t\t\t<div class=\"elementor-gallery-item__overlay\"><\/div>\n\t\t\t\t\t\t\t\t\t\t\t\t\t\t<\/a>\n\t\t\t\t\t\t\t<a class=\"e-gallery-item elementor-gallery-item elementor-animated-content\" href=\"https:\/\/www.turismelacostera.com\/wp-content\/uploads\/2020\/10\/llanera-ranes-11.jpg\" data-elementor-open-lightbox=\"yes\" data-elementor-lightbox-slideshow=\"2c5bec8\" data-e-action-hash=\"#elementor-action%3Aaction%3Dlightbox%26settings%3DeyJpZCI6Nzg3NSwidXJsIjoiaHR0cHM6XC9cL3d3dy50dXJpc21lbGFjb3N0ZXJhLmNvbVwvd3AtY29udGVudFwvdXBsb2Fkc1wvMjAyMFwvMTBcL2xsYW5lcmEtcmFuZXMtMTEuanBnIiwic2xpZGVzaG93IjoiMmM1YmVjOCJ9\">\n\t\t\t\t\t<div class=\"e-gallery-image elementor-gallery-item__image\" data-thumbnail=\"https:\/\/www.turismelacostera.com\/wp-content\/uploads\/2020\/10\/llanera-ranes-11-500x500.jpg\" data-width=\"500\" data-height=\"500\" aria-label=\"\" role=\"img\" ><\/div>\n\t\t\t\t\t\t\t\t\t\t\t<div class=\"elementor-gallery-item__overlay\"><\/div>\n\t\t\t\t\t\t\t\t\t\t\t\t\t\t<\/a>\n\t\t\t\t\t\t\t<a class=\"e-gallery-item elementor-gallery-item elementor-animated-content\" href=\"https:\/\/www.turismelacostera.com\/wp-content\/uploads\/2020\/10\/llanera-ranes-09.jpg\" data-elementor-open-lightbox=\"yes\" data-elementor-lightbox-slideshow=\"2c5bec8\" data-e-action-hash=\"#elementor-action%3Aaction%3Dlightbox%26settings%3DeyJpZCI6Nzg2NywidXJsIjoiaHR0cHM6XC9cL3d3dy50dXJpc21lbGFjb3N0ZXJhLmNvbVwvd3AtY29udGVudFwvdXBsb2Fkc1wvMjAyMFwvMTBcL2xsYW5lcmEtcmFuZXMtMDkuanBnIiwic2xpZGVzaG93IjoiMmM1YmVjOCJ9\">\n\t\t\t\t\t<div class=\"e-gallery-image elementor-gallery-item__image\" data-thumbnail=\"https:\/\/www.turismelacostera.com\/wp-content\/uploads\/2020\/10\/llanera-ranes-09-500x500.jpg\" data-width=\"500\" data-height=\"500\" aria-label=\"\" role=\"img\" ><\/div>\n\t\t\t\t\t\t\t\t\t\t\t<div class=\"elementor-gallery-item__overlay\"><\/div>\n\t\t\t\t\t\t\t\t\t\t\t\t\t\t<\/a>\n\t\t\t\t\t\t\t<a class=\"e-gallery-item elementor-gallery-item elementor-animated-content\" href=\"https:\/\/www.turismelacostera.com\/wp-content\/uploads\/2020\/10\/llanera-ranes-04.jpg\" data-elementor-open-lightbox=\"yes\" data-elementor-lightbox-slideshow=\"2c5bec8\" data-e-action-hash=\"#elementor-action%3Aaction%3Dlightbox%26settings%3DeyJpZCI6Nzg2MiwidXJsIjoiaHR0cHM6XC9cL3d3dy50dXJpc21lbGFjb3N0ZXJhLmNvbVwvd3AtY29udGVudFwvdXBsb2Fkc1wvMjAyMFwvMTBcL2xsYW5lcmEtcmFuZXMtMDQuanBnIiwic2xpZGVzaG93IjoiMmM1YmVjOCJ9\">\n\t\t\t\t\t<div class=\"e-gallery-image elementor-gallery-item__image\" data-thumbnail=\"https:\/\/www.turismelacostera.com\/wp-content\/uploads\/2020\/10\/llanera-ranes-04-500x500.jpg\" data-width=\"500\" data-height=\"500\" aria-label=\"\" role=\"img\" ><\/div>\n\t\t\t\t\t\t\t\t\t\t\t<div class=\"elementor-gallery-item__overlay\"><\/div>\n\t\t\t\t\t\t\t\t\t\t\t\t\t\t<\/a>\n\t\t\t\t\t\t\t<a class=\"e-gallery-item elementor-gallery-item elementor-animated-content\" href=\"https:\/\/www.turismelacostera.com\/wp-content\/uploads\/2020\/10\/llanera-ranes-08.jpg\" data-elementor-open-lightbox=\"yes\" data-elementor-lightbox-slideshow=\"2c5bec8\" data-e-action-hash=\"#elementor-action%3Aaction%3Dlightbox%26settings%3DeyJpZCI6Nzg2NiwidXJsIjoiaHR0cHM6XC9cL3d3dy50dXJpc21lbGFjb3N0ZXJhLmNvbVwvd3AtY29udGVudFwvdXBsb2Fkc1wvMjAyMFwvMTBcL2xsYW5lcmEtcmFuZXMtMDguanBnIiwic2xpZGVzaG93IjoiMmM1YmVjOCJ9\">\n\t\t\t\t\t<div class=\"e-gallery-image elementor-gallery-item__image\" data-thumbnail=\"https:\/\/www.turismelacostera.com\/wp-content\/uploads\/2020\/10\/llanera-ranes-08-500x500.jpg\" data-width=\"500\" data-height=\"500\" aria-label=\"\" role=\"img\" ><\/div>\n\t\t\t\t\t\t\t\t\t\t\t<div class=\"elementor-gallery-item__overlay\"><\/div>\n\t\t\t\t\t\t\t\t\t\t\t\t\t\t<\/a>\n\t\t\t\t\t\t\t<a class=\"e-gallery-item elementor-gallery-item elementor-animated-content\" href=\"https:\/\/www.turismelacostera.com\/wp-content\/uploads\/2020\/10\/llanera-ranes-07.jpg\" data-elementor-open-lightbox=\"yes\" data-elementor-lightbox-slideshow=\"2c5bec8\" data-e-action-hash=\"#elementor-action%3Aaction%3Dlightbox%26settings%3DeyJpZCI6Nzg2NSwidXJsIjoiaHR0cHM6XC9cL3d3dy50dXJpc21lbGFjb3N0ZXJhLmNvbVwvd3AtY29udGVudFwvdXBsb2Fkc1wvMjAyMFwvMTBcL2xsYW5lcmEtcmFuZXMtMDcuanBnIiwic2xpZGVzaG93IjoiMmM1YmVjOCJ9\">\n\t\t\t\t\t<div class=\"e-gallery-image elementor-gallery-item__image\" data-thumbnail=\"https:\/\/www.turismelacostera.com\/wp-content\/uploads\/2020\/10\/llanera-ranes-07-500x500.jpg\" data-width=\"500\" data-height=\"500\" aria-label=\"\" role=\"img\" ><\/div>\n\t\t\t\t\t\t\t\t\t\t\t<div class=\"elementor-gallery-item__overlay\"><\/div>\n\t\t\t\t\t\t\t\t\t\t\t\t\t\t<\/a>\n\t\t\t\t\t\t\t<a class=\"e-gallery-item elementor-gallery-item elementor-animated-content\" href=\"https:\/\/www.turismelacostera.com\/wp-content\/uploads\/2020\/10\/llanera-ranes-06.jpg\" data-elementor-open-lightbox=\"yes\" data-elementor-lightbox-slideshow=\"2c5bec8\" data-e-action-hash=\"#elementor-action%3Aaction%3Dlightbox%26settings%3DeyJpZCI6Nzg2NCwidXJsIjoiaHR0cHM6XC9cL3d3dy50dXJpc21lbGFjb3N0ZXJhLmNvbVwvd3AtY29udGVudFwvdXBsb2Fkc1wvMjAyMFwvMTBcL2xsYW5lcmEtcmFuZXMtMDYuanBnIiwic2xpZGVzaG93IjoiMmM1YmVjOCJ9\">\n\t\t\t\t\t<div class=\"e-gallery-image elementor-gallery-item__image\" data-thumbnail=\"https:\/\/www.turismelacostera.com\/wp-content\/uploads\/2020\/10\/llanera-ranes-06-500x500.jpg\" data-width=\"500\" data-height=\"500\" aria-label=\"\" role=\"img\" ><\/div>\n\t\t\t\t\t\t\t\t\t\t\t<div class=\"elementor-gallery-item__overlay\"><\/div>\n\t\t\t\t\t\t\t\t\t\t\t\t\t\t<\/a>\n\t\t\t\t\t\t\t<a class=\"e-gallery-item elementor-gallery-item elementor-animated-content\" href=\"https:\/\/www.turismelacostera.com\/wp-content\/uploads\/2020\/10\/llanera-ranes-05.jpg\" data-elementor-open-lightbox=\"yes\" data-elementor-lightbox-slideshow=\"2c5bec8\" data-e-action-hash=\"#elementor-action%3Aaction%3Dlightbox%26settings%3DeyJpZCI6Nzg2MywidXJsIjoiaHR0cHM6XC9cL3d3dy50dXJpc21lbGFjb3N0ZXJhLmNvbVwvd3AtY29udGVudFwvdXBsb2Fkc1wvMjAyMFwvMTBcL2xsYW5lcmEtcmFuZXMtMDUuanBnIiwic2xpZGVzaG93IjoiMmM1YmVjOCJ9\">\n\t\t\t\t\t<div class=\"e-gallery-image elementor-gallery-item__image\" data-thumbnail=\"https:\/\/www.turismelacostera.com\/wp-content\/uploads\/2020\/10\/llanera-ranes-05-500x500.jpg\" data-width=\"500\" data-height=\"500\" aria-label=\"\" role=\"img\" ><\/div>\n\t\t\t\t\t\t\t\t\t\t\t<div class=\"elementor-gallery-item__overlay\"><\/div>\n\t\t\t\t\t\t\t\t\t\t\t\t\t\t<\/a>\n\t\t\t\t\t\t\t<a class=\"e-gallery-item elementor-gallery-item elementor-animated-content\" href=\"https:\/\/www.turismelacostera.com\/wp-content\/uploads\/2020\/10\/llanera-ranes-10.jpg\" data-elementor-open-lightbox=\"yes\" data-elementor-lightbox-slideshow=\"2c5bec8\" data-e-action-hash=\"#elementor-action%3Aaction%3Dlightbox%26settings%3DeyJpZCI6Nzg2OCwidXJsIjoiaHR0cHM6XC9cL3d3dy50dXJpc21lbGFjb3N0ZXJhLmNvbVwvd3AtY29udGVudFwvdXBsb2Fkc1wvMjAyMFwvMTBcL2xsYW5lcmEtcmFuZXMtMTAuanBnIiwic2xpZGVzaG93IjoiMmM1YmVjOCJ9\">\n\t\t\t\t\t<div class=\"e-gallery-image elementor-gallery-item__image\" data-thumbnail=\"https:\/\/www.turismelacostera.com\/wp-content\/uploads\/2020\/10\/llanera-ranes-10-500x500.jpg\" data-width=\"500\" data-height=\"500\" aria-label=\"\" role=\"img\" ><\/div>\n\t\t\t\t\t\t\t\t\t\t\t<div class=\"elementor-gallery-item__overlay\"><\/div>\n\t\t\t\t\t\t\t\t\t\t\t\t\t\t<\/a>\n\t\t\t\t\t<\/div>\n\t\t\t\t\t<\/div>\n\t\t\t\t<\/div>\n\t\t\t\t\t<\/div>\n\t\t<\/div>\n\t\t\t\t\t<\/div>\n\t\t<\/section>\n\t\t\t\t<section class=\"elementor-section elementor-top-section elementor-element elementor-element-1230ec0 elementor-section-content-middle elementor-section-stretched elementor-section-boxed elementor-section-height-default elementor-section-height-default\" data-id=\"1230ec0\" data-element_type=\"section\" data-e-type=\"section\" data-settings=\"{&quot;stretch_section&quot;:&quot;section-stretched&quot;,&quot;jet_parallax_layout_list&quot;:[{&quot;jet_parallax_layout_image&quot;:{&quot;url&quot;:&quot;&quot;,&quot;id&quot;:&quot;&quot;,&quot;size&quot;:&quot;&quot;},&quot;_id&quot;:&quot;69e5e79&quot;,&quot;jet_parallax_layout_speed&quot;:{&quot;unit&quot;:&quot;%&quot;,&quot;size&quot;:50,&quot;sizes&quot;:[]},&quot;jet_parallax_layout_image_tablet&quot;:{&quot;url&quot;:&quot;&quot;,&quot;id&quot;:&quot;&quot;,&quot;size&quot;:&quot;&quot;},&quot;jet_parallax_layout_image_mobile&quot;:{&quot;url&quot;:&quot;&quot;,&quot;id&quot;:&quot;&quot;,&quot;size&quot;:&quot;&quot;},&quot;jet_parallax_layout_type&quot;:&quot;scroll&quot;,&quot;jet_parallax_layout_direction&quot;:&quot;1&quot;,&quot;jet_parallax_layout_fx_direction&quot;:null,&quot;jet_parallax_layout_z_index&quot;:&quot;&quot;,&quot;jet_parallax_layout_bg_x&quot;:50,&quot;jet_parallax_layout_bg_x_tablet&quot;:&quot;&quot;,&quot;jet_parallax_layout_bg_x_mobile&quot;:&quot;&quot;,&quot;jet_parallax_layout_bg_y&quot;:50,&quot;jet_parallax_layout_bg_y_tablet&quot;:&quot;&quot;,&quot;jet_parallax_layout_bg_y_mobile&quot;:&quot;&quot;,&quot;jet_parallax_layout_bg_size&quot;:&quot;auto&quot;,&quot;jet_parallax_layout_bg_size_tablet&quot;:&quot;&quot;,&quot;jet_parallax_layout_bg_size_mobile&quot;:&quot;&quot;,&quot;jet_parallax_layout_animation_prop&quot;:&quot;transform&quot;,&quot;jet_parallax_layout_on&quot;:[&quot;desktop&quot;,&quot;tablet&quot;]}],&quot;background_background&quot;:&quot;classic&quot;}\">\n\t\t\t\t\t\t\t<div class=\"elementor-background-overlay\"><\/div>\n\t\t\t\t\t\t\t<div class=\"elementor-container elementor-column-gap-default\">\n\t\t\t\t\t<div class=\"elementor-column elementor-col-100 elementor-top-column elementor-element elementor-element-03c3071\" data-id=\"03c3071\" data-element_type=\"column\" data-e-type=\"column\">\n\t\t\t<div class=\"elementor-widget-wrap elementor-element-populated\">\n\t\t\t\t\t\t<div class=\"elementor-element elementor-element-a6250b6 elementor-widget elementor-widget-heading\" data-id=\"a6250b6\" data-element_type=\"widget\" data-e-type=\"widget\" data-settings=\"{&quot;_animation&quot;:&quot;none&quot;}\" data-widget_type=\"heading.default\">\n\t\t\t\t<div class=\"elementor-widget-container\">\n\t\t\t\t\t<h5 class=\"elementor-heading-title elementor-size-default\">LLANERA DE RANES<\/h5>\t\t\t\t<\/div>\n\t\t\t\t<\/div>\n\t\t\t\t<div class=\"elementor-element elementor-element-0559c94 elementor-widget elementor-widget-heading\" data-id=\"0559c94\" data-element_type=\"widget\" data-e-type=\"widget\" data-widget_type=\"heading.default\">\n\t\t\t\t<div class=\"elementor-widget-container\">\n\t\t\t\t\t<h2 class=\"elementor-heading-title elementor-size-default\">Anexo<\/h2>\t\t\t\t<\/div>\n\t\t\t\t<\/div>\n\t\t\t\t<div class=\"elementor-element elementor-element-726231a elementor-widget-divider--view-line elementor-widget elementor-widget-divider\" data-id=\"726231a\" data-element_type=\"widget\" data-e-type=\"widget\" data-widget_type=\"divider.default\">\n\t\t\t\t<div class=\"elementor-widget-container\">\n\t\t\t\t\t\t\t<div class=\"elementor-divider\">\n\t\t\t<span class=\"elementor-divider-separator\">\n\t\t\t\t\t\t<\/span>\n\t\t<\/div>\n\t\t\t\t\t\t<\/div>\n\t\t\t\t<\/div>\n\t\t\t\t\t<\/div>\n\t\t<\/div>\n\t\t\t\t\t<\/div>\n\t\t<\/section>\n\t\t\t\t<section class=\"elementor-section elementor-top-section elementor-element elementor-element-0733e00 elementor-section-content-middle elementor-section-stretched elementor-section-full_width elementor-section-height-default elementor-section-height-default\" data-id=\"0733e00\" data-element_type=\"section\" data-e-type=\"section\" data-settings=\"{&quot;stretch_section&quot;:&quot;section-stretched&quot;,&quot;jet_parallax_layout_list&quot;:[{&quot;jet_parallax_layout_image&quot;:{&quot;url&quot;:&quot;&quot;,&quot;id&quot;:&quot;&quot;,&quot;size&quot;:&quot;&quot;},&quot;_id&quot;:&quot;69e5e79&quot;,&quot;jet_parallax_layout_speed&quot;:{&quot;unit&quot;:&quot;%&quot;,&quot;size&quot;:50,&quot;sizes&quot;:[]},&quot;jet_parallax_layout_image_tablet&quot;:{&quot;url&quot;:&quot;&quot;,&quot;id&quot;:&quot;&quot;,&quot;size&quot;:&quot;&quot;},&quot;jet_parallax_layout_image_mobile&quot;:{&quot;url&quot;:&quot;&quot;,&quot;id&quot;:&quot;&quot;,&quot;size&quot;:&quot;&quot;},&quot;jet_parallax_layout_type&quot;:&quot;scroll&quot;,&quot;jet_parallax_layout_direction&quot;:&quot;1&quot;,&quot;jet_parallax_layout_fx_direction&quot;:null,&quot;jet_parallax_layout_z_index&quot;:&quot;&quot;,&quot;jet_parallax_layout_bg_x&quot;:50,&quot;jet_parallax_layout_bg_x_tablet&quot;:&quot;&quot;,&quot;jet_parallax_layout_bg_x_mobile&quot;:&quot;&quot;,&quot;jet_parallax_layout_bg_y&quot;:50,&quot;jet_parallax_layout_bg_y_tablet&quot;:&quot;&quot;,&quot;jet_parallax_layout_bg_y_mobile&quot;:&quot;&quot;,&quot;jet_parallax_layout_bg_size&quot;:&quot;auto&quot;,&quot;jet_parallax_layout_bg_size_tablet&quot;:&quot;&quot;,&quot;jet_parallax_layout_bg_size_mobile&quot;:&quot;&quot;,&quot;jet_parallax_layout_animation_prop&quot;:&quot;transform&quot;,&quot;jet_parallax_layout_on&quot;:[&quot;desktop&quot;,&quot;tablet&quot;]}],&quot;background_background&quot;:&quot;classic&quot;}\">\n\t\t\t\t\t\t\t<div class=\"elementor-background-overlay\"><\/div>\n\t\t\t\t\t\t\t<div class=\"elementor-container elementor-column-gap-default\">\n\t\t\t\t\t<div class=\"elementor-column elementor-col-33 elementor-top-column elementor-element elementor-element-8e06dff\" data-id=\"8e06dff\" data-element_type=\"column\" data-e-type=\"column\">\n\t\t\t<div class=\"elementor-widget-wrap\">\n\t\t\t\t\t\t\t<\/div>\n\t\t<\/div>\n\t\t\t\t<div class=\"elementor-column elementor-col-33 elementor-top-column elementor-element elementor-element-99cc642\" data-id=\"99cc642\" data-element_type=\"column\" data-e-type=\"column\">\n\t\t\t<div class=\"elementor-widget-wrap elementor-element-populated\">\n\t\t\t\t\t\t<div class=\"elementor-element elementor-element-cca4cbb elementor-widget elementor-widget-image\" data-id=\"cca4cbb\" data-element_type=\"widget\" data-e-type=\"widget\" data-widget_type=\"image.default\">\n\t\t\t\t<div class=\"elementor-widget-container\">\n\t\t\t\t\t\t\t\t\t\t\t\t\t\t\t\t<a href=\"https:\/\/www.turismelacostera.com\/wp-content\/uploads\/2020\/12\/torrent-den-fenollet.jpg\" data-elementor-open-lightbox=\"yes\" data-e-action-hash=\"#elementor-action%3Aaction%3Dlightbox%26settings%3DeyJpZCI6MTU5MjksInVybCI6Imh0dHBzOlwvXC93d3cudHVyaXNtZWxhY29zdGVyYS5jb21cL3dwLWNvbnRlbnRcL3VwbG9hZHNcLzIwMjBcLzEyXC90b3JyZW50LWRlbi1mZW5vbGxldC5qcGcifQ%3D%3D\">\n\t\t\t\t\t\t\t<img decoding=\"async\" width=\"1024\" height=\"682\" src=\"https:\/\/www.turismelacostera.com\/wp-content\/uploads\/2020\/12\/torrent-den-fenollet.jpg\" class=\"elementor-animation-float attachment-large size-large wp-image-15929\" alt=\"\" srcset=\"https:\/\/www.turismelacostera.com\/wp-content\/uploads\/2020\/12\/torrent-den-fenollet.jpg 1024w, https:\/\/www.turismelacostera.com\/wp-content\/uploads\/2020\/12\/torrent-den-fenollet-300x200.jpg 300w, https:\/\/www.turismelacostera.com\/wp-content\/uploads\/2020\/12\/torrent-den-fenollet-768x512.jpg 768w\" sizes=\"(max-width: 1024px) 100vw, 1024px\" \/>\t\t\t\t\t\t\t\t<\/a>\n\t\t\t\t\t\t\t\t\t\t\t\t\t\t\t<\/div>\n\t\t\t\t<\/div>\n\t\t\t\t<div class=\"elementor-element elementor-element-0e983cb elementor-widget elementor-widget-heading\" data-id=\"0e983cb\" data-element_type=\"widget\" data-e-type=\"widget\" data-widget_type=\"heading.default\">\n\t\t\t\t<div class=\"elementor-widget-container\">\n\t\t\t\t\t<h2 class=\"elementor-heading-title elementor-size-default\">TORRENT D'EN FENOLLET<\/h2>\t\t\t\t<\/div>\n\t\t\t\t<\/div>\n\t\t\t\t<div class=\"elementor-element elementor-element-9efa14b elementor-widget elementor-widget-text-editor\" data-id=\"9efa14b\" data-element_type=\"widget\" data-e-type=\"widget\" data-widget_type=\"text-editor.default\">\n\t\t\t\t<div class=\"elementor-widget-container\">\n\t\t\t\t\t\t\t\t\t<p>El <em>porrat de Torrent<\/em>, que se celebra desde hace siglos, tiene lugar el primer viernes de marzo de cada a\u00f1o. Tiene como origen la romer\u00eda a la ermita del Sant\u00edsimo Cristo de la localidad. Se instalan tenderetes donde se puede encontrar comestibles, juguetes, juegos de habilidad y atracciones. Atrae gente de toda la comarca.<\/p>\t\t\t\t\t\t\t\t<\/div>\n\t\t\t\t<\/div>\n\t\t\t\t\t<\/div>\n\t\t<\/div>\n\t\t\t\t<div class=\"elementor-column elementor-col-33 elementor-top-column elementor-element elementor-element-4aa8dfb\" data-id=\"4aa8dfb\" data-element_type=\"column\" data-e-type=\"column\">\n\t\t\t<div class=\"elementor-widget-wrap\">\n\t\t\t\t\t\t\t<\/div>\n\t\t<\/div>\n\t\t\t\t\t<\/div>\n\t\t<\/section>\n\t\t\t\t<\/div>\n\t\t","protected":false},"excerpt":{"rendered":"<p>PUEBLOS CON ENCANTO Llanera de Ranes Sobre una suave pendiente de la Costera de Ranes se encuentra Llanera de Ranes. En sus or\u00edgenes este pueblo fue un anexo de la desaparecida alquer\u00eda de Cairent, que antes de la expulsi\u00f3n de los moriscos contaba con 32 casas. En el a\u00f1o 1650 le concedieron el t\u00edtulo de [&hellip;]<\/p>\n","protected":false},"author":1,"featured_media":14963,"parent":16361,"menu_order":0,"comment_status":"closed","ping_status":"closed","template":"elementor_header_footer","meta":{"_acf_changed":false,"footnotes":""},"class_list":["post-16414","page","type-page","status-publish","has-post-thumbnail","hentry"],"acf":[],"yoast_head":"<!-- This site is optimized with the Yoast SEO plugin v27.4 - https:\/\/yoast.com\/product\/yoast-seo-wordpress\/ -->\n<title>Llanera de Ranes - Turisme La Costera<\/title>\n<meta name=\"description\" content=\"En esta p\u00e1gina, encontrar\u00e1s informaci\u00f3n relevante sobre el t\u00e9rmino de Llanera de Ranes y sus principales recursos tur\u00edsticos.\" \/>\n<meta name=\"robots\" content=\"index, follow, max-snippet:-1, max-image-preview:large, max-video-preview:-1\" \/>\n<link rel=\"canonical\" href=\"https:\/\/www.turismelacostera.com\/es\/pueblos-con-encanto\/llanera-de-ranes\/\" \/>\n<meta property=\"og:locale\" content=\"es_ES\" \/>\n<meta property=\"og:type\" content=\"article\" \/>\n<meta property=\"og:title\" content=\"Llanera de Ranes - Turisme La Costera\" \/>\n<meta property=\"og:description\" content=\"En esta p\u00e1gina, encontrar\u00e1s informaci\u00f3n relevante sobre el t\u00e9rmino de Llanera de Ranes y sus principales recursos tur\u00edsticos.\" \/>\n<meta property=\"og:url\" content=\"https:\/\/www.turismelacostera.com\/es\/pueblos-con-encanto\/llanera-de-ranes\/\" \/>\n<meta property=\"og:site_name\" content=\"Turisme la Costera l Tesoros del interior\" \/>\n<meta property=\"article:modified_time\" content=\"2021-02-24T11:25:49+00:00\" \/>\n<meta property=\"og:image\" content=\"https:\/\/www.turismelacostera.com\/wp-content\/uploads\/2020\/10\/llanera-ranes-12.jpg\" \/>\n\t<meta property=\"og:image:width\" content=\"1920\" \/>\n\t<meta property=\"og:image:height\" content=\"1080\" \/>\n\t<meta property=\"og:image:type\" content=\"image\/jpeg\" \/>\n<meta name=\"twitter:card\" content=\"summary_large_image\" \/>\n<meta name=\"twitter:label1\" content=\"Tiempo de lectura\" \/>\n\t<meta name=\"twitter:data1\" content=\"3 minutos\" \/>\n<script type=\"application\/ld+json\" class=\"yoast-schema-graph\">{\"@context\":\"https:\\\/\\\/schema.org\",\"@graph\":[{\"@type\":\"WebPage\",\"@id\":\"https:\\\/\\\/www.turismelacostera.com\\\/es\\\/pueblos-con-encanto\\\/llanera-de-ranes\\\/\",\"url\":\"https:\\\/\\\/www.turismelacostera.com\\\/es\\\/pueblos-con-encanto\\\/llanera-de-ranes\\\/\",\"name\":\"Llanera de Ranes - Turisme La Costera\",\"isPartOf\":{\"@id\":\"https:\\\/\\\/www.turismelacostera.com\\\/es\\\/#website\"},\"primaryImageOfPage\":{\"@id\":\"https:\\\/\\\/www.turismelacostera.com\\\/es\\\/pueblos-con-encanto\\\/llanera-de-ranes\\\/#primaryimage\"},\"image\":{\"@id\":\"https:\\\/\\\/www.turismelacostera.com\\\/es\\\/pueblos-con-encanto\\\/llanera-de-ranes\\\/#primaryimage\"},\"thumbnailUrl\":\"https:\\\/\\\/www.turismelacostera.com\\\/wp-content\\\/uploads\\\/2020\\\/10\\\/llanera-ranes-12.jpg\",\"datePublished\":\"2020-10-31T17:41:54+00:00\",\"dateModified\":\"2021-02-24T11:25:49+00:00\",\"description\":\"En esta p\u00e1gina, encontrar\u00e1s informaci\u00f3n relevante sobre el t\u00e9rmino de Llanera de Ranes y sus principales recursos tur\u00edsticos.\",\"breadcrumb\":{\"@id\":\"https:\\\/\\\/www.turismelacostera.com\\\/es\\\/pueblos-con-encanto\\\/llanera-de-ranes\\\/#breadcrumb\"},\"inLanguage\":\"es\",\"potentialAction\":[{\"@type\":\"ReadAction\",\"target\":[\"https:\\\/\\\/www.turismelacostera.com\\\/es\\\/pueblos-con-encanto\\\/llanera-de-ranes\\\/\"]}]},{\"@type\":\"ImageObject\",\"inLanguage\":\"es\",\"@id\":\"https:\\\/\\\/www.turismelacostera.com\\\/es\\\/pueblos-con-encanto\\\/llanera-de-ranes\\\/#primaryimage\",\"url\":\"https:\\\/\\\/www.turismelacostera.com\\\/wp-content\\\/uploads\\\/2020\\\/10\\\/llanera-ranes-12.jpg\",\"contentUrl\":\"https:\\\/\\\/www.turismelacostera.com\\\/wp-content\\\/uploads\\\/2020\\\/10\\\/llanera-ranes-12.jpg\",\"width\":1920,\"height\":1080},{\"@type\":\"BreadcrumbList\",\"@id\":\"https:\\\/\\\/www.turismelacostera.com\\\/es\\\/pueblos-con-encanto\\\/llanera-de-ranes\\\/#breadcrumb\",\"itemListElement\":[{\"@type\":\"ListItem\",\"position\":1,\"name\":\"Portada\",\"item\":\"https:\\\/\\\/www.turismelacostera.com\\\/es\\\/\"},{\"@type\":\"ListItem\",\"position\":2,\"name\":\"Pueblos con encanto\",\"item\":\"https:\\\/\\\/www.turismelacostera.com\\\/es\\\/pueblos-con-encanto\\\/\"},{\"@type\":\"ListItem\",\"position\":3,\"name\":\"Llanera de Ranes\"}]},{\"@type\":\"WebSite\",\"@id\":\"https:\\\/\\\/www.turismelacostera.com\\\/es\\\/#website\",\"url\":\"https:\\\/\\\/www.turismelacostera.com\\\/es\\\/\",\"name\":\"Turisme la Costera l Tesoros del interior\",\"description\":\"Descobreix els tresors que amaga l&#039;interior de Val\u00e8ncia\",\"potentialAction\":[{\"@type\":\"SearchAction\",\"target\":{\"@type\":\"EntryPoint\",\"urlTemplate\":\"https:\\\/\\\/www.turismelacostera.com\\\/es\\\/?s={search_term_string}\"},\"query-input\":{\"@type\":\"PropertyValueSpecification\",\"valueRequired\":true,\"valueName\":\"search_term_string\"}}],\"inLanguage\":\"es\"}]}<\/script>\n<!-- \/ Yoast SEO plugin. -->","yoast_head_json":{"title":"Llanera de Ranes - Turisme La Costera","description":"En esta p\u00e1gina, encontrar\u00e1s informaci\u00f3n relevante sobre el t\u00e9rmino de Llanera de Ranes y sus principales recursos tur\u00edsticos.","robots":{"index":"index","follow":"follow","max-snippet":"max-snippet:-1","max-image-preview":"max-image-preview:large","max-video-preview":"max-video-preview:-1"},"canonical":"https:\/\/www.turismelacostera.com\/es\/pueblos-con-encanto\/llanera-de-ranes\/","og_locale":"es_ES","og_type":"article","og_title":"Llanera de Ranes - Turisme La Costera","og_description":"En esta p\u00e1gina, encontrar\u00e1s informaci\u00f3n relevante sobre el t\u00e9rmino de Llanera de Ranes y sus principales recursos tur\u00edsticos.","og_url":"https:\/\/www.turismelacostera.com\/es\/pueblos-con-encanto\/llanera-de-ranes\/","og_site_name":"Turisme la Costera l Tesoros del interior","article_modified_time":"2021-02-24T11:25:49+00:00","og_image":[{"width":1920,"height":1080,"url":"https:\/\/www.turismelacostera.com\/wp-content\/uploads\/2020\/10\/llanera-ranes-12.jpg","type":"image\/jpeg"}],"twitter_card":"summary_large_image","twitter_misc":{"Tiempo de lectura":"3 minutos"},"schema":{"@context":"https:\/\/schema.org","@graph":[{"@type":"WebPage","@id":"https:\/\/www.turismelacostera.com\/es\/pueblos-con-encanto\/llanera-de-ranes\/","url":"https:\/\/www.turismelacostera.com\/es\/pueblos-con-encanto\/llanera-de-ranes\/","name":"Llanera de Ranes - Turisme La Costera","isPartOf":{"@id":"https:\/\/www.turismelacostera.com\/es\/#website"},"primaryImageOfPage":{"@id":"https:\/\/www.turismelacostera.com\/es\/pueblos-con-encanto\/llanera-de-ranes\/#primaryimage"},"image":{"@id":"https:\/\/www.turismelacostera.com\/es\/pueblos-con-encanto\/llanera-de-ranes\/#primaryimage"},"thumbnailUrl":"https:\/\/www.turismelacostera.com\/wp-content\/uploads\/2020\/10\/llanera-ranes-12.jpg","datePublished":"2020-10-31T17:41:54+00:00","dateModified":"2021-02-24T11:25:49+00:00","description":"En esta p\u00e1gina, encontrar\u00e1s informaci\u00f3n relevante sobre el t\u00e9rmino de Llanera de Ranes y sus principales recursos tur\u00edsticos.","breadcrumb":{"@id":"https:\/\/www.turismelacostera.com\/es\/pueblos-con-encanto\/llanera-de-ranes\/#breadcrumb"},"inLanguage":"es","potentialAction":[{"@type":"ReadAction","target":["https:\/\/www.turismelacostera.com\/es\/pueblos-con-encanto\/llanera-de-ranes\/"]}]},{"@type":"ImageObject","inLanguage":"es","@id":"https:\/\/www.turismelacostera.com\/es\/pueblos-con-encanto\/llanera-de-ranes\/#primaryimage","url":"https:\/\/www.turismelacostera.com\/wp-content\/uploads\/2020\/10\/llanera-ranes-12.jpg","contentUrl":"https:\/\/www.turismelacostera.com\/wp-content\/uploads\/2020\/10\/llanera-ranes-12.jpg","width":1920,"height":1080},{"@type":"BreadcrumbList","@id":"https:\/\/www.turismelacostera.com\/es\/pueblos-con-encanto\/llanera-de-ranes\/#breadcrumb","itemListElement":[{"@type":"ListItem","position":1,"name":"Portada","item":"https:\/\/www.turismelacostera.com\/es\/"},{"@type":"ListItem","position":2,"name":"Pueblos con encanto","item":"https:\/\/www.turismelacostera.com\/es\/pueblos-con-encanto\/"},{"@type":"ListItem","position":3,"name":"Llanera de Ranes"}]},{"@type":"WebSite","@id":"https:\/\/www.turismelacostera.com\/es\/#website","url":"https:\/\/www.turismelacostera.com\/es\/","name":"Turisme la Costera l Tesoros del interior","description":"Descobreix els tresors que amaga l&#039;interior de Val\u00e8ncia","potentialAction":[{"@type":"SearchAction","target":{"@type":"EntryPoint","urlTemplate":"https:\/\/www.turismelacostera.com\/es\/?s={search_term_string}"},"query-input":{"@type":"PropertyValueSpecification","valueRequired":true,"valueName":"search_term_string"}}],"inLanguage":"es"}]}},"_links":{"self":[{"href":"https:\/\/www.turismelacostera.com\/es\/wp-json\/wp\/v2\/pages\/16414","targetHints":{"allow":["GET"]}}],"collection":[{"href":"https:\/\/www.turismelacostera.com\/es\/wp-json\/wp\/v2\/pages"}],"about":[{"href":"https:\/\/www.turismelacostera.com\/es\/wp-json\/wp\/v2\/types\/page"}],"author":[{"embeddable":true,"href":"https:\/\/www.turismelacostera.com\/es\/wp-json\/wp\/v2\/users\/1"}],"replies":[{"embeddable":true,"href":"https:\/\/www.turismelacostera.com\/es\/wp-json\/wp\/v2\/comments?post=16414"}],"version-history":[{"count":0,"href":"https:\/\/www.turismelacostera.com\/es\/wp-json\/wp\/v2\/pages\/16414\/revisions"}],"up":[{"embeddable":true,"href":"https:\/\/www.turismelacostera.com\/es\/wp-json\/wp\/v2\/pages\/16361"}],"wp:featuredmedia":[{"embeddable":true,"href":"https:\/\/www.turismelacostera.com\/es\/wp-json\/wp\/v2\/media\/14963"}],"wp:attachment":[{"href":"https:\/\/www.turismelacostera.com\/es\/wp-json\/wp\/v2\/media?parent=16414"}],"curies":[{"name":"wp","href":"https:\/\/api.w.org\/{rel}","templated":true}]}}