{"id":16341,"date":"2020-10-27T11:21:38","date_gmt":"2020-10-27T11:21:38","guid":{"rendered":"https:\/\/www.turismelacostera.com\/palau-dels-sanc-valles\/"},"modified":"2021-02-10T16:23:15","modified_gmt":"2021-02-10T16:23:15","slug":"palacio-de-los-sanc-valles","status":"publish","type":"page","link":"https:\/\/www.turismelacostera.com\/es\/patrimonio\/palacio-de-los-sanc-valles\/","title":{"rendered":"Palacio de los San\u00e7 (Vall\u00e9s)"},"content":{"rendered":"\t\t<div data-elementor-type=\"wp-page\" data-elementor-id=\"16341\" class=\"elementor elementor-16341 elementor-7232\" data-elementor-post-type=\"page\">\n\t\t\t\t\t\t<section class=\"elementor-section elementor-top-section elementor-element elementor-element-fcc35bc elementor-section-full_width elementor-hidden-tablet elementor-hidden-phone elementor-section-height-default elementor-section-height-default\" data-id=\"fcc35bc\" data-element_type=\"section\" data-e-type=\"section\" data-settings=\"{&quot;jet_parallax_layout_list&quot;:[{&quot;jet_parallax_layout_image&quot;:{&quot;url&quot;:&quot;&quot;,&quot;id&quot;:&quot;&quot;,&quot;size&quot;:&quot;&quot;},&quot;_id&quot;:&quot;a6bd8e5&quot;,&quot;jet_parallax_layout_image_tablet&quot;:{&quot;url&quot;:&quot;&quot;,&quot;id&quot;:&quot;&quot;,&quot;size&quot;:&quot;&quot;},&quot;jet_parallax_layout_image_mobile&quot;:{&quot;url&quot;:&quot;&quot;,&quot;id&quot;:&quot;&quot;,&quot;size&quot;:&quot;&quot;},&quot;jet_parallax_layout_speed&quot;:{&quot;unit&quot;:&quot;%&quot;,&quot;size&quot;:50,&quot;sizes&quot;:[]},&quot;jet_parallax_layout_type&quot;:&quot;scroll&quot;,&quot;jet_parallax_layout_direction&quot;:&quot;1&quot;,&quot;jet_parallax_layout_fx_direction&quot;:null,&quot;jet_parallax_layout_z_index&quot;:&quot;&quot;,&quot;jet_parallax_layout_bg_x&quot;:50,&quot;jet_parallax_layout_bg_x_tablet&quot;:&quot;&quot;,&quot;jet_parallax_layout_bg_x_mobile&quot;:&quot;&quot;,&quot;jet_parallax_layout_bg_y&quot;:50,&quot;jet_parallax_layout_bg_y_tablet&quot;:&quot;&quot;,&quot;jet_parallax_layout_bg_y_mobile&quot;:&quot;&quot;,&quot;jet_parallax_layout_bg_size&quot;:&quot;auto&quot;,&quot;jet_parallax_layout_bg_size_tablet&quot;:&quot;&quot;,&quot;jet_parallax_layout_bg_size_mobile&quot;:&quot;&quot;,&quot;jet_parallax_layout_animation_prop&quot;:&quot;transform&quot;,&quot;jet_parallax_layout_on&quot;:[&quot;desktop&quot;,&quot;tablet&quot;]}]}\">\n\t\t\t\t\t\t<div class=\"elementor-container elementor-column-gap-default\">\n\t\t\t\t\t<div class=\"elementor-column elementor-col-100 elementor-top-column elementor-element elementor-element-0badc18\" data-id=\"0badc18\" data-element_type=\"column\" data-e-type=\"column\">\n\t\t\t<div class=\"elementor-widget-wrap elementor-element-populated\">\n\t\t\t\t\t\t<div class=\"elementor-element elementor-element-8e2deef elementor-widget elementor-widget-raven-image\" data-id=\"8e2deef\" data-element_type=\"widget\" data-e-type=\"widget\" data-widget_type=\"raven-image.default\">\n\t\t\t\t<div class=\"elementor-widget-container\">\n\t\t\t\t\t\t\t<div class=\"raven-image\">\n\t\t\n\t\t\t\t\t\t<a href=\"https:\/\/www.turismelacostera.com\/wp-content\/uploads\/2020\/10\/Palau-dels-sanc-01a.jpg\" class=\"elementor-clickable\" data-elementor-open-lightbox=\"yes\">\n\t\t\n\t\t<img decoding=\"async\" src=\"https:\/\/www.turismelacostera.com\/wp-content\/uploads\/elementor\/thumbs\/Palau-dels-sanc-01a-oxje2ir7ewqo5vawgb0luh4sspk2oagkj717zf1zzk.jpg\" title=\"\" alt=\"\" loading=\"lazy\" \/>\t\t\t<\/a>\n\t\t\t\t\t<\/div>\n\t\t\t\t\t\t<\/div>\n\t\t\t\t<\/div>\n\t\t\t\t\t<\/div>\n\t\t<\/div>\n\t\t\t\t\t<\/div>\n\t\t<\/section>\n\t\t\t\t<section class=\"elementor-section elementor-top-section elementor-element elementor-element-236a486 elementor-section-full_width elementor-hidden-desktop elementor-section-height-default elementor-section-height-default\" data-id=\"236a486\" data-element_type=\"section\" data-e-type=\"section\" data-settings=\"{&quot;jet_parallax_layout_list&quot;:[{&quot;jet_parallax_layout_image&quot;:{&quot;url&quot;:&quot;&quot;,&quot;id&quot;:&quot;&quot;,&quot;size&quot;:&quot;&quot;},&quot;_id&quot;:&quot;d35055b&quot;,&quot;jet_parallax_layout_image_tablet&quot;:{&quot;url&quot;:&quot;&quot;,&quot;id&quot;:&quot;&quot;,&quot;size&quot;:&quot;&quot;},&quot;jet_parallax_layout_image_mobile&quot;:{&quot;url&quot;:&quot;&quot;,&quot;id&quot;:&quot;&quot;,&quot;size&quot;:&quot;&quot;},&quot;jet_parallax_layout_speed&quot;:{&quot;unit&quot;:&quot;%&quot;,&quot;size&quot;:50,&quot;sizes&quot;:[]},&quot;jet_parallax_layout_type&quot;:&quot;scroll&quot;,&quot;jet_parallax_layout_direction&quot;:&quot;1&quot;,&quot;jet_parallax_layout_fx_direction&quot;:null,&quot;jet_parallax_layout_z_index&quot;:&quot;&quot;,&quot;jet_parallax_layout_bg_x&quot;:50,&quot;jet_parallax_layout_bg_x_tablet&quot;:&quot;&quot;,&quot;jet_parallax_layout_bg_x_mobile&quot;:&quot;&quot;,&quot;jet_parallax_layout_bg_y&quot;:50,&quot;jet_parallax_layout_bg_y_tablet&quot;:&quot;&quot;,&quot;jet_parallax_layout_bg_y_mobile&quot;:&quot;&quot;,&quot;jet_parallax_layout_bg_size&quot;:&quot;auto&quot;,&quot;jet_parallax_layout_bg_size_tablet&quot;:&quot;&quot;,&quot;jet_parallax_layout_bg_size_mobile&quot;:&quot;&quot;,&quot;jet_parallax_layout_animation_prop&quot;:&quot;transform&quot;,&quot;jet_parallax_layout_on&quot;:[&quot;desktop&quot;,&quot;tablet&quot;]}]}\">\n\t\t\t\t\t\t<div class=\"elementor-container elementor-column-gap-default\">\n\t\t\t\t\t<div class=\"elementor-column elementor-col-100 elementor-top-column elementor-element elementor-element-ad6f8ea\" data-id=\"ad6f8ea\" data-element_type=\"column\" data-e-type=\"column\">\n\t\t\t<div class=\"elementor-widget-wrap elementor-element-populated\">\n\t\t\t\t\t\t<div class=\"elementor-element elementor-element-6762da2 elementor-widget elementor-widget-raven-image\" data-id=\"6762da2\" data-element_type=\"widget\" data-e-type=\"widget\" data-widget_type=\"raven-image.default\">\n\t\t\t\t<div class=\"elementor-widget-container\">\n\t\t\t\t\t\t\t<div class=\"raven-image\">\n\t\t\n\t\t\n\t\t<img decoding=\"async\" src=\"https:\/\/www.turismelacostera.com\/wp-content\/uploads\/elementor\/thumbs\/Palau-dels-sanc-01a-oxje2ir7ewtedijh9goesl4un648sjy8zxetpmdve8.jpg\" title=\"\" alt=\"\" loading=\"lazy\" \/>\t\t<\/div>\n\t\t\t\t\t\t<\/div>\n\t\t\t\t<\/div>\n\t\t\t\t\t<\/div>\n\t\t<\/div>\n\t\t\t\t\t<\/div>\n\t\t<\/section>\n\t\t\t\t<section class=\"elementor-section elementor-top-section elementor-element elementor-element-9bbae8a elementor-section-content-middle elementor-section-stretched elementor-section-boxed elementor-section-height-default elementor-section-height-default\" data-id=\"9bbae8a\" data-element_type=\"section\" data-e-type=\"section\" id=\"pobles\" data-settings=\"{&quot;stretch_section&quot;:&quot;section-stretched&quot;,&quot;jet_parallax_layout_list&quot;:[{&quot;jet_parallax_layout_image&quot;:{&quot;url&quot;:&quot;&quot;,&quot;id&quot;:&quot;&quot;,&quot;size&quot;:&quot;&quot;},&quot;_id&quot;:&quot;69e5e79&quot;,&quot;jet_parallax_layout_speed&quot;:{&quot;unit&quot;:&quot;%&quot;,&quot;size&quot;:50,&quot;sizes&quot;:[]},&quot;jet_parallax_layout_image_tablet&quot;:{&quot;url&quot;:&quot;&quot;,&quot;id&quot;:&quot;&quot;,&quot;size&quot;:&quot;&quot;},&quot;jet_parallax_layout_image_mobile&quot;:{&quot;url&quot;:&quot;&quot;,&quot;id&quot;:&quot;&quot;,&quot;size&quot;:&quot;&quot;},&quot;jet_parallax_layout_type&quot;:&quot;scroll&quot;,&quot;jet_parallax_layout_direction&quot;:&quot;1&quot;,&quot;jet_parallax_layout_fx_direction&quot;:null,&quot;jet_parallax_layout_z_index&quot;:&quot;&quot;,&quot;jet_parallax_layout_bg_x&quot;:50,&quot;jet_parallax_layout_bg_x_tablet&quot;:&quot;&quot;,&quot;jet_parallax_layout_bg_x_mobile&quot;:&quot;&quot;,&quot;jet_parallax_layout_bg_y&quot;:50,&quot;jet_parallax_layout_bg_y_tablet&quot;:&quot;&quot;,&quot;jet_parallax_layout_bg_y_mobile&quot;:&quot;&quot;,&quot;jet_parallax_layout_bg_size&quot;:&quot;auto&quot;,&quot;jet_parallax_layout_bg_size_tablet&quot;:&quot;&quot;,&quot;jet_parallax_layout_bg_size_mobile&quot;:&quot;&quot;,&quot;jet_parallax_layout_animation_prop&quot;:&quot;transform&quot;,&quot;jet_parallax_layout_on&quot;:[&quot;desktop&quot;,&quot;tablet&quot;]}]}\">\n\t\t\t\t\t\t\t<div class=\"elementor-background-overlay\"><\/div>\n\t\t\t\t\t\t\t<div class=\"elementor-container elementor-column-gap-default\">\n\t\t\t\t\t<div class=\"elementor-column elementor-col-100 elementor-top-column elementor-element elementor-element-ce89ef7\" data-id=\"ce89ef7\" data-element_type=\"column\" data-e-type=\"column\">\n\t\t\t<div class=\"elementor-widget-wrap elementor-element-populated\">\n\t\t\t\t\t<div class=\"elementor-background-overlay\"><\/div>\n\t\t\t\t\t\t<div class=\"elementor-element elementor-element-c992b29 elementor-widget elementor-widget-text-editor\" data-id=\"c992b29\" data-element_type=\"widget\" data-e-type=\"widget\" data-widget_type=\"text-editor.default\">\n\t\t\t\t<div class=\"elementor-widget-container\">\n\t\t\t\t\t\t\t\t\t<p><a href=\"https:\/\/www.turismelacostera.com\/es\/?page_id=16294\">PATRIMONIO<\/a> \/ <a href=\"https:\/\/www.turismelacostera.com\/es\/?page_id=16464\">VALL\u00c9S<\/a><\/p>\t\t\t\t\t\t\t\t<\/div>\n\t\t\t\t<\/div>\n\t\t\t\t<div class=\"elementor-element elementor-element-cf0258b elementor-widget elementor-widget-heading\" data-id=\"cf0258b\" data-element_type=\"widget\" data-e-type=\"widget\" data-widget_type=\"heading.default\">\n\t\t\t\t<div class=\"elementor-widget-container\">\n\t\t\t\t\t<h2 class=\"elementor-heading-title elementor-size-default\">Palacio de los San\u00e7<\/h2>\t\t\t\t<\/div>\n\t\t\t\t<\/div>\n\t\t\t\t<div class=\"elementor-element elementor-element-9e05e7a elementor-widget-divider--view-line elementor-widget elementor-widget-divider\" data-id=\"9e05e7a\" data-element_type=\"widget\" data-e-type=\"widget\" data-widget_type=\"divider.default\">\n\t\t\t\t<div class=\"elementor-widget-container\">\n\t\t\t\t\t\t\t<div class=\"elementor-divider\">\n\t\t\t<span class=\"elementor-divider-separator\">\n\t\t\t\t\t\t<\/span>\n\t\t<\/div>\n\t\t\t\t\t\t<\/div>\n\t\t\t\t<\/div>\n\t\t\t\t<div class=\"elementor-element elementor-element-b2ed595 elementor-widget elementor-widget-text-editor\" data-id=\"b2ed595\" data-element_type=\"widget\" data-e-type=\"widget\" data-widget_type=\"text-editor.default\">\n\t\t\t\t<div class=\"elementor-widget-container\">\n\t\t\t\t\t\t\t\t\t<p>El pueblo de <strong>Vall\u00e9s<\/strong> cuenta con una de las joyas m\u00e1s apreciables del g\u00f3tico civil valenciano del siglo XV, el palacio de los San\u00e7. Este edificio, que se encuentra en muy buen estado de conservaci\u00f3n, destaca por las elegantes y caracter\u00edsticas ventanas geminadas de su fachada, t\u00edpicas de la Corona de Arag\u00f3n (una, <em>triforada<\/em> o de tres aperturas; la otra, <em>biforada<\/em> o de dos aperturas).<\/p>\t\t\t\t\t\t\t\t<\/div>\n\t\t\t\t<\/div>\n\t\t\t\t\t<\/div>\n\t\t<\/div>\n\t\t\t\t\t<\/div>\n\t\t<\/section>\n\t\t\t\t<section class=\"elementor-section elementor-top-section elementor-element elementor-element-65b80e1 elementor-section-full_width elementor-section-stretched elementor-section-height-default elementor-section-height-default\" data-id=\"65b80e1\" data-element_type=\"section\" data-e-type=\"section\" data-settings=\"{&quot;jet_parallax_layout_list&quot;:[{&quot;jet_parallax_layout_image&quot;:{&quot;url&quot;:&quot;&quot;,&quot;id&quot;:&quot;&quot;,&quot;size&quot;:&quot;&quot;},&quot;_id&quot;:&quot;b68b6ea&quot;,&quot;jet_parallax_layout_image_tablet&quot;:{&quot;url&quot;:&quot;&quot;,&quot;id&quot;:&quot;&quot;,&quot;size&quot;:&quot;&quot;},&quot;jet_parallax_layout_image_mobile&quot;:{&quot;url&quot;:&quot;&quot;,&quot;id&quot;:&quot;&quot;,&quot;size&quot;:&quot;&quot;},&quot;jet_parallax_layout_speed&quot;:{&quot;unit&quot;:&quot;%&quot;,&quot;size&quot;:50,&quot;sizes&quot;:[]},&quot;jet_parallax_layout_type&quot;:&quot;scroll&quot;,&quot;jet_parallax_layout_direction&quot;:&quot;1&quot;,&quot;jet_parallax_layout_fx_direction&quot;:null,&quot;jet_parallax_layout_z_index&quot;:&quot;&quot;,&quot;jet_parallax_layout_bg_x&quot;:50,&quot;jet_parallax_layout_bg_x_tablet&quot;:&quot;&quot;,&quot;jet_parallax_layout_bg_x_mobile&quot;:&quot;&quot;,&quot;jet_parallax_layout_bg_y&quot;:50,&quot;jet_parallax_layout_bg_y_tablet&quot;:&quot;&quot;,&quot;jet_parallax_layout_bg_y_mobile&quot;:&quot;&quot;,&quot;jet_parallax_layout_bg_size&quot;:&quot;auto&quot;,&quot;jet_parallax_layout_bg_size_tablet&quot;:&quot;&quot;,&quot;jet_parallax_layout_bg_size_mobile&quot;:&quot;&quot;,&quot;jet_parallax_layout_animation_prop&quot;:&quot;transform&quot;,&quot;jet_parallax_layout_on&quot;:[&quot;desktop&quot;,&quot;tablet&quot;]}],&quot;background_background&quot;:&quot;classic&quot;,&quot;shape_divider_top&quot;:&quot;arrow&quot;,&quot;stretch_section&quot;:&quot;section-stretched&quot;}\">\n\t\t\t\t\t<div class=\"elementor-shape elementor-shape-top\" aria-hidden=\"true\" data-negative=\"false\">\n\t\t\t<svg xmlns=\"http:\/\/www.w3.org\/2000\/svg\" viewBox=\"0 0 700 10\" preserveAspectRatio=\"none\">\n\t<path class=\"elementor-shape-fill\" d=\"M350,10L340,0h20L350,10z\"\/>\n<\/svg>\t\t<\/div>\n\t\t\t\t\t<div class=\"elementor-container elementor-column-gap-default\">\n\t\t\t\t\t<div class=\"elementor-column elementor-col-100 elementor-top-column elementor-element elementor-element-51f34ea\" data-id=\"51f34ea\" data-element_type=\"column\" data-e-type=\"column\">\n\t\t\t<div class=\"elementor-widget-wrap elementor-element-populated\">\n\t\t\t\t\t\t<div class=\"elementor-element elementor-element-94b77d9 elementor-widget elementor-widget-jet-video\" data-id=\"94b77d9\" data-element_type=\"widget\" data-e-type=\"widget\" id=\"video\" data-widget_type=\"jet-video.default\">\n\t\t\t\t<div class=\"elementor-widget-container\">\n\t\t\t\t\t<div class=\"elementor-jet-video jet-elements\">\n<div class=\"jet-video jet-video--fa5-compat jet-video-aspect-ratio jet-video-aspect-ratio--16-9\" data-settings=\"{&quot;lightbox&quot;:false,&quot;autoplay&quot;:false}\"><iframe class=\"jet-video-iframe\" allowfullscreen allow=\"autoplay;encrypted-media\" title=\"Reproductor de v\u00eddeo youtube\" data-lazy-load=\"https:\/\/www.youtube.com\/embed\/E3YenZ817oc?feature=oembed&amp;start&amp;end&amp;wmode=opaque&amp;autoplay=0&amp;loop=0&amp;controls=1&amp;mute=0&amp;rel=0&amp;modestbranding=0\"><\/iframe>\n<div class=\"jet-video__overlay jet-video__overlay--custom-bg\" style=\"background-image: url(https:\/\/i.ytimg.com\/vi_webp\/E3YenZ817oc\/maxresdefault.webp);\">\n<div class=\"jet-video__play-button jet-video__play-button--animation-pulse\" role=\"button\" tabindex=\"0\" aria-label=\"Video play button\"><span class=\"jet-elements-icon jet-video__play-button-icon\"><i aria-hidden=\"true\" class=\"far fa-play-circle\"><\/i><\/span>\t<span class=\"elementor-screen-only\">Play Video<\/span>\n<\/div>\n<\/div>\n<\/div>\n<\/div>\t\t\t\t<\/div>\n\t\t\t\t<\/div>\n\t\t\t\t\t<\/div>\n\t\t<\/div>\n\t\t\t\t\t<\/div>\n\t\t<\/section>\n\t\t\t\t<section class=\"elementor-section elementor-top-section elementor-element elementor-element-ac8ce1a elementor-section-content-middle elementor-section-stretched elementor-section-boxed elementor-section-height-default elementor-section-height-default\" data-id=\"ac8ce1a\" data-element_type=\"section\" data-e-type=\"section\" id=\"pobles\" data-settings=\"{&quot;stretch_section&quot;:&quot;section-stretched&quot;,&quot;jet_parallax_layout_list&quot;:[{&quot;jet_parallax_layout_image&quot;:{&quot;url&quot;:&quot;&quot;,&quot;id&quot;:&quot;&quot;,&quot;size&quot;:&quot;&quot;},&quot;_id&quot;:&quot;69e5e79&quot;,&quot;jet_parallax_layout_speed&quot;:{&quot;unit&quot;:&quot;%&quot;,&quot;size&quot;:50,&quot;sizes&quot;:[]},&quot;jet_parallax_layout_image_tablet&quot;:{&quot;url&quot;:&quot;&quot;,&quot;id&quot;:&quot;&quot;,&quot;size&quot;:&quot;&quot;},&quot;jet_parallax_layout_image_mobile&quot;:{&quot;url&quot;:&quot;&quot;,&quot;id&quot;:&quot;&quot;,&quot;size&quot;:&quot;&quot;},&quot;jet_parallax_layout_type&quot;:&quot;scroll&quot;,&quot;jet_parallax_layout_direction&quot;:&quot;1&quot;,&quot;jet_parallax_layout_fx_direction&quot;:null,&quot;jet_parallax_layout_z_index&quot;:&quot;&quot;,&quot;jet_parallax_layout_bg_x&quot;:50,&quot;jet_parallax_layout_bg_x_tablet&quot;:&quot;&quot;,&quot;jet_parallax_layout_bg_x_mobile&quot;:&quot;&quot;,&quot;jet_parallax_layout_bg_y&quot;:50,&quot;jet_parallax_layout_bg_y_tablet&quot;:&quot;&quot;,&quot;jet_parallax_layout_bg_y_mobile&quot;:&quot;&quot;,&quot;jet_parallax_layout_bg_size&quot;:&quot;auto&quot;,&quot;jet_parallax_layout_bg_size_tablet&quot;:&quot;&quot;,&quot;jet_parallax_layout_bg_size_mobile&quot;:&quot;&quot;,&quot;jet_parallax_layout_animation_prop&quot;:&quot;transform&quot;,&quot;jet_parallax_layout_on&quot;:[&quot;desktop&quot;,&quot;tablet&quot;]}]}\">\n\t\t\t\t\t\t\t<div class=\"elementor-background-overlay\"><\/div>\n\t\t\t\t\t\t\t<div class=\"elementor-container elementor-column-gap-default\">\n\t\t\t\t\t<div class=\"elementor-column elementor-col-100 elementor-top-column elementor-element elementor-element-f188f30\" data-id=\"f188f30\" data-element_type=\"column\" data-e-type=\"column\">\n\t\t\t<div class=\"elementor-widget-wrap elementor-element-populated\">\n\t\t\t\t\t<div class=\"elementor-background-overlay\"><\/div>\n\t\t\t\t\t\t<div class=\"elementor-element elementor-element-a3ab492 elementor-widget elementor-widget-text-editor\" data-id=\"a3ab492\" data-element_type=\"widget\" data-e-type=\"widget\" data-widget_type=\"text-editor.default\">\n\t\t\t\t<div class=\"elementor-widget-container\">\n\t\t\t\t\t\t\t\t\t<p>En el palacio se llev\u00f3 a cabo una reforma renacentista durante el siglo XVII que proporcion\u00f3 al edificio una galer\u00eda posterior de ventanas de baldosa. Se tiene constancia que hacia el a\u00f1o 1400 el inmueble pertenec\u00eda al setabense Jaume Vall\u00e9s, qui\u00e9n dio nombre al municipio. Sin embargo, m\u00e1s tarde pas\u00f3 a manos de los caballeros de Sanz de esta ciudad. En la actualidad es una propiedad particular que ha perdido gran parte de sus elementos originales, especialmente los defensivos. Se erige muy cerca del r\u00edo C\u00e0nyoles, desde donde se pueden disfrutar de unas magn\u00edficas vistas de la sierra de Vernissa y de la ciudad de X\u00e0tiva.<\/p>\t\t\t\t\t\t\t\t<\/div>\n\t\t\t\t<\/div>\n\t\t\t\t<div class=\"elementor-element elementor-element-6ff9058 gallery-spacing-custom elementor-widget elementor-widget-image-gallery\" data-id=\"6ff9058\" data-element_type=\"widget\" data-e-type=\"widget\" data-widget_type=\"image-gallery.default\">\n\t\t\t\t<div class=\"elementor-widget-container\">\n\t\t\t\t\t\t\t<div class=\"elementor-image-gallery\">\n\t\t\t<div class=\"row gallery galleryid-16341 gallery-columns-5 gallery-size-ImageSize500x500\" data-uk-grid-margin=\"\"><figure class=\"gallery-item\"><div class=\"gallery-icon landscape\"><a data-elementor-open-lightbox=\"yes\" data-elementor-lightbox-slideshow=\"6ff9058\" data-e-action-hash=\"#elementor-action%3Aaction%3Dlightbox%26settings%3DeyJpZCI6MTQ4NTAsInVybCI6Imh0dHBzOlwvXC93d3cudHVyaXNtZWxhY29zdGVyYS5jb21cL3dwLWNvbnRlbnRcL3VwbG9hZHNcLzIwMjBcLzEwXC9QYWxhdS1kZWxzLXNhbmMtMDNiLmpwZyIsInNsaWRlc2hvdyI6IjZmZjkwNTgifQ%3D%3D\" href='https:\/\/www.turismelacostera.com\/wp-content\/uploads\/2020\/10\/Palau-dels-sanc-03b.jpg'><img fetchpriority=\"high\" decoding=\"async\" width=\"500\" height=\"500\" src=\"https:\/\/www.turismelacostera.com\/wp-content\/uploads\/2020\/10\/Palau-dels-sanc-03b-500x500.jpg\" class=\"attachment-Image Size 500x500 size-Image Size 500x500\" alt=\"\" srcset=\"https:\/\/www.turismelacostera.com\/wp-content\/uploads\/2020\/10\/Palau-dels-sanc-03b-500x500.jpg 500w, https:\/\/www.turismelacostera.com\/wp-content\/uploads\/2020\/10\/Palau-dels-sanc-03b-150x150.jpg 150w\" sizes=\"(max-width: 500px) 100vw, 500px\" \/><\/a><\/div><\/figure><figure class=\"gallery-item\"><div class=\"gallery-icon portrait\"><a data-elementor-open-lightbox=\"yes\" data-elementor-lightbox-slideshow=\"6ff9058\" data-e-action-hash=\"#elementor-action%3Aaction%3Dlightbox%26settings%3DeyJpZCI6MTQ4NDYsInVybCI6Imh0dHBzOlwvXC93d3cudHVyaXNtZWxhY29zdGVyYS5jb21cL3dwLWNvbnRlbnRcL3VwbG9hZHNcLzIwMjBcLzEwXC9QYWxhdS1kZWxzLXNhbmMtMDUtMS5qcGciLCJzbGlkZXNob3ciOiI2ZmY5MDU4In0%3D\" href='https:\/\/www.turismelacostera.com\/wp-content\/uploads\/2020\/10\/Palau-dels-sanc-05-1.jpg'><img decoding=\"async\" width=\"500\" height=\"500\" src=\"https:\/\/www.turismelacostera.com\/wp-content\/uploads\/2020\/10\/Palau-dels-sanc-05-1-500x500.jpg\" class=\"attachment-Image Size 500x500 size-Image Size 500x500\" alt=\"\" srcset=\"https:\/\/www.turismelacostera.com\/wp-content\/uploads\/2020\/10\/Palau-dels-sanc-05-1-500x500.jpg 500w, https:\/\/www.turismelacostera.com\/wp-content\/uploads\/2020\/10\/Palau-dels-sanc-05-1-150x150.jpg 150w\" sizes=\"(max-width: 500px) 100vw, 500px\" \/><\/a><\/div><\/figure><figure class=\"gallery-item\"><div class=\"gallery-icon landscape\"><a data-elementor-open-lightbox=\"yes\" data-elementor-lightbox-slideshow=\"6ff9058\" data-e-action-hash=\"#elementor-action%3Aaction%3Dlightbox%26settings%3DeyJpZCI6MTQ4NDcsInVybCI6Imh0dHBzOlwvXC93d3cudHVyaXNtZWxhY29zdGVyYS5jb21cL3dwLWNvbnRlbnRcL3VwbG9hZHNcLzIwMjBcLzEwXC9QYWxhdS1kZWxzLXNhbmMtMDYtMS5qcGciLCJzbGlkZXNob3ciOiI2ZmY5MDU4In0%3D\" href='https:\/\/www.turismelacostera.com\/wp-content\/uploads\/2020\/10\/Palau-dels-sanc-06-1.jpg'><img decoding=\"async\" width=\"500\" height=\"500\" src=\"https:\/\/www.turismelacostera.com\/wp-content\/uploads\/2020\/10\/Palau-dels-sanc-06-1-500x500.jpg\" class=\"attachment-Image Size 500x500 size-Image Size 500x500\" alt=\"\" srcset=\"https:\/\/www.turismelacostera.com\/wp-content\/uploads\/2020\/10\/Palau-dels-sanc-06-1-500x500.jpg 500w, https:\/\/www.turismelacostera.com\/wp-content\/uploads\/2020\/10\/Palau-dels-sanc-06-1-150x150.jpg 150w\" sizes=\"(max-width: 500px) 100vw, 500px\" \/><\/a><\/div><\/figure><figure class=\"gallery-item\"><div class=\"gallery-icon landscape\"><a data-elementor-open-lightbox=\"yes\" data-elementor-lightbox-slideshow=\"6ff9058\" data-e-action-hash=\"#elementor-action%3Aaction%3Dlightbox%26settings%3DeyJpZCI6MTQ4NDUsInVybCI6Imh0dHBzOlwvXC93d3cudHVyaXNtZWxhY29zdGVyYS5jb21cL3dwLWNvbnRlbnRcL3VwbG9hZHNcLzIwMjBcLzEwXC9QYWxhdS1kZWxzLXNhbmMtMDQtMS5qcGciLCJzbGlkZXNob3ciOiI2ZmY5MDU4In0%3D\" href='https:\/\/www.turismelacostera.com\/wp-content\/uploads\/2020\/10\/Palau-dels-sanc-04-1.jpg'><img loading=\"lazy\" decoding=\"async\" width=\"500\" height=\"500\" src=\"https:\/\/www.turismelacostera.com\/wp-content\/uploads\/2020\/10\/Palau-dels-sanc-04-1-500x500.jpg\" class=\"attachment-Image Size 500x500 size-Image Size 500x500\" alt=\"\" srcset=\"https:\/\/www.turismelacostera.com\/wp-content\/uploads\/2020\/10\/Palau-dels-sanc-04-1-500x500.jpg 500w, https:\/\/www.turismelacostera.com\/wp-content\/uploads\/2020\/10\/Palau-dels-sanc-04-1-150x150.jpg 150w\" sizes=\"(max-width: 500px) 100vw, 500px\" \/><\/a><\/div><\/figure><figure class=\"gallery-item\"><div class=\"gallery-icon landscape\"><a data-elementor-open-lightbox=\"yes\" data-elementor-lightbox-slideshow=\"6ff9058\" data-e-action-hash=\"#elementor-action%3Aaction%3Dlightbox%26settings%3DeyJpZCI6MTQ4NDgsInVybCI6Imh0dHBzOlwvXC93d3cudHVyaXNtZWxhY29zdGVyYS5jb21cL3dwLWNvbnRlbnRcL3VwbG9hZHNcLzIwMjBcLzEwXC9QYWxhdS1kZWxzLXNhbmMtMDctMS5qcGciLCJzbGlkZXNob3ciOiI2ZmY5MDU4In0%3D\" href='https:\/\/www.turismelacostera.com\/wp-content\/uploads\/2020\/10\/Palau-dels-sanc-07-1.jpg'><img loading=\"lazy\" decoding=\"async\" width=\"500\" height=\"500\" src=\"https:\/\/www.turismelacostera.com\/wp-content\/uploads\/2020\/10\/Palau-dels-sanc-07-1-500x500.jpg\" class=\"attachment-Image Size 500x500 size-Image Size 500x500\" alt=\"\" srcset=\"https:\/\/www.turismelacostera.com\/wp-content\/uploads\/2020\/10\/Palau-dels-sanc-07-1-500x500.jpg 500w, https:\/\/www.turismelacostera.com\/wp-content\/uploads\/2020\/10\/Palau-dels-sanc-07-1-150x150.jpg 150w\" sizes=\"(max-width: 500px) 100vw, 500px\" \/><\/a><\/div><\/figure><\/div>\t\t<\/div>\n\t\t\t\t\t\t<\/div>\n\t\t\t\t<\/div>\n\t\t\t\t\t<\/div>\n\t\t<\/div>\n\t\t\t\t\t<\/div>\n\t\t<\/section>\n\t\t\t\t<\/div>\n\t\t","protected":false},"excerpt":{"rendered":"<p>PATRIMONIO \/ VALL\u00c9S Palacio de los San\u00e7 El pueblo de Vall\u00e9s cuenta con una de las joyas m\u00e1s apreciables del g\u00f3tico civil valenciano del siglo XV, el palacio de los San\u00e7. Este edificio, que se encuentra en muy buen estado de conservaci\u00f3n, destaca por las elegantes y caracter\u00edsticas ventanas geminadas de su fachada, t\u00edpicas de [&hellip;]<\/p>\n","protected":false},"author":1,"featured_media":14837,"parent":16294,"menu_order":0,"comment_status":"closed","ping_status":"closed","template":"elementor_header_footer","meta":{"_acf_changed":false,"footnotes":""},"class_list":["post-16341","page","type-page","status-publish","has-post-thumbnail","hentry"],"acf":[],"yoast_head":"<!-- This site is optimized with the Yoast SEO plugin v27.4 - https:\/\/yoast.com\/product\/yoast-seo-wordpress\/ -->\n<title>Palacio de los San\u00e7 (Vall\u00e9s) - Turisme La Costera<\/title>\n<meta name=\"description\" content=\"El pueblo de Vall\u00e9s cuenta con una de las joyas m\u00e1s apreciables del g\u00f3tico civil valenciano del siglo XV, el palacio de los San\u00e7.\" \/>\n<meta name=\"robots\" content=\"index, follow, max-snippet:-1, max-image-preview:large, max-video-preview:-1\" \/>\n<link rel=\"canonical\" href=\"https:\/\/www.turismelacostera.com\/es\/patrimonio\/palacio-de-los-sanc-valles\/\" \/>\n<meta property=\"og:locale\" content=\"es_ES\" \/>\n<meta property=\"og:type\" content=\"article\" \/>\n<meta property=\"og:title\" content=\"Palacio de los San\u00e7 (Vall\u00e9s) - Turisme La Costera\" \/>\n<meta property=\"og:description\" content=\"El pueblo de Vall\u00e9s cuenta con una de las joyas m\u00e1s apreciables del g\u00f3tico civil valenciano del siglo XV, el palacio de los San\u00e7.\" \/>\n<meta property=\"og:url\" content=\"https:\/\/www.turismelacostera.com\/es\/patrimonio\/palacio-de-los-sanc-valles\/\" \/>\n<meta property=\"og:site_name\" content=\"Turisme la Costera l Tesoros del interior\" \/>\n<meta property=\"article:modified_time\" content=\"2021-02-10T16:23:15+00:00\" \/>\n<meta property=\"og:image\" content=\"https:\/\/www.turismelacostera.com\/wp-content\/uploads\/2020\/10\/Palau-dels-sanc-01b.jpg\" \/>\n\t<meta property=\"og:image:width\" content=\"1920\" \/>\n\t<meta property=\"og:image:height\" content=\"1080\" \/>\n\t<meta property=\"og:image:type\" content=\"image\/jpeg\" \/>\n<meta name=\"twitter:card\" content=\"summary_large_image\" \/>\n<meta name=\"twitter:image\" content=\"https:\/\/www.turismelacostera.com\/wp-content\/uploads\/2020\/10\/Palau-dels-sanc-01b.jpg\" \/>\n<meta name=\"twitter:label1\" content=\"Tiempo de lectura\" \/>\n\t<meta name=\"twitter:data1\" content=\"3 minutos\" \/>\n<script type=\"application\/ld+json\" class=\"yoast-schema-graph\">{\"@context\":\"https:\\\/\\\/schema.org\",\"@graph\":[{\"@type\":\"WebPage\",\"@id\":\"https:\\\/\\\/www.turismelacostera.com\\\/es\\\/patrimonio\\\/palacio-de-los-sanc-valles\\\/\",\"url\":\"https:\\\/\\\/www.turismelacostera.com\\\/es\\\/patrimonio\\\/palacio-de-los-sanc-valles\\\/\",\"name\":\"Palacio de los San\u00e7 (Vall\u00e9s) - Turisme La Costera\",\"isPartOf\":{\"@id\":\"https:\\\/\\\/www.turismelacostera.com\\\/es\\\/#website\"},\"primaryImageOfPage\":{\"@id\":\"https:\\\/\\\/www.turismelacostera.com\\\/es\\\/patrimonio\\\/palacio-de-los-sanc-valles\\\/#primaryimage\"},\"image\":{\"@id\":\"https:\\\/\\\/www.turismelacostera.com\\\/es\\\/patrimonio\\\/palacio-de-los-sanc-valles\\\/#primaryimage\"},\"thumbnailUrl\":\"https:\\\/\\\/www.turismelacostera.com\\\/wp-content\\\/uploads\\\/2020\\\/10\\\/Palau-dels-sanc-01b.jpg\",\"datePublished\":\"2020-10-27T11:21:38+00:00\",\"dateModified\":\"2021-02-10T16:23:15+00:00\",\"description\":\"El pueblo de Vall\u00e9s cuenta con una de las joyas m\u00e1s apreciables del g\u00f3tico civil valenciano del siglo XV, el palacio de los San\u00e7.\",\"breadcrumb\":{\"@id\":\"https:\\\/\\\/www.turismelacostera.com\\\/es\\\/patrimonio\\\/palacio-de-los-sanc-valles\\\/#breadcrumb\"},\"inLanguage\":\"es\",\"potentialAction\":[{\"@type\":\"ReadAction\",\"target\":[\"https:\\\/\\\/www.turismelacostera.com\\\/es\\\/patrimonio\\\/palacio-de-los-sanc-valles\\\/\"]}]},{\"@type\":\"ImageObject\",\"inLanguage\":\"es\",\"@id\":\"https:\\\/\\\/www.turismelacostera.com\\\/es\\\/patrimonio\\\/palacio-de-los-sanc-valles\\\/#primaryimage\",\"url\":\"https:\\\/\\\/www.turismelacostera.com\\\/wp-content\\\/uploads\\\/2020\\\/10\\\/Palau-dels-sanc-01b.jpg\",\"contentUrl\":\"https:\\\/\\\/www.turismelacostera.com\\\/wp-content\\\/uploads\\\/2020\\\/10\\\/Palau-dels-sanc-01b.jpg\",\"width\":1920,\"height\":1080},{\"@type\":\"BreadcrumbList\",\"@id\":\"https:\\\/\\\/www.turismelacostera.com\\\/es\\\/patrimonio\\\/palacio-de-los-sanc-valles\\\/#breadcrumb\",\"itemListElement\":[{\"@type\":\"ListItem\",\"position\":1,\"name\":\"Portada\",\"item\":\"https:\\\/\\\/www.turismelacostera.com\\\/es\\\/\"},{\"@type\":\"ListItem\",\"position\":2,\"name\":\"Patrimonio\",\"item\":\"https:\\\/\\\/www.turismelacostera.com\\\/es\\\/patrimonio\\\/\"},{\"@type\":\"ListItem\",\"position\":3,\"name\":\"Palacio de los San\u00e7 (Vall\u00e9s)\"}]},{\"@type\":\"WebSite\",\"@id\":\"https:\\\/\\\/www.turismelacostera.com\\\/es\\\/#website\",\"url\":\"https:\\\/\\\/www.turismelacostera.com\\\/es\\\/\",\"name\":\"Turisme la Costera l Tesoros del interior\",\"description\":\"Descobreix els tresors que amaga l&#039;interior de Val\u00e8ncia\",\"potentialAction\":[{\"@type\":\"SearchAction\",\"target\":{\"@type\":\"EntryPoint\",\"urlTemplate\":\"https:\\\/\\\/www.turismelacostera.com\\\/es\\\/?s={search_term_string}\"},\"query-input\":{\"@type\":\"PropertyValueSpecification\",\"valueRequired\":true,\"valueName\":\"search_term_string\"}}],\"inLanguage\":\"es\"}]}<\/script>\n<!-- \/ Yoast SEO plugin. -->","yoast_head_json":{"title":"Palacio de los San\u00e7 (Vall\u00e9s) - Turisme La Costera","description":"El pueblo de Vall\u00e9s cuenta con una de las joyas m\u00e1s apreciables del g\u00f3tico civil valenciano del siglo XV, el palacio de los San\u00e7.","robots":{"index":"index","follow":"follow","max-snippet":"max-snippet:-1","max-image-preview":"max-image-preview:large","max-video-preview":"max-video-preview:-1"},"canonical":"https:\/\/www.turismelacostera.com\/es\/patrimonio\/palacio-de-los-sanc-valles\/","og_locale":"es_ES","og_type":"article","og_title":"Palacio de los San\u00e7 (Vall\u00e9s) - Turisme La Costera","og_description":"El pueblo de Vall\u00e9s cuenta con una de las joyas m\u00e1s apreciables del g\u00f3tico civil valenciano del siglo XV, el palacio de los San\u00e7.","og_url":"https:\/\/www.turismelacostera.com\/es\/patrimonio\/palacio-de-los-sanc-valles\/","og_site_name":"Turisme la Costera l Tesoros del interior","article_modified_time":"2021-02-10T16:23:15+00:00","og_image":[{"width":1920,"height":1080,"url":"https:\/\/www.turismelacostera.com\/wp-content\/uploads\/2020\/10\/Palau-dels-sanc-01b.jpg","type":"image\/jpeg"}],"twitter_card":"summary_large_image","twitter_image":"https:\/\/www.turismelacostera.com\/wp-content\/uploads\/2020\/10\/Palau-dels-sanc-01b.jpg","twitter_misc":{"Tiempo de lectura":"3 minutos"},"schema":{"@context":"https:\/\/schema.org","@graph":[{"@type":"WebPage","@id":"https:\/\/www.turismelacostera.com\/es\/patrimonio\/palacio-de-los-sanc-valles\/","url":"https:\/\/www.turismelacostera.com\/es\/patrimonio\/palacio-de-los-sanc-valles\/","name":"Palacio de los San\u00e7 (Vall\u00e9s) - Turisme La Costera","isPartOf":{"@id":"https:\/\/www.turismelacostera.com\/es\/#website"},"primaryImageOfPage":{"@id":"https:\/\/www.turismelacostera.com\/es\/patrimonio\/palacio-de-los-sanc-valles\/#primaryimage"},"image":{"@id":"https:\/\/www.turismelacostera.com\/es\/patrimonio\/palacio-de-los-sanc-valles\/#primaryimage"},"thumbnailUrl":"https:\/\/www.turismelacostera.com\/wp-content\/uploads\/2020\/10\/Palau-dels-sanc-01b.jpg","datePublished":"2020-10-27T11:21:38+00:00","dateModified":"2021-02-10T16:23:15+00:00","description":"El pueblo de Vall\u00e9s cuenta con una de las joyas m\u00e1s apreciables del g\u00f3tico civil valenciano del siglo XV, el palacio de los San\u00e7.","breadcrumb":{"@id":"https:\/\/www.turismelacostera.com\/es\/patrimonio\/palacio-de-los-sanc-valles\/#breadcrumb"},"inLanguage":"es","potentialAction":[{"@type":"ReadAction","target":["https:\/\/www.turismelacostera.com\/es\/patrimonio\/palacio-de-los-sanc-valles\/"]}]},{"@type":"ImageObject","inLanguage":"es","@id":"https:\/\/www.turismelacostera.com\/es\/patrimonio\/palacio-de-los-sanc-valles\/#primaryimage","url":"https:\/\/www.turismelacostera.com\/wp-content\/uploads\/2020\/10\/Palau-dels-sanc-01b.jpg","contentUrl":"https:\/\/www.turismelacostera.com\/wp-content\/uploads\/2020\/10\/Palau-dels-sanc-01b.jpg","width":1920,"height":1080},{"@type":"BreadcrumbList","@id":"https:\/\/www.turismelacostera.com\/es\/patrimonio\/palacio-de-los-sanc-valles\/#breadcrumb","itemListElement":[{"@type":"ListItem","position":1,"name":"Portada","item":"https:\/\/www.turismelacostera.com\/es\/"},{"@type":"ListItem","position":2,"name":"Patrimonio","item":"https:\/\/www.turismelacostera.com\/es\/patrimonio\/"},{"@type":"ListItem","position":3,"name":"Palacio de los San\u00e7 (Vall\u00e9s)"}]},{"@type":"WebSite","@id":"https:\/\/www.turismelacostera.com\/es\/#website","url":"https:\/\/www.turismelacostera.com\/es\/","name":"Turisme la Costera l Tesoros del interior","description":"Descobreix els tresors que amaga l&#039;interior de Val\u00e8ncia","potentialAction":[{"@type":"SearchAction","target":{"@type":"EntryPoint","urlTemplate":"https:\/\/www.turismelacostera.com\/es\/?s={search_term_string}"},"query-input":{"@type":"PropertyValueSpecification","valueRequired":true,"valueName":"search_term_string"}}],"inLanguage":"es"}]}},"_links":{"self":[{"href":"https:\/\/www.turismelacostera.com\/es\/wp-json\/wp\/v2\/pages\/16341","targetHints":{"allow":["GET"]}}],"collection":[{"href":"https:\/\/www.turismelacostera.com\/es\/wp-json\/wp\/v2\/pages"}],"about":[{"href":"https:\/\/www.turismelacostera.com\/es\/wp-json\/wp\/v2\/types\/page"}],"author":[{"embeddable":true,"href":"https:\/\/www.turismelacostera.com\/es\/wp-json\/wp\/v2\/users\/1"}],"replies":[{"embeddable":true,"href":"https:\/\/www.turismelacostera.com\/es\/wp-json\/wp\/v2\/comments?post=16341"}],"version-history":[{"count":0,"href":"https:\/\/www.turismelacostera.com\/es\/wp-json\/wp\/v2\/pages\/16341\/revisions"}],"up":[{"embeddable":true,"href":"https:\/\/www.turismelacostera.com\/es\/wp-json\/wp\/v2\/pages\/16294"}],"wp:featuredmedia":[{"embeddable":true,"href":"https:\/\/www.turismelacostera.com\/es\/wp-json\/wp\/v2\/media\/14837"}],"wp:attachment":[{"href":"https:\/\/www.turismelacostera.com\/es\/wp-json\/wp\/v2\/media?parent=16341"}],"curies":[{"name":"wp","href":"https:\/\/api.w.org\/{rel}","templated":true}]}}