{"id":16294,"date":"2020-10-28T10:49:28","date_gmt":"2020-10-28T10:49:28","guid":{"rendered":"https:\/\/www.turismelacostera.com\/patrimoni\/"},"modified":"2021-03-04T14:22:09","modified_gmt":"2021-03-04T14:22:09","slug":"patrimonio","status":"publish","type":"page","link":"https:\/\/www.turismelacostera.com\/es\/patrimonio\/","title":{"rendered":"Patrimonio"},"content":{"rendered":"\t\t<div data-elementor-type=\"wp-page\" data-elementor-id=\"16294\" class=\"elementor elementor-16294 elementor-7423\" data-elementor-post-type=\"page\">\n\t\t\t\t\t\t<section class=\"elementor-section elementor-top-section elementor-element elementor-element-fcc35bc elementor-section-full_width elementor-hidden-tablet elementor-hidden-phone elementor-section-height-default elementor-section-height-default\" data-id=\"fcc35bc\" data-element_type=\"section\" data-e-type=\"section\" data-settings=\"{&quot;jet_parallax_layout_list&quot;:[{&quot;jet_parallax_layout_image&quot;:{&quot;url&quot;:&quot;&quot;,&quot;id&quot;:&quot;&quot;,&quot;size&quot;:&quot;&quot;},&quot;_id&quot;:&quot;e8a5284&quot;,&quot;jet_parallax_layout_image_tablet&quot;:{&quot;url&quot;:&quot;&quot;,&quot;id&quot;:&quot;&quot;,&quot;size&quot;:&quot;&quot;},&quot;jet_parallax_layout_image_mobile&quot;:{&quot;url&quot;:&quot;&quot;,&quot;id&quot;:&quot;&quot;,&quot;size&quot;:&quot;&quot;},&quot;jet_parallax_layout_speed&quot;:{&quot;unit&quot;:&quot;%&quot;,&quot;size&quot;:50,&quot;sizes&quot;:[]},&quot;jet_parallax_layout_type&quot;:&quot;scroll&quot;,&quot;jet_parallax_layout_direction&quot;:&quot;1&quot;,&quot;jet_parallax_layout_fx_direction&quot;:null,&quot;jet_parallax_layout_z_index&quot;:&quot;&quot;,&quot;jet_parallax_layout_bg_x&quot;:50,&quot;jet_parallax_layout_bg_x_tablet&quot;:&quot;&quot;,&quot;jet_parallax_layout_bg_x_mobile&quot;:&quot;&quot;,&quot;jet_parallax_layout_bg_y&quot;:50,&quot;jet_parallax_layout_bg_y_tablet&quot;:&quot;&quot;,&quot;jet_parallax_layout_bg_y_mobile&quot;:&quot;&quot;,&quot;jet_parallax_layout_bg_size&quot;:&quot;auto&quot;,&quot;jet_parallax_layout_bg_size_tablet&quot;:&quot;&quot;,&quot;jet_parallax_layout_bg_size_mobile&quot;:&quot;&quot;,&quot;jet_parallax_layout_animation_prop&quot;:&quot;transform&quot;,&quot;jet_parallax_layout_on&quot;:[&quot;desktop&quot;,&quot;tablet&quot;]}]}\">\n\t\t\t\t\t\t<div class=\"elementor-container elementor-column-gap-default\">\n\t\t\t\t\t<div class=\"elementor-column elementor-col-100 elementor-top-column elementor-element elementor-element-0badc18\" data-id=\"0badc18\" data-element_type=\"column\" data-e-type=\"column\">\n\t\t\t<div class=\"elementor-widget-wrap elementor-element-populated\">\n\t\t\t\t\t\t<div class=\"elementor-element elementor-element-8e2deef elementor-widget elementor-widget-raven-image\" data-id=\"8e2deef\" data-element_type=\"widget\" data-e-type=\"widget\" data-widget_type=\"raven-image.default\">\n\t\t\t\t<div class=\"elementor-widget-container\">\n\t\t\t\t\t\t\t<div class=\"raven-image\">\n\t\t\n\t\t\n\t\t<img decoding=\"async\" src=\"https:\/\/www.turismelacostera.com\/wp-content\/uploads\/elementor\/thumbs\/slide-pobles-02-oxkpqzt7nigpf211g9el3bvcr99yucqpuy9h5u0tio.jpg\" title=\"\" alt=\"\" loading=\"lazy\" \/>\t\t<\/div>\n\t\t\t\t\t\t<\/div>\n\t\t\t\t<\/div>\n\t\t\t\t\t<\/div>\n\t\t<\/div>\n\t\t\t\t\t<\/div>\n\t\t<\/section>\n\t\t\t\t<section class=\"elementor-section elementor-top-section elementor-element elementor-element-236a486 elementor-section-full_width elementor-hidden-desktop elementor-section-height-default elementor-section-height-default\" data-id=\"236a486\" data-element_type=\"section\" data-e-type=\"section\" data-settings=\"{&quot;jet_parallax_layout_list&quot;:[{&quot;jet_parallax_layout_image&quot;:{&quot;url&quot;:&quot;&quot;,&quot;id&quot;:&quot;&quot;,&quot;size&quot;:&quot;&quot;},&quot;_id&quot;:&quot;d420f31&quot;,&quot;jet_parallax_layout_image_tablet&quot;:{&quot;url&quot;:&quot;&quot;,&quot;id&quot;:&quot;&quot;,&quot;size&quot;:&quot;&quot;},&quot;jet_parallax_layout_image_mobile&quot;:{&quot;url&quot;:&quot;&quot;,&quot;id&quot;:&quot;&quot;,&quot;size&quot;:&quot;&quot;},&quot;jet_parallax_layout_speed&quot;:{&quot;unit&quot;:&quot;%&quot;,&quot;size&quot;:50,&quot;sizes&quot;:[]},&quot;jet_parallax_layout_type&quot;:&quot;scroll&quot;,&quot;jet_parallax_layout_direction&quot;:&quot;1&quot;,&quot;jet_parallax_layout_fx_direction&quot;:null,&quot;jet_parallax_layout_z_index&quot;:&quot;&quot;,&quot;jet_parallax_layout_bg_x&quot;:50,&quot;jet_parallax_layout_bg_x_tablet&quot;:&quot;&quot;,&quot;jet_parallax_layout_bg_x_mobile&quot;:&quot;&quot;,&quot;jet_parallax_layout_bg_y&quot;:50,&quot;jet_parallax_layout_bg_y_tablet&quot;:&quot;&quot;,&quot;jet_parallax_layout_bg_y_mobile&quot;:&quot;&quot;,&quot;jet_parallax_layout_bg_size&quot;:&quot;auto&quot;,&quot;jet_parallax_layout_bg_size_tablet&quot;:&quot;&quot;,&quot;jet_parallax_layout_bg_size_mobile&quot;:&quot;&quot;,&quot;jet_parallax_layout_animation_prop&quot;:&quot;transform&quot;,&quot;jet_parallax_layout_on&quot;:[&quot;desktop&quot;,&quot;tablet&quot;]}]}\">\n\t\t\t\t\t\t<div class=\"elementor-container elementor-column-gap-default\">\n\t\t\t\t\t<div class=\"elementor-column elementor-col-100 elementor-top-column elementor-element elementor-element-ad6f8ea\" data-id=\"ad6f8ea\" data-element_type=\"column\" data-e-type=\"column\">\n\t\t\t<div class=\"elementor-widget-wrap elementor-element-populated\">\n\t\t\t\t\t\t<div class=\"elementor-element elementor-element-6762da2 elementor-widget elementor-widget-raven-image\" data-id=\"6762da2\" data-element_type=\"widget\" data-e-type=\"widget\" data-widget_type=\"raven-image.default\">\n\t\t\t\t<div class=\"elementor-widget-container\">\n\t\t\t\t\t\t\t<div class=\"raven-image\">\n\t\t\n\t\t\n\t\t<img decoding=\"async\" src=\"https:\/\/www.turismelacostera.com\/wp-content\/uploads\/elementor\/thumbs\/slide-pobles-02-oxkpqzt7nijfmp9m9f2e1fvelpu4ym8ebon2w1coxc.jpg\" title=\"\" alt=\"\" loading=\"lazy\" \/>\t\t<\/div>\n\t\t\t\t\t\t<\/div>\n\t\t\t\t<\/div>\n\t\t\t\t\t<\/div>\n\t\t<\/div>\n\t\t\t\t\t<\/div>\n\t\t<\/section>\n\t\t\t\t<section class=\"elementor-section elementor-top-section elementor-element elementor-element-9bbae8a elementor-section-content-middle elementor-section-stretched elementor-section-boxed elementor-section-height-default elementor-section-height-default\" data-id=\"9bbae8a\" data-element_type=\"section\" data-e-type=\"section\" data-settings=\"{&quot;stretch_section&quot;:&quot;section-stretched&quot;,&quot;jet_parallax_layout_list&quot;:[{&quot;jet_parallax_layout_image&quot;:{&quot;url&quot;:&quot;&quot;,&quot;id&quot;:&quot;&quot;,&quot;size&quot;:&quot;&quot;},&quot;_id&quot;:&quot;69e5e79&quot;,&quot;jet_parallax_layout_speed&quot;:{&quot;unit&quot;:&quot;%&quot;,&quot;size&quot;:50,&quot;sizes&quot;:[]},&quot;jet_parallax_layout_image_tablet&quot;:{&quot;url&quot;:&quot;&quot;,&quot;id&quot;:&quot;&quot;,&quot;size&quot;:&quot;&quot;},&quot;jet_parallax_layout_image_mobile&quot;:{&quot;url&quot;:&quot;&quot;,&quot;id&quot;:&quot;&quot;,&quot;size&quot;:&quot;&quot;},&quot;jet_parallax_layout_type&quot;:&quot;scroll&quot;,&quot;jet_parallax_layout_direction&quot;:&quot;1&quot;,&quot;jet_parallax_layout_fx_direction&quot;:null,&quot;jet_parallax_layout_z_index&quot;:&quot;&quot;,&quot;jet_parallax_layout_bg_x&quot;:50,&quot;jet_parallax_layout_bg_x_tablet&quot;:&quot;&quot;,&quot;jet_parallax_layout_bg_x_mobile&quot;:&quot;&quot;,&quot;jet_parallax_layout_bg_y&quot;:50,&quot;jet_parallax_layout_bg_y_tablet&quot;:&quot;&quot;,&quot;jet_parallax_layout_bg_y_mobile&quot;:&quot;&quot;,&quot;jet_parallax_layout_bg_size&quot;:&quot;auto&quot;,&quot;jet_parallax_layout_bg_size_tablet&quot;:&quot;&quot;,&quot;jet_parallax_layout_bg_size_mobile&quot;:&quot;&quot;,&quot;jet_parallax_layout_animation_prop&quot;:&quot;transform&quot;,&quot;jet_parallax_layout_on&quot;:[&quot;desktop&quot;,&quot;tablet&quot;]}]}\">\n\t\t\t\t\t\t\t<div class=\"elementor-background-overlay\"><\/div>\n\t\t\t\t\t\t\t<div class=\"elementor-container elementor-column-gap-default\">\n\t\t\t\t\t<div class=\"elementor-column elementor-col-100 elementor-top-column elementor-element elementor-element-ce89ef7\" data-id=\"ce89ef7\" data-element_type=\"column\" data-e-type=\"column\">\n\t\t\t<div class=\"elementor-widget-wrap elementor-element-populated\">\n\t\t\t\t\t<div class=\"elementor-background-overlay\"><\/div>\n\t\t\t\t\t\t<div class=\"elementor-element elementor-element-eb80eeb elementor-widget elementor-widget-heading\" data-id=\"eb80eeb\" data-element_type=\"widget\" data-e-type=\"widget\" data-settings=\"{&quot;_animation&quot;:&quot;none&quot;}\" data-widget_type=\"heading.default\">\n\t\t\t\t<div class=\"elementor-widget-container\">\n\t\t\t\t\t<h5 class=\"elementor-heading-title elementor-size-default\">Sentir la historia<\/h5>\t\t\t\t<\/div>\n\t\t\t\t<\/div>\n\t\t\t\t<div class=\"elementor-element elementor-element-86ee19a elementor-widget elementor-widget-heading\" data-id=\"86ee19a\" data-element_type=\"widget\" data-e-type=\"widget\" data-widget_type=\"heading.default\">\n\t\t\t\t<div class=\"elementor-widget-container\">\n\t\t\t\t\t<h2 class=\"elementor-heading-title elementor-size-default\">Patrimonio<\/h2>\t\t\t\t<\/div>\n\t\t\t\t<\/div>\n\t\t\t\t<div class=\"elementor-element elementor-element-9e05e7a elementor-widget-divider--view-line elementor-widget elementor-widget-divider\" data-id=\"9e05e7a\" data-element_type=\"widget\" data-e-type=\"widget\" data-widget_type=\"divider.default\">\n\t\t\t\t<div class=\"elementor-widget-container\">\n\t\t\t\t\t\t\t<div class=\"elementor-divider\">\n\t\t\t<span class=\"elementor-divider-separator\">\n\t\t\t\t\t\t<\/span>\n\t\t<\/div>\n\t\t\t\t\t\t<\/div>\n\t\t\t\t<\/div>\n\t\t\t\t<div class=\"elementor-element elementor-element-b2ed595 elementor-widget elementor-widget-text-editor\" data-id=\"b2ed595\" data-element_type=\"widget\" data-e-type=\"widget\" data-widget_type=\"text-editor.default\">\n\t\t\t\t<div class=\"elementor-widget-container\">\n\t\t\t\t\t\t\t\t\t<div id=\"bannerR\"><div id=\"div-gpt-ad-1474537762122-3\" data-google-query-id=\"CM6mh-2s1ewCFUFuGwodJJkM_w\"><div id=\"google_ads_iframe_\/15188745\/Lipsum-Unit4_0__container__\">Descubre en nuestro territorio yacimientos arqueol\u00f3gicos que han sacado a la luz el h\u00e1bitat de los neandertales, poblados \u00edberos o construcciones andalusies. Encontrar\u00e1s tambi\u00e9n una de las primeras ermitas cristianas construidas en tiempos de Jaume I, la obra de famosos pintores medievales y renacentistas o la cuna de los Borja, la familia que logr\u00f3 en tan solo dos generaciones el m\u00e1ximo poder del mundo europeo.<\/div><\/div><\/div>\t\t\t\t\t\t\t\t<\/div>\n\t\t\t\t<\/div>\n\t\t\t\t<div class=\"elementor-element elementor-element-187c3c4 elementor-mobile-align-center elementor-align-center elementor-widget elementor-widget-raven-button\" data-id=\"187c3c4\" data-element_type=\"widget\" data-e-type=\"widget\" data-settings=\"{&quot;_animation&quot;:&quot;none&quot;,&quot;_animation_delay&quot;:1200,&quot;turn_to_popup_action_button&quot;:&quot;no&quot;}\" data-widget_type=\"raven-button.default\">\n\t\t\t\t<div class=\"elementor-widget-container\">\n\t\t\t\t\t\t\t<div class=\"raven-widget-wrapper\">\n\t\t\t<a class=\"raven-button raven-button-widget-normal-effect-none  raven-button-text-align-center raven-button-link elementor-animation-grow\" href=\"https:\/\/www.turismelacostera.com\/wp-content\/uploads\/2021\/03\/GUIA-PATRIMONI-CULTURAL.v3.pdf\" target=\"_blank\">\t\t\t\t<div class=\"raven-button-overlay\" ><\/div>\n\t\t\t\t<span class=\"raven-button-content\">\n\t\t\t\t\t\n\t\t\t\t\t<div class=\"button-text-container\">\n\t\t\t\t\t\t\t\t\t<span class=\"raven-button-icon raven-button-icon-position-left\">\n\t\t\t\t<i aria-hidden=\"true\" class=\"fas fa-download\"><\/i>\t\t\t<\/span>\n\t\t\t\t\t\t\t\t<div class=\"raven-button-texts-wrapper\">\n\t\t\t\t\t\t\t<div class=\"button-text\">\n\t\t\t\t\t\t\t\t<span class=\"raven-button-text\">\n\t\t\t\t\t\t\t\t\tDESCARGAR GU\u00cdA\t\t\t\t\t\t\t\t<\/span>\n\t\t\t\t\t\t\t<\/div>\n\t\t\t\t\t\t\t\t\t\t\t\t\t<\/div>\n\t\t\t\t\t\t\t\t\t\t\t<\/div>\n\t\t\t\t\t\n\t\t\t\t\t\t\t\t\t<\/span>\n\t\t\t<\/a>\t\t<\/div>\n\t\t\t\t\t\t<\/div>\n\t\t\t\t<\/div>\n\t\t\t\t\t<\/div>\n\t\t<\/div>\n\t\t\t\t\t<\/div>\n\t\t<\/section>\n\t\t\t\t<section class=\"elementor-section elementor-top-section elementor-element elementor-element-b8bf7db elementor-section-boxed elementor-section-height-default elementor-section-height-default\" data-id=\"b8bf7db\" data-element_type=\"section\" data-e-type=\"section\" data-settings=\"{&quot;jet_parallax_layout_list&quot;:[{&quot;jet_parallax_layout_image&quot;:{&quot;url&quot;:&quot;&quot;,&quot;id&quot;:&quot;&quot;,&quot;size&quot;:&quot;&quot;},&quot;_id&quot;:&quot;a653e13&quot;,&quot;jet_parallax_layout_image_tablet&quot;:{&quot;url&quot;:&quot;&quot;,&quot;id&quot;:&quot;&quot;,&quot;size&quot;:&quot;&quot;},&quot;jet_parallax_layout_image_mobile&quot;:{&quot;url&quot;:&quot;&quot;,&quot;id&quot;:&quot;&quot;,&quot;size&quot;:&quot;&quot;},&quot;jet_parallax_layout_speed&quot;:{&quot;unit&quot;:&quot;%&quot;,&quot;size&quot;:50,&quot;sizes&quot;:[]},&quot;jet_parallax_layout_type&quot;:&quot;scroll&quot;,&quot;jet_parallax_layout_direction&quot;:&quot;1&quot;,&quot;jet_parallax_layout_fx_direction&quot;:null,&quot;jet_parallax_layout_z_index&quot;:&quot;&quot;,&quot;jet_parallax_layout_bg_x&quot;:50,&quot;jet_parallax_layout_bg_x_tablet&quot;:&quot;&quot;,&quot;jet_parallax_layout_bg_x_mobile&quot;:&quot;&quot;,&quot;jet_parallax_layout_bg_y&quot;:50,&quot;jet_parallax_layout_bg_y_tablet&quot;:&quot;&quot;,&quot;jet_parallax_layout_bg_y_mobile&quot;:&quot;&quot;,&quot;jet_parallax_layout_bg_size&quot;:&quot;auto&quot;,&quot;jet_parallax_layout_bg_size_tablet&quot;:&quot;&quot;,&quot;jet_parallax_layout_bg_size_mobile&quot;:&quot;&quot;,&quot;jet_parallax_layout_animation_prop&quot;:&quot;transform&quot;,&quot;jet_parallax_layout_on&quot;:[&quot;desktop&quot;,&quot;tablet&quot;]}]}\">\n\t\t\t\t\t\t<div class=\"elementor-container elementor-column-gap-default\">\n\t\t\t\t\t<div class=\"elementor-column elementor-col-25 elementor-top-column elementor-element elementor-element-09c6512\" data-id=\"09c6512\" data-element_type=\"column\" data-e-type=\"column\">\n\t\t\t<div class=\"elementor-widget-wrap elementor-element-populated\">\n\t\t\t\t\t\t<div class=\"elementor-element elementor-element-96a0caf poblacio elementor-position-top elementor-widget elementor-widget-image-box\" data-id=\"96a0caf\" data-element_type=\"widget\" data-e-type=\"widget\" data-widget_type=\"image-box.default\">\n\t\t\t\t<div class=\"elementor-widget-container\">\n\t\t\t\t\t<div class=\"elementor-image-box-wrapper\"><figure class=\"elementor-image-box-img\"><a href=\"https:\/\/www.turismelacostera.com\/es\/?page_id=16336\" tabindex=\"-1\"><img fetchpriority=\"high\" decoding=\"async\" width=\"500\" height=\"500\" src=\"https:\/\/www.turismelacostera.com\/wp-content\/uploads\/2020\/11\/arcadetes-alboi-500x500.jpg\" class=\"elementor-animation-float attachment-Image Size 500x500 size-Image Size 500x500 wp-image-15366\" alt=\"Cartel Arcadetes del Riu Albaida\" srcset=\"https:\/\/www.turismelacostera.com\/wp-content\/uploads\/2020\/11\/arcadetes-alboi.jpg 500w, https:\/\/www.turismelacostera.com\/wp-content\/uploads\/2020\/11\/arcadetes-alboi-300x300.jpg 300w, https:\/\/www.turismelacostera.com\/wp-content\/uploads\/2020\/11\/arcadetes-alboi-150x150.jpg 150w\" sizes=\"(max-width: 500px) 100vw, 500px\" \/><\/a><\/figure><div class=\"elementor-image-box-content\"><h3 class=\"elementor-image-box-title\"><a href=\"https:\/\/www.turismelacostera.com\/es\/?page_id=16336\">Arcadetes del rio Albaida<br> <em>Alboi<\/em><\/a><\/h3><\/div><\/div>\t\t\t\t<\/div>\n\t\t\t\t<\/div>\n\t\t\t\t\t<\/div>\n\t\t<\/div>\n\t\t\t\t<div class=\"elementor-column elementor-col-25 elementor-top-column elementor-element elementor-element-72faaf2\" data-id=\"72faaf2\" data-element_type=\"column\" data-e-type=\"column\">\n\t\t\t<div class=\"elementor-widget-wrap elementor-element-populated\">\n\t\t\t\t\t\t<div class=\"elementor-element elementor-element-66cd795 poblacio elementor-position-top elementor-widget elementor-widget-image-box\" data-id=\"66cd795\" data-element_type=\"widget\" data-e-type=\"widget\" data-widget_type=\"image-box.default\">\n\t\t\t\t<div class=\"elementor-widget-container\">\n\t\t\t\t\t<div class=\"elementor-image-box-wrapper\"><figure class=\"elementor-image-box-img\"><a href=\"https:\/\/www.turismelacostera.com\/es\/?page_id=16313\" tabindex=\"-1\"><img decoding=\"async\" width=\"500\" height=\"500\" src=\"https:\/\/www.turismelacostera.com\/wp-content\/uploads\/2020\/11\/santa_anna-500x500.jpg\" class=\"elementor-animation-float attachment-Image Size 500x500 size-Image Size 500x500 wp-image-15567\" alt=\"Cartell Ermita de Santa Anna\" srcset=\"https:\/\/www.turismelacostera.com\/wp-content\/uploads\/2020\/11\/santa_anna.jpg 500w, https:\/\/www.turismelacostera.com\/wp-content\/uploads\/2020\/11\/santa_anna-300x300.jpg 300w, https:\/\/www.turismelacostera.com\/wp-content\/uploads\/2020\/11\/santa_anna-150x150.jpg 150w\" sizes=\"(max-width: 500px) 100vw, 500px\" \/><\/a><\/figure><div class=\"elementor-image-box-content\"><h3 class=\"elementor-image-box-title\"><a href=\"https:\/\/www.turismelacostera.com\/es\/?page_id=16313\">Ermita de Santa Anna <br><em>Llosa de Ranes-X\u00e0tiva<\/em><\/a><\/h3><\/div><\/div>\t\t\t\t<\/div>\n\t\t\t\t<\/div>\n\t\t\t\t\t<\/div>\n\t\t<\/div>\n\t\t\t\t<div class=\"elementor-column elementor-col-25 elementor-top-column elementor-element elementor-element-cecb7b9\" data-id=\"cecb7b9\" data-element_type=\"column\" data-e-type=\"column\">\n\t\t\t<div class=\"elementor-widget-wrap elementor-element-populated\">\n\t\t\t\t\t\t<div class=\"elementor-element elementor-element-e5b0f39 poblacio elementor-position-top elementor-widget elementor-widget-image-box\" data-id=\"e5b0f39\" data-element_type=\"widget\" data-e-type=\"widget\" data-widget_type=\"image-box.default\">\n\t\t\t\t<div class=\"elementor-widget-container\">\n\t\t\t\t\t<div class=\"elementor-image-box-wrapper\"><figure class=\"elementor-image-box-img\"><a href=\"https:\/\/www.turismelacostera.com\/es\/?page_id=16324\" tabindex=\"-1\"><img decoding=\"async\" width=\"500\" height=\"500\" src=\"https:\/\/www.turismelacostera.com\/wp-content\/uploads\/2020\/11\/la_seu-xativa-500x500.jpg\" class=\"elementor-animation-float attachment-Image Size 500x500 size-Image Size 500x500 wp-image-15455\" alt=\"Cartell La Seu i Hospital Reial\" srcset=\"https:\/\/www.turismelacostera.com\/wp-content\/uploads\/2020\/11\/la_seu-xativa.jpg 500w, https:\/\/www.turismelacostera.com\/wp-content\/uploads\/2020\/11\/la_seu-xativa-300x300.jpg 300w, https:\/\/www.turismelacostera.com\/wp-content\/uploads\/2020\/11\/la_seu-xativa-150x150.jpg 150w\" sizes=\"(max-width: 500px) 100vw, 500px\" \/><\/a><\/figure><div class=\"elementor-image-box-content\"><h3 class=\"elementor-image-box-title\"><a href=\"https:\/\/www.turismelacostera.com\/es\/?page_id=16324\">La Seu y el Hospital Real<br><em>X\u00e0tiva<\/em><\/a><\/h3><\/div><\/div>\t\t\t\t<\/div>\n\t\t\t\t<\/div>\n\t\t\t\t\t<\/div>\n\t\t<\/div>\n\t\t\t\t<div class=\"elementor-column elementor-col-25 elementor-top-column elementor-element elementor-element-b358a82\" data-id=\"b358a82\" data-element_type=\"column\" data-e-type=\"column\">\n\t\t\t<div class=\"elementor-widget-wrap elementor-element-populated\">\n\t\t\t\t\t\t<div class=\"elementor-element elementor-element-2c2550d poblacio elementor-position-top elementor-widget elementor-widget-image-box\" data-id=\"2c2550d\" data-element_type=\"widget\" data-e-type=\"widget\" data-widget_type=\"image-box.default\">\n\t\t\t\t<div class=\"elementor-widget-container\">\n\t\t\t\t\t<div class=\"elementor-image-box-wrapper\"><figure class=\"elementor-image-box-img\"><a href=\"https:\/\/www.turismelacostera.com\/es\/?page_id=16341\" tabindex=\"-1\"><img loading=\"lazy\" decoding=\"async\" width=\"500\" height=\"500\" src=\"https:\/\/www.turismelacostera.com\/wp-content\/uploads\/2020\/10\/Palau-dels-sanc-04-1-500x500.jpg\" class=\"elementor-animation-float attachment-Image Size 500x500 size-Image Size 500x500 wp-image-14845\" alt=\"\" srcset=\"https:\/\/www.turismelacostera.com\/wp-content\/uploads\/2020\/10\/Palau-dels-sanc-04-1-500x500.jpg 500w, https:\/\/www.turismelacostera.com\/wp-content\/uploads\/2020\/10\/Palau-dels-sanc-04-1-150x150.jpg 150w\" sizes=\"(max-width: 500px) 100vw, 500px\" \/><\/a><\/figure><div class=\"elementor-image-box-content\"><h3 class=\"elementor-image-box-title\"><a href=\"https:\/\/www.turismelacostera.com\/es\/?page_id=16341\">Palacio de los San\u00e7<br><em>Vall\u00e9s<\/em><\/a><\/h3><\/div><\/div>\t\t\t\t<\/div>\n\t\t\t\t<\/div>\n\t\t\t\t\t<\/div>\n\t\t<\/div>\n\t\t\t\t\t<\/div>\n\t\t<\/section>\n\t\t\t\t<section class=\"elementor-section elementor-top-section elementor-element elementor-element-f0e948f poblacio elementor-section-boxed elementor-section-height-default elementor-section-height-default\" data-id=\"f0e948f\" data-element_type=\"section\" data-e-type=\"section\" data-settings=\"{&quot;jet_parallax_layout_list&quot;:[{&quot;jet_parallax_layout_image&quot;:{&quot;url&quot;:&quot;&quot;,&quot;id&quot;:&quot;&quot;,&quot;size&quot;:&quot;&quot;},&quot;_id&quot;:&quot;4d879c7&quot;,&quot;jet_parallax_layout_image_tablet&quot;:{&quot;url&quot;:&quot;&quot;,&quot;id&quot;:&quot;&quot;,&quot;size&quot;:&quot;&quot;},&quot;jet_parallax_layout_image_mobile&quot;:{&quot;url&quot;:&quot;&quot;,&quot;id&quot;:&quot;&quot;,&quot;size&quot;:&quot;&quot;},&quot;jet_parallax_layout_speed&quot;:{&quot;unit&quot;:&quot;%&quot;,&quot;size&quot;:50,&quot;sizes&quot;:[]},&quot;jet_parallax_layout_type&quot;:&quot;scroll&quot;,&quot;jet_parallax_layout_direction&quot;:&quot;1&quot;,&quot;jet_parallax_layout_fx_direction&quot;:null,&quot;jet_parallax_layout_z_index&quot;:&quot;&quot;,&quot;jet_parallax_layout_bg_x&quot;:50,&quot;jet_parallax_layout_bg_x_tablet&quot;:&quot;&quot;,&quot;jet_parallax_layout_bg_x_mobile&quot;:&quot;&quot;,&quot;jet_parallax_layout_bg_y&quot;:50,&quot;jet_parallax_layout_bg_y_tablet&quot;:&quot;&quot;,&quot;jet_parallax_layout_bg_y_mobile&quot;:&quot;&quot;,&quot;jet_parallax_layout_bg_size&quot;:&quot;auto&quot;,&quot;jet_parallax_layout_bg_size_tablet&quot;:&quot;&quot;,&quot;jet_parallax_layout_bg_size_mobile&quot;:&quot;&quot;,&quot;jet_parallax_layout_animation_prop&quot;:&quot;transform&quot;,&quot;jet_parallax_layout_on&quot;:[&quot;desktop&quot;,&quot;tablet&quot;]}]}\">\n\t\t\t\t\t\t<div class=\"elementor-container elementor-column-gap-default\">\n\t\t\t\t\t<div class=\"elementor-column elementor-col-25 elementor-top-column elementor-element elementor-element-122e491\" data-id=\"122e491\" data-element_type=\"column\" data-e-type=\"column\">\n\t\t\t<div class=\"elementor-widget-wrap elementor-element-populated\">\n\t\t\t\t\t\t<div class=\"elementor-element elementor-element-8baf516 poblacio elementor-position-top elementor-widget elementor-widget-image-box\" data-id=\"8baf516\" data-element_type=\"widget\" data-e-type=\"widget\" data-widget_type=\"image-box.default\">\n\t\t\t\t<div class=\"elementor-widget-container\">\n\t\t\t\t\t<div class=\"elementor-image-box-wrapper\"><figure class=\"elementor-image-box-img\"><a href=\"https:\/\/www.turismelacostera.com\/es\/?page_id=16308\" tabindex=\"-1\"><img loading=\"lazy\" decoding=\"async\" width=\"500\" height=\"500\" src=\"https:\/\/www.turismelacostera.com\/wp-content\/uploads\/2020\/11\/castell-xativa-500x500.jpg\" class=\"elementor-animation-float attachment-Image Size 500x500 size-Image Size 500x500 wp-image-15340\" alt=\"Cartell Castell X\u00e0tiva\" srcset=\"https:\/\/www.turismelacostera.com\/wp-content\/uploads\/2020\/11\/castell-xativa.jpg 500w, https:\/\/www.turismelacostera.com\/wp-content\/uploads\/2020\/11\/castell-xativa-300x300.jpg 300w, https:\/\/www.turismelacostera.com\/wp-content\/uploads\/2020\/11\/castell-xativa-150x150.jpg 150w\" sizes=\"(max-width: 500px) 100vw, 500px\" \/><\/a><\/figure><div class=\"elementor-image-box-content\"><h3 class=\"elementor-image-box-title\"><a href=\"https:\/\/www.turismelacostera.com\/es\/?page_id=16308\">El Castell de X\u00e0tiva<br><em>X\u00e0tiva<\/em><\/a><\/h3><\/div><\/div>\t\t\t\t<\/div>\n\t\t\t\t<\/div>\n\t\t\t\t\t<\/div>\n\t\t<\/div>\n\t\t\t\t<div class=\"elementor-column elementor-col-25 elementor-top-column elementor-element elementor-element-4b9273a\" data-id=\"4b9273a\" data-element_type=\"column\" data-e-type=\"column\">\n\t\t\t<div class=\"elementor-widget-wrap elementor-element-populated\">\n\t\t\t\t\t\t<div class=\"elementor-element elementor-element-b2aa0ce poblacio elementor-position-top elementor-widget elementor-widget-image-box\" data-id=\"b2aa0ce\" data-element_type=\"widget\" data-e-type=\"widget\" data-widget_type=\"image-box.default\">\n\t\t\t\t<div class=\"elementor-widget-container\">\n\t\t\t\t\t<div class=\"elementor-image-box-wrapper\"><figure class=\"elementor-image-box-img\"><a href=\"https:\/\/www.turismelacostera.com\/es\/?page_id=16356\" tabindex=\"-1\"><img loading=\"lazy\" decoding=\"async\" width=\"500\" height=\"500\" src=\"https:\/\/www.turismelacostera.com\/wp-content\/uploads\/2020\/10\/sant_feliu-xativa-500x500.jpg\" class=\"elementor-animation-float attachment-Image Size 500x500 size-Image Size 500x500 wp-image-15353\" alt=\"\" srcset=\"https:\/\/www.turismelacostera.com\/wp-content\/uploads\/2020\/10\/sant_feliu-xativa.jpg 500w, https:\/\/www.turismelacostera.com\/wp-content\/uploads\/2020\/10\/sant_feliu-xativa-300x300.jpg 300w, https:\/\/www.turismelacostera.com\/wp-content\/uploads\/2020\/10\/sant_feliu-xativa-150x150.jpg 150w\" sizes=\"(max-width: 500px) 100vw, 500px\" \/><\/a><\/figure><div class=\"elementor-image-box-content\"><h3 class=\"elementor-image-box-title\"><a href=\"https:\/\/www.turismelacostera.com\/es\/?page_id=16356\">Sant Feliu <br><em>X\u00e0tiva<\/em><\/a><\/h3><\/div><\/div>\t\t\t\t<\/div>\n\t\t\t\t<\/div>\n\t\t\t\t\t<\/div>\n\t\t<\/div>\n\t\t\t\t<div class=\"elementor-column elementor-col-25 elementor-top-column elementor-element elementor-element-5b784aa\" data-id=\"5b784aa\" data-element_type=\"column\" data-e-type=\"column\">\n\t\t\t<div class=\"elementor-widget-wrap elementor-element-populated\">\n\t\t\t\t\t\t<div class=\"elementor-element elementor-element-82d1615 poblacio elementor-position-top elementor-widget elementor-widget-image-box\" data-id=\"82d1615\" data-element_type=\"widget\" data-e-type=\"widget\" data-widget_type=\"image-box.default\">\n\t\t\t\t<div class=\"elementor-widget-container\">\n\t\t\t\t\t<div class=\"elementor-image-box-wrapper\"><figure class=\"elementor-image-box-img\"><a href=\"https:\/\/www.turismelacostera.com\/es\/?page_id=16301\" tabindex=\"-1\"><img loading=\"lazy\" decoding=\"async\" width=\"500\" height=\"500\" src=\"https:\/\/www.turismelacostera.com\/wp-content\/uploads\/2020\/11\/castell-montesa-500x500.jpg\" class=\"elementor-animation-float attachment-Image Size 500x500 size-Image Size 500x500 wp-image-15424\" alt=\"Cartell El Castell de Montesa\" srcset=\"https:\/\/www.turismelacostera.com\/wp-content\/uploads\/2020\/11\/castell-montesa.jpg 500w, https:\/\/www.turismelacostera.com\/wp-content\/uploads\/2020\/11\/castell-montesa-300x300.jpg 300w, https:\/\/www.turismelacostera.com\/wp-content\/uploads\/2020\/11\/castell-montesa-150x150.jpg 150w\" sizes=\"(max-width: 500px) 100vw, 500px\" \/><\/a><\/figure><div class=\"elementor-image-box-content\"><h3 class=\"elementor-image-box-title\"><a href=\"https:\/\/www.turismelacostera.com\/es\/?page_id=16301\">El Castell de Montesa <br><em>Montesa<\/em><\/a><\/h3><\/div><\/div>\t\t\t\t<\/div>\n\t\t\t\t<\/div>\n\t\t\t\t\t<\/div>\n\t\t<\/div>\n\t\t\t\t<div class=\"elementor-column elementor-col-25 elementor-top-column elementor-element elementor-element-d7a82fb\" data-id=\"d7a82fb\" data-element_type=\"column\" data-e-type=\"column\">\n\t\t\t<div class=\"elementor-widget-wrap elementor-element-populated\">\n\t\t\t\t\t\t<div class=\"elementor-element elementor-element-46339be poblacio elementor-position-top elementor-widget elementor-widget-image-box\" data-id=\"46339be\" data-element_type=\"widget\" data-e-type=\"widget\" data-widget_type=\"image-box.default\">\n\t\t\t\t<div class=\"elementor-widget-container\">\n\t\t\t\t\t<div class=\"elementor-image-box-wrapper\"><figure class=\"elementor-image-box-img\"><a href=\"https:\/\/www.turismelacostera.com\/es\/?page_id=16350\" tabindex=\"-1\"><img loading=\"lazy\" decoding=\"async\" width=\"500\" height=\"500\" src=\"https:\/\/www.turismelacostera.com\/wp-content\/uploads\/2020\/10\/francesc-500x500.jpg\" class=\"elementor-animation-float attachment-Image Size 500x500 size-Image Size 500x500 wp-image-15734\" alt=\"\" srcset=\"https:\/\/www.turismelacostera.com\/wp-content\/uploads\/2020\/10\/francesc.jpg 500w, https:\/\/www.turismelacostera.com\/wp-content\/uploads\/2020\/10\/francesc-300x300.jpg 300w, https:\/\/www.turismelacostera.com\/wp-content\/uploads\/2020\/10\/francesc-150x150.jpg 150w\" sizes=\"(max-width: 500px) 100vw, 500px\" \/><\/a><\/figure><div class=\"elementor-image-box-content\"><h3 class=\"elementor-image-box-title\"><a href=\"https:\/\/www.turismelacostera.com\/es\/?page_id=16350\">Sant Francesc,  Sant Dom\u00e8nec i Sant Pere  <br><em>X\u00e0tiva<\/em><\/a><\/h3><\/div><\/div>\t\t\t\t<\/div>\n\t\t\t\t<\/div>\n\t\t\t\t\t<\/div>\n\t\t<\/div>\n\t\t\t\t\t<\/div>\n\t\t<\/section>\n\t\t\t\t<section class=\"elementor-section elementor-top-section elementor-element elementor-element-6305ed5 poblacio elementor-section-boxed elementor-section-height-default elementor-section-height-default\" data-id=\"6305ed5\" data-element_type=\"section\" data-e-type=\"section\" data-settings=\"{&quot;jet_parallax_layout_list&quot;:[{&quot;jet_parallax_layout_image&quot;:{&quot;url&quot;:&quot;&quot;,&quot;id&quot;:&quot;&quot;,&quot;size&quot;:&quot;&quot;},&quot;_id&quot;:&quot;b9f284a&quot;,&quot;jet_parallax_layout_image_tablet&quot;:{&quot;url&quot;:&quot;&quot;,&quot;id&quot;:&quot;&quot;,&quot;size&quot;:&quot;&quot;},&quot;jet_parallax_layout_image_mobile&quot;:{&quot;url&quot;:&quot;&quot;,&quot;id&quot;:&quot;&quot;,&quot;size&quot;:&quot;&quot;},&quot;jet_parallax_layout_speed&quot;:{&quot;unit&quot;:&quot;%&quot;,&quot;size&quot;:50,&quot;sizes&quot;:[]},&quot;jet_parallax_layout_type&quot;:&quot;scroll&quot;,&quot;jet_parallax_layout_direction&quot;:&quot;1&quot;,&quot;jet_parallax_layout_fx_direction&quot;:null,&quot;jet_parallax_layout_z_index&quot;:&quot;&quot;,&quot;jet_parallax_layout_bg_x&quot;:50,&quot;jet_parallax_layout_bg_x_tablet&quot;:&quot;&quot;,&quot;jet_parallax_layout_bg_x_mobile&quot;:&quot;&quot;,&quot;jet_parallax_layout_bg_y&quot;:50,&quot;jet_parallax_layout_bg_y_tablet&quot;:&quot;&quot;,&quot;jet_parallax_layout_bg_y_mobile&quot;:&quot;&quot;,&quot;jet_parallax_layout_bg_size&quot;:&quot;auto&quot;,&quot;jet_parallax_layout_bg_size_tablet&quot;:&quot;&quot;,&quot;jet_parallax_layout_bg_size_mobile&quot;:&quot;&quot;,&quot;jet_parallax_layout_animation_prop&quot;:&quot;transform&quot;,&quot;jet_parallax_layout_on&quot;:[&quot;desktop&quot;,&quot;tablet&quot;]}]}\">\n\t\t\t\t\t\t<div class=\"elementor-container elementor-column-gap-default\">\n\t\t\t\t\t<div class=\"elementor-column elementor-col-25 elementor-top-column elementor-element elementor-element-e344f0e\" data-id=\"e344f0e\" data-element_type=\"column\" data-e-type=\"column\">\n\t\t\t<div class=\"elementor-widget-wrap elementor-element-populated\">\n\t\t\t\t\t\t<div class=\"elementor-element elementor-element-962d486 poblacio elementor-position-top elementor-widget elementor-widget-image-box\" data-id=\"962d486\" data-element_type=\"widget\" data-e-type=\"widget\" data-widget_type=\"image-box.default\">\n\t\t\t\t<div class=\"elementor-widget-container\">\n\t\t\t\t\t<div class=\"elementor-image-box-wrapper\"><figure class=\"elementor-image-box-img\"><a href=\"https:\/\/www.turismelacostera.com\/es\/?page_id=16346\" tabindex=\"-1\"><img loading=\"lazy\" decoding=\"async\" width=\"500\" height=\"500\" src=\"https:\/\/www.turismelacostera.com\/wp-content\/uploads\/2020\/10\/retaule-Joan_De_Juanes-02-500x500.jpg\" class=\"elementor-animation-float attachment-Image Size 500x500 size-Image Size 500x500 wp-image-14807\" alt=\"\" srcset=\"https:\/\/www.turismelacostera.com\/wp-content\/uploads\/2020\/10\/retaule-Joan_De_Juanes-02-500x500.jpg 500w, https:\/\/www.turismelacostera.com\/wp-content\/uploads\/2020\/10\/retaule-Joan_De_Juanes-02-150x150.jpg 150w\" sizes=\"(max-width: 500px) 100vw, 500px\" \/><\/a><\/figure><div class=\"elementor-image-box-content\"><h3 class=\"elementor-image-box-title\"><a href=\"https:\/\/www.turismelacostera.com\/es\/?page_id=16346\">Retablo de Joan de Joanes<br><em>La Font de la Figuera<\/em><\/a><\/h3><\/div><\/div>\t\t\t\t<\/div>\n\t\t\t\t<\/div>\n\t\t\t\t\t<\/div>\n\t\t<\/div>\n\t\t\t\t<div class=\"elementor-column elementor-col-25 elementor-top-column elementor-element elementor-element-768f120\" data-id=\"768f120\" data-element_type=\"column\" data-e-type=\"column\">\n\t\t\t<div class=\"elementor-widget-wrap elementor-element-populated\">\n\t\t\t\t\t\t<div class=\"elementor-element elementor-element-97a022e poblacio elementor-position-top elementor-widget elementor-widget-image-box\" data-id=\"97a022e\" data-element_type=\"widget\" data-e-type=\"widget\" data-widget_type=\"image-box.default\">\n\t\t\t\t<div class=\"elementor-widget-container\">\n\t\t\t\t\t<div class=\"elementor-image-box-wrapper\"><figure class=\"elementor-image-box-img\"><a href=\"https:\/\/www.turismelacostera.com\/es\/?page_id=16319\" tabindex=\"-1\"><img loading=\"lazy\" decoding=\"async\" width=\"500\" height=\"500\" src=\"https:\/\/www.turismelacostera.com\/wp-content\/uploads\/2020\/11\/bastida-500x500.jpg\" class=\"elementor-animation-float attachment-Image Size 500x500 size-Image Size 500x500 wp-image-15725\" alt=\"Cartell La Bastida de les Alcusses\" srcset=\"https:\/\/www.turismelacostera.com\/wp-content\/uploads\/2020\/11\/bastida.jpg 500w, https:\/\/www.turismelacostera.com\/wp-content\/uploads\/2020\/11\/bastida-300x300.jpg 300w, https:\/\/www.turismelacostera.com\/wp-content\/uploads\/2020\/11\/bastida-150x150.jpg 150w\" sizes=\"(max-width: 500px) 100vw, 500px\" \/><\/a><\/figure><div class=\"elementor-image-box-content\"><h3 class=\"elementor-image-box-title\"><a href=\"https:\/\/www.turismelacostera.com\/es\/?page_id=16319\">La bastida de les Alcusses <br><em>Moixent<\/em><\/a><\/h3><\/div><\/div>\t\t\t\t<\/div>\n\t\t\t\t<\/div>\n\t\t\t\t\t<\/div>\n\t\t<\/div>\n\t\t\t\t<div class=\"elementor-column elementor-col-25 elementor-top-column elementor-element elementor-element-196a400\" data-id=\"196a400\" data-element_type=\"column\" data-e-type=\"column\">\n\t\t\t<div class=\"elementor-widget-wrap elementor-element-populated\">\n\t\t\t\t\t\t<div class=\"elementor-element elementor-element-9cec205 poblacio elementor-position-top elementor-widget elementor-widget-image-box\" data-id=\"9cec205\" data-element_type=\"widget\" data-e-type=\"widget\" data-widget_type=\"image-box.default\">\n\t\t\t\t<div class=\"elementor-widget-container\">\n\t\t\t\t\t<div class=\"elementor-image-box-wrapper\"><figure class=\"elementor-image-box-img\"><a href=\"https:\/\/www.turismelacostera.com\/es\/?page_id=16330\" tabindex=\"-1\"><img loading=\"lazy\" decoding=\"async\" width=\"500\" height=\"500\" src=\"https:\/\/www.turismelacostera.com\/wp-content\/uploads\/2020\/11\/torrassa-canals-500x500.jpg\" class=\"elementor-animation-float attachment-Image Size 500x500 size-Image Size 500x500 wp-image-15581\" alt=\"Cartell La Torrassa del Palau dels Borja i Oratori\" srcset=\"https:\/\/www.turismelacostera.com\/wp-content\/uploads\/2020\/11\/torrassa-canals.jpg 500w, https:\/\/www.turismelacostera.com\/wp-content\/uploads\/2020\/11\/torrassa-canals-300x300.jpg 300w, https:\/\/www.turismelacostera.com\/wp-content\/uploads\/2020\/11\/torrassa-canals-150x150.jpg 150w\" sizes=\"(max-width: 500px) 100vw, 500px\" \/><\/a><\/figure><div class=\"elementor-image-box-content\"><h3 class=\"elementor-image-box-title\"><a href=\"https:\/\/www.turismelacostera.com\/es\/?page_id=16330\">La torre del palacio de los Borja y oratorio <br><em>Canals<\/em><\/a><\/h3><\/div><\/div>\t\t\t\t<\/div>\n\t\t\t\t<\/div>\n\t\t\t\t\t<\/div>\n\t\t<\/div>\n\t\t\t\t<div class=\"elementor-column elementor-col-25 elementor-top-column elementor-element elementor-element-bdc3594\" data-id=\"bdc3594\" data-element_type=\"column\" data-e-type=\"column\">\n\t\t\t<div class=\"elementor-widget-wrap\">\n\t\t\t\t\t\t\t<\/div>\n\t\t<\/div>\n\t\t\t\t\t<\/div>\n\t\t<\/section>\n\t\t\t\t<\/div>\n\t\t","protected":false},"excerpt":{"rendered":"<p>Sentir la historia Patrimonio Descubre en nuestro territorio yacimientos arqueol\u00f3gicos que han sacado a la luz el h\u00e1bitat de los neandertales, poblados \u00edberos o construcciones andalusies. Encontrar\u00e1s tambi\u00e9n una de las primeras ermitas cristianas construidas en tiempos de Jaume I, la obra de famosos pintores medievales y renacentistas o la cuna de los Borja, la [&hellip;]<\/p>\n","protected":false},"author":1,"featured_media":14867,"parent":0,"menu_order":0,"comment_status":"closed","ping_status":"closed","template":"elementor_header_footer","meta":{"_acf_changed":false,"footnotes":""},"class_list":["post-16294","page","type-page","status-publish","has-post-thumbnail","hentry"],"acf":[],"yoast_head":"<!-- This site is optimized with the Yoast SEO plugin v27.4 - https:\/\/yoast.com\/product\/yoast-seo-wordpress\/ -->\n<title>Patrimonio - Turisme La Costera<\/title>\n<meta name=\"description\" content=\"Descubre en nuestro territorio yacimientos arqueol\u00f3gicos que han sacado a la luz el h\u00e1bitat de los neandertales, poblados \u00edberos o construcciones andalus\u00eds. Encontrar\u00e1s tambi\u00e9n una de las primeras ermitas cristianas construidas en tiempos de Jaime I, la obra de famosos pintores medievales y renacentistas o la cuna de Borja.\" \/>\n<meta name=\"robots\" content=\"index, follow, max-snippet:-1, max-image-preview:large, max-video-preview:-1\" \/>\n<link rel=\"canonical\" href=\"https:\/\/www.turismelacostera.com\/es\/patrimonio\/\" \/>\n<meta property=\"og:locale\" content=\"es_ES\" \/>\n<meta property=\"og:type\" content=\"article\" \/>\n<meta property=\"og:title\" content=\"Patrimonio - Turisme La Costera\" \/>\n<meta property=\"og:description\" content=\"Descubre en nuestro territorio yacimientos arqueol\u00f3gicos que han sacado a la luz el h\u00e1bitat de los neandertales, poblados \u00edberos o construcciones andalus\u00eds. Encontrar\u00e1s tambi\u00e9n una de las primeras ermitas cristianas construidas en tiempos de Jaime I, la obra de famosos pintores medievales y renacentistas o la cuna de Borja.\" \/>\n<meta property=\"og:url\" content=\"https:\/\/www.turismelacostera.com\/es\/patrimonio\/\" \/>\n<meta property=\"og:site_name\" content=\"Turisme la Costera l Tesoros del interior\" \/>\n<meta property=\"article:modified_time\" content=\"2021-03-04T14:22:09+00:00\" \/>\n<meta property=\"og:image\" content=\"https:\/\/www.turismelacostera.com\/wp-content\/uploads\/2020\/10\/slide-pobles-02.jpg\" \/>\n\t<meta property=\"og:image:width\" content=\"1920\" \/>\n\t<meta property=\"og:image:height\" content=\"1080\" \/>\n\t<meta property=\"og:image:type\" content=\"image\/jpeg\" \/>\n<meta name=\"twitter:card\" content=\"summary_large_image\" \/>\n<meta name=\"twitter:label1\" content=\"Tiempo de lectura\" \/>\n\t<meta name=\"twitter:data1\" content=\"4 minutos\" \/>\n<script type=\"application\/ld+json\" class=\"yoast-schema-graph\">{\"@context\":\"https:\\\/\\\/schema.org\",\"@graph\":[{\"@type\":\"WebPage\",\"@id\":\"https:\\\/\\\/www.turismelacostera.com\\\/es\\\/patrimonio\\\/\",\"url\":\"https:\\\/\\\/www.turismelacostera.com\\\/es\\\/patrimonio\\\/\",\"name\":\"Patrimonio - Turisme La Costera\",\"isPartOf\":{\"@id\":\"https:\\\/\\\/www.turismelacostera.com\\\/es\\\/#website\"},\"primaryImageOfPage\":{\"@id\":\"https:\\\/\\\/www.turismelacostera.com\\\/es\\\/patrimonio\\\/#primaryimage\"},\"image\":{\"@id\":\"https:\\\/\\\/www.turismelacostera.com\\\/es\\\/patrimonio\\\/#primaryimage\"},\"thumbnailUrl\":\"https:\\\/\\\/www.turismelacostera.com\\\/wp-content\\\/uploads\\\/2020\\\/10\\\/slide-pobles-02.jpg\",\"datePublished\":\"2020-10-28T10:49:28+00:00\",\"dateModified\":\"2021-03-04T14:22:09+00:00\",\"description\":\"Descubre en nuestro territorio yacimientos arqueol\u00f3gicos que han sacado a la luz el h\u00e1bitat de los neandertales, poblados \u00edberos o construcciones andalus\u00eds. Encontrar\u00e1s tambi\u00e9n una de las primeras ermitas cristianas construidas en tiempos de Jaime I, la obra de famosos pintores medievales y renacentistas o la cuna de Borja.\",\"breadcrumb\":{\"@id\":\"https:\\\/\\\/www.turismelacostera.com\\\/es\\\/patrimonio\\\/#breadcrumb\"},\"inLanguage\":\"es\",\"potentialAction\":[{\"@type\":\"ReadAction\",\"target\":[\"https:\\\/\\\/www.turismelacostera.com\\\/es\\\/patrimonio\\\/\"]}]},{\"@type\":\"ImageObject\",\"inLanguage\":\"es\",\"@id\":\"https:\\\/\\\/www.turismelacostera.com\\\/es\\\/patrimonio\\\/#primaryimage\",\"url\":\"https:\\\/\\\/www.turismelacostera.com\\\/wp-content\\\/uploads\\\/2020\\\/10\\\/slide-pobles-02.jpg\",\"contentUrl\":\"https:\\\/\\\/www.turismelacostera.com\\\/wp-content\\\/uploads\\\/2020\\\/10\\\/slide-pobles-02.jpg\",\"width\":1920,\"height\":1080},{\"@type\":\"BreadcrumbList\",\"@id\":\"https:\\\/\\\/www.turismelacostera.com\\\/es\\\/patrimonio\\\/#breadcrumb\",\"itemListElement\":[{\"@type\":\"ListItem\",\"position\":1,\"name\":\"Portada\",\"item\":\"https:\\\/\\\/www.turismelacostera.com\\\/es\\\/\"},{\"@type\":\"ListItem\",\"position\":2,\"name\":\"Patrimonio\"}]},{\"@type\":\"WebSite\",\"@id\":\"https:\\\/\\\/www.turismelacostera.com\\\/es\\\/#website\",\"url\":\"https:\\\/\\\/www.turismelacostera.com\\\/es\\\/\",\"name\":\"Turisme la Costera l Tesoros del interior\",\"description\":\"Descobreix els tresors que amaga l&#039;interior de Val\u00e8ncia\",\"potentialAction\":[{\"@type\":\"SearchAction\",\"target\":{\"@type\":\"EntryPoint\",\"urlTemplate\":\"https:\\\/\\\/www.turismelacostera.com\\\/es\\\/?s={search_term_string}\"},\"query-input\":{\"@type\":\"PropertyValueSpecification\",\"valueRequired\":true,\"valueName\":\"search_term_string\"}}],\"inLanguage\":\"es\"}]}<\/script>\n<!-- \/ Yoast SEO plugin. -->","yoast_head_json":{"title":"Patrimonio - Turisme La Costera","description":"Descubre en nuestro territorio yacimientos arqueol\u00f3gicos que han sacado a la luz el h\u00e1bitat de los neandertales, poblados \u00edberos o construcciones andalus\u00eds. Encontrar\u00e1s tambi\u00e9n una de las primeras ermitas cristianas construidas en tiempos de Jaime I, la obra de famosos pintores medievales y renacentistas o la cuna de Borja.","robots":{"index":"index","follow":"follow","max-snippet":"max-snippet:-1","max-image-preview":"max-image-preview:large","max-video-preview":"max-video-preview:-1"},"canonical":"https:\/\/www.turismelacostera.com\/es\/patrimonio\/","og_locale":"es_ES","og_type":"article","og_title":"Patrimonio - Turisme La Costera","og_description":"Descubre en nuestro territorio yacimientos arqueol\u00f3gicos que han sacado a la luz el h\u00e1bitat de los neandertales, poblados \u00edberos o construcciones andalus\u00eds. Encontrar\u00e1s tambi\u00e9n una de las primeras ermitas cristianas construidas en tiempos de Jaime I, la obra de famosos pintores medievales y renacentistas o la cuna de Borja.","og_url":"https:\/\/www.turismelacostera.com\/es\/patrimonio\/","og_site_name":"Turisme la Costera l Tesoros del interior","article_modified_time":"2021-03-04T14:22:09+00:00","og_image":[{"width":1920,"height":1080,"url":"https:\/\/www.turismelacostera.com\/wp-content\/uploads\/2020\/10\/slide-pobles-02.jpg","type":"image\/jpeg"}],"twitter_card":"summary_large_image","twitter_misc":{"Tiempo de lectura":"4 minutos"},"schema":{"@context":"https:\/\/schema.org","@graph":[{"@type":"WebPage","@id":"https:\/\/www.turismelacostera.com\/es\/patrimonio\/","url":"https:\/\/www.turismelacostera.com\/es\/patrimonio\/","name":"Patrimonio - Turisme La Costera","isPartOf":{"@id":"https:\/\/www.turismelacostera.com\/es\/#website"},"primaryImageOfPage":{"@id":"https:\/\/www.turismelacostera.com\/es\/patrimonio\/#primaryimage"},"image":{"@id":"https:\/\/www.turismelacostera.com\/es\/patrimonio\/#primaryimage"},"thumbnailUrl":"https:\/\/www.turismelacostera.com\/wp-content\/uploads\/2020\/10\/slide-pobles-02.jpg","datePublished":"2020-10-28T10:49:28+00:00","dateModified":"2021-03-04T14:22:09+00:00","description":"Descubre en nuestro territorio yacimientos arqueol\u00f3gicos que han sacado a la luz el h\u00e1bitat de los neandertales, poblados \u00edberos o construcciones andalus\u00eds. Encontrar\u00e1s tambi\u00e9n una de las primeras ermitas cristianas construidas en tiempos de Jaime I, la obra de famosos pintores medievales y renacentistas o la cuna de Borja.","breadcrumb":{"@id":"https:\/\/www.turismelacostera.com\/es\/patrimonio\/#breadcrumb"},"inLanguage":"es","potentialAction":[{"@type":"ReadAction","target":["https:\/\/www.turismelacostera.com\/es\/patrimonio\/"]}]},{"@type":"ImageObject","inLanguage":"es","@id":"https:\/\/www.turismelacostera.com\/es\/patrimonio\/#primaryimage","url":"https:\/\/www.turismelacostera.com\/wp-content\/uploads\/2020\/10\/slide-pobles-02.jpg","contentUrl":"https:\/\/www.turismelacostera.com\/wp-content\/uploads\/2020\/10\/slide-pobles-02.jpg","width":1920,"height":1080},{"@type":"BreadcrumbList","@id":"https:\/\/www.turismelacostera.com\/es\/patrimonio\/#breadcrumb","itemListElement":[{"@type":"ListItem","position":1,"name":"Portada","item":"https:\/\/www.turismelacostera.com\/es\/"},{"@type":"ListItem","position":2,"name":"Patrimonio"}]},{"@type":"WebSite","@id":"https:\/\/www.turismelacostera.com\/es\/#website","url":"https:\/\/www.turismelacostera.com\/es\/","name":"Turisme la Costera l Tesoros del interior","description":"Descobreix els tresors que amaga l&#039;interior de Val\u00e8ncia","potentialAction":[{"@type":"SearchAction","target":{"@type":"EntryPoint","urlTemplate":"https:\/\/www.turismelacostera.com\/es\/?s={search_term_string}"},"query-input":{"@type":"PropertyValueSpecification","valueRequired":true,"valueName":"search_term_string"}}],"inLanguage":"es"}]}},"_links":{"self":[{"href":"https:\/\/www.turismelacostera.com\/es\/wp-json\/wp\/v2\/pages\/16294","targetHints":{"allow":["GET"]}}],"collection":[{"href":"https:\/\/www.turismelacostera.com\/es\/wp-json\/wp\/v2\/pages"}],"about":[{"href":"https:\/\/www.turismelacostera.com\/es\/wp-json\/wp\/v2\/types\/page"}],"author":[{"embeddable":true,"href":"https:\/\/www.turismelacostera.com\/es\/wp-json\/wp\/v2\/users\/1"}],"replies":[{"embeddable":true,"href":"https:\/\/www.turismelacostera.com\/es\/wp-json\/wp\/v2\/comments?post=16294"}],"version-history":[{"count":0,"href":"https:\/\/www.turismelacostera.com\/es\/wp-json\/wp\/v2\/pages\/16294\/revisions"}],"wp:featuredmedia":[{"embeddable":true,"href":"https:\/\/www.turismelacostera.com\/es\/wp-json\/wp\/v2\/media\/14867"}],"wp:attachment":[{"href":"https:\/\/www.turismelacostera.com\/es\/wp-json\/wp\/v2\/media?parent=16294"}],"curies":[{"name":"wp","href":"https:\/\/api.w.org\/{rel}","templated":true}]}}