{"id":16250,"date":"2020-10-26T21:26:06","date_gmt":"2020-10-26T21:26:06","guid":{"rendered":"https:\/\/www.turismelacostera.com\/museu-historic-etnologic-la-font-de-la-figuera\/"},"modified":"2021-02-10T11:24:09","modified_gmt":"2021-02-10T11:24:09","slug":"museo-historico-etnologico-la-font-de-la-figuera","status":"publish","type":"page","link":"https:\/\/www.turismelacostera.com\/es\/museos\/museo-historico-etnologico-la-font-de-la-figuera\/","title":{"rendered":"Museo hist\u00f3rico &#8211; etnol\u00f3gico (La Font de la Figuera)"},"content":{"rendered":"\t\t<div data-elementor-type=\"wp-page\" data-elementor-id=\"16250\" class=\"elementor elementor-16250 elementor-7158\" data-elementor-post-type=\"page\">\n\t\t\t\t\t\t<section class=\"elementor-section elementor-top-section elementor-element elementor-element-fcc35bc elementor-section-full_width elementor-hidden-tablet elementor-hidden-phone elementor-section-height-default elementor-section-height-default\" data-id=\"fcc35bc\" data-element_type=\"section\" data-e-type=\"section\" data-settings=\"{&quot;jet_parallax_layout_list&quot;:[{&quot;jet_parallax_layout_image&quot;:{&quot;url&quot;:&quot;&quot;,&quot;id&quot;:&quot;&quot;,&quot;size&quot;:&quot;&quot;},&quot;_id&quot;:&quot;8492ae8&quot;,&quot;jet_parallax_layout_image_tablet&quot;:{&quot;url&quot;:&quot;&quot;,&quot;id&quot;:&quot;&quot;,&quot;size&quot;:&quot;&quot;},&quot;jet_parallax_layout_image_mobile&quot;:{&quot;url&quot;:&quot;&quot;,&quot;id&quot;:&quot;&quot;,&quot;size&quot;:&quot;&quot;},&quot;jet_parallax_layout_speed&quot;:{&quot;unit&quot;:&quot;%&quot;,&quot;size&quot;:50,&quot;sizes&quot;:[]},&quot;jet_parallax_layout_type&quot;:&quot;scroll&quot;,&quot;jet_parallax_layout_direction&quot;:&quot;1&quot;,&quot;jet_parallax_layout_fx_direction&quot;:null,&quot;jet_parallax_layout_z_index&quot;:&quot;&quot;,&quot;jet_parallax_layout_bg_x&quot;:50,&quot;jet_parallax_layout_bg_x_tablet&quot;:&quot;&quot;,&quot;jet_parallax_layout_bg_x_mobile&quot;:&quot;&quot;,&quot;jet_parallax_layout_bg_y&quot;:50,&quot;jet_parallax_layout_bg_y_tablet&quot;:&quot;&quot;,&quot;jet_parallax_layout_bg_y_mobile&quot;:&quot;&quot;,&quot;jet_parallax_layout_bg_size&quot;:&quot;auto&quot;,&quot;jet_parallax_layout_bg_size_tablet&quot;:&quot;&quot;,&quot;jet_parallax_layout_bg_size_mobile&quot;:&quot;&quot;,&quot;jet_parallax_layout_animation_prop&quot;:&quot;transform&quot;,&quot;jet_parallax_layout_on&quot;:[&quot;desktop&quot;,&quot;tablet&quot;]}]}\">\n\t\t\t\t\t\t<div class=\"elementor-container elementor-column-gap-default\">\n\t\t\t\t\t<div class=\"elementor-column elementor-col-100 elementor-top-column elementor-element elementor-element-0badc18\" data-id=\"0badc18\" data-element_type=\"column\" data-e-type=\"column\">\n\t\t\t<div class=\"elementor-widget-wrap elementor-element-populated\">\n\t\t\t\t\t\t<div class=\"elementor-element elementor-element-8e2deef elementor-widget elementor-widget-raven-image\" data-id=\"8e2deef\" data-element_type=\"widget\" data-e-type=\"widget\" data-widget_type=\"raven-image.default\">\n\t\t\t\t<div class=\"elementor-widget-container\">\n\t\t\t\t\t\t\t<div class=\"raven-image\">\n\t\t\n\t\t\t\t\t\t<a href=\"https:\/\/www.turismelacostera.com\/wp-content\/uploads\/2020\/10\/museu_etnologic_font_figuera-07.jpg\" class=\"elementor-clickable\" data-elementor-open-lightbox=\"yes\">\n\t\t\n\t\t<img decoding=\"async\" src=\"https:\/\/www.turismelacostera.com\/wp-content\/uploads\/elementor\/thumbs\/museu_etnologic_font_figuera-07-oxi45uyr5edf3nvutxmtviosnvb92hiena7np9h01c.jpg\" title=\"\" alt=\"\" loading=\"lazy\" \/>\t\t\t<\/a>\n\t\t\t\t\t<\/div>\n\t\t\t\t\t\t<\/div>\n\t\t\t\t<\/div>\n\t\t\t\t\t<\/div>\n\t\t<\/div>\n\t\t\t\t\t<\/div>\n\t\t<\/section>\n\t\t\t\t<section class=\"elementor-section elementor-top-section elementor-element elementor-element-236a486 elementor-section-full_width elementor-hidden-desktop elementor-section-height-default elementor-section-height-default\" data-id=\"236a486\" data-element_type=\"section\" data-e-type=\"section\" data-settings=\"{&quot;jet_parallax_layout_list&quot;:[{&quot;jet_parallax_layout_image&quot;:{&quot;url&quot;:&quot;&quot;,&quot;id&quot;:&quot;&quot;,&quot;size&quot;:&quot;&quot;},&quot;_id&quot;:&quot;a848309&quot;,&quot;jet_parallax_layout_image_tablet&quot;:{&quot;url&quot;:&quot;&quot;,&quot;id&quot;:&quot;&quot;,&quot;size&quot;:&quot;&quot;},&quot;jet_parallax_layout_image_mobile&quot;:{&quot;url&quot;:&quot;&quot;,&quot;id&quot;:&quot;&quot;,&quot;size&quot;:&quot;&quot;},&quot;jet_parallax_layout_speed&quot;:{&quot;unit&quot;:&quot;%&quot;,&quot;size&quot;:50,&quot;sizes&quot;:[]},&quot;jet_parallax_layout_type&quot;:&quot;scroll&quot;,&quot;jet_parallax_layout_direction&quot;:&quot;1&quot;,&quot;jet_parallax_layout_fx_direction&quot;:null,&quot;jet_parallax_layout_z_index&quot;:&quot;&quot;,&quot;jet_parallax_layout_bg_x&quot;:50,&quot;jet_parallax_layout_bg_x_tablet&quot;:&quot;&quot;,&quot;jet_parallax_layout_bg_x_mobile&quot;:&quot;&quot;,&quot;jet_parallax_layout_bg_y&quot;:50,&quot;jet_parallax_layout_bg_y_tablet&quot;:&quot;&quot;,&quot;jet_parallax_layout_bg_y_mobile&quot;:&quot;&quot;,&quot;jet_parallax_layout_bg_size&quot;:&quot;auto&quot;,&quot;jet_parallax_layout_bg_size_tablet&quot;:&quot;&quot;,&quot;jet_parallax_layout_bg_size_mobile&quot;:&quot;&quot;,&quot;jet_parallax_layout_animation_prop&quot;:&quot;transform&quot;,&quot;jet_parallax_layout_on&quot;:[&quot;desktop&quot;,&quot;tablet&quot;]}]}\">\n\t\t\t\t\t\t<div class=\"elementor-container elementor-column-gap-default\">\n\t\t\t\t\t<div class=\"elementor-column elementor-col-100 elementor-top-column elementor-element elementor-element-ad6f8ea\" data-id=\"ad6f8ea\" data-element_type=\"column\" data-e-type=\"column\">\n\t\t\t<div class=\"elementor-widget-wrap elementor-element-populated\">\n\t\t\t\t\t\t<div class=\"elementor-element elementor-element-6762da2 elementor-widget elementor-widget-raven-image\" data-id=\"6762da2\" data-element_type=\"widget\" data-e-type=\"widget\" data-widget_type=\"raven-image.default\">\n\t\t\t\t<div class=\"elementor-widget-container\">\n\t\t\t\t\t\t\t<div class=\"raven-image\">\n\t\t\n\t\t\n\t\t<img decoding=\"async\" src=\"https:\/\/www.turismelacostera.com\/wp-content\/uploads\/elementor\/thumbs\/museu_etnologic_font_figuera-07-oxi45uyr5eg5bb4fn3amtmouibvf6r0340l9fgsvg0.jpg\" title=\"\" alt=\"\" loading=\"lazy\" \/>\t\t<\/div>\n\t\t\t\t\t\t<\/div>\n\t\t\t\t<\/div>\n\t\t\t\t\t<\/div>\n\t\t<\/div>\n\t\t\t\t\t<\/div>\n\t\t<\/section>\n\t\t\t\t<section class=\"elementor-section elementor-top-section elementor-element elementor-element-9bbae8a elementor-section-content-middle elementor-section-stretched elementor-section-boxed elementor-section-height-default elementor-section-height-default\" data-id=\"9bbae8a\" data-element_type=\"section\" data-e-type=\"section\" id=\"pobles\" data-settings=\"{&quot;stretch_section&quot;:&quot;section-stretched&quot;,&quot;jet_parallax_layout_list&quot;:[{&quot;jet_parallax_layout_image&quot;:{&quot;url&quot;:&quot;&quot;,&quot;id&quot;:&quot;&quot;,&quot;size&quot;:&quot;&quot;},&quot;_id&quot;:&quot;69e5e79&quot;,&quot;jet_parallax_layout_speed&quot;:{&quot;unit&quot;:&quot;%&quot;,&quot;size&quot;:50,&quot;sizes&quot;:[]},&quot;jet_parallax_layout_image_tablet&quot;:{&quot;url&quot;:&quot;&quot;,&quot;id&quot;:&quot;&quot;,&quot;size&quot;:&quot;&quot;},&quot;jet_parallax_layout_image_mobile&quot;:{&quot;url&quot;:&quot;&quot;,&quot;id&quot;:&quot;&quot;,&quot;size&quot;:&quot;&quot;},&quot;jet_parallax_layout_type&quot;:&quot;scroll&quot;,&quot;jet_parallax_layout_direction&quot;:&quot;1&quot;,&quot;jet_parallax_layout_fx_direction&quot;:null,&quot;jet_parallax_layout_z_index&quot;:&quot;&quot;,&quot;jet_parallax_layout_bg_x&quot;:50,&quot;jet_parallax_layout_bg_x_tablet&quot;:&quot;&quot;,&quot;jet_parallax_layout_bg_x_mobile&quot;:&quot;&quot;,&quot;jet_parallax_layout_bg_y&quot;:50,&quot;jet_parallax_layout_bg_y_tablet&quot;:&quot;&quot;,&quot;jet_parallax_layout_bg_y_mobile&quot;:&quot;&quot;,&quot;jet_parallax_layout_bg_size&quot;:&quot;auto&quot;,&quot;jet_parallax_layout_bg_size_tablet&quot;:&quot;&quot;,&quot;jet_parallax_layout_bg_size_mobile&quot;:&quot;&quot;,&quot;jet_parallax_layout_animation_prop&quot;:&quot;transform&quot;,&quot;jet_parallax_layout_on&quot;:[&quot;desktop&quot;,&quot;tablet&quot;]}]}\">\n\t\t\t\t\t\t\t<div class=\"elementor-background-overlay\"><\/div>\n\t\t\t\t\t\t\t<div class=\"elementor-container elementor-column-gap-default\">\n\t\t\t\t\t<div class=\"elementor-column elementor-col-100 elementor-top-column elementor-element elementor-element-ce89ef7\" data-id=\"ce89ef7\" data-element_type=\"column\" data-e-type=\"column\">\n\t\t\t<div class=\"elementor-widget-wrap elementor-element-populated\">\n\t\t\t\t\t\t<div class=\"elementor-element elementor-element-a69dcf2 elementor-widget elementor-widget-text-editor\" data-id=\"a69dcf2\" data-element_type=\"widget\" data-e-type=\"widget\" data-widget_type=\"text-editor.default\">\n\t\t\t\t<div class=\"elementor-widget-container\">\n\t\t\t\t\t\t\t\t\t<p><a href=\"https:\/\/www.turismelacostera.com\/es\/?page_id=16215\">MUSEOS<\/a> \/ <a href=\"https:\/\/www.turismelacostera.com\/es\/?page_id=16396\">LA FONT DE LA FIGUERA<\/a><\/p>\t\t\t\t\t\t\t\t<\/div>\n\t\t\t\t<\/div>\n\t\t\t\t<div class=\"elementor-element elementor-element-86ee19a elementor-widget elementor-widget-heading\" data-id=\"86ee19a\" data-element_type=\"widget\" data-e-type=\"widget\" data-widget_type=\"heading.default\">\n\t\t\t\t<div class=\"elementor-widget-container\">\n\t\t\t\t\t<h2 class=\"elementor-heading-title elementor-size-default\">Museo hist\u00f3rico - etnol\u00f3gico <br>'La Costera'<\/h2>\t\t\t\t<\/div>\n\t\t\t\t<\/div>\n\t\t\t\t<div class=\"elementor-element elementor-element-9e05e7a elementor-widget-divider--view-line elementor-widget elementor-widget-divider\" data-id=\"9e05e7a\" data-element_type=\"widget\" data-e-type=\"widget\" data-widget_type=\"divider.default\">\n\t\t\t\t<div class=\"elementor-widget-container\">\n\t\t\t\t\t\t\t<div class=\"elementor-divider\">\n\t\t\t<span class=\"elementor-divider-separator\">\n\t\t\t\t\t\t<\/span>\n\t\t<\/div>\n\t\t\t\t\t\t<\/div>\n\t\t\t\t<\/div>\n\t\t\t\t<div class=\"elementor-element elementor-element-b2ed595 elementor-widget elementor-widget-text-editor\" data-id=\"b2ed595\" data-element_type=\"widget\" data-e-type=\"widget\" data-widget_type=\"text-editor.default\">\n\t\t\t\t<div class=\"elementor-widget-container\">\n\t\t\t\t\t\t\t\t\t<p>El Museo Hist\u00f3rico-Etnol\u00f3gico La Costera est\u00e1 situado en una bodega rehabilitada de finales del siglo XVIII: <strong>la bodega de Les<\/strong><em><strong> Masseretes<\/strong><\/em>. El museo nace con el alma de conservar y mantener viva la memoria hist\u00f3rica, las ra\u00edces, costumbres y tradiciones de un pueblo. Una muestra donde conoceremos el proceso de la elaboraci\u00f3n del vino de forma tradicional en un espacio expositivo de 450 m\u00b2.<\/p>\t\t\t\t\t\t\t\t<\/div>\n\t\t\t\t<\/div>\n\t\t\t\t\t<\/div>\n\t\t<\/div>\n\t\t\t\t\t<\/div>\n\t\t<\/section>\n\t\t\t\t<section class=\"elementor-section elementor-top-section elementor-element elementor-element-0dccb42 elementor-section-full_width elementor-section-stretched elementor-section-height-default elementor-section-height-default\" data-id=\"0dccb42\" data-element_type=\"section\" data-e-type=\"section\" data-settings=\"{&quot;jet_parallax_layout_list&quot;:[{&quot;jet_parallax_layout_image&quot;:{&quot;url&quot;:&quot;&quot;,&quot;id&quot;:&quot;&quot;,&quot;size&quot;:&quot;&quot;},&quot;_id&quot;:&quot;b68b6ea&quot;,&quot;jet_parallax_layout_image_tablet&quot;:{&quot;url&quot;:&quot;&quot;,&quot;id&quot;:&quot;&quot;,&quot;size&quot;:&quot;&quot;},&quot;jet_parallax_layout_image_mobile&quot;:{&quot;url&quot;:&quot;&quot;,&quot;id&quot;:&quot;&quot;,&quot;size&quot;:&quot;&quot;},&quot;jet_parallax_layout_speed&quot;:{&quot;unit&quot;:&quot;%&quot;,&quot;size&quot;:50,&quot;sizes&quot;:[]},&quot;jet_parallax_layout_type&quot;:&quot;scroll&quot;,&quot;jet_parallax_layout_direction&quot;:&quot;1&quot;,&quot;jet_parallax_layout_fx_direction&quot;:null,&quot;jet_parallax_layout_z_index&quot;:&quot;&quot;,&quot;jet_parallax_layout_bg_x&quot;:50,&quot;jet_parallax_layout_bg_x_tablet&quot;:&quot;&quot;,&quot;jet_parallax_layout_bg_x_mobile&quot;:&quot;&quot;,&quot;jet_parallax_layout_bg_y&quot;:50,&quot;jet_parallax_layout_bg_y_tablet&quot;:&quot;&quot;,&quot;jet_parallax_layout_bg_y_mobile&quot;:&quot;&quot;,&quot;jet_parallax_layout_bg_size&quot;:&quot;auto&quot;,&quot;jet_parallax_layout_bg_size_tablet&quot;:&quot;&quot;,&quot;jet_parallax_layout_bg_size_mobile&quot;:&quot;&quot;,&quot;jet_parallax_layout_animation_prop&quot;:&quot;transform&quot;,&quot;jet_parallax_layout_on&quot;:[&quot;desktop&quot;,&quot;tablet&quot;]}],&quot;background_background&quot;:&quot;classic&quot;,&quot;shape_divider_top&quot;:&quot;arrow&quot;,&quot;stretch_section&quot;:&quot;section-stretched&quot;}\">\n\t\t\t\t\t<div class=\"elementor-shape elementor-shape-top\" aria-hidden=\"true\" data-negative=\"false\">\n\t\t\t<svg xmlns=\"http:\/\/www.w3.org\/2000\/svg\" viewBox=\"0 0 700 10\" preserveAspectRatio=\"none\">\n\t<path class=\"elementor-shape-fill\" d=\"M350,10L340,0h20L350,10z\"\/>\n<\/svg>\t\t<\/div>\n\t\t\t\t\t<div class=\"elementor-container elementor-column-gap-default\">\n\t\t\t\t\t<div class=\"elementor-column elementor-col-100 elementor-top-column elementor-element elementor-element-d635c7b\" data-id=\"d635c7b\" data-element_type=\"column\" data-e-type=\"column\">\n\t\t\t<div class=\"elementor-widget-wrap elementor-element-populated\">\n\t\t\t\t\t\t<div class=\"elementor-element elementor-element-f2d5043 elementor-widget elementor-widget-jet-video\" data-id=\"f2d5043\" data-element_type=\"widget\" data-e-type=\"widget\" id=\"video\" data-widget_type=\"jet-video.default\">\n\t\t\t\t<div class=\"elementor-widget-container\">\n\t\t\t\t\t<div class=\"elementor-jet-video jet-elements\">\n<div class=\"jet-video jet-video--fa5-compat jet-video-aspect-ratio jet-video-aspect-ratio--16-9\" data-settings=\"{&quot;lightbox&quot;:false,&quot;autoplay&quot;:false}\"><iframe class=\"jet-video-iframe\" allowfullscreen allow=\"autoplay;encrypted-media\" title=\"Reproductor de v\u00eddeo youtube\" data-lazy-load=\"https:\/\/www.youtube.com\/embed\/mxu8H2lj4UA?feature=oembed&amp;start&amp;end&amp;wmode=opaque&amp;autoplay=0&amp;loop=0&amp;controls=1&amp;mute=0&amp;rel=0&amp;modestbranding=0\"><\/iframe>\n<div class=\"jet-video__overlay jet-video__overlay--custom-bg\" style=\"background-image: url(https:\/\/i.ytimg.com\/vi_webp\/mxu8H2lj4UA\/maxresdefault.webp);\">\n<div class=\"jet-video__play-button jet-video__play-button--animation-pulse\" role=\"button\" tabindex=\"0\" aria-label=\"Video play button\"><span class=\"jet-elements-icon jet-video__play-button-icon\"><i aria-hidden=\"true\" class=\"far fa-play-circle\"><\/i><\/span>\t<span class=\"elementor-screen-only\">Play Video<\/span>\n<\/div>\n<\/div>\n<\/div>\n<\/div>\t\t\t\t<\/div>\n\t\t\t\t<\/div>\n\t\t\t\t\t<\/div>\n\t\t<\/div>\n\t\t\t\t\t<\/div>\n\t\t<\/section>\n\t\t\t\t<section class=\"elementor-section elementor-top-section elementor-element elementor-element-ac8ce1a elementor-section-content-middle elementor-section-stretched elementor-section-boxed elementor-section-height-default elementor-section-height-default\" data-id=\"ac8ce1a\" data-element_type=\"section\" data-e-type=\"section\" id=\"pobles\" data-settings=\"{&quot;stretch_section&quot;:&quot;section-stretched&quot;,&quot;jet_parallax_layout_list&quot;:[{&quot;jet_parallax_layout_image&quot;:{&quot;url&quot;:&quot;&quot;,&quot;id&quot;:&quot;&quot;,&quot;size&quot;:&quot;&quot;},&quot;_id&quot;:&quot;69e5e79&quot;,&quot;jet_parallax_layout_speed&quot;:{&quot;unit&quot;:&quot;%&quot;,&quot;size&quot;:50,&quot;sizes&quot;:[]},&quot;jet_parallax_layout_image_tablet&quot;:{&quot;url&quot;:&quot;&quot;,&quot;id&quot;:&quot;&quot;,&quot;size&quot;:&quot;&quot;},&quot;jet_parallax_layout_image_mobile&quot;:{&quot;url&quot;:&quot;&quot;,&quot;id&quot;:&quot;&quot;,&quot;size&quot;:&quot;&quot;},&quot;jet_parallax_layout_type&quot;:&quot;scroll&quot;,&quot;jet_parallax_layout_direction&quot;:&quot;1&quot;,&quot;jet_parallax_layout_fx_direction&quot;:null,&quot;jet_parallax_layout_z_index&quot;:&quot;&quot;,&quot;jet_parallax_layout_bg_x&quot;:50,&quot;jet_parallax_layout_bg_x_tablet&quot;:&quot;&quot;,&quot;jet_parallax_layout_bg_x_mobile&quot;:&quot;&quot;,&quot;jet_parallax_layout_bg_y&quot;:50,&quot;jet_parallax_layout_bg_y_tablet&quot;:&quot;&quot;,&quot;jet_parallax_layout_bg_y_mobile&quot;:&quot;&quot;,&quot;jet_parallax_layout_bg_size&quot;:&quot;auto&quot;,&quot;jet_parallax_layout_bg_size_tablet&quot;:&quot;&quot;,&quot;jet_parallax_layout_bg_size_mobile&quot;:&quot;&quot;,&quot;jet_parallax_layout_animation_prop&quot;:&quot;transform&quot;,&quot;jet_parallax_layout_on&quot;:[&quot;desktop&quot;,&quot;tablet&quot;]}]}\">\n\t\t\t\t\t\t\t<div class=\"elementor-background-overlay\"><\/div>\n\t\t\t\t\t\t\t<div class=\"elementor-container elementor-column-gap-default\">\n\t\t\t\t\t<div class=\"elementor-column elementor-col-100 elementor-top-column elementor-element elementor-element-f188f30\" data-id=\"f188f30\" data-element_type=\"column\" data-e-type=\"column\">\n\t\t\t<div class=\"elementor-widget-wrap elementor-element-populated\">\n\t\t\t\t\t\t<div class=\"elementor-element elementor-element-a3ab492 elementor-widget elementor-widget-text-editor\" data-id=\"a3ab492\" data-element_type=\"widget\" data-e-type=\"widget\" data-widget_type=\"text-editor.default\">\n\t\t\t\t<div class=\"elementor-widget-container\">\n\t\t\t\t\t\t\t\t\t<p>Tradicionalmente en el proceso de la elaboraci\u00f3n del vino se aprovechaba el t\u00edpico desnivel de las calles del pueblo para hacer posible la decantaci\u00f3n natural de los restos del proceso de fermentaci\u00f3n de los vinos. En el museo se recrea una peque\u00f1a <strong>bodega<\/strong> de tipo semi-industrial, subterr\u00e1nea, con las caracter\u00edsticas <strong>jarras sepultadas<\/strong>.<\/p>\t\t\t\t\t\t\t\t<\/div>\n\t\t\t\t<\/div>\n\t\t\t\t\t<\/div>\n\t\t<\/div>\n\t\t\t\t\t<\/div>\n\t\t<\/section>\n\t\t\t\t<section class=\"elementor-section elementor-top-section elementor-element elementor-element-6b4c257 elementor-section-full_width elementor-section-height-min-height elementor-section-height-default elementor-section-items-middle\" data-id=\"6b4c257\" data-element_type=\"section\" data-e-type=\"section\" data-settings=\"{&quot;jet_parallax_layout_list&quot;:[{&quot;jet_parallax_layout_image&quot;:{&quot;url&quot;:&quot;&quot;,&quot;id&quot;:&quot;&quot;,&quot;size&quot;:&quot;&quot;},&quot;_id&quot;:&quot;b68b6ea&quot;,&quot;jet_parallax_layout_image_tablet&quot;:{&quot;url&quot;:&quot;&quot;,&quot;id&quot;:&quot;&quot;,&quot;size&quot;:&quot;&quot;},&quot;jet_parallax_layout_image_mobile&quot;:{&quot;url&quot;:&quot;&quot;,&quot;id&quot;:&quot;&quot;,&quot;size&quot;:&quot;&quot;},&quot;jet_parallax_layout_speed&quot;:{&quot;unit&quot;:&quot;%&quot;,&quot;size&quot;:50,&quot;sizes&quot;:[]},&quot;jet_parallax_layout_type&quot;:&quot;scroll&quot;,&quot;jet_parallax_layout_direction&quot;:&quot;1&quot;,&quot;jet_parallax_layout_fx_direction&quot;:null,&quot;jet_parallax_layout_z_index&quot;:&quot;&quot;,&quot;jet_parallax_layout_bg_x&quot;:50,&quot;jet_parallax_layout_bg_x_tablet&quot;:&quot;&quot;,&quot;jet_parallax_layout_bg_x_mobile&quot;:&quot;&quot;,&quot;jet_parallax_layout_bg_y&quot;:50,&quot;jet_parallax_layout_bg_y_tablet&quot;:&quot;&quot;,&quot;jet_parallax_layout_bg_y_mobile&quot;:&quot;&quot;,&quot;jet_parallax_layout_bg_size&quot;:&quot;auto&quot;,&quot;jet_parallax_layout_bg_size_tablet&quot;:&quot;&quot;,&quot;jet_parallax_layout_bg_size_mobile&quot;:&quot;&quot;,&quot;jet_parallax_layout_animation_prop&quot;:&quot;transform&quot;,&quot;jet_parallax_layout_on&quot;:[&quot;desktop&quot;,&quot;tablet&quot;]}],&quot;background_background&quot;:&quot;classic&quot;,&quot;shape_divider_top&quot;:&quot;arrow&quot;}\">\n\t\t\t\t\t<div class=\"elementor-shape elementor-shape-top\" aria-hidden=\"true\" data-negative=\"false\">\n\t\t\t<svg xmlns=\"http:\/\/www.w3.org\/2000\/svg\" viewBox=\"0 0 700 10\" preserveAspectRatio=\"none\">\n\t<path class=\"elementor-shape-fill\" d=\"M350,10L340,0h20L350,10z\"\/>\n<\/svg>\t\t<\/div>\n\t\t\t\t\t<div class=\"elementor-container elementor-column-gap-default\">\n\t\t\t\t\t<div class=\"elementor-column elementor-col-100 elementor-top-column elementor-element elementor-element-8f17990\" data-id=\"8f17990\" data-element_type=\"column\" data-e-type=\"column\">\n\t\t\t<div class=\"elementor-widget-wrap\">\n\t\t\t\t\t\t\t<\/div>\n\t\t<\/div>\n\t\t\t\t\t<\/div>\n\t\t<\/section>\n\t\t\t\t<section class=\"elementor-section elementor-top-section elementor-element elementor-element-606c32a elementor-section-content-middle elementor-section-stretched elementor-section-boxed elementor-section-height-default elementor-section-height-default\" data-id=\"606c32a\" data-element_type=\"section\" data-e-type=\"section\" id=\"pobles\" data-settings=\"{&quot;stretch_section&quot;:&quot;section-stretched&quot;,&quot;jet_parallax_layout_list&quot;:[{&quot;jet_parallax_layout_image&quot;:{&quot;url&quot;:&quot;&quot;,&quot;id&quot;:&quot;&quot;,&quot;size&quot;:&quot;&quot;},&quot;_id&quot;:&quot;69e5e79&quot;,&quot;jet_parallax_layout_speed&quot;:{&quot;unit&quot;:&quot;%&quot;,&quot;size&quot;:50,&quot;sizes&quot;:[]},&quot;jet_parallax_layout_image_tablet&quot;:{&quot;url&quot;:&quot;&quot;,&quot;id&quot;:&quot;&quot;,&quot;size&quot;:&quot;&quot;},&quot;jet_parallax_layout_image_mobile&quot;:{&quot;url&quot;:&quot;&quot;,&quot;id&quot;:&quot;&quot;,&quot;size&quot;:&quot;&quot;},&quot;jet_parallax_layout_type&quot;:&quot;scroll&quot;,&quot;jet_parallax_layout_direction&quot;:&quot;1&quot;,&quot;jet_parallax_layout_fx_direction&quot;:null,&quot;jet_parallax_layout_z_index&quot;:&quot;&quot;,&quot;jet_parallax_layout_bg_x&quot;:50,&quot;jet_parallax_layout_bg_x_tablet&quot;:&quot;&quot;,&quot;jet_parallax_layout_bg_x_mobile&quot;:&quot;&quot;,&quot;jet_parallax_layout_bg_y&quot;:50,&quot;jet_parallax_layout_bg_y_tablet&quot;:&quot;&quot;,&quot;jet_parallax_layout_bg_y_mobile&quot;:&quot;&quot;,&quot;jet_parallax_layout_bg_size&quot;:&quot;auto&quot;,&quot;jet_parallax_layout_bg_size_tablet&quot;:&quot;&quot;,&quot;jet_parallax_layout_bg_size_mobile&quot;:&quot;&quot;,&quot;jet_parallax_layout_animation_prop&quot;:&quot;transform&quot;,&quot;jet_parallax_layout_on&quot;:[&quot;desktop&quot;,&quot;tablet&quot;]}]}\">\n\t\t\t\t\t\t\t<div class=\"elementor-background-overlay\"><\/div>\n\t\t\t\t\t\t\t<div class=\"elementor-container elementor-column-gap-default\">\n\t\t\t\t\t<div class=\"elementor-column elementor-col-100 elementor-top-column elementor-element elementor-element-27a7f6f\" data-id=\"27a7f6f\" data-element_type=\"column\" data-e-type=\"column\">\n\t\t\t<div class=\"elementor-widget-wrap elementor-element-populated\">\n\t\t\t\t\t\t<div class=\"elementor-element elementor-element-d17c112 elementor-widget elementor-widget-text-editor\" data-id=\"d17c112\" data-element_type=\"widget\" data-e-type=\"widget\" data-widget_type=\"text-editor.default\">\n\t\t\t\t<div class=\"elementor-widget-container\">\n\t\t\t\t\t\t\t\t\t<p>Adem\u00e1s, el museo contiene otros espacios diferenciados, como la <strong>recreaci\u00f3n de una casa t\u00edpica<\/strong> documentada desde el siglo XVI, una <strong>almazara<\/strong> y la recreacci\u00f3n de una <strong>destiler\u00eda de licores y aguardientes<\/strong> de principios del XX.<\/p><p>El edificio, tambi\u00e9n dispone de un espacio dedicado a <strong>Vicent Tortosa i Biosca<\/strong>, pintor, poeta y artista fallero, donde se exponen las figuras de gigantes y cabezudos que se utilizan en fiestas se\u00f1aladas y que fueron proporcionadas por este artista al municipio, y finalmente presenta un espacio di\u00e1fano destinado a exposiciones itinerantes o monogr\u00e1ficas.<\/p><p>La visita al museo incluye la proyecci\u00f3n de audiovisuales sobre el trabajo en la vi\u00f1a, la elaboraci\u00f3n del vino y la matanza del cerdo.<\/p>\t\t\t\t\t\t\t\t<\/div>\n\t\t\t\t<\/div>\n\t\t\t\t<div class=\"elementor-element elementor-element-c651e86 gallery-spacing-custom elementor-widget elementor-widget-image-gallery\" data-id=\"c651e86\" data-element_type=\"widget\" data-e-type=\"widget\" data-widget_type=\"image-gallery.default\">\n\t\t\t\t<div class=\"elementor-widget-container\">\n\t\t\t\t\t\t\t<div class=\"elementor-image-gallery\">\n\t\t\t<div id='gallery-1' class='gallery galleryid-16250 gallery-columns-5 gallery-size-ImageSize500x500'><figure class='gallery-item'>\n\t\t\t<div class='gallery-icon landscape'>\n\t\t\t\t<a data-elementor-open-lightbox=\"yes\" data-elementor-lightbox-slideshow=\"c651e86\" data-e-action-hash=\"#elementor-action%3Aaction%3Dlightbox%26settings%3DeyJpZCI6MTQ4MzEsInVybCI6Imh0dHBzOlwvXC93d3cudHVyaXNtZWxhY29zdGVyYS5jb21cL3dwLWNvbnRlbnRcL3VwbG9hZHNcLzIwMjBcLzEwXC9tdXNldV9ldG5vbG9naWNfZm9udF9maWd1ZXJhLTEwLTEuanBnIiwic2xpZGVzaG93IjoiYzY1MWU4NiJ9\" href='https:\/\/www.turismelacostera.com\/wp-content\/uploads\/2020\/10\/museu_etnologic_font_figuera-10-1.jpg'><img fetchpriority=\"high\" decoding=\"async\" width=\"500\" height=\"500\" src=\"https:\/\/www.turismelacostera.com\/wp-content\/uploads\/2020\/10\/museu_etnologic_font_figuera-10-1-500x500.jpg\" class=\"attachment-Image Size 500x500 size-Image Size 500x500\" alt=\"\" srcset=\"https:\/\/www.turismelacostera.com\/wp-content\/uploads\/2020\/10\/museu_etnologic_font_figuera-10-1-500x500.jpg 500w, https:\/\/www.turismelacostera.com\/wp-content\/uploads\/2020\/10\/museu_etnologic_font_figuera-10-1-150x150.jpg 150w\" sizes=\"(max-width: 500px) 100vw, 500px\" \/><\/a>\n\t\t\t<\/div><\/figure><figure class='gallery-item'>\n\t\t\t<div class='gallery-icon landscape'>\n\t\t\t\t<a data-elementor-open-lightbox=\"yes\" data-elementor-lightbox-slideshow=\"c651e86\" data-e-action-hash=\"#elementor-action%3Aaction%3Dlightbox%26settings%3DeyJpZCI6MTQ4MjUsInVybCI6Imh0dHBzOlwvXC93d3cudHVyaXNtZWxhY29zdGVyYS5jb21cL3dwLWNvbnRlbnRcL3VwbG9hZHNcLzIwMjBcLzEwXC9tdXNldV9ldG5vbG9naWNfZm9udF9maWd1ZXJhLTAyLTEuanBnIiwic2xpZGVzaG93IjoiYzY1MWU4NiJ9\" href='https:\/\/www.turismelacostera.com\/wp-content\/uploads\/2020\/10\/museu_etnologic_font_figuera-02-1.jpg'><img decoding=\"async\" width=\"500\" height=\"500\" src=\"https:\/\/www.turismelacostera.com\/wp-content\/uploads\/2020\/10\/museu_etnologic_font_figuera-02-1-500x500.jpg\" class=\"attachment-Image Size 500x500 size-Image Size 500x500\" alt=\"\" srcset=\"https:\/\/www.turismelacostera.com\/wp-content\/uploads\/2020\/10\/museu_etnologic_font_figuera-02-1-500x500.jpg 500w, https:\/\/www.turismelacostera.com\/wp-content\/uploads\/2020\/10\/museu_etnologic_font_figuera-02-1-150x150.jpg 150w\" sizes=\"(max-width: 500px) 100vw, 500px\" \/><\/a>\n\t\t\t<\/div><\/figure><figure class='gallery-item'>\n\t\t\t<div class='gallery-icon landscape'>\n\t\t\t\t<a data-elementor-open-lightbox=\"yes\" data-elementor-lightbox-slideshow=\"c651e86\" data-e-action-hash=\"#elementor-action%3Aaction%3Dlightbox%26settings%3DeyJpZCI6MTQ4MjcsInVybCI6Imh0dHBzOlwvXC93d3cudHVyaXNtZWxhY29zdGVyYS5jb21cL3dwLWNvbnRlbnRcL3VwbG9hZHNcLzIwMjBcLzEwXC9tdXNldV9ldG5vbG9naWNfZm9udF9maWd1ZXJhLTA0LTEuanBnIiwic2xpZGVzaG93IjoiYzY1MWU4NiJ9\" href='https:\/\/www.turismelacostera.com\/wp-content\/uploads\/2020\/10\/museu_etnologic_font_figuera-04-1.jpg'><img decoding=\"async\" width=\"500\" height=\"500\" src=\"https:\/\/www.turismelacostera.com\/wp-content\/uploads\/2020\/10\/museu_etnologic_font_figuera-04-1-500x500.jpg\" class=\"attachment-Image Size 500x500 size-Image Size 500x500\" alt=\"\" srcset=\"https:\/\/www.turismelacostera.com\/wp-content\/uploads\/2020\/10\/museu_etnologic_font_figuera-04-1-500x500.jpg 500w, https:\/\/www.turismelacostera.com\/wp-content\/uploads\/2020\/10\/museu_etnologic_font_figuera-04-1-150x150.jpg 150w\" sizes=\"(max-width: 500px) 100vw, 500px\" \/><\/a>\n\t\t\t<\/div><\/figure><figure class='gallery-item'>\n\t\t\t<div class='gallery-icon landscape'>\n\t\t\t\t<a data-elementor-open-lightbox=\"yes\" data-elementor-lightbox-slideshow=\"c651e86\" data-e-action-hash=\"#elementor-action%3Aaction%3Dlightbox%26settings%3DeyJpZCI6MTQ4MjYsInVybCI6Imh0dHBzOlwvXC93d3cudHVyaXNtZWxhY29zdGVyYS5jb21cL3dwLWNvbnRlbnRcL3VwbG9hZHNcLzIwMjBcLzEwXC9tdXNldV9ldG5vbG9naWNfZm9udF9maWd1ZXJhLTAzLTEuanBnIiwic2xpZGVzaG93IjoiYzY1MWU4NiJ9\" href='https:\/\/www.turismelacostera.com\/wp-content\/uploads\/2020\/10\/museu_etnologic_font_figuera-03-1.jpg'><img loading=\"lazy\" decoding=\"async\" width=\"500\" height=\"500\" src=\"https:\/\/www.turismelacostera.com\/wp-content\/uploads\/2020\/10\/museu_etnologic_font_figuera-03-1-500x500.jpg\" class=\"attachment-Image Size 500x500 size-Image Size 500x500\" alt=\"\" srcset=\"https:\/\/www.turismelacostera.com\/wp-content\/uploads\/2020\/10\/museu_etnologic_font_figuera-03-1-500x500.jpg 500w, https:\/\/www.turismelacostera.com\/wp-content\/uploads\/2020\/10\/museu_etnologic_font_figuera-03-1-150x150.jpg 150w\" sizes=\"(max-width: 500px) 100vw, 500px\" \/><\/a>\n\t\t\t<\/div><\/figure><figure class='gallery-item'>\n\t\t\t<div class='gallery-icon landscape'>\n\t\t\t\t<a data-elementor-open-lightbox=\"yes\" data-elementor-lightbox-slideshow=\"c651e86\" data-e-action-hash=\"#elementor-action%3Aaction%3Dlightbox%26settings%3DeyJpZCI6MTQ4MzAsInVybCI6Imh0dHBzOlwvXC93d3cudHVyaXNtZWxhY29zdGVyYS5jb21cL3dwLWNvbnRlbnRcL3VwbG9hZHNcLzIwMjBcLzEwXC9tdXNldV9ldG5vbG9naWNfZm9udF9maWd1ZXJhLTA5LTEuanBnIiwic2xpZGVzaG93IjoiYzY1MWU4NiJ9\" href='https:\/\/www.turismelacostera.com\/wp-content\/uploads\/2020\/10\/museu_etnologic_font_figuera-09-1.jpg'><img loading=\"lazy\" decoding=\"async\" width=\"500\" height=\"500\" src=\"https:\/\/www.turismelacostera.com\/wp-content\/uploads\/2020\/10\/museu_etnologic_font_figuera-09-1-500x500.jpg\" class=\"attachment-Image Size 500x500 size-Image Size 500x500\" alt=\"\" srcset=\"https:\/\/www.turismelacostera.com\/wp-content\/uploads\/2020\/10\/museu_etnologic_font_figuera-09-1-500x500.jpg 500w, https:\/\/www.turismelacostera.com\/wp-content\/uploads\/2020\/10\/museu_etnologic_font_figuera-09-1-150x150.jpg 150w\" sizes=\"(max-width: 500px) 100vw, 500px\" \/><\/a>\n\t\t\t<\/div><\/figure><figure class='gallery-item'>\n\t\t\t<div class='gallery-icon portrait'>\n\t\t\t\t<a data-elementor-open-lightbox=\"yes\" data-elementor-lightbox-slideshow=\"c651e86\" data-e-action-hash=\"#elementor-action%3Aaction%3Dlightbox%26settings%3DeyJpZCI6MTQ4MzQsInVybCI6Imh0dHBzOlwvXC93d3cudHVyaXNtZWxhY29zdGVyYS5jb21cL3dwLWNvbnRlbnRcL3VwbG9hZHNcLzIwMjBcLzEwXC9tdXNldV9ldG5vbG9naWNfZm9udF9maWd1ZXJhLTEzLmpwZyIsInNsaWRlc2hvdyI6ImM2NTFlODYifQ%3D%3D\" href='https:\/\/www.turismelacostera.com\/wp-content\/uploads\/2020\/10\/museu_etnologic_font_figuera-13.jpg'><img loading=\"lazy\" decoding=\"async\" width=\"500\" height=\"500\" src=\"https:\/\/www.turismelacostera.com\/wp-content\/uploads\/2020\/10\/museu_etnologic_font_figuera-13-500x500.jpg\" class=\"attachment-Image Size 500x500 size-Image Size 500x500\" alt=\"\" srcset=\"https:\/\/www.turismelacostera.com\/wp-content\/uploads\/2020\/10\/museu_etnologic_font_figuera-13-500x500.jpg 500w, https:\/\/www.turismelacostera.com\/wp-content\/uploads\/2020\/10\/museu_etnologic_font_figuera-13-150x150.jpg 150w\" sizes=\"(max-width: 500px) 100vw, 500px\" \/><\/a>\n\t\t\t<\/div><\/figure><figure class='gallery-item'>\n\t\t\t<div class='gallery-icon portrait'>\n\t\t\t\t<a data-elementor-open-lightbox=\"yes\" data-elementor-lightbox-slideshow=\"c651e86\" data-e-action-hash=\"#elementor-action%3Aaction%3Dlightbox%26settings%3DeyJpZCI6MTQ4MzMsInVybCI6Imh0dHBzOlwvXC93d3cudHVyaXNtZWxhY29zdGVyYS5jb21cL3dwLWNvbnRlbnRcL3VwbG9hZHNcLzIwMjBcLzEwXC9tdXNldV9ldG5vbG9naWNfZm9udF9maWd1ZXJhLTEyLTEuanBnIiwic2xpZGVzaG93IjoiYzY1MWU4NiJ9\" href='https:\/\/www.turismelacostera.com\/wp-content\/uploads\/2020\/10\/museu_etnologic_font_figuera-12-1.jpg'><img loading=\"lazy\" decoding=\"async\" width=\"500\" height=\"500\" src=\"https:\/\/www.turismelacostera.com\/wp-content\/uploads\/2020\/10\/museu_etnologic_font_figuera-12-1-500x500.jpg\" class=\"attachment-Image Size 500x500 size-Image Size 500x500\" alt=\"\" srcset=\"https:\/\/www.turismelacostera.com\/wp-content\/uploads\/2020\/10\/museu_etnologic_font_figuera-12-1-500x500.jpg 500w, https:\/\/www.turismelacostera.com\/wp-content\/uploads\/2020\/10\/museu_etnologic_font_figuera-12-1-150x150.jpg 150w\" sizes=\"(max-width: 500px) 100vw, 500px\" \/><\/a>\n\t\t\t<\/div><\/figure><figure class='gallery-item'>\n\t\t\t<div class='gallery-icon landscape'>\n\t\t\t\t<a data-elementor-open-lightbox=\"yes\" data-elementor-lightbox-slideshow=\"c651e86\" data-e-action-hash=\"#elementor-action%3Aaction%3Dlightbox%26settings%3DeyJpZCI6MTQ4MjgsInVybCI6Imh0dHBzOlwvXC93d3cudHVyaXNtZWxhY29zdGVyYS5jb21cL3dwLWNvbnRlbnRcL3VwbG9hZHNcLzIwMjBcLzEwXC9tdXNldV9ldG5vbG9naWNfZm9udF9maWd1ZXJhLTA1LTEuanBnIiwic2xpZGVzaG93IjoiYzY1MWU4NiJ9\" href='https:\/\/www.turismelacostera.com\/wp-content\/uploads\/2020\/10\/museu_etnologic_font_figuera-05-1.jpg'><img loading=\"lazy\" decoding=\"async\" width=\"500\" height=\"500\" src=\"https:\/\/www.turismelacostera.com\/wp-content\/uploads\/2020\/10\/museu_etnologic_font_figuera-05-1-500x500.jpg\" class=\"attachment-Image Size 500x500 size-Image Size 500x500\" alt=\"\" srcset=\"https:\/\/www.turismelacostera.com\/wp-content\/uploads\/2020\/10\/museu_etnologic_font_figuera-05-1-500x500.jpg 500w, https:\/\/www.turismelacostera.com\/wp-content\/uploads\/2020\/10\/museu_etnologic_font_figuera-05-1-150x150.jpg 150w\" sizes=\"(max-width: 500px) 100vw, 500px\" \/><\/a>\n\t\t\t<\/div><\/figure><figure class='gallery-item'>\n\t\t\t<div class='gallery-icon portrait'>\n\t\t\t\t<a data-elementor-open-lightbox=\"yes\" data-elementor-lightbox-slideshow=\"c651e86\" data-e-action-hash=\"#elementor-action%3Aaction%3Dlightbox%26settings%3DeyJpZCI6MTQ4MzIsInVybCI6Imh0dHBzOlwvXC93d3cudHVyaXNtZWxhY29zdGVyYS5jb21cL3dwLWNvbnRlbnRcL3VwbG9hZHNcLzIwMjBcLzEwXC9tdXNldV9ldG5vbG9naWNfZm9udF9maWd1ZXJhLTExLTEuanBnIiwic2xpZGVzaG93IjoiYzY1MWU4NiJ9\" href='https:\/\/www.turismelacostera.com\/wp-content\/uploads\/2020\/10\/museu_etnologic_font_figuera-11-1.jpg'><img loading=\"lazy\" decoding=\"async\" width=\"500\" height=\"500\" src=\"https:\/\/www.turismelacostera.com\/wp-content\/uploads\/2020\/10\/museu_etnologic_font_figuera-11-1-500x500.jpg\" class=\"attachment-Image Size 500x500 size-Image Size 500x500\" alt=\"\" srcset=\"https:\/\/www.turismelacostera.com\/wp-content\/uploads\/2020\/10\/museu_etnologic_font_figuera-11-1-500x500.jpg 500w, https:\/\/www.turismelacostera.com\/wp-content\/uploads\/2020\/10\/museu_etnologic_font_figuera-11-1-150x150.jpg 150w\" sizes=\"(max-width: 500px) 100vw, 500px\" \/><\/a>\n\t\t\t<\/div><\/figure><figure class='gallery-item'>\n\t\t\t<div class='gallery-icon landscape'>\n\t\t\t\t<a data-elementor-open-lightbox=\"yes\" data-elementor-lightbox-slideshow=\"c651e86\" data-e-action-hash=\"#elementor-action%3Aaction%3Dlightbox%26settings%3DeyJpZCI6MTQ4MjksInVybCI6Imh0dHBzOlwvXC93d3cudHVyaXNtZWxhY29zdGVyYS5jb21cL3dwLWNvbnRlbnRcL3VwbG9hZHNcLzIwMjBcLzEwXC9tdXNldV9ldG5vbG9naWNfZm9udF9maWd1ZXJhLTA4LTEuanBnIiwic2xpZGVzaG93IjoiYzY1MWU4NiJ9\" href='https:\/\/www.turismelacostera.com\/wp-content\/uploads\/2020\/10\/museu_etnologic_font_figuera-08-1.jpg'><img loading=\"lazy\" decoding=\"async\" width=\"500\" height=\"500\" src=\"https:\/\/www.turismelacostera.com\/wp-content\/uploads\/2020\/10\/museu_etnologic_font_figuera-08-1-500x500.jpg\" class=\"attachment-Image Size 500x500 size-Image Size 500x500\" alt=\"\" srcset=\"https:\/\/www.turismelacostera.com\/wp-content\/uploads\/2020\/10\/museu_etnologic_font_figuera-08-1-500x500.jpg 500w, https:\/\/www.turismelacostera.com\/wp-content\/uploads\/2020\/10\/museu_etnologic_font_figuera-08-1-150x150.jpg 150w\" sizes=\"(max-width: 500px) 100vw, 500px\" \/><\/a>\n\t\t\t<\/div><\/figure>\n\t\t<\/div>\n\t\t<\/div>\n\t\t\t\t\t\t<\/div>\n\t\t\t\t<\/div>\n\t\t\t\t\t<\/div>\n\t\t<\/div>\n\t\t\t\t\t<\/div>\n\t\t<\/section>\n\t\t\t\t<section class=\"elementor-section elementor-top-section elementor-element elementor-element-899486b elementor-section-boxed elementor-section-height-default elementor-section-height-default\" data-id=\"899486b\" data-element_type=\"section\" data-e-type=\"section\" id=\"pobles\" data-settings=\"{&quot;jet_parallax_layout_list&quot;:[{&quot;jet_parallax_layout_image&quot;:{&quot;url&quot;:&quot;&quot;,&quot;id&quot;:&quot;&quot;,&quot;size&quot;:&quot;&quot;},&quot;_id&quot;:&quot;8d4268e&quot;,&quot;jet_parallax_layout_image_tablet&quot;:{&quot;url&quot;:&quot;&quot;,&quot;id&quot;:&quot;&quot;,&quot;size&quot;:&quot;&quot;},&quot;jet_parallax_layout_image_mobile&quot;:{&quot;url&quot;:&quot;&quot;,&quot;id&quot;:&quot;&quot;,&quot;size&quot;:&quot;&quot;},&quot;jet_parallax_layout_speed&quot;:{&quot;unit&quot;:&quot;%&quot;,&quot;size&quot;:50,&quot;sizes&quot;:[]},&quot;jet_parallax_layout_type&quot;:&quot;scroll&quot;,&quot;jet_parallax_layout_direction&quot;:&quot;1&quot;,&quot;jet_parallax_layout_fx_direction&quot;:null,&quot;jet_parallax_layout_z_index&quot;:&quot;&quot;,&quot;jet_parallax_layout_bg_x&quot;:50,&quot;jet_parallax_layout_bg_x_tablet&quot;:&quot;&quot;,&quot;jet_parallax_layout_bg_x_mobile&quot;:&quot;&quot;,&quot;jet_parallax_layout_bg_y&quot;:50,&quot;jet_parallax_layout_bg_y_tablet&quot;:&quot;&quot;,&quot;jet_parallax_layout_bg_y_mobile&quot;:&quot;&quot;,&quot;jet_parallax_layout_bg_size&quot;:&quot;auto&quot;,&quot;jet_parallax_layout_bg_size_tablet&quot;:&quot;&quot;,&quot;jet_parallax_layout_bg_size_mobile&quot;:&quot;&quot;,&quot;jet_parallax_layout_animation_prop&quot;:&quot;transform&quot;,&quot;jet_parallax_layout_on&quot;:[&quot;desktop&quot;,&quot;tablet&quot;]}],&quot;background_background&quot;:&quot;classic&quot;}\">\n\t\t\t\t\t\t<div class=\"elementor-container elementor-column-gap-default\">\n\t\t\t\t\t<div class=\"elementor-column elementor-col-100 elementor-top-column elementor-element elementor-element-29bbc96\" data-id=\"29bbc96\" data-element_type=\"column\" data-e-type=\"column\">\n\t\t\t<div class=\"elementor-widget-wrap elementor-element-populated\">\n\t\t\t\t\t\t<div class=\"elementor-element elementor-element-f3d7d06 elementor-widget elementor-widget-heading\" data-id=\"f3d7d06\" data-element_type=\"widget\" data-e-type=\"widget\" data-widget_type=\"heading.default\">\n\t\t\t\t<div class=\"elementor-widget-container\">\n\t\t\t\t\t<h2 class=\"elementor-heading-title elementor-size-default\">INFORMACI\u00d3N<\/h2>\t\t\t\t<\/div>\n\t\t\t\t<\/div>\n\t\t\t\t<div class=\"elementor-element elementor-element-6807afb elementor-widget-divider--view-line elementor-widget elementor-widget-divider\" data-id=\"6807afb\" data-element_type=\"widget\" data-e-type=\"widget\" data-widget_type=\"divider.default\">\n\t\t\t\t<div class=\"elementor-widget-container\">\n\t\t\t\t\t\t\t<div class=\"elementor-divider\">\n\t\t\t<span class=\"elementor-divider-separator\">\n\t\t\t\t\t\t<\/span>\n\t\t<\/div>\n\t\t\t\t\t\t<\/div>\n\t\t\t\t<\/div>\n\t\t\t\t<div class=\"elementor-element elementor-element-5eeb48e elementor-widget elementor-widget-text-editor\" data-id=\"5eeb48e\" data-element_type=\"widget\" data-e-type=\"widget\" data-widget_type=\"text-editor.default\">\n\t\t\t\t<div class=\"elementor-widget-container\">\n\t\t\t\t\t\t\t\t\t<p><strong>Museo hist\u00f3rico &#8211; etnol\u00f3gico &#8216;La Costera&#8217;<\/strong><br \/>Carrer Mol\u00ed, 55<br \/>46630 La Font de la Figuera (Val\u00e8ncia)<br \/>Telf.- 962 290 322\u00a0<br \/>museu@lafontdelafiguera.net<\/p><p><span style=\"text-decoration: underline;\"><em>Reserva tu visita guiada<\/em><\/span><\/p>\t\t\t\t\t\t\t\t<\/div>\n\t\t\t\t<\/div>\n\t\t\t\t\t<\/div>\n\t\t<\/div>\n\t\t\t\t\t<\/div>\n\t\t<\/section>\n\t\t\t\t<\/div>\n\t\t","protected":false},"excerpt":{"rendered":"<p>MUSEOS \/ LA FONT DE LA FIGUERA Museo hist\u00f3rico &#8211; etnol\u00f3gico &#8216;La Costera&#8217; El Museo Hist\u00f3rico-Etnol\u00f3gico La Costera est\u00e1 situado en una bodega rehabilitada de finales del siglo XVIII: la bodega de Les Masseretes. El museo nace con el alma de conservar y mantener viva la memoria hist\u00f3rica, las ra\u00edces, costumbres y tradiciones de un [&hellip;]<\/p>\n","protected":false},"author":1,"featured_media":14821,"parent":16215,"menu_order":0,"comment_status":"closed","ping_status":"closed","template":"elementor_header_footer","meta":{"_acf_changed":false,"footnotes":""},"class_list":["post-16250","page","type-page","status-publish","has-post-thumbnail","hentry"],"acf":[],"yoast_head":"<!-- This site is optimized with the Yoast SEO plugin v27.4 - https:\/\/yoast.com\/product\/yoast-seo-wordpress\/ -->\n<title>Museo hist\u00f3rico - etnol\u00f3gico (La Font de la Figuera) - Turisme La Costera<\/title>\n<meta name=\"description\" content=\"El Museo Hist\u00f3rico-Etnol\u00f3gico La Costera nace con el alma de conservar y mantener viva la memoria hist\u00f3rica, las ra\u00edces, costumbres y tradiciones de un pueblo.\" \/>\n<meta name=\"robots\" content=\"index, follow, max-snippet:-1, max-image-preview:large, max-video-preview:-1\" \/>\n<link rel=\"canonical\" href=\"https:\/\/www.turismelacostera.com\/es\/museos\/museo-historico-etnologico-la-font-de-la-figuera\/\" \/>\n<meta property=\"og:locale\" content=\"es_ES\" \/>\n<meta property=\"og:type\" content=\"article\" \/>\n<meta property=\"og:title\" content=\"Museo hist\u00f3rico - etnol\u00f3gico (La Font de la Figuera) - Turisme La Costera\" \/>\n<meta property=\"og:description\" content=\"El Museo Hist\u00f3rico-Etnol\u00f3gico La Costera nace con el alma de conservar y mantener viva la memoria hist\u00f3rica, las ra\u00edces, costumbres y tradiciones de un pueblo.\" \/>\n<meta property=\"og:url\" content=\"https:\/\/www.turismelacostera.com\/es\/museos\/museo-historico-etnologico-la-font-de-la-figuera\/\" \/>\n<meta property=\"og:site_name\" content=\"Turisme la Costera l Tesoros del interior\" \/>\n<meta property=\"article:modified_time\" content=\"2021-02-10T11:24:09+00:00\" \/>\n<meta property=\"og:image\" content=\"https:\/\/www.turismelacostera.com\/wp-content\/uploads\/2020\/10\/museu_etnologic_font_figuera-10.jpg\" \/>\n\t<meta property=\"og:image:width\" content=\"1024\" \/>\n\t<meta property=\"og:image:height\" content=\"576\" \/>\n\t<meta property=\"og:image:type\" content=\"image\/jpeg\" \/>\n<meta name=\"twitter:card\" content=\"summary_large_image\" \/>\n<meta name=\"twitter:label1\" content=\"Tiempo de lectura\" \/>\n\t<meta name=\"twitter:data1\" content=\"4 minutos\" \/>\n<script type=\"application\/ld+json\" class=\"yoast-schema-graph\">{\"@context\":\"https:\\\/\\\/schema.org\",\"@graph\":[{\"@type\":\"WebPage\",\"@id\":\"https:\\\/\\\/www.turismelacostera.com\\\/es\\\/museos\\\/museo-historico-etnologico-la-font-de-la-figuera\\\/\",\"url\":\"https:\\\/\\\/www.turismelacostera.com\\\/es\\\/museos\\\/museo-historico-etnologico-la-font-de-la-figuera\\\/\",\"name\":\"Museo hist\u00f3rico - etnol\u00f3gico (La Font de la Figuera) - Turisme La Costera\",\"isPartOf\":{\"@id\":\"https:\\\/\\\/www.turismelacostera.com\\\/es\\\/#website\"},\"primaryImageOfPage\":{\"@id\":\"https:\\\/\\\/www.turismelacostera.com\\\/es\\\/museos\\\/museo-historico-etnologico-la-font-de-la-figuera\\\/#primaryimage\"},\"image\":{\"@id\":\"https:\\\/\\\/www.turismelacostera.com\\\/es\\\/museos\\\/museo-historico-etnologico-la-font-de-la-figuera\\\/#primaryimage\"},\"thumbnailUrl\":\"https:\\\/\\\/www.turismelacostera.com\\\/wp-content\\\/uploads\\\/2020\\\/10\\\/museu_etnologic_font_figuera-10.jpg\",\"datePublished\":\"2020-10-26T21:26:06+00:00\",\"dateModified\":\"2021-02-10T11:24:09+00:00\",\"description\":\"El Museo Hist\u00f3rico-Etnol\u00f3gico La Costera nace con el alma de conservar y mantener viva la memoria hist\u00f3rica, las ra\u00edces, costumbres y tradiciones de un pueblo.\",\"breadcrumb\":{\"@id\":\"https:\\\/\\\/www.turismelacostera.com\\\/es\\\/museos\\\/museo-historico-etnologico-la-font-de-la-figuera\\\/#breadcrumb\"},\"inLanguage\":\"es\",\"potentialAction\":[{\"@type\":\"ReadAction\",\"target\":[\"https:\\\/\\\/www.turismelacostera.com\\\/es\\\/museos\\\/museo-historico-etnologico-la-font-de-la-figuera\\\/\"]}]},{\"@type\":\"ImageObject\",\"inLanguage\":\"es\",\"@id\":\"https:\\\/\\\/www.turismelacostera.com\\\/es\\\/museos\\\/museo-historico-etnologico-la-font-de-la-figuera\\\/#primaryimage\",\"url\":\"https:\\\/\\\/www.turismelacostera.com\\\/wp-content\\\/uploads\\\/2020\\\/10\\\/museu_etnologic_font_figuera-10.jpg\",\"contentUrl\":\"https:\\\/\\\/www.turismelacostera.com\\\/wp-content\\\/uploads\\\/2020\\\/10\\\/museu_etnologic_font_figuera-10.jpg\",\"width\":1024,\"height\":576},{\"@type\":\"BreadcrumbList\",\"@id\":\"https:\\\/\\\/www.turismelacostera.com\\\/es\\\/museos\\\/museo-historico-etnologico-la-font-de-la-figuera\\\/#breadcrumb\",\"itemListElement\":[{\"@type\":\"ListItem\",\"position\":1,\"name\":\"Portada\",\"item\":\"https:\\\/\\\/www.turismelacostera.com\\\/es\\\/\"},{\"@type\":\"ListItem\",\"position\":2,\"name\":\"Museos\",\"item\":\"https:\\\/\\\/www.turismelacostera.com\\\/es\\\/museos\\\/\"},{\"@type\":\"ListItem\",\"position\":3,\"name\":\"Museo hist\u00f3rico &#8211; etnol\u00f3gico (La Font de la Figuera)\"}]},{\"@type\":\"WebSite\",\"@id\":\"https:\\\/\\\/www.turismelacostera.com\\\/es\\\/#website\",\"url\":\"https:\\\/\\\/www.turismelacostera.com\\\/es\\\/\",\"name\":\"Turisme la Costera l Tesoros del interior\",\"description\":\"Descobreix els tresors que amaga l&#039;interior de Val\u00e8ncia\",\"potentialAction\":[{\"@type\":\"SearchAction\",\"target\":{\"@type\":\"EntryPoint\",\"urlTemplate\":\"https:\\\/\\\/www.turismelacostera.com\\\/es\\\/?s={search_term_string}\"},\"query-input\":{\"@type\":\"PropertyValueSpecification\",\"valueRequired\":true,\"valueName\":\"search_term_string\"}}],\"inLanguage\":\"es\"}]}<\/script>\n<!-- \/ Yoast SEO plugin. -->","yoast_head_json":{"title":"Museo hist\u00f3rico - etnol\u00f3gico (La Font de la Figuera) - Turisme La Costera","description":"El Museo Hist\u00f3rico-Etnol\u00f3gico La Costera nace con el alma de conservar y mantener viva la memoria hist\u00f3rica, las ra\u00edces, costumbres y tradiciones de un pueblo.","robots":{"index":"index","follow":"follow","max-snippet":"max-snippet:-1","max-image-preview":"max-image-preview:large","max-video-preview":"max-video-preview:-1"},"canonical":"https:\/\/www.turismelacostera.com\/es\/museos\/museo-historico-etnologico-la-font-de-la-figuera\/","og_locale":"es_ES","og_type":"article","og_title":"Museo hist\u00f3rico - etnol\u00f3gico (La Font de la Figuera) - Turisme La Costera","og_description":"El Museo Hist\u00f3rico-Etnol\u00f3gico La Costera nace con el alma de conservar y mantener viva la memoria hist\u00f3rica, las ra\u00edces, costumbres y tradiciones de un pueblo.","og_url":"https:\/\/www.turismelacostera.com\/es\/museos\/museo-historico-etnologico-la-font-de-la-figuera\/","og_site_name":"Turisme la Costera l Tesoros del interior","article_modified_time":"2021-02-10T11:24:09+00:00","og_image":[{"width":1024,"height":576,"url":"https:\/\/www.turismelacostera.com\/wp-content\/uploads\/2020\/10\/museu_etnologic_font_figuera-10.jpg","type":"image\/jpeg"}],"twitter_card":"summary_large_image","twitter_misc":{"Tiempo de lectura":"4 minutos"},"schema":{"@context":"https:\/\/schema.org","@graph":[{"@type":"WebPage","@id":"https:\/\/www.turismelacostera.com\/es\/museos\/museo-historico-etnologico-la-font-de-la-figuera\/","url":"https:\/\/www.turismelacostera.com\/es\/museos\/museo-historico-etnologico-la-font-de-la-figuera\/","name":"Museo hist\u00f3rico - etnol\u00f3gico (La Font de la Figuera) - Turisme La Costera","isPartOf":{"@id":"https:\/\/www.turismelacostera.com\/es\/#website"},"primaryImageOfPage":{"@id":"https:\/\/www.turismelacostera.com\/es\/museos\/museo-historico-etnologico-la-font-de-la-figuera\/#primaryimage"},"image":{"@id":"https:\/\/www.turismelacostera.com\/es\/museos\/museo-historico-etnologico-la-font-de-la-figuera\/#primaryimage"},"thumbnailUrl":"https:\/\/www.turismelacostera.com\/wp-content\/uploads\/2020\/10\/museu_etnologic_font_figuera-10.jpg","datePublished":"2020-10-26T21:26:06+00:00","dateModified":"2021-02-10T11:24:09+00:00","description":"El Museo Hist\u00f3rico-Etnol\u00f3gico La Costera nace con el alma de conservar y mantener viva la memoria hist\u00f3rica, las ra\u00edces, costumbres y tradiciones de un pueblo.","breadcrumb":{"@id":"https:\/\/www.turismelacostera.com\/es\/museos\/museo-historico-etnologico-la-font-de-la-figuera\/#breadcrumb"},"inLanguage":"es","potentialAction":[{"@type":"ReadAction","target":["https:\/\/www.turismelacostera.com\/es\/museos\/museo-historico-etnologico-la-font-de-la-figuera\/"]}]},{"@type":"ImageObject","inLanguage":"es","@id":"https:\/\/www.turismelacostera.com\/es\/museos\/museo-historico-etnologico-la-font-de-la-figuera\/#primaryimage","url":"https:\/\/www.turismelacostera.com\/wp-content\/uploads\/2020\/10\/museu_etnologic_font_figuera-10.jpg","contentUrl":"https:\/\/www.turismelacostera.com\/wp-content\/uploads\/2020\/10\/museu_etnologic_font_figuera-10.jpg","width":1024,"height":576},{"@type":"BreadcrumbList","@id":"https:\/\/www.turismelacostera.com\/es\/museos\/museo-historico-etnologico-la-font-de-la-figuera\/#breadcrumb","itemListElement":[{"@type":"ListItem","position":1,"name":"Portada","item":"https:\/\/www.turismelacostera.com\/es\/"},{"@type":"ListItem","position":2,"name":"Museos","item":"https:\/\/www.turismelacostera.com\/es\/museos\/"},{"@type":"ListItem","position":3,"name":"Museo hist\u00f3rico &#8211; etnol\u00f3gico (La Font de la Figuera)"}]},{"@type":"WebSite","@id":"https:\/\/www.turismelacostera.com\/es\/#website","url":"https:\/\/www.turismelacostera.com\/es\/","name":"Turisme la Costera l Tesoros del interior","description":"Descobreix els tresors que amaga l&#039;interior de Val\u00e8ncia","potentialAction":[{"@type":"SearchAction","target":{"@type":"EntryPoint","urlTemplate":"https:\/\/www.turismelacostera.com\/es\/?s={search_term_string}"},"query-input":{"@type":"PropertyValueSpecification","valueRequired":true,"valueName":"search_term_string"}}],"inLanguage":"es"}]}},"_links":{"self":[{"href":"https:\/\/www.turismelacostera.com\/es\/wp-json\/wp\/v2\/pages\/16250","targetHints":{"allow":["GET"]}}],"collection":[{"href":"https:\/\/www.turismelacostera.com\/es\/wp-json\/wp\/v2\/pages"}],"about":[{"href":"https:\/\/www.turismelacostera.com\/es\/wp-json\/wp\/v2\/types\/page"}],"author":[{"embeddable":true,"href":"https:\/\/www.turismelacostera.com\/es\/wp-json\/wp\/v2\/users\/1"}],"replies":[{"embeddable":true,"href":"https:\/\/www.turismelacostera.com\/es\/wp-json\/wp\/v2\/comments?post=16250"}],"version-history":[{"count":0,"href":"https:\/\/www.turismelacostera.com\/es\/wp-json\/wp\/v2\/pages\/16250\/revisions"}],"up":[{"embeddable":true,"href":"https:\/\/www.turismelacostera.com\/es\/wp-json\/wp\/v2\/pages\/16215"}],"wp:featuredmedia":[{"embeddable":true,"href":"https:\/\/www.turismelacostera.com\/es\/wp-json\/wp\/v2\/media\/14821"}],"wp:attachment":[{"href":"https:\/\/www.turismelacostera.com\/es\/wp-json\/wp\/v2\/media?parent=16250"}],"curies":[{"name":"wp","href":"https:\/\/api.w.org\/{rel}","templated":true}]}}