{"id":16209,"date":"2020-11-12T15:10:17","date_gmt":"2020-11-12T15:10:17","guid":{"rendered":"https:\/\/www.turismelacostera.com\/inici\/"},"modified":"2026-01-13T11:30:41","modified_gmt":"2026-01-13T11:30:41","slug":"inicio","status":"publish","type":"page","link":"https:\/\/www.turismelacostera.com\/es\/","title":{"rendered":"Inicio"},"content":{"rendered":"\t\t<div data-elementor-type=\"wp-page\" data-elementor-id=\"16209\" class=\"elementor elementor-16209 elementor-10859\" data-elementor-post-type=\"page\">\n\t\t\t\t\t\t<section class=\"elementor-section elementor-top-section elementor-element elementor-element-f13c30a elementor-section-full_width elementor-section-height-default elementor-section-height-default\" data-id=\"f13c30a\" data-element_type=\"section\" data-e-type=\"section\" data-settings=\"{&quot;jet_parallax_layout_list&quot;:[]}\">\n\t\t\t\t\t\t<div class=\"elementor-container elementor-column-gap-no\">\n\t\t\t\t\t<div class=\"elementor-column elementor-col-100 elementor-top-column elementor-element elementor-element-506aeba\" data-id=\"506aeba\" data-element_type=\"column\" data-e-type=\"column\">\n\t\t\t<div class=\"elementor-widget-wrap elementor-element-populated\">\n\t\t\t\t\t\t<div class=\"elementor-element elementor-element-909bb0d elementor-widget__width-inherit elementor-widget elementor-widget-shortcode\" data-id=\"909bb0d\" data-element_type=\"widget\" data-e-type=\"widget\" data-widget_type=\"shortcode.default\">\n\t\t\t\t<div class=\"elementor-widget-container\">\n\t\t\t\t\t\t\t<div class=\"elementor-shortcode\">\n<style>\n\t#hotspot-27225 .hotspots-image-container,\n\t#hotspot-27225 .leaflet-container {\n\t\tbackground: #efefef\t}\n\n\t#hotspot-27225 .hotspots-placeholder,\n\t.featherlight .featherlight-content.lightbox-27225 {\n\t\tbackground: #584a3f;\n\t\tborder: 0 #584a3f solid;\n\t\tcolor: #e8ddcb;\n\t}\n\n\t#hotspot-27225 .hotspot-title,\n\t#hotspot-27225 .bc-product__title a,\n\t.featherlight .featherlight-content.lightbox-27225 .hotspot-title,\n\t.featherlight .featherlight-content.lightbox-27225 .bc-product__title a {\n\t\tcolor: #cdb380;\n\t}\n\n\t\t\t#hotspot-27225 .hotspot-style-1 {\n\t\t\tstroke-width: 2;\n\t\t\tfill: #ffffff;\n\t\t\tfill-opacity: 0.81;\n\t\t\tstroke: #ffffff;\n\t\t\tstroke-opacity: 0.01;\n\t\t}\n\t\t#hotspot-27225 .hotspot-style-1:hover,\n\t\t#hotspot-27225 .hotspot-style-1:focus,\n\t\t#hotspot-27225 .hotspot-style-1.hotspot-active {\n\t\t\tfill: #ffffff;\n\t\t\tfill-opacity: 0.81;\n\t\t\toutline: none;\n\t\t\tstroke: #ffffff;\n\t\t\tstroke-opacity: 0.01;\n\t\t}\n\t\t\t#hotspot-27225 .hotspot-default {\n\t\t\tstroke-width: 2;\n\t\t\tfill: #cdb380;\n\t\t\tfill-opacity: 0.01;\n\t\t\tstroke: #cc8c0e;\n\t\t\tstroke-opacity: 0.01;\n\t\t}\n\t\t#hotspot-27225 .hotspot-default:hover,\n\t\t#hotspot-27225 .hotspot-default:focus,\n\t\t#hotspot-27225 .hotspot-default.hotspot-active {\n\t\t\tfill: #cdb380;\n\t\t\tfill-opacity: 0.51;\n\t\t\toutline: none;\n\t\t\tstroke: #cc8c0e;\n\t\t\tstroke-opacity: 0.01;\n\t\t}\n\t\t#hotspot-27225 .leaflet-tooltip,\n\t#hotspot-27225 .leaflet-rrose-content-wrapper {\n\t\tbackground: #584a3f;\n\t\tborder-color: #584a3f;\n\t\tcolor: #e8ddcb;\n\t}\n\n\t#hotspot-27225 a.leaflet-rrose-close-button {\n\t\tcolor: #cdb380;\n\t}\n\n\t#hotspot-27225 .leaflet-rrose-tip {\n\t\tbackground: #584a3f;\n\t}\n\n\t#hotspot-27225 .leaflet-popup-scrolled {\n\t\tborder-bottom-color: #e8ddcb;\n\t\tborder-top-color: #e8ddcb;\n\t}\n\n\t#hotspot-27225 .leaflet-tooltip-top:before {\n\t\tborder-top-color: #584a3f;\n\t}\n\n\t#hotspot-27225 .leaflet-tooltip-bottom:before {\n\t\tborder-bottom-color: #584a3f;\n\t}\n\t#hotspot-27225 .leaflet-tooltip-left:before {\n\t\tborder-left-color: #584a3f;\n\t}\n\t#hotspot-27225 .leaflet-tooltip-right:before {\n\t\tborder-right-color: #584a3f;\n\t}\n<\/style>\n\n\n\t<div class=\"hotspots-container  layout-tooltip event-click\" id=\"hotspot-27225\" data-layout=\"tooltip\" data-trigger=\"click\">\n\t\t<div class=\"hotspots-interaction\">\n\t\t\t<div class=\"hotspots-image-container\">\n\t<img\n\t\twidth=\"1600\"\n\t\theight=\"1164\"\n\t\tsrc=\"https:\/\/www.turismelacostera.com\/wp-content\/uploads\/2022\/11\/mapa_costera.jpg\"\n\t\talt=\"Mapa de la Costera\"\n\t\tclass=\"hotspots-image skip-lazy\"\n\t\tusemap=\"#hotspots-image-27225\"\n\t\tdata-image-title=\"La Costera\"\n\t\tdata-image-description=\"\"\n\t\tdata-event-trigger=\"click\"\n\t\tdata-always-visible=\"on\"\n\t\tdata-id=\"27225\"\n\t\tdata-no-lazy=\"1\"\n\t\tdata-lazy-src=\"\"\n\t\tdata-lazy=\"false\"\n\t\tloading=\"eager\"\n\t\tdata-skip-lazy=\"1\"\n\t\t>\n<\/div>\t\t<\/div>\n\t\t<map name=\"hotspots-image-27225\" class=\"hotspots-map\">\n\t\t\t\t\t\t\t\t\t\t\t<area\n\t\t\t\t\tshape=\"polygon\"\n\t\t\t\t\tcoords=\"954,357,954,328,1036,328,1036,357\"\n\t\t\t\t\thref=\"#hotspot-hotspot-27225-0\"\n\t\t\t\t\trel=\"\"\n\t\t\t\t\ttitle=\"Torrella\"\n\t\t\t\t\talt=\"Torrella\"\n\t\t\t\t\tdata-action=\"\"\n\t\t\t\t\tdata-color-scheme=\"\"\n\t\t\t\t\tdata-id=\"area-hotspot-27225-0\"\n\t\t\t\t\ttarget=\"\"\n\t\t\t\t\tclass=\"more-info-area\"\n\t\t\t\t\t>\n\t\t\t\t\t\t\t\t\t\t\t<area\n\t\t\t\t\tshape=\"polygon\"\n\t\t\t\t\tcoords=\"1276,279,1276,238,1435,238,1435,279\"\n\t\t\t\t\thref=\"#hotspot-hotspot-27225-1\"\n\t\t\t\t\trel=\"\"\n\t\t\t\t\ttitle=\"Llocnou d&#039;En Fenollet\"\n\t\t\t\t\talt=\"Llocnou d&#039;En Fenollet\"\n\t\t\t\t\tdata-action=\"\"\n\t\t\t\t\tdata-color-scheme=\"\"\n\t\t\t\t\tdata-id=\"area-hotspot-27225-1\"\n\t\t\t\t\ttarget=\"\"\n\t\t\t\t\tclass=\"more-info-area\"\n\t\t\t\t\t>\n\t\t\t\t\t\t\t\t\t\t\t<area\n\t\t\t\t\tshape=\"polygon\"\n\t\t\t\t\tcoords=\"159,1026,159,972,308,972,308,1026\"\n\t\t\t\t\thref=\"#hotspot-hotspot-27225-2\"\n\t\t\t\t\trel=\"\"\n\t\t\t\t\ttitle=\"La Font de la Figuera\"\n\t\t\t\t\talt=\"La Font de la Figuera\"\n\t\t\t\t\tdata-action=\"\"\n\t\t\t\t\tdata-color-scheme=\"\"\n\t\t\t\t\tdata-id=\"area-hotspot-27225-2\"\n\t\t\t\t\ttarget=\"\"\n\t\t\t\t\tclass=\"more-info-area\"\n\t\t\t\t\t>\n\t\t\t\t\t\t\t\t\t\t\t<area\n\t\t\t\t\tshape=\"polygon\"\n\t\t\t\t\tcoords=\"1021,305,1021,264,1157,264,1157,305\"\n\t\t\t\t\thref=\"#hotspot-hotspot-27225-3\"\n\t\t\t\t\trel=\"\"\n\t\t\t\t\ttitle=\"Rotgl\u00e0 i Corber\u00e0\"\n\t\t\t\t\talt=\"Rotgl\u00e0 i Corber\u00e0\"\n\t\t\t\t\tdata-action=\"\"\n\t\t\t\t\tdata-color-scheme=\"\"\n\t\t\t\t\tdata-id=\"area-hotspot-27225-3\"\n\t\t\t\t\ttarget=\"\"\n\t\t\t\t\tclass=\"more-info-area\"\n\t\t\t\t\t>\n\t\t\t\t\t\t\t\t\t\t\t<area\n\t\t\t\t\tshape=\"polygon\"\n\t\t\t\t\tcoords=\"909,336,909,294,1035,294,1035,336\"\n\t\t\t\t\thref=\"#hotspot-hotspot-27225-4\"\n\t\t\t\t\trel=\"\"\n\t\t\t\t\ttitle=\"Llanera de Ranes\"\n\t\t\t\t\talt=\"Llanera de Ranes\"\n\t\t\t\t\tdata-action=\"\"\n\t\t\t\t\tdata-color-scheme=\"\"\n\t\t\t\t\tdata-id=\"area-hotspot-27225-4\"\n\t\t\t\t\ttarget=\"\"\n\t\t\t\t\tclass=\"more-info-area\"\n\t\t\t\t\t>\n\t\t\t\t\t\t\t\t\t\t\t<area\n\t\t\t\t\tshape=\"polygon\"\n\t\t\t\t\tcoords=\"1278,357,1278,319,1387,319,1387,357\"\n\t\t\t\t\thref=\"#hotspot-hotspot-27225-5\"\n\t\t\t\t\trel=\"\"\n\t\t\t\t\ttitle=\"El Genov\u00e9s\"\n\t\t\t\t\talt=\"El Genov\u00e9s\"\n\t\t\t\t\tdata-action=\"\"\n\t\t\t\t\tdata-color-scheme=\"\"\n\t\t\t\t\tdata-id=\"area-hotspot-27225-5\"\n\t\t\t\t\ttarget=\"\"\n\t\t\t\t\tclass=\"more-info-area\"\n\t\t\t\t\t>\n\t\t\t\t\t\t\t\t\t\t\t<area\n\t\t\t\t\tshape=\"polygon\"\n\t\t\t\t\tcoords=\"1131,363,1131,320,1244,320,1244,363\"\n\t\t\t\t\thref=\"#hotspot-hotspot-27225-6\"\n\t\t\t\t\trel=\"\"\n\t\t\t\t\ttitle=\"X\u00e0tiva\"\n\t\t\t\t\talt=\"X\u00e0tiva\"\n\t\t\t\t\tdata-action=\"\"\n\t\t\t\t\tdata-color-scheme=\"\"\n\t\t\t\t\tdata-id=\"area-hotspot-27225-6\"\n\t\t\t\t\ttarget=\"\"\n\t\t\t\t\tclass=\"more-info-area\"\n\t\t\t\t\t>\n\t\t\t\t\t\t\t\t\t\t\t<area\n\t\t\t\t\tshape=\"polygon\"\n\t\t\t\t\tcoords=\"1072,389,1072,352,1163,352,1163,389\"\n\t\t\t\t\thref=\"#hotspot-hotspot-27225-7\"\n\t\t\t\t\trel=\"\"\n\t\t\t\t\ttitle=\"Novetl\u00e8\"\n\t\t\t\t\talt=\"Novetl\u00e8\"\n\t\t\t\t\tdata-action=\"\"\n\t\t\t\t\tdata-color-scheme=\"\"\n\t\t\t\t\tdata-id=\"area-hotspot-27225-7\"\n\t\t\t\t\ttarget=\"\"\n\t\t\t\t\tclass=\"more-info-area\"\n\t\t\t\t\t>\n\t\t\t\t\t\t\t\t\t\t\t<area\n\t\t\t\t\tshape=\"polygon\"\n\t\t\t\t\tcoords=\"819,422,819,374,989,374,989,422\"\n\t\t\t\t\thref=\"#hotspot-hotspot-27225-8\"\n\t\t\t\t\trel=\"\"\n\t\t\t\t\ttitle=\"L&#039;Alcudia de Crespins\"\n\t\t\t\t\talt=\"L&#039;Alcudia de Crespins\"\n\t\t\t\t\tdata-action=\"\"\n\t\t\t\t\tdata-color-scheme=\"\"\n\t\t\t\t\tdata-id=\"area-hotspot-27225-8\"\n\t\t\t\t\ttarget=\"\"\n\t\t\t\t\tclass=\"more-info-area\"\n\t\t\t\t\t>\n\t\t\t\t\t\t\t\t\t\t\t<area\n\t\t\t\t\tshape=\"polygon\"\n\t\t\t\t\tcoords=\"1035,382,1035,336,1086,336,1086,382\"\n\t\t\t\t\thref=\"#hotspot-hotspot-27225-9\"\n\t\t\t\t\trel=\"\"\n\t\t\t\t\ttitle=\"Vall\u00e9s\"\n\t\t\t\t\talt=\"Vall\u00e9s\"\n\t\t\t\t\tdata-action=\"\"\n\t\t\t\t\tdata-color-scheme=\"\"\n\t\t\t\t\tdata-id=\"area-hotspot-27225-9\"\n\t\t\t\t\ttarget=\"\"\n\t\t\t\t\tclass=\"more-info-area\"\n\t\t\t\t\t>\n\t\t\t\t\t\t\t\t\t\t\t<area\n\t\t\t\t\tshape=\"polygon\"\n\t\t\t\t\tcoords=\"723,504,723,467,833,467,833,504\"\n\t\t\t\t\thref=\"#hotspot-hotspot-27225-10\"\n\t\t\t\t\trel=\"\"\n\t\t\t\t\ttitle=\"Montesa\"\n\t\t\t\t\talt=\"Montesa\"\n\t\t\t\t\tdata-action=\"\"\n\t\t\t\t\tdata-color-scheme=\"\"\n\t\t\t\t\tdata-id=\"area-hotspot-27225-10\"\n\t\t\t\t\ttarget=\"\"\n\t\t\t\t\tclass=\"more-info-area\"\n\t\t\t\t\t>\n\t\t\t\t\t\t\t\t\t\t\t<area\n\t\t\t\t\tshape=\"polygon\"\n\t\t\t\t\tcoords=\"1094,263,1094,224,1246,224,1246,263\"\n\t\t\t\t\thref=\"#hotspot-hotspot-27225-11\"\n\t\t\t\t\trel=\"\"\n\t\t\t\t\ttitle=\"La Llosa de Ranes\"\n\t\t\t\t\talt=\"La Llosa de Ranes\"\n\t\t\t\t\tdata-action=\"\"\n\t\t\t\t\tdata-color-scheme=\"\"\n\t\t\t\t\tdata-id=\"area-hotspot-27225-11\"\n\t\t\t\t\ttarget=\"\"\n\t\t\t\t\tclass=\"more-info-area\"\n\t\t\t\t\t>\n\t\t\t\t\t\t\t\t\t\t\t<area\n\t\t\t\t\tshape=\"polygon\"\n\t\t\t\t\tcoords=\"950,468,950,418,1016,418,1016,468\"\n\t\t\t\t\thref=\"#hotspot-hotspot-27225-12\"\n\t\t\t\t\trel=\"\"\n\t\t\t\t\ttitle=\"Canals\"\n\t\t\t\t\talt=\"Canals\"\n\t\t\t\t\tdata-action=\"\"\n\t\t\t\t\tdata-color-scheme=\"\"\n\t\t\t\t\tdata-id=\"area-hotspot-27225-12\"\n\t\t\t\t\ttarget=\"\"\n\t\t\t\t\tclass=\"more-info-area\"\n\t\t\t\t\t>\n\t\t\t\t\t\t\t\t\t\t\t<area\n\t\t\t\t\tshape=\"polygon\"\n\t\t\t\t\tcoords=\"688,685,688,644,779,644,779,685\"\n\t\t\t\t\thref=\"#hotspot-hotspot-27225-13\"\n\t\t\t\t\trel=\"\"\n\t\t\t\t\ttitle=\"Vallada\"\n\t\t\t\t\talt=\"Vallada\"\n\t\t\t\t\tdata-action=\"\"\n\t\t\t\t\tdata-color-scheme=\"\"\n\t\t\t\t\tdata-id=\"area-hotspot-27225-13\"\n\t\t\t\t\ttarget=\"\"\n\t\t\t\t\tclass=\"more-info-area\"\n\t\t\t\t\t>\n\t\t\t\t\t\t\t\t\t\t\t<area\n\t\t\t\t\tshape=\"polygon\"\n\t\t\t\t\tcoords=\"474,770,474,728,578,728,578,770\"\n\t\t\t\t\thref=\"#hotspot-hotspot-27225-14\"\n\t\t\t\t\trel=\"\"\n\t\t\t\t\ttitle=\"Moixent\"\n\t\t\t\t\talt=\"Moixent\"\n\t\t\t\t\tdata-action=\"\"\n\t\t\t\t\tdata-color-scheme=\"\"\n\t\t\t\t\tdata-id=\"area-hotspot-27225-14\"\n\t\t\t\t\ttarget=\"\"\n\t\t\t\t\tclass=\"more-info-area\"\n\t\t\t\t\t>\n\t\t\t\t\t\t\t\t\t\t\t<area\n\t\t\t\t\tshape=\"polygon\"\n\t\t\t\t\tcoords=\"1042,336,1042,294,1201,294,1201,336\"\n\t\t\t\t\thref=\"#hotspot-hotspot-27225-15\"\n\t\t\t\t\trel=\"\"\n\t\t\t\t\ttitle=\"La Granja de la Costera\"\n\t\t\t\t\talt=\"La Granja de la Costera\"\n\t\t\t\t\tdata-action=\"\"\n\t\t\t\t\tdata-color-scheme=\"\"\n\t\t\t\t\tdata-id=\"area-hotspot-27225-15\"\n\t\t\t\t\ttarget=\"\"\n\t\t\t\t\tclass=\"more-info-area\"\n\t\t\t\t\t>\n\t\t\t\t\t\t\t\t\t\t\t<area\n\t\t\t\t\tshape=\"polygon\"\n\t\t\t\t\tcoords=\"1407,244,1407,208,1502,208,1502,244\"\n\t\t\t\t\thref=\"#hotspot-hotspot-27225-16\"\n\t\t\t\t\trel=\"\"\n\t\t\t\t\ttitle=\"Barxeta\"\n\t\t\t\t\talt=\"Barxeta\"\n\t\t\t\t\tdata-action=\"\"\n\t\t\t\t\tdata-color-scheme=\"\"\n\t\t\t\t\tdata-id=\"area-hotspot-27225-16\"\n\t\t\t\t\ttarget=\"\"\n\t\t\t\t\tclass=\"more-info-area\"\n\t\t\t\t\t>\n\t\t\t\t\t\t\t\t\t\t\t<area\n\t\t\t\t\tshape=\"polygon\"\n\t\t\t\t\tcoords=\"993,391,993,348,1042,348,1042,391\"\n\t\t\t\t\thref=\"#hotspot-hotspot-27225-17\"\n\t\t\t\t\trel=\"\"\n\t\t\t\t\ttitle=\"Cerd\u00e0\"\n\t\t\t\t\talt=\"Cerd\u00e0\"\n\t\t\t\t\tdata-action=\"\"\n\t\t\t\t\tdata-color-scheme=\"\"\n\t\t\t\t\tdata-id=\"area-hotspot-27225-17\"\n\t\t\t\t\ttarget=\"\"\n\t\t\t\t\tclass=\"more-info-area\"\n\t\t\t\t\t>\n\t\t\t\t\t<\/map>\n\n\t\t\n\t\t\t\t\t\n\t\t\t\t\t\t<div class=\"hotspot-info \" id=\"hotspot-hotspot-27225-0\">\n\t\t\t\t\n\t\t\t\t<h2 class=\"hotspot-title\">Torrella<\/h2>\t\t\t\t\t\t\t\t\t<div class=\"hotspot-thumb\">\n\t\t\t\t\t\t<img decoding=\"async\" width=\"300\" height=\"94\" src=\"https:\/\/www.turismelacostera.com\/wp-content\/uploads\/2022\/11\/Torrella-02-pjkp8yzz39tiuegiqclk4c5r5tfft331cghlgrsc4w-300x94.jpg\" class=\"attachment-medium size-medium\" alt=\"\" srcset=\"https:\/\/www.turismelacostera.com\/wp-content\/uploads\/2022\/11\/Torrella-02-pjkp8yzz39tiuegiqclk4c5r5tfft331cghlgrsc4w-300x94.jpg 300w, https:\/\/www.turismelacostera.com\/wp-content\/uploads\/2022\/11\/Torrella-02-pjkp8yzz39tiuegiqclk4c5r5tfft331cghlgrsc4w-1024x320.jpg 1024w, https:\/\/www.turismelacostera.com\/wp-content\/uploads\/2022\/11\/Torrella-02-pjkp8yzz39tiuegiqclk4c5r5tfft331cghlgrsc4w-768x240.jpg 768w, https:\/\/www.turismelacostera.com\/wp-content\/uploads\/2022\/11\/Torrella-02-pjkp8yzz39tiuegiqclk4c5r5tfft331cghlgrsc4w-1536x480.jpg 1536w, https:\/\/www.turismelacostera.com\/wp-content\/uploads\/2022\/11\/Torrella-02-pjkp8yzz39tiuegiqclk4c5r5tfft331cghlgrsc4w.jpg 1920w\" sizes=\"(max-width: 300px) 100vw, 300px\" \/>\t\t\t\t\t<\/div>\n\t\t\t\t\t\t\t\t<div class=\"hotspot-content\">\n\t\t\t\t\t<p><a href=\"\/es\/pueblos-con-encanto\/torrella\/\">Torrella<\/a> es un pueblo agr\u00edcola de la Costera, con regad\u00edo y naranjos como cultivo principal. El origen de Torrella parte de una alquer\u00eda medieval fortificada, la cual tom\u00f3 el nombre de sus se\u00f1ores, primero los Llan\u00e7ol y luego en 1609 los caballeros Torrella. La alquer\u00eda fortificada perteneci\u00f3 al t\u00e9rmino de X\u00e0tiva hasta el a\u00f1o 1707.<\/p>\n\t\t\t\t<\/div>\n\t\t\t<\/div>\n\t\t\t\t\t\n\t\t\t\t\t\t<div class=\"hotspot-info \" id=\"hotspot-hotspot-27225-1\">\n\t\t\t\t\n\t\t\t\t<h2 class=\"hotspot-title\">Llocnou d'En Fenollet<\/h2>\t\t\t\t\t\t\t\t\t<div class=\"hotspot-thumb\">\n\t\t\t\t\t\t<img fetchpriority=\"high\" decoding=\"async\" width=\"300\" height=\"169\" src=\"https:\/\/www.turismelacostera.com\/wp-content\/uploads\/2022\/11\/Llocnou-den-Fenollet-300x169.jpg\" class=\"attachment-medium size-medium\" alt=\"\" srcset=\"https:\/\/www.turismelacostera.com\/wp-content\/uploads\/2022\/11\/Llocnou-den-Fenollet-300x169.jpg 300w, https:\/\/www.turismelacostera.com\/wp-content\/uploads\/2022\/11\/Llocnou-den-Fenollet-1024x576.jpg 1024w, https:\/\/www.turismelacostera.com\/wp-content\/uploads\/2022\/11\/Llocnou-den-Fenollet-768x432.jpg 768w, https:\/\/www.turismelacostera.com\/wp-content\/uploads\/2022\/11\/Llocnou-den-Fenollet.jpg 1280w\" sizes=\"(max-width: 300px) 100vw, 300px\" \/>\t\t\t\t\t<\/div>\n\t\t\t\t\t\t\t\t<div class=\"hotspot-content\">\n\t\t\t\t\t<p><a href=\"\/es\/pueblos-con-encanto\/llocnou-den-fenollet\/\">Llocnou d\u2019En Fenollet<\/a> se integra dentro del valle de Barxeta. Limita con las localidades de Barxeta, Genov\u00e9s y X\u00e0tiva, y se encuentra entre la monta\u00f1a del Puig y el r\u00edo Manuel. El origen del pueblo y su nombre provienen del linaje de los Fenollet, familia de gran importancia en la comarca durante el periodo posterior a la conquista. Los Fenollet pose\u00edan derechos se\u00f1oriales en Annauir, el Genov\u00e9s y Llanera de Ranes. El actual territorio de Llocnou formaba parte de les Cap\u00e7ades del Puig, campos de vi\u00f1as plantadas en \u00e9poca isl\u00e1mica. Las cepas fueron reemplazadas aqu\u00ed por los primeros cultivos de arroz en los siglos XVIII-XIX, y surgi\u00f3 la denominaci\u00f3n de las Plantades del Puig.<\/p>\n\t\t\t\t<\/div>\n\t\t\t<\/div>\n\t\t\t\t\t\n\t\t\t\t\t\t<div class=\"hotspot-info \" id=\"hotspot-hotspot-27225-2\">\n\t\t\t\t\n\t\t\t\t<h2 class=\"hotspot-title\">La Font de la Figuera<\/h2>\t\t\t\t\t\t\t\t\t<div class=\"hotspot-thumb\">\n\t\t\t\t\t\t<img decoding=\"async\" width=\"300\" height=\"94\" src=\"https:\/\/www.turismelacostera.com\/wp-content\/uploads\/2022\/11\/Font-figuera-10-pjkpsakjko9phue5wp9hdgmuqy7213seo38wlj508g-300x94.jpg\" class=\"attachment-medium size-medium\" alt=\"\" srcset=\"https:\/\/www.turismelacostera.com\/wp-content\/uploads\/2022\/11\/Font-figuera-10-pjkpsakjko9phue5wp9hdgmuqy7213seo38wlj508g-300x94.jpg 300w, https:\/\/www.turismelacostera.com\/wp-content\/uploads\/2022\/11\/Font-figuera-10-pjkpsakjko9phue5wp9hdgmuqy7213seo38wlj508g-1024x320.jpg 1024w, https:\/\/www.turismelacostera.com\/wp-content\/uploads\/2022\/11\/Font-figuera-10-pjkpsakjko9phue5wp9hdgmuqy7213seo38wlj508g-768x240.jpg 768w, https:\/\/www.turismelacostera.com\/wp-content\/uploads\/2022\/11\/Font-figuera-10-pjkpsakjko9phue5wp9hdgmuqy7213seo38wlj508g-1536x480.jpg 1536w, https:\/\/www.turismelacostera.com\/wp-content\/uploads\/2022\/11\/Font-figuera-10-pjkpsakjko9phue5wp9hdgmuqy7213seo38wlj508g.jpg 1920w\" sizes=\"(max-width: 300px) 100vw, 300px\" \/>\t\t\t\t\t<\/div>\n\t\t\t\t\t\t\t\t<div class=\"hotspot-content\">\n\t\t\t\t\t<p>Al poniente de la Costera se encuentra <a href=\"\/es\/pueblos-con-encanto\/la-font-de-la-figuera-turisme\/\">la Font de la Figuera<\/a>. Su extenso t\u00e9rmino est\u00e1 dentro de la zona vit\u00edcola Terres dels Alforins, que alcanza tambi\u00e9n los pueblos de Moixent y Fontanars dels Aforins. Un territorio de secano donde se producen vinos de gran calidad. Dada la importancia del cultivo vitivin\u00edcola, es de obligada visita el Museo Hist\u00f3rico-Etnol\u00f3gico la Costera, situado en una bodega rehabilitada de finales del siglo XVIII.<\/p>\n\t\t\t\t<\/div>\n\t\t\t<\/div>\n\t\t\t\t\t\n\t\t\t\t\t\t<div class=\"hotspot-info \" id=\"hotspot-hotspot-27225-3\">\n\t\t\t\t\n\t\t\t\t<h2 class=\"hotspot-title\">Rotgl\u00e0 i Corber\u00e0<\/h2>\t\t\t\t\t\t\t\t\t<div class=\"hotspot-thumb\">\n\t\t\t\t\t\t<img loading=\"lazy\" decoding=\"async\" width=\"300\" height=\"94\" src=\"https:\/\/www.turismelacostera.com\/wp-content\/uploads\/2022\/11\/Rotgla-01-pjkpk3f7yp1o8aavs5ommj447ylsw58oviefwnami8-300x94.jpg\" class=\"attachment-medium size-medium\" alt=\"\" srcset=\"https:\/\/www.turismelacostera.com\/wp-content\/uploads\/2022\/11\/Rotgla-01-pjkpk3f7yp1o8aavs5ommj447ylsw58oviefwnami8-300x94.jpg 300w, https:\/\/www.turismelacostera.com\/wp-content\/uploads\/2022\/11\/Rotgla-01-pjkpk3f7yp1o8aavs5ommj447ylsw58oviefwnami8-1024x320.jpg 1024w, https:\/\/www.turismelacostera.com\/wp-content\/uploads\/2022\/11\/Rotgla-01-pjkpk3f7yp1o8aavs5ommj447ylsw58oviefwnami8-768x240.jpg 768w, https:\/\/www.turismelacostera.com\/wp-content\/uploads\/2022\/11\/Rotgla-01-pjkpk3f7yp1o8aavs5ommj447ylsw58oviefwnami8-1536x480.jpg 1536w, https:\/\/www.turismelacostera.com\/wp-content\/uploads\/2022\/11\/Rotgla-01-pjkpk3f7yp1o8aavs5ommj447ylsw58oviefwnami8.jpg 1920w\" sizes=\"(max-width: 300px) 100vw, 300px\" \/>\t\t\t\t\t<\/div>\n\t\t\t\t\t\t\t\t<div class=\"hotspot-content\">\n\t\t\t\t\t<p><span style=\"font-weight: 400\"><a href=\"\/es\/pueblos-con-encanto\/rotgla-i-corbera\/\">Rotgl\u00e0 i Corber\u00e0<\/a> es un municipio de la comarca de la Costera que limita con las localidades de Llanera de Ranes, la Granja de la Costera y la Llosa de Ranes. Originariamente fueron dos alquer\u00edas musulmanas independientes, que despu\u00e9s de la conquista pasaron a manos de caballeros y ciudadanos de X\u00e0tiva. Hay que decir que en 1520 sufrieron un saqueo a manos de los <\/span><i><span style=\"font-weight: 400\">agermanats de X\u00e0tiva<\/span><\/i><span style=\"font-weight: 400\">. En 1854 los dos n\u00facleos urbanos se fusionaron en un solo municipio.<\/span><\/p>\n\t\t\t\t<\/div>\n\t\t\t<\/div>\n\t\t\t\t\t\n\t\t\t\t\t\t<div class=\"hotspot-info \" id=\"hotspot-hotspot-27225-4\">\n\t\t\t\t\n\t\t\t\t<h2 class=\"hotspot-title\">Llanera de Ranes<\/h2>\t\t\t\t\t\t\t\t\t<div class=\"hotspot-thumb\">\n\t\t\t\t\t\t<img loading=\"lazy\" decoding=\"async\" width=\"300\" height=\"94\" src=\"https:\/\/www.turismelacostera.com\/wp-content\/uploads\/2022\/11\/llanera-ranes-01-oxqjop8yo8e7fw1dr4dh862s6qawqwbaa4jpj04w34-300x94.jpg\" class=\"attachment-medium size-medium\" alt=\"\" srcset=\"https:\/\/www.turismelacostera.com\/wp-content\/uploads\/2022\/11\/llanera-ranes-01-oxqjop8yo8e7fw1dr4dh862s6qawqwbaa4jpj04w34-300x94.jpg 300w, https:\/\/www.turismelacostera.com\/wp-content\/uploads\/2022\/11\/llanera-ranes-01-oxqjop8yo8e7fw1dr4dh862s6qawqwbaa4jpj04w34-1024x320.jpg 1024w, https:\/\/www.turismelacostera.com\/wp-content\/uploads\/2022\/11\/llanera-ranes-01-oxqjop8yo8e7fw1dr4dh862s6qawqwbaa4jpj04w34-768x240.jpg 768w, https:\/\/www.turismelacostera.com\/wp-content\/uploads\/2022\/11\/llanera-ranes-01-oxqjop8yo8e7fw1dr4dh862s6qawqwbaa4jpj04w34-1536x480.jpg 1536w, https:\/\/www.turismelacostera.com\/wp-content\/uploads\/2022\/11\/llanera-ranes-01-oxqjop8yo8e7fw1dr4dh862s6qawqwbaa4jpj04w34.jpg 1920w\" sizes=\"(max-width: 300px) 100vw, 300px\" \/>\t\t\t\t\t<\/div>\n\t\t\t\t\t\t\t\t<div class=\"hotspot-content\">\n\t\t\t\t\t<p><span style=\"font-weight: 400\">Sobre una suave pendiente de la Costera de Ranes se encuentra <a href=\"\/es\/pueblos-con-encanto\/llanera-de-ranes\/\">Llanera de Ranes<\/a>. En sus or\u00edgenes este pueblo fue un anexo de la desaparecida alquer\u00eda de Cairent, que antes de la expulsi\u00f3n de los moriscos contaba con 32 casas. En el a\u00f1o 1650 le concedieron el t\u00edtulo de marqu\u00e9s de Llanera a Jordi San\u00e7 de Vilaragut y de Castellv\u00ed, de donde procede el nombre del pueblo.<\/span><\/p>\n\t\t\t\t<\/div>\n\t\t\t<\/div>\n\t\t\t\t\t\n\t\t\t\t\t\t<div class=\"hotspot-info \" id=\"hotspot-hotspot-27225-5\">\n\t\t\t\t\n\t\t\t\t<h2 class=\"hotspot-title\">El Genov\u00e9s<\/h2>\t\t\t\t\t\t\t\t\t<div class=\"hotspot-thumb\">\n\t\t\t\t\t\t<img loading=\"lazy\" decoding=\"async\" width=\"300\" height=\"94\" src=\"https:\/\/www.turismelacostera.com\/wp-content\/uploads\/2022\/11\/Genoves-02-oxq7u45t10fieroepq6smtdutgw1g0spmq0qs8mzxs-300x94.jpg\" class=\"attachment-medium size-medium\" alt=\"\" srcset=\"https:\/\/www.turismelacostera.com\/wp-content\/uploads\/2022\/11\/Genoves-02-oxq7u45t10fieroepq6smtdutgw1g0spmq0qs8mzxs-300x94.jpg 300w, https:\/\/www.turismelacostera.com\/wp-content\/uploads\/2022\/11\/Genoves-02-oxq7u45t10fieroepq6smtdutgw1g0spmq0qs8mzxs-1024x320.jpg 1024w, https:\/\/www.turismelacostera.com\/wp-content\/uploads\/2022\/11\/Genoves-02-oxq7u45t10fieroepq6smtdutgw1g0spmq0qs8mzxs-768x240.jpg 768w, https:\/\/www.turismelacostera.com\/wp-content\/uploads\/2022\/11\/Genoves-02-oxq7u45t10fieroepq6smtdutgw1g0spmq0qs8mzxs-1536x480.jpg 1536w, https:\/\/www.turismelacostera.com\/wp-content\/uploads\/2022\/11\/Genoves-02-oxq7u45t10fieroepq6smtdutgw1g0spmq0qs8mzxs.jpg 1920w\" sizes=\"(max-width: 300px) 100vw, 300px\" \/>\t\t\t\t\t<\/div>\n\t\t\t\t\t\t\t\t<div class=\"hotspot-content\">\n\t\t\t\t\t<p><span style=\"font-weight: 400\"><a href=\"\/es\/pueblos-con-encanto\/el-genoves\/\">El Genov\u00e9s<\/a> fue una alquer\u00eda \u00e1rabe perteneciente a la X\u00e0tiva musulmana. Despu\u00e9s de la conquista de X\u00e0tiva, Jaume I dio la alquer\u00eda a un m\u00e9dico llamado Baldovino y a su hermano Giovanni, procedentes de G\u00e9nova. Desde entonces pas\u00f3 a llamarse la Alquer\u00eda del Genov\u00e9s, pues antes era conocida como la Alquer\u00eda del Xiu, hasta que en 1762, despu\u00e9s de varios avatares hist\u00f3ricos, se independiz\u00f3 de X\u00e0tiva.<\/span><\/p>\n\t\t\t\t<\/div>\n\t\t\t<\/div>\n\t\t\t\t\t\n\t\t\t\t\t\t<div class=\"hotspot-info \" id=\"hotspot-hotspot-27225-6\">\n\t\t\t\t\n\t\t\t\t<h2 class=\"hotspot-title\">X\u00e0tiva<\/h2>\t\t\t\t\t\t\t\t\t<div class=\"hotspot-thumb\">\n\t\t\t\t\t\t<img loading=\"lazy\" decoding=\"async\" width=\"300\" height=\"94\" src=\"https:\/\/www.turismelacostera.com\/wp-content\/uploads\/2022\/11\/Xativa-34-pjkprvj4jbp4c300cirg9kfh8s96ly4pa0t4x3rb00-300x94.jpg\" class=\"attachment-medium size-medium\" alt=\"\" srcset=\"https:\/\/www.turismelacostera.com\/wp-content\/uploads\/2022\/11\/Xativa-34-pjkprvj4jbp4c300cirg9kfh8s96ly4pa0t4x3rb00-300x94.jpg 300w, https:\/\/www.turismelacostera.com\/wp-content\/uploads\/2022\/11\/Xativa-34-pjkprvj4jbp4c300cirg9kfh8s96ly4pa0t4x3rb00-1024x320.jpg 1024w, https:\/\/www.turismelacostera.com\/wp-content\/uploads\/2022\/11\/Xativa-34-pjkprvj4jbp4c300cirg9kfh8s96ly4pa0t4x3rb00-768x240.jpg 768w, https:\/\/www.turismelacostera.com\/wp-content\/uploads\/2022\/11\/Xativa-34-pjkprvj4jbp4c300cirg9kfh8s96ly4pa0t4x3rb00-1536x480.jpg 1536w, https:\/\/www.turismelacostera.com\/wp-content\/uploads\/2022\/11\/Xativa-34-pjkprvj4jbp4c300cirg9kfh8s96ly4pa0t4x3rb00.jpg 1920w\" sizes=\"(max-width: 300px) 100vw, 300px\" \/>\t\t\t\t\t<\/div>\n\t\t\t\t\t\t\t\t<div class=\"hotspot-content\">\n\t\t\t\t\t<p><span style=\"font-weight: 400\"><a href=\"\/es\/pueblos-con-encanto\/xativa\/\">X\u00e0tiva<\/a>, conocida como la ciudad de las mil fuentes, es la capital de la comarca de la Costera. Est\u00e1 situada entre la cuenca del r\u00edo Albaida y su afluente el r\u00edo C\u00e0nyoles. Su t\u00e9rmino incluye las pedan\u00edas de la Torre de Lloris, Annauir y Sori\u00f3.<\/span><\/p>\n\t\t\t\t<\/div>\n\t\t\t<\/div>\n\t\t\t\t\t\n\t\t\t\t\t\t<div class=\"hotspot-info \" id=\"hotspot-hotspot-27225-7\">\n\t\t\t\t\n\t\t\t\t<h2 class=\"hotspot-title\">Novetl\u00e8<\/h2>\t\t\t\t\t\t\t\t\t<div class=\"hotspot-thumb\">\n\t\t\t\t\t\t<img loading=\"lazy\" decoding=\"async\" width=\"300\" height=\"94\" src=\"https:\/\/www.turismelacostera.com\/wp-content\/uploads\/2022\/11\/Novetle-01-pjkppccs4e8b1wog4xcn1pfrmeqkvb2qlhj1d9ihrk-300x94.jpg\" class=\"attachment-medium size-medium\" alt=\"\" srcset=\"https:\/\/www.turismelacostera.com\/wp-content\/uploads\/2022\/11\/Novetle-01-pjkppccs4e8b1wog4xcn1pfrmeqkvb2qlhj1d9ihrk-300x94.jpg 300w, https:\/\/www.turismelacostera.com\/wp-content\/uploads\/2022\/11\/Novetle-01-pjkppccs4e8b1wog4xcn1pfrmeqkvb2qlhj1d9ihrk-1024x320.jpg 1024w, https:\/\/www.turismelacostera.com\/wp-content\/uploads\/2022\/11\/Novetle-01-pjkppccs4e8b1wog4xcn1pfrmeqkvb2qlhj1d9ihrk-768x240.jpg 768w, https:\/\/www.turismelacostera.com\/wp-content\/uploads\/2022\/11\/Novetle-01-pjkppccs4e8b1wog4xcn1pfrmeqkvb2qlhj1d9ihrk-1536x480.jpg 1536w, https:\/\/www.turismelacostera.com\/wp-content\/uploads\/2022\/11\/Novetle-01-pjkppccs4e8b1wog4xcn1pfrmeqkvb2qlhj1d9ihrk.jpg 1920w\" sizes=\"(max-width: 300px) 100vw, 300px\" \/>\t\t\t\t\t<\/div>\n\t\t\t\t\t\t\t\t<div class=\"hotspot-content\">\n\t\t\t\t\t<p><a href=\"\/es\/pueblos-con-encanto\/novetle\/\">Novetl\u00e8<\/a> es un peque\u00f1o municipio ubicado a los pies de la sierra Vernissa, muy cerca de la ciudad de X\u00e0tiva. Su origen se remonta al siglo XV, cuando la familia de los Tallada compr\u00f3 unas tierras a las que nombraron Alquer\u00eda de Tallada. El se\u00f1or de Tallada hizo edificar una iglesia y seis casas, en las cuales instal\u00f3 a familias de la alquer\u00eda de Sagres, que se dedicar\u00edan al cultivo de las tierras junto a los moriscos que all\u00ed habitaban.<\/p>\n\t\t\t\t<\/div>\n\t\t\t<\/div>\n\t\t\t\t\t\n\t\t\t\t\t\t<div class=\"hotspot-info \" id=\"hotspot-hotspot-27225-8\">\n\t\t\t\t\n\t\t\t\t<h2 class=\"hotspot-title\">L'Alcudia de Crespins<\/h2>\t\t\t\t\t\t\t\t\t<div class=\"hotspot-thumb\">\n\t\t\t\t\t\t<img loading=\"lazy\" decoding=\"async\" width=\"300\" height=\"94\" src=\"https:\/\/www.turismelacostera.com\/wp-content\/uploads\/2022\/11\/alcudia-crespins-02-oxqj4fu7csnp6hgw2d2zha537q62trvktuax4a6e7k-300x94.jpg\" class=\"attachment-medium size-medium\" alt=\"Cartell Alcudia de Crespins. Redirecciona a otra p\u00e1gina.\" srcset=\"https:\/\/www.turismelacostera.com\/wp-content\/uploads\/2022\/11\/alcudia-crespins-02-oxqj4fu7csnp6hgw2d2zha537q62trvktuax4a6e7k-300x94.jpg 300w, https:\/\/www.turismelacostera.com\/wp-content\/uploads\/2022\/11\/alcudia-crespins-02-oxqj4fu7csnp6hgw2d2zha537q62trvktuax4a6e7k-1024x320.jpg 1024w, https:\/\/www.turismelacostera.com\/wp-content\/uploads\/2022\/11\/alcudia-crespins-02-oxqj4fu7csnp6hgw2d2zha537q62trvktuax4a6e7k-768x240.jpg 768w, https:\/\/www.turismelacostera.com\/wp-content\/uploads\/2022\/11\/alcudia-crespins-02-oxqj4fu7csnp6hgw2d2zha537q62trvktuax4a6e7k-1536x480.jpg 1536w, https:\/\/www.turismelacostera.com\/wp-content\/uploads\/2022\/11\/alcudia-crespins-02-oxqj4fu7csnp6hgw2d2zha537q62trvktuax4a6e7k.jpg 1920w\" sizes=\"(max-width: 300px) 100vw, 300px\" \/>\t\t\t\t\t<\/div>\n\t\t\t\t\t\t\t\t<div class=\"hotspot-content\">\n\t\t\t\t\t<p><a href=\"\/es\/pueblos-con-encanto\/lalcudia-de-crespins\/\">Alc\u00fadia de Crespins<\/a> es un pueblo de la Costa situado en la margen izquierda del r\u00edo C\u00e2nyoles en la vertiente sur de la Serra d'Enguera. El riu dels Santso riu Nou nace al final de Alc\u00fadia de Crespins, en el paraje conocido como El Naixement y muy cerca de la zona de ba\u00f1o del riu Nou. Sus terrenos son irregulares; en las orillas del r\u00edo son escarpadas y en el norte forman suaves lomas.<\/p>\n\t\t\t\t<\/div>\n\t\t\t<\/div>\n\t\t\t\t\t\n\t\t\t\t\t\t<div class=\"hotspot-info \" id=\"hotspot-hotspot-27225-9\">\n\t\t\t\t\n\t\t\t\t<h2 class=\"hotspot-title\">Vall\u00e9s<\/h2>\t\t\t\t\t\t\t\t\t<div class=\"hotspot-thumb\">\n\t\t\t\t\t\t<img loading=\"lazy\" decoding=\"async\" width=\"300\" height=\"94\" src=\"https:\/\/www.turismelacostera.com\/wp-content\/uploads\/2022\/11\/Valles-01-pjkpkgkymdjoqtrrnbdelfskjcsxvwoxlbj8mir434-300x94.jpg\" class=\"attachment-medium size-medium\" alt=\"\" srcset=\"https:\/\/www.turismelacostera.com\/wp-content\/uploads\/2022\/11\/Valles-01-pjkpkgkymdjoqtrrnbdelfskjcsxvwoxlbj8mir434-300x94.jpg 300w, https:\/\/www.turismelacostera.com\/wp-content\/uploads\/2022\/11\/Valles-01-pjkpkgkymdjoqtrrnbdelfskjcsxvwoxlbj8mir434-1024x320.jpg 1024w, https:\/\/www.turismelacostera.com\/wp-content\/uploads\/2022\/11\/Valles-01-pjkpkgkymdjoqtrrnbdelfskjcsxvwoxlbj8mir434-768x240.jpg 768w, https:\/\/www.turismelacostera.com\/wp-content\/uploads\/2022\/11\/Valles-01-pjkpkgkymdjoqtrrnbdelfskjcsxvwoxlbj8mir434-1536x480.jpg 1536w, https:\/\/www.turismelacostera.com\/wp-content\/uploads\/2022\/11\/Valles-01-pjkpkgkymdjoqtrrnbdelfskjcsxvwoxlbj8mir434.jpg 1920w\" sizes=\"(max-width: 300px) 100vw, 300px\" \/>\t\t\t\t\t<\/div>\n\t\t\t\t\t\t\t\t<div class=\"hotspot-content\">\n\t\t\t\t\t<p><a href=\"\/es\/pueblos-con-encanto\/valles\/\">Vall\u00e9s<\/a> es un peque\u00f1o municipio de la Costera ubicado sobre el margen izquierdo del r\u00edo C\u00e0nyoles. Muy cerca del molino de Vall\u00e9s y del azud de Mesos, el t\u00e9rmino se riega con la acequia de Ranes, que se remonta al menos al siglo X. Vall\u00e9s aparece documentado en el siglo XIV como la alquer\u00eda de Jaume Vall\u00e9s. Contaba con 18 casas cuando el caballero de X\u00e0tiva, Bernat San\u00e7, lo repobl\u00f3 con cristianos viejos en el a\u00f1o 1609. En Vall\u00e9s se encuentra el Palacio de San\u00e7, una de las joyas arquitect\u00f3nicas del g\u00f3tico civil valenciano del siglo XV. Se ubica en un extremo de la plaza Mayor, muy cerca del r\u00edo C\u00e0nyoles, desde donde podemos disfrutar de unas magn\u00edficas vistas de la sierra Vernissa y de la ciudad de X\u00e0tiva.<\/p>\n\t\t\t\t<\/div>\n\t\t\t<\/div>\n\t\t\t\t\t\n\t\t\t\t\t\t<div class=\"hotspot-info \" id=\"hotspot-hotspot-27225-10\">\n\t\t\t\t\n\t\t\t\t<h2 class=\"hotspot-title\">Montesa<\/h2>\t\t\t\t\t\t\t\t\t<div class=\"hotspot-thumb\">\n\t\t\t\t\t\t<img loading=\"lazy\" decoding=\"async\" width=\"300\" height=\"94\" src=\"https:\/\/www.turismelacostera.com\/wp-content\/uploads\/2022\/11\/Montesa-01-oxh63w0tag40d0obn028rvzk9tyrmchqraj02z8bjk-300x94.jpg\" class=\"attachment-medium size-medium\" alt=\"\" srcset=\"https:\/\/www.turismelacostera.com\/wp-content\/uploads\/2022\/11\/Montesa-01-oxh63w0tag40d0obn028rvzk9tyrmchqraj02z8bjk-300x94.jpg 300w, https:\/\/www.turismelacostera.com\/wp-content\/uploads\/2022\/11\/Montesa-01-oxh63w0tag40d0obn028rvzk9tyrmchqraj02z8bjk-1024x320.jpg 1024w, https:\/\/www.turismelacostera.com\/wp-content\/uploads\/2022\/11\/Montesa-01-oxh63w0tag40d0obn028rvzk9tyrmchqraj02z8bjk-768x240.jpg 768w, https:\/\/www.turismelacostera.com\/wp-content\/uploads\/2022\/11\/Montesa-01-oxh63w0tag40d0obn028rvzk9tyrmchqraj02z8bjk-1536x480.jpg 1536w, https:\/\/www.turismelacostera.com\/wp-content\/uploads\/2022\/11\/Montesa-01-oxh63w0tag40d0obn028rvzk9tyrmchqraj02z8bjk.jpg 1920w\" sizes=\"(max-width: 300px) 100vw, 300px\" \/>\t\t\t\t\t<\/div>\n\t\t\t\t\t\t\t\t<div class=\"hotspot-content\">\n\t\t\t\t\t<p><a href=\"\/es\/pueblos-con-encanto\/montesa\/\">Montesa<\/a> es un hist\u00f3rico municipio de la Costera con un impresionante castillo que es visible desde muchos puntos de la comarca.<br \/>\nEl Castell de Montesa est\u00e1 declarado monumento hist\u00f3rico-art\u00edstico y fue durante siglos la sede de la Orden de Montesa. Destruido por un terremoto y sus r\u00e9plicas en 1748, tan solo se pueden reconocer algunas dependencias del que fue en su momento el Sagrado y Real Convento de la Orden de Santa Mar\u00eda de Montesa y San Jordi de Alfama.<\/p>\n\t\t\t\t<\/div>\n\t\t\t<\/div>\n\t\t\t\t\t\n\t\t\t\t\t\t<div class=\"hotspot-info \" id=\"hotspot-hotspot-27225-11\">\n\t\t\t\t\n\t\t\t\t<h2 class=\"hotspot-title\">La Llosa de Ranes<\/h2>\t\t\t\t\t\t\t\t\t<div class=\"hotspot-thumb\">\n\t\t\t\t\t\t<img loading=\"lazy\" decoding=\"async\" width=\"300\" height=\"94\" src=\"https:\/\/www.turismelacostera.com\/wp-content\/uploads\/2022\/11\/Llosa-ranes-01-oxru339tu915hbpcunmxq5gro75yj6n6xsbyo1fkog-300x94.jpg\" class=\"attachment-medium size-medium\" alt=\"\" srcset=\"https:\/\/www.turismelacostera.com\/wp-content\/uploads\/2022\/11\/Llosa-ranes-01-oxru339tu915hbpcunmxq5gro75yj6n6xsbyo1fkog-300x94.jpg 300w, https:\/\/www.turismelacostera.com\/wp-content\/uploads\/2022\/11\/Llosa-ranes-01-oxru339tu915hbpcunmxq5gro75yj6n6xsbyo1fkog-1024x320.jpg 1024w, https:\/\/www.turismelacostera.com\/wp-content\/uploads\/2022\/11\/Llosa-ranes-01-oxru339tu915hbpcunmxq5gro75yj6n6xsbyo1fkog-768x240.jpg 768w, https:\/\/www.turismelacostera.com\/wp-content\/uploads\/2022\/11\/Llosa-ranes-01-oxru339tu915hbpcunmxq5gro75yj6n6xsbyo1fkog-1536x480.jpg 1536w, https:\/\/www.turismelacostera.com\/wp-content\/uploads\/2022\/11\/Llosa-ranes-01-oxru339tu915hbpcunmxq5gro75yj6n6xsbyo1fkog.jpg 1920w\" sizes=\"(max-width: 300px) 100vw, 300px\" \/>\t\t\t\t\t<\/div>\n\t\t\t\t\t\t\t\t<div class=\"hotspot-content\">\n\t\t\t\t\t<p><a href=\"\/es\/pueblos-con-encanto\/llanera-de-ranes\/\">La Llosa de Ranes<\/a> es un pueblo acogedor que ha sabido conservar sus rasgos culturales e identitarios y donde los visitantes pueden disfrutar de numerosos lugares de inter\u00e9s. El casco urbano descansa sobre un monte, en la cumbre del cual se encuentra la ermita de Santa Anna. La mitad del t\u00e9rmino municipal es abrupto y monta\u00f1oso. El resto se dedica a los cultivos de regad\u00edo, en la llanura aluvial del r\u00edo C\u00e0nyoles.<\/p>\n\t\t\t\t<\/div>\n\t\t\t<\/div>\n\t\t\t\t\t\n\t\t\t\t\t\t<div class=\"hotspot-info \" id=\"hotspot-hotspot-27225-12\">\n\t\t\t\t\n\t\t\t\t<h2 class=\"hotspot-title\">Canals<\/h2>\t\t\t\t\t\t\t\t\t<div class=\"hotspot-thumb\">\n\t\t\t\t\t\t<img loading=\"lazy\" decoding=\"async\" width=\"300\" height=\"94\" src=\"https:\/\/www.turismelacostera.com\/wp-content\/uploads\/2022\/11\/Canals-01-pjkpfpic2j1i1so9e9fazmyof884yzts9ssva5srjk-1-300x94.jpg\" class=\"attachment-medium size-medium\" alt=\"\" srcset=\"https:\/\/www.turismelacostera.com\/wp-content\/uploads\/2022\/11\/Canals-01-pjkpfpic2j1i1so9e9fazmyof884yzts9ssva5srjk-1-300x94.jpg 300w, https:\/\/www.turismelacostera.com\/wp-content\/uploads\/2022\/11\/Canals-01-pjkpfpic2j1i1so9e9fazmyof884yzts9ssva5srjk-1-1024x320.jpg 1024w, https:\/\/www.turismelacostera.com\/wp-content\/uploads\/2022\/11\/Canals-01-pjkpfpic2j1i1so9e9fazmyof884yzts9ssva5srjk-1-768x240.jpg 768w, https:\/\/www.turismelacostera.com\/wp-content\/uploads\/2022\/11\/Canals-01-pjkpfpic2j1i1so9e9fazmyof884yzts9ssva5srjk-1-1536x480.jpg 1536w, https:\/\/www.turismelacostera.com\/wp-content\/uploads\/2022\/11\/Canals-01-pjkpfpic2j1i1so9e9fazmyof884yzts9ssva5srjk-1.jpg 1920w\" sizes=\"(max-width: 300px) 100vw, 300px\" \/>\t\t\t\t\t<\/div>\n\t\t\t\t\t\t\t\t<div class=\"hotspot-content\">\n\t\t\t\t\t<p><a href=\"\/es\/pueblos-con-encanto\/canals\/\">Canals<\/a> es un bello municipio de la Costera situado a la izquierda del r\u00edo C\u00e0nyoles. Sus or\u00edgenes se remontan a la antig\u00fcedad y ya en tiempo de Al-\u00c0ndalus constitu\u00eda el enclave que regulaba las aguas del r\u00edo dels Sants, fundamentales para el regad\u00edo de gran parte de la comarca. Canals es cuna del papa Calixto III y forma parte de la Ruta de los Borja, que discurre por los municipios y ciudades vinculados a la familia valenciana m\u00e1s universal: los Borja.<\/p>\n\t\t\t\t<\/div>\n\t\t\t<\/div>\n\t\t\t\t\t\n\t\t\t\t\t\t<div class=\"hotspot-info \" id=\"hotspot-hotspot-27225-13\">\n\t\t\t\t\n\t\t\t\t<h2 class=\"hotspot-title\">Vallada<\/h2>\t\t\t\t\t\t\t\t\t<div class=\"hotspot-thumb\">\n\t\t\t\t\t\t<img loading=\"lazy\" decoding=\"async\" width=\"300\" height=\"94\" src=\"https:\/\/www.turismelacostera.com\/wp-content\/uploads\/2022\/11\/Vallada-02-pjkp8h51hf52pt6gmmvnaynzvhvgqu44y03dciitf4-300x94.jpg\" class=\"attachment-medium size-medium\" alt=\"\" srcset=\"https:\/\/www.turismelacostera.com\/wp-content\/uploads\/2022\/11\/Vallada-02-pjkp8h51hf52pt6gmmvnaynzvhvgqu44y03dciitf4-300x94.jpg 300w, https:\/\/www.turismelacostera.com\/wp-content\/uploads\/2022\/11\/Vallada-02-pjkp8h51hf52pt6gmmvnaynzvhvgqu44y03dciitf4-1024x320.jpg 1024w, https:\/\/www.turismelacostera.com\/wp-content\/uploads\/2022\/11\/Vallada-02-pjkp8h51hf52pt6gmmvnaynzvhvgqu44y03dciitf4-768x240.jpg 768w, https:\/\/www.turismelacostera.com\/wp-content\/uploads\/2022\/11\/Vallada-02-pjkp8h51hf52pt6gmmvnaynzvhvgqu44y03dciitf4-1536x480.jpg 1536w, https:\/\/www.turismelacostera.com\/wp-content\/uploads\/2022\/11\/Vallada-02-pjkp8h51hf52pt6gmmvnaynzvhvgqu44y03dciitf4.jpg 1920w\" sizes=\"(max-width: 300px) 100vw, 300px\" \/>\t\t\t\t\t<\/div>\n\t\t\t\t\t\t\t\t<div class=\"hotspot-content\">\n\t\t\t\t\t<p><a href=\"\/es\/pueblos-con-encanto\/vallada\/\">Vallada<\/a> es un hist\u00f3rico municipio de la comarca de la Costera enclavado en el valle de Montesa a los pies de la serra Grossa. El t\u00e9rmino posee unas caracter\u00edsticas geol\u00f3gicas especiales y una fauna y flora muy singulares.<br \/>\nLos yacimientos arqueol\u00f3gicos encontrados son abundantes y muy diversos, puesto que pertenecen a diferentes \u00e9pocas, destacando la Cueva de los Mosseguellos del Paleol\u00edtico Superior, los poblados de la edad de bronce, la villa romana de els Horts y el Castillo. Muchas de las piezas encontradas se conservan en el interesante Museo Arqueol\u00f3gico Municipal de Vallada.<\/p>\n\t\t\t\t<\/div>\n\t\t\t<\/div>\n\t\t\t\t\t\n\t\t\t\t\t\t<div class=\"hotspot-info \" id=\"hotspot-hotspot-27225-14\">\n\t\t\t\t\n\t\t\t\t<h2 class=\"hotspot-title\">Moixent<\/h2>\t\t\t\t\t\t\t\t\t<div class=\"hotspot-thumb\">\n\t\t\t\t\t\t<img loading=\"lazy\" decoding=\"async\" width=\"300\" height=\"94\" src=\"https:\/\/www.turismelacostera.com\/wp-content\/uploads\/2022\/11\/moixent-07-pjkpisfagz9c3s75elda5uz2ip1g7a2411s5wt8b5c-300x94.jpg\" class=\"attachment-medium size-medium\" alt=\"\" srcset=\"https:\/\/www.turismelacostera.com\/wp-content\/uploads\/2022\/11\/moixent-07-pjkpisfagz9c3s75elda5uz2ip1g7a2411s5wt8b5c-300x94.jpg 300w, https:\/\/www.turismelacostera.com\/wp-content\/uploads\/2022\/11\/moixent-07-pjkpisfagz9c3s75elda5uz2ip1g7a2411s5wt8b5c-1024x320.jpg 1024w, https:\/\/www.turismelacostera.com\/wp-content\/uploads\/2022\/11\/moixent-07-pjkpisfagz9c3s75elda5uz2ip1g7a2411s5wt8b5c-768x240.jpg 768w, https:\/\/www.turismelacostera.com\/wp-content\/uploads\/2022\/11\/moixent-07-pjkpisfagz9c3s75elda5uz2ip1g7a2411s5wt8b5c-1536x480.jpg 1536w, https:\/\/www.turismelacostera.com\/wp-content\/uploads\/2022\/11\/moixent-07-pjkpisfagz9c3s75elda5uz2ip1g7a2411s5wt8b5c.jpg 1920w\" sizes=\"(max-width: 300px) 100vw, 300px\" \/>\t\t\t\t\t<\/div>\n\t\t\t\t\t\t\t\t<div class=\"hotspot-content\">\n\t\t\t\t\t<p><a href=\"\/es\/pueblos-con-encanto\/vallada\/\">Moixent<\/a> es un hist\u00f3rico municipio de la comarca de la Costera situado entre las poblaciones de Vallada y la Font de la Figuera, a los pies de la Serra Grossa. Cuenta con un extenso t\u00e9rmino municipal donde la agricultura tradicional de vi\u00f1as, olivos y otros cultivos ceden terreno a las nuevas econom\u00edas sostenibles: mas\u00edas rurales, espeleolog\u00eda, cicloturismo y enoturismo. Aqu\u00ed se producen algunos de los mejores vinos del territorio valenciano.<\/p>\n\t\t\t\t<\/div>\n\t\t\t<\/div>\n\t\t\t\t\t\n\t\t\t\t\t\t<div class=\"hotspot-info \" id=\"hotspot-hotspot-27225-15\">\n\t\t\t\t\n\t\t\t\t<h2 class=\"hotspot-title\">La Granja de la Costera<\/h2>\t\t\t\t\t\t\t\t\t<div class=\"hotspot-thumb\">\n\t\t\t\t\t\t<img loading=\"lazy\" decoding=\"async\" width=\"300\" height=\"94\" src=\"https:\/\/www.turismelacostera.com\/wp-content\/uploads\/2022\/11\/Granja-01-oxqohe5iagsogt6zcrnybl9h574kwzvyovd5n430xc-300x94.jpg\" class=\"attachment-medium size-medium\" alt=\"\" srcset=\"https:\/\/www.turismelacostera.com\/wp-content\/uploads\/2022\/11\/Granja-01-oxqohe5iagsogt6zcrnybl9h574kwzvyovd5n430xc-300x94.jpg 300w, https:\/\/www.turismelacostera.com\/wp-content\/uploads\/2022\/11\/Granja-01-oxqohe5iagsogt6zcrnybl9h574kwzvyovd5n430xc-1024x320.jpg 1024w, https:\/\/www.turismelacostera.com\/wp-content\/uploads\/2022\/11\/Granja-01-oxqohe5iagsogt6zcrnybl9h574kwzvyovd5n430xc-768x240.jpg 768w, https:\/\/www.turismelacostera.com\/wp-content\/uploads\/2022\/11\/Granja-01-oxqohe5iagsogt6zcrnybl9h574kwzvyovd5n430xc-1536x480.jpg 1536w, https:\/\/www.turismelacostera.com\/wp-content\/uploads\/2022\/11\/Granja-01-oxqohe5iagsogt6zcrnybl9h574kwzvyovd5n430xc.jpg 1920w\" sizes=\"(max-width: 300px) 100vw, 300px\" \/>\t\t\t\t\t<\/div>\n\t\t\t\t\t\t\t\t<div class=\"hotspot-content\">\n\t\t\t\t\t<p><a href=\"\/es\/pueblos-con-encanto\/la-granja-de-la-costera\/\">La granja de la Costera.<\/a> Su ubicaci\u00f3n, alejada de importantes cauces de comunicaci\u00f3n, hacen de la Granja de la Costera un lugar muy tranquilo. El pueblo se encuentra sobre una llanura natural rodeada de campos de cultivo. Sus tierras se dedican primordialmente a los cultivos fruct\u00edcolas de regad\u00edo, principalmente la naranja.<\/p>\n\t\t\t\t<\/div>\n\t\t\t<\/div>\n\t\t\t\t\t\n\t\t\t\t\t\t<div class=\"hotspot-info \" id=\"hotspot-hotspot-27225-16\">\n\t\t\t\t\n\t\t\t\t<h2 class=\"hotspot-title\">Barxeta<\/h2>\t\t\t\t\t\t\t\t\t<div class=\"hotspot-thumb\">\n\t\t\t\t\t\t<img loading=\"lazy\" decoding=\"async\" width=\"300\" height=\"94\" src=\"https:\/\/www.turismelacostera.com\/wp-content\/uploads\/2022\/11\/Barxeta-02-oxq71judc9btld63idoxv0vkxxohj5ed1cbjrizp0w-300x94.jpg\" class=\"attachment-medium size-medium\" alt=\"\" srcset=\"https:\/\/www.turismelacostera.com\/wp-content\/uploads\/2022\/11\/Barxeta-02-oxq71judc9btld63idoxv0vkxxohj5ed1cbjrizp0w-300x94.jpg 300w, https:\/\/www.turismelacostera.com\/wp-content\/uploads\/2022\/11\/Barxeta-02-oxq71judc9btld63idoxv0vkxxohj5ed1cbjrizp0w-1024x320.jpg 1024w, https:\/\/www.turismelacostera.com\/wp-content\/uploads\/2022\/11\/Barxeta-02-oxq71judc9btld63idoxv0vkxxohj5ed1cbjrizp0w-768x240.jpg 768w, https:\/\/www.turismelacostera.com\/wp-content\/uploads\/2022\/11\/Barxeta-02-oxq71judc9btld63idoxv0vkxxohj5ed1cbjrizp0w-1536x480.jpg 1536w, https:\/\/www.turismelacostera.com\/wp-content\/uploads\/2022\/11\/Barxeta-02-oxq71judc9btld63idoxv0vkxxohj5ed1cbjrizp0w.jpg 1920w\" sizes=\"(max-width: 300px) 100vw, 300px\" \/>\t\t\t\t\t<\/div>\n\t\t\t\t\t\t\t\t<div class=\"hotspot-content\">\n\t\t\t\t\t<p><a href=\"\/es\/pueblos-con-encanto\/barxeta\/\">Barxeta<\/a> se encuentra en el extremo m\u00e1s oriental de la Costera. Su nombre tiene or\u00edgenes isl\u00e1micos, fue una alquer\u00eda musulmana conquistada por Jaume I. En 1488 era propiedad de los se\u00f1ores de Tallada, de ascendencia italiana, y en 1574 consigui\u00f3 la independencia de X\u00e0tiva. El valle de Barxeta siempre ha sido habitado y son diversos los yacimientos arqueol\u00f3gicos existentes en el t\u00e9rmino, destacando Casa Perot, donde se encontraron restos de un poblado \u00edbero-romano, y Els Terrers y La Judia, donde se descubri\u00f3 un poblado amurallado de la edad del bronce.<\/p>\n\t\t\t\t<\/div>\n\t\t\t<\/div>\n\t\t\t\t\t\n\t\t\t\t\t\t<div class=\"hotspot-info \" id=\"hotspot-hotspot-27225-17\">\n\t\t\t\t\n\t\t\t\t<h2 class=\"hotspot-title\">Cerd\u00e0<\/h2>\t\t\t\t\t\t\t\t\t<div class=\"hotspot-thumb\">\n\t\t\t\t\t\t<img loading=\"lazy\" decoding=\"async\" width=\"300\" height=\"94\" src=\"https:\/\/www.turismelacostera.com\/wp-content\/uploads\/2022\/11\/Cerda-01-oxk2t3w8qxvydbob1rmcs8m6sdysob12n6xy6gkmls-300x94.jpg\" class=\"attachment-medium size-medium\" alt=\"\" srcset=\"https:\/\/www.turismelacostera.com\/wp-content\/uploads\/2022\/11\/Cerda-01-oxk2t3w8qxvydbob1rmcs8m6sdysob12n6xy6gkmls-300x94.jpg 300w, https:\/\/www.turismelacostera.com\/wp-content\/uploads\/2022\/11\/Cerda-01-oxk2t3w8qxvydbob1rmcs8m6sdysob12n6xy6gkmls-1024x320.jpg 1024w, https:\/\/www.turismelacostera.com\/wp-content\/uploads\/2022\/11\/Cerda-01-oxk2t3w8qxvydbob1rmcs8m6sdysob12n6xy6gkmls-768x240.jpg 768w, https:\/\/www.turismelacostera.com\/wp-content\/uploads\/2022\/11\/Cerda-01-oxk2t3w8qxvydbob1rmcs8m6sdysob12n6xy6gkmls-1536x480.jpg 1536w, https:\/\/www.turismelacostera.com\/wp-content\/uploads\/2022\/11\/Cerda-01-oxk2t3w8qxvydbob1rmcs8m6sdysob12n6xy6gkmls.jpg 1920w\" sizes=\"(max-width: 300px) 100vw, 300px\" \/>\t\t\t\t\t<\/div>\n\t\t\t\t\t\t\t\t<div class=\"hotspot-content\">\n\t\t\t\t\t<p><a href=\"\/es\/pueblos-con-encanto\/cerda\/\">Cerd\u00e0<\/a> es un peque\u00f1o municipio situado en la l\u00ednea de pueblos de la Costera de Ranes. Fue una antigua alquer\u00eda propiedad de los Ferran, que m\u00e1s tarde pas\u00f3 a manos de los Cerd\u00e0. Entre su patrimonio hist\u00f3rico destaca el Palacio del Marqu\u00e9s de Montortal, de or\u00edgenes moriscos (siglo XVI), o la iglesia parroquial, dedicada a San Antonio Abad, de principios del siglo XVI. Muy interesantes son los paneles cer\u00e1micos que se conservan en algunas de las fachadas. Destacan el retablo de San Antonio Abad, datado a principios del siglo XX, o el retablo de Santa Teresa de Jes\u00fas, de inicios del siglo XIX, ambos declarados Bien de Relevancia Local.<\/p>\n\t\t\t\t<\/div>\n\t\t\t<\/div>\n\t\t\t<\/div>\n\n<\/div>\n\t\t\t\t\t\t<\/div>\n\t\t\t\t<\/div>\n\t\t\t\t\t<\/div>\n\t\t<\/div>\n\t\t\t\t\t<\/div>\n\t\t<\/section>\n\t\t\t\t<section class=\"elementor-section elementor-top-section elementor-element elementor-element-9bbae8a elementor-section-content-middle elementor-section-stretched elementor-section-boxed elementor-section-height-default elementor-section-height-default\" data-id=\"9bbae8a\" data-element_type=\"section\" data-e-type=\"section\" id=\"pobles\" data-settings=\"{&quot;stretch_section&quot;:&quot;section-stretched&quot;,&quot;jet_parallax_layout_list&quot;:[{&quot;jet_parallax_layout_image&quot;:{&quot;url&quot;:&quot;&quot;,&quot;id&quot;:&quot;&quot;,&quot;size&quot;:&quot;&quot;},&quot;_id&quot;:&quot;69e5e79&quot;,&quot;jet_parallax_layout_speed&quot;:{&quot;unit&quot;:&quot;%&quot;,&quot;size&quot;:50,&quot;sizes&quot;:[]},&quot;jet_parallax_layout_image_tablet&quot;:{&quot;url&quot;:&quot;&quot;,&quot;id&quot;:&quot;&quot;,&quot;size&quot;:&quot;&quot;},&quot;jet_parallax_layout_image_mobile&quot;:{&quot;url&quot;:&quot;&quot;,&quot;id&quot;:&quot;&quot;,&quot;size&quot;:&quot;&quot;},&quot;jet_parallax_layout_type&quot;:&quot;scroll&quot;,&quot;jet_parallax_layout_direction&quot;:&quot;1&quot;,&quot;jet_parallax_layout_fx_direction&quot;:null,&quot;jet_parallax_layout_z_index&quot;:&quot;&quot;,&quot;jet_parallax_layout_bg_x&quot;:50,&quot;jet_parallax_layout_bg_x_tablet&quot;:&quot;&quot;,&quot;jet_parallax_layout_bg_x_mobile&quot;:&quot;&quot;,&quot;jet_parallax_layout_bg_y&quot;:50,&quot;jet_parallax_layout_bg_y_tablet&quot;:&quot;&quot;,&quot;jet_parallax_layout_bg_y_mobile&quot;:&quot;&quot;,&quot;jet_parallax_layout_bg_size&quot;:&quot;auto&quot;,&quot;jet_parallax_layout_bg_size_tablet&quot;:&quot;&quot;,&quot;jet_parallax_layout_bg_size_mobile&quot;:&quot;&quot;,&quot;jet_parallax_layout_animation_prop&quot;:&quot;transform&quot;,&quot;jet_parallax_layout_on&quot;:[&quot;desktop&quot;,&quot;tablet&quot;]}]}\">\n\t\t\t\t\t\t\t<div class=\"elementor-background-overlay\"><\/div>\n\t\t\t\t\t\t\t<div class=\"elementor-container elementor-column-gap-default\">\n\t\t\t\t\t<div class=\"elementor-column elementor-col-100 elementor-top-column elementor-element elementor-element-ce89ef7\" data-id=\"ce89ef7\" data-element_type=\"column\" data-e-type=\"column\">\n\t\t\t<div class=\"elementor-widget-wrap elementor-element-populated\">\n\t\t\t\t\t<div class=\"elementor-background-overlay\"><\/div>\n\t\t\t\t\t\t<div class=\"elementor-element elementor-element-3c8160a elementor-widget elementor-widget-text-editor\" data-id=\"3c8160a\" data-element_type=\"widget\" data-e-type=\"widget\" data-widget_type=\"text-editor.default\">\n\t\t\t\t<div class=\"elementor-widget-container\">\n\t\t\t\t\t\t\t\t\t<p>TESOROS DEL INTERIOR<\/p>\t\t\t\t\t\t\t\t<\/div>\n\t\t\t\t<\/div>\n\t\t\t\t<div class=\"elementor-element elementor-element-6fc7e8c elementor-widget elementor-widget-heading\" data-id=\"6fc7e8c\" data-element_type=\"widget\" data-e-type=\"widget\" data-widget_type=\"heading.default\">\n\t\t\t\t<div class=\"elementor-widget-container\">\n\t\t\t\t\t<h2 class=\"elementor-heading-title elementor-size-default\">Turismo la Costera<\/h2>\t\t\t\t<\/div>\n\t\t\t\t<\/div>\n\t\t\t\t<div class=\"elementor-element elementor-element-9e05e7a elementor-widget-divider--view-line elementor-widget elementor-widget-divider\" data-id=\"9e05e7a\" data-element_type=\"widget\" data-e-type=\"widget\" data-widget_type=\"divider.default\">\n\t\t\t\t<div class=\"elementor-widget-container\">\n\t\t\t\t\t\t\t<div class=\"elementor-divider\">\n\t\t\t<span class=\"elementor-divider-separator\">\n\t\t\t\t\t\t<\/span>\n\t\t<\/div>\n\t\t\t\t\t\t<\/div>\n\t\t\t\t<\/div>\n\t\t\t\t<div class=\"elementor-element elementor-element-b2ed595 elementor-widget elementor-widget-text-editor\" data-id=\"b2ed595\" data-element_type=\"widget\" data-e-type=\"widget\" data-widget_type=\"text-editor.default\">\n\t\t\t\t<div class=\"elementor-widget-container\">\n\t\t\t\t\t\t\t\t\t<p>Vive una experiencia \u00fanica en la Costera.<br \/>Contrastes y riquezas naturales y patrimoniales que cuesta abrazar con una sola mirada. Caminos e historias que nos llevan a otros caminos y otras historias. Tierra espl\u00e9ndida y bella de monta\u00f1as y valles que hacen resonar un eco milenario. La sinfon\u00eda de voces que nos conecta con las ra\u00edces. Tesoros del interior que invitan a saborearlos sin prisas.<br \/>\u00bfNos acompa\u00f1as a descubrirlos?<\/p>\t\t\t\t\t\t\t\t<\/div>\n\t\t\t\t<\/div>\n\t\t\t\t<div class=\"elementor-element elementor-element-5f9dfc4 elementor-widget elementor-widget-jet-video\" data-id=\"5f9dfc4\" data-element_type=\"widget\" data-e-type=\"widget\" id=\"video\" data-widget_type=\"jet-video.default\">\n\t\t\t\t<div class=\"elementor-widget-container\">\n\t\t\t\t\t<div class=\"elementor-jet-video jet-elements\">\n<div class=\"jet-video jet-video--fa5-compat jet-video-aspect-ratio jet-video-aspect-ratio--16-9\" data-settings=\"{&quot;lightbox&quot;:false,&quot;autoplay&quot;:false}\"><iframe class=\"jet-video-iframe\" allowfullscreen allow=\"autoplay;encrypted-media\" title=\"Reproductor de v\u00eddeo youtube\" data-lazy-load=\"https:\/\/www.youtube.com\/embed\/4foWipnR5YU?feature=oembed&amp;start&amp;end&amp;wmode=opaque&amp;autoplay=0&amp;loop=0&amp;controls=1&amp;mute=0&amp;rel=0&amp;modestbranding=0\"><\/iframe>\n<div class=\"jet-video__overlay jet-video__overlay--custom-bg\" style=\"background-image: url(https:\/\/i.ytimg.com\/vi_webp\/4foWipnR5YU\/maxresdefault.webp);\">\n<div class=\"jet-video__play-button jet-video__play-button--animation-pulse\" role=\"button\" tabindex=\"0\" aria-label=\"Video play button\"><span class=\"jet-elements-icon jet-video__play-button-icon\"><i aria-hidden=\"true\" class=\"far fa-play-circle\"><\/i><\/span>\t<span class=\"elementor-screen-only\">Play Video<\/span>\n<\/div>\n<\/div>\n<\/div>\n<\/div>\t\t\t\t<\/div>\n\t\t\t\t<\/div>\n\t\t\t\t\t<\/div>\n\t\t<\/div>\n\t\t\t\t\t<\/div>\n\t\t<\/section>\n\t\t\t\t<section class=\"elementor-section elementor-top-section elementor-element elementor-element-bd41b54 elementor-section-content-middle elementor-section-stretched elementor-section-boxed elementor-section-height-default elementor-section-height-default\" data-id=\"bd41b54\" data-element_type=\"section\" data-e-type=\"section\" data-settings=\"{&quot;stretch_section&quot;:&quot;section-stretched&quot;,&quot;jet_parallax_layout_list&quot;:[{&quot;jet_parallax_layout_image&quot;:{&quot;url&quot;:&quot;&quot;,&quot;id&quot;:&quot;&quot;,&quot;size&quot;:&quot;&quot;},&quot;_id&quot;:&quot;69e5e79&quot;,&quot;jet_parallax_layout_speed&quot;:{&quot;unit&quot;:&quot;%&quot;,&quot;size&quot;:50,&quot;sizes&quot;:[]},&quot;jet_parallax_layout_image_tablet&quot;:{&quot;url&quot;:&quot;&quot;,&quot;id&quot;:&quot;&quot;,&quot;size&quot;:&quot;&quot;},&quot;jet_parallax_layout_image_mobile&quot;:{&quot;url&quot;:&quot;&quot;,&quot;id&quot;:&quot;&quot;,&quot;size&quot;:&quot;&quot;},&quot;jet_parallax_layout_type&quot;:&quot;scroll&quot;,&quot;jet_parallax_layout_direction&quot;:&quot;1&quot;,&quot;jet_parallax_layout_fx_direction&quot;:null,&quot;jet_parallax_layout_z_index&quot;:&quot;&quot;,&quot;jet_parallax_layout_bg_x&quot;:50,&quot;jet_parallax_layout_bg_x_tablet&quot;:&quot;&quot;,&quot;jet_parallax_layout_bg_x_mobile&quot;:&quot;&quot;,&quot;jet_parallax_layout_bg_y&quot;:50,&quot;jet_parallax_layout_bg_y_tablet&quot;:&quot;&quot;,&quot;jet_parallax_layout_bg_y_mobile&quot;:&quot;&quot;,&quot;jet_parallax_layout_bg_size&quot;:&quot;auto&quot;,&quot;jet_parallax_layout_bg_size_tablet&quot;:&quot;&quot;,&quot;jet_parallax_layout_bg_size_mobile&quot;:&quot;&quot;,&quot;jet_parallax_layout_animation_prop&quot;:&quot;transform&quot;,&quot;jet_parallax_layout_on&quot;:[&quot;desktop&quot;,&quot;tablet&quot;]}],&quot;background_background&quot;:&quot;classic&quot;}\">\n\t\t\t\t\t\t\t<div class=\"elementor-background-overlay\"><\/div>\n\t\t\t\t\t\t\t<div class=\"elementor-container elementor-column-gap-default\">\n\t\t\t\t\t<div class=\"elementor-column elementor-col-100 elementor-top-column elementor-element elementor-element-352a8eb\" data-id=\"352a8eb\" data-element_type=\"column\" data-e-type=\"column\">\n\t\t\t<div class=\"elementor-widget-wrap elementor-element-populated\">\n\t\t\t\t\t<div class=\"elementor-background-overlay\"><\/div>\n\t\t\t\t\t\t<div class=\"elementor-element elementor-element-2acbeb1 sombras elementor-widget elementor-widget-heading\" data-id=\"2acbeb1\" data-element_type=\"widget\" data-e-type=\"widget\" data-widget_type=\"heading.default\">\n\t\t\t\t<div class=\"elementor-widget-container\">\n\t\t\t\t\t<h2 class=\"elementor-heading-title elementor-size-default\">\"Anc no vim X\u00e1tiva, e volem-la veer. E anam lla, a aquell coll agut qui \u00e9s part del castell, e veem la pus bella horta que anc hav\u00edem vista en vila ni en castell, e que hi havia m\u00e9s de dues-centes algorfes per l\u2019horta es pus belles que hom pogu\u00e9s trobar, e les alqueries entorn de l\u2019horta, moltes e espesses, e veem encara lo Castell, tan noble e tan bell, e tan bella horta, e haguem-ne gran goig e gran alegre en nostre cor\"<\/h2>\t\t\t\t<\/div>\n\t\t\t\t<\/div>\n\t\t\t\t<div class=\"elementor-element elementor-element-5c43386 elementor-widget elementor-widget-text-editor\" data-id=\"5c43386\" data-element_type=\"widget\" data-e-type=\"widget\" data-widget_type=\"text-editor.default\">\n\t\t\t\t<div class=\"elementor-widget-container\">\n\t\t\t\t\t\t\t\t\t<p>&#8211; Llibre dels feits del rei Jaume I &#8211;<\/p>\t\t\t\t\t\t\t\t<\/div>\n\t\t\t\t<\/div>\n\t\t\t\t\t<\/div>\n\t\t<\/div>\n\t\t\t\t\t<\/div>\n\t\t<\/section>\n\t\t\t\t<section class=\"elementor-section elementor-top-section elementor-element elementor-element-527d129 elementor-section-content-middle elementor-section-stretched elementor-section-boxed elementor-section-height-default elementor-section-height-default\" data-id=\"527d129\" data-element_type=\"section\" data-e-type=\"section\" data-settings=\"{&quot;stretch_section&quot;:&quot;section-stretched&quot;,&quot;jet_parallax_layout_list&quot;:[{&quot;jet_parallax_layout_image&quot;:{&quot;url&quot;:&quot;&quot;,&quot;id&quot;:&quot;&quot;,&quot;size&quot;:&quot;&quot;},&quot;_id&quot;:&quot;69e5e79&quot;,&quot;jet_parallax_layout_speed&quot;:{&quot;unit&quot;:&quot;%&quot;,&quot;size&quot;:50,&quot;sizes&quot;:[]},&quot;jet_parallax_layout_image_tablet&quot;:{&quot;url&quot;:&quot;&quot;,&quot;id&quot;:&quot;&quot;,&quot;size&quot;:&quot;&quot;},&quot;jet_parallax_layout_image_mobile&quot;:{&quot;url&quot;:&quot;&quot;,&quot;id&quot;:&quot;&quot;,&quot;size&quot;:&quot;&quot;},&quot;jet_parallax_layout_type&quot;:&quot;scroll&quot;,&quot;jet_parallax_layout_direction&quot;:&quot;1&quot;,&quot;jet_parallax_layout_fx_direction&quot;:null,&quot;jet_parallax_layout_z_index&quot;:&quot;&quot;,&quot;jet_parallax_layout_bg_x&quot;:50,&quot;jet_parallax_layout_bg_x_tablet&quot;:&quot;&quot;,&quot;jet_parallax_layout_bg_x_mobile&quot;:&quot;&quot;,&quot;jet_parallax_layout_bg_y&quot;:50,&quot;jet_parallax_layout_bg_y_tablet&quot;:&quot;&quot;,&quot;jet_parallax_layout_bg_y_mobile&quot;:&quot;&quot;,&quot;jet_parallax_layout_bg_size&quot;:&quot;auto&quot;,&quot;jet_parallax_layout_bg_size_tablet&quot;:&quot;&quot;,&quot;jet_parallax_layout_bg_size_mobile&quot;:&quot;&quot;,&quot;jet_parallax_layout_animation_prop&quot;:&quot;transform&quot;,&quot;jet_parallax_layout_on&quot;:[&quot;desktop&quot;,&quot;tablet&quot;]}],&quot;background_background&quot;:&quot;classic&quot;}\">\n\t\t\t\t\t\t\t<div class=\"elementor-background-overlay\"><\/div>\n\t\t\t\t\t\t\t<div class=\"elementor-container elementor-column-gap-default\">\n\t\t\t\t\t<div class=\"elementor-column elementor-col-100 elementor-top-column elementor-element elementor-element-07ecfbd\" data-id=\"07ecfbd\" data-element_type=\"column\" data-e-type=\"column\">\n\t\t\t<div class=\"elementor-widget-wrap elementor-element-populated\">\n\t\t\t\t\t<div class=\"elementor-background-overlay\"><\/div>\n\t\t\t\t\t\t<div class=\"elementor-element elementor-element-1599e28 elementor-widget elementor-widget-heading\" data-id=\"1599e28\" data-element_type=\"widget\" data-e-type=\"widget\" data-widget_type=\"heading.default\">\n\t\t\t\t<div class=\"elementor-widget-container\">\n\t\t\t\t\t<h2 class=\"elementor-heading-title elementor-size-default\">Vive nuevas experiencias<\/h2>\t\t\t\t<\/div>\n\t\t\t\t<\/div>\n\t\t\t\t<div class=\"elementor-element elementor-element-a196f36 elementor-widget elementor-widget-heading\" data-id=\"a196f36\" data-element_type=\"widget\" data-e-type=\"widget\" data-widget_type=\"heading.default\">\n\t\t\t\t<div class=\"elementor-widget-container\">\n\t\t\t\t\t<h2 class=\"elementor-heading-title elementor-size-default\">DESC\u00daBRENOS<\/h2>\t\t\t\t<\/div>\n\t\t\t\t<\/div>\n\t\t\t\t<div class=\"elementor-element elementor-element-6397a5a elementor-widget-divider--view-line elementor-widget elementor-widget-divider\" data-id=\"6397a5a\" data-element_type=\"widget\" data-e-type=\"widget\" data-widget_type=\"divider.default\">\n\t\t\t\t<div class=\"elementor-widget-container\">\n\t\t\t\t\t\t\t<div class=\"elementor-divider\">\n\t\t\t<span class=\"elementor-divider-separator\">\n\t\t\t\t\t\t<\/span>\n\t\t<\/div>\n\t\t\t\t\t\t<\/div>\n\t\t\t\t<\/div>\n\t\t\t\t<div class=\"elementor-element elementor-element-d49ffa2 elementor-widget elementor-widget-text-editor\" data-id=\"d49ffa2\" data-element_type=\"widget\" data-e-type=\"widget\" data-widget_type=\"text-editor.default\">\n\t\t\t\t<div class=\"elementor-widget-container\">\n\t\t\t\t\t\t\t\t\t<p>La comarca de la Costera nos ofrece incontables historias para vivir.<br \/>D\u00e9jate llevar por el encanto de sus pueblos, su cultura milenaria y su impresionante patrimonio.<br \/>Cada parada ser\u00e1 un descubrimiento y cada viaje una experiencia memorable.<\/p>\t\t\t\t\t\t\t\t<\/div>\n\t\t\t\t<\/div>\n\t\t\t\t\t<\/div>\n\t\t<\/div>\n\t\t\t\t\t<\/div>\n\t\t<\/section>\n\t\t\t\t<section class=\"elementor-section elementor-top-section elementor-element elementor-element-ac8ce1a elementor-section-content-middle elementor-section-stretched elementor-section-boxed elementor-section-height-default elementor-section-height-default\" data-id=\"ac8ce1a\" data-element_type=\"section\" data-e-type=\"section\" id=\"pobles\" data-settings=\"{&quot;stretch_section&quot;:&quot;section-stretched&quot;,&quot;jet_parallax_layout_list&quot;:[{&quot;jet_parallax_layout_image&quot;:{&quot;url&quot;:&quot;&quot;,&quot;id&quot;:&quot;&quot;,&quot;size&quot;:&quot;&quot;},&quot;_id&quot;:&quot;69e5e79&quot;,&quot;jet_parallax_layout_speed&quot;:{&quot;unit&quot;:&quot;%&quot;,&quot;size&quot;:50,&quot;sizes&quot;:[]},&quot;jet_parallax_layout_image_tablet&quot;:{&quot;url&quot;:&quot;&quot;,&quot;id&quot;:&quot;&quot;,&quot;size&quot;:&quot;&quot;},&quot;jet_parallax_layout_image_mobile&quot;:{&quot;url&quot;:&quot;&quot;,&quot;id&quot;:&quot;&quot;,&quot;size&quot;:&quot;&quot;},&quot;jet_parallax_layout_type&quot;:&quot;scroll&quot;,&quot;jet_parallax_layout_direction&quot;:&quot;1&quot;,&quot;jet_parallax_layout_fx_direction&quot;:null,&quot;jet_parallax_layout_z_index&quot;:&quot;&quot;,&quot;jet_parallax_layout_bg_x&quot;:50,&quot;jet_parallax_layout_bg_x_tablet&quot;:&quot;&quot;,&quot;jet_parallax_layout_bg_x_mobile&quot;:&quot;&quot;,&quot;jet_parallax_layout_bg_y&quot;:50,&quot;jet_parallax_layout_bg_y_tablet&quot;:&quot;&quot;,&quot;jet_parallax_layout_bg_y_mobile&quot;:&quot;&quot;,&quot;jet_parallax_layout_bg_size&quot;:&quot;auto&quot;,&quot;jet_parallax_layout_bg_size_tablet&quot;:&quot;&quot;,&quot;jet_parallax_layout_bg_size_mobile&quot;:&quot;&quot;,&quot;jet_parallax_layout_animation_prop&quot;:&quot;transform&quot;,&quot;jet_parallax_layout_on&quot;:[&quot;desktop&quot;,&quot;tablet&quot;]}],&quot;background_background&quot;:&quot;classic&quot;}\">\n\t\t\t\t\t\t\t<div class=\"elementor-background-overlay\"><\/div>\n\t\t\t\t\t\t\t<div class=\"elementor-container elementor-column-gap-default\">\n\t\t\t\t\t<div class=\"elementor-column elementor-col-100 elementor-top-column elementor-element elementor-element-f188f30\" data-id=\"f188f30\" data-element_type=\"column\" data-e-type=\"column\">\n\t\t\t<div class=\"elementor-widget-wrap elementor-element-populated\">\n\t\t\t\t\t<div class=\"elementor-background-overlay\"><\/div>\n\t\t\t\t\t\t<div class=\"elementor-element elementor-element-c11bbc6 elementor-widget elementor-widget-jet-tabs\" data-id=\"c11bbc6\" data-element_type=\"widget\" data-e-type=\"widget\" data-settings=\"{&quot;tabs_position&quot;:&quot;top&quot;}\" data-widget_type=\"jet-tabs.default\">\n\t\t\t\t<div class=\"elementor-widget-container\">\n\t\t\t\t\t\n\t\t<div class=\"jet-tabs jet-tabs-position-top jet-tabs-move-up-effect  \" data-settings=\"{&quot;activeIndex&quot;:0,&quot;event&quot;:&quot;click&quot;,&quot;autoSwitch&quot;:true,&quot;autoSwitchDelay&quot;:8000,&quot;ajaxTemplate&quot;:false,&quot;tabsPosition&quot;:&quot;top&quot;,&quot;switchScrolling&quot;:false,&quot;switchScrollingOffset&quot;:0}\">\n\t\t\t\t\t\t<div class=\"jet-tabs__control-wrapper\" role=\"tablist\">\n\n                                    <div id=\"jet-tabs-control-2021\" class=\"jet-tabs__control jet-tabs__control-icon-top elementor-menu-anchor active-tab \" data-tab=\"1\" tabindex=\"0\" role=\"tab\" aria-controls=\"jet-tabs-content-2021\" aria-expanded=\"true\" data-template-id=\"10931\"><div class=\"jet-tabs__control-inner\"><div class=\"jet-tabs__label-icon jet-tabs-icon\"><i class=\"fas fa-archway\"><\/i><\/div><div class=\"jet-tabs__label-text\">Patrimonio<\/div><\/div><\/div><div id=\"jet-tabs-control-2022\" class=\"jet-tabs__control jet-tabs__control-icon-top elementor-menu-anchor  \" data-tab=\"2\" tabindex=\"0\" role=\"tab\" aria-controls=\"jet-tabs-content-2022\" aria-expanded=\"false\" data-template-id=\"11601\"><div class=\"jet-tabs__control-inner\"><div class=\"jet-tabs__label-icon jet-tabs-icon\"><i class=\"fas fa-utensils\"><\/i><\/div><div class=\"jet-tabs__label-text\">Gastronom\u00eda<\/div><\/div><\/div><div id=\"jet-tabs-control-2023\" class=\"jet-tabs__control jet-tabs__control-icon-top elementor-menu-anchor  \" data-tab=\"3\" tabindex=\"0\" role=\"tab\" aria-controls=\"jet-tabs-content-2023\" aria-expanded=\"false\" data-template-id=\"11650\"><div class=\"jet-tabs__control-inner\"><div class=\"jet-tabs__label-icon jet-tabs-icon\"><i class=\"fas fa-music\"><\/i><\/div><div class=\"jet-tabs__label-text\">Fiestas y Tradiciones<\/div><\/div><\/div><div id=\"jet-tabs-control-2024\" class=\"jet-tabs__control jet-tabs__control-icon-top elementor-menu-anchor  \" data-tab=\"4\" tabindex=\"0\" role=\"tab\" aria-controls=\"jet-tabs-content-2024\" aria-expanded=\"false\" data-template-id=\"11660\"><div class=\"jet-tabs__control-inner\"><div class=\"jet-tabs__label-icon jet-tabs-icon\"><i class=\"fas fa-image\"><\/i><\/div><div class=\"jet-tabs__label-text\">Museos<\/div><\/div><\/div>\n                    \t\t\t    <\/div>\n\t\t\t<div class=\"jet-tabs__content-wrapper\">\n\t\t\t\t<div id=\"jet-tabs-content-2021\" class=\"jet-tabs__content active-content\" data-tab=\"1\" role=\"tabpanel\" aria-hidden=\"false\" data-template-id=\"10931\">\t\t<div data-elementor-type=\"single-page\" data-elementor-id=\"16632\" class=\"elementor elementor-16632 elementor-10931 elementor-10931\" data-elementor-post-type=\"elementor_library\">\n\t\t\t\t\t<section class=\"elementor-section elementor-top-section elementor-element elementor-element-3f8667f elementor-section-stretched elementor-hidden-tablet elementor-hidden-phone elementor-section-boxed elementor-section-height-default elementor-section-height-default\" data-id=\"3f8667f\" data-element_type=\"section\" data-e-type=\"section\" data-settings=\"{&quot;stretch_section&quot;:&quot;section-stretched&quot;,&quot;jet_parallax_layout_list&quot;:[{&quot;jet_parallax_layout_image&quot;:{&quot;url&quot;:&quot;&quot;,&quot;id&quot;:&quot;&quot;,&quot;size&quot;:&quot;&quot;},&quot;_id&quot;:&quot;f7ea5ed&quot;,&quot;jet_parallax_layout_image_tablet&quot;:{&quot;url&quot;:&quot;&quot;,&quot;id&quot;:&quot;&quot;,&quot;size&quot;:&quot;&quot;},&quot;jet_parallax_layout_image_mobile&quot;:{&quot;url&quot;:&quot;&quot;,&quot;id&quot;:&quot;&quot;,&quot;size&quot;:&quot;&quot;},&quot;jet_parallax_layout_speed&quot;:{&quot;unit&quot;:&quot;%&quot;,&quot;size&quot;:50,&quot;sizes&quot;:[]},&quot;jet_parallax_layout_type&quot;:&quot;scroll&quot;,&quot;jet_parallax_layout_direction&quot;:&quot;1&quot;,&quot;jet_parallax_layout_fx_direction&quot;:null,&quot;jet_parallax_layout_z_index&quot;:&quot;&quot;,&quot;jet_parallax_layout_bg_x&quot;:50,&quot;jet_parallax_layout_bg_x_tablet&quot;:&quot;&quot;,&quot;jet_parallax_layout_bg_x_mobile&quot;:&quot;&quot;,&quot;jet_parallax_layout_bg_y&quot;:50,&quot;jet_parallax_layout_bg_y_tablet&quot;:&quot;&quot;,&quot;jet_parallax_layout_bg_y_mobile&quot;:&quot;&quot;,&quot;jet_parallax_layout_bg_size&quot;:&quot;auto&quot;,&quot;jet_parallax_layout_bg_size_tablet&quot;:&quot;&quot;,&quot;jet_parallax_layout_bg_size_mobile&quot;:&quot;&quot;,&quot;jet_parallax_layout_animation_prop&quot;:&quot;transform&quot;,&quot;jet_parallax_layout_on&quot;:[&quot;desktop&quot;,&quot;tablet&quot;]}]}\">\n\t\t\t\t\t\t<div class=\"elementor-container elementor-column-gap-default\">\n\t\t\t\t\t<div class=\"elementor-column elementor-col-50 elementor-top-column elementor-element elementor-element-8cc0408\" data-id=\"8cc0408\" data-element_type=\"column\" data-e-type=\"column\" data-settings=\"{&quot;background_background&quot;:&quot;classic&quot;}\">\n\t\t\t<div class=\"elementor-widget-wrap elementor-element-populated\">\n\t\t\t\t\t\t<div class=\"elementor-element elementor-element-2c915cb elementor-widget elementor-widget-spacer\" data-id=\"2c915cb\" data-element_type=\"widget\" data-e-type=\"widget\" data-widget_type=\"spacer.default\">\n\t\t\t\t<div class=\"elementor-widget-container\">\n\t\t\t\t\t\t\t<div class=\"elementor-spacer\">\n\t\t\t<div class=\"elementor-spacer-inner\"><\/div>\n\t\t<\/div>\n\t\t\t\t\t\t<\/div>\n\t\t\t\t<\/div>\n\t\t\t\t\t<\/div>\n\t\t<\/div>\n\t\t\t\t<div class=\"elementor-column elementor-col-50 elementor-top-column elementor-element elementor-element-b0704d9\" data-id=\"b0704d9\" data-element_type=\"column\" data-e-type=\"column\">\n\t\t\t<div class=\"elementor-widget-wrap elementor-element-populated\">\n\t\t\t\t\t\t<div class=\"elementor-element elementor-element-f7b498f elementor-widget elementor-widget-text-editor\" data-id=\"f7b498f\" data-element_type=\"widget\" data-e-type=\"widget\" data-widget_type=\"text-editor.default\">\n\t\t\t\t<div class=\"elementor-widget-container\">\n\t\t\t\t\t\t\t\t\t<p>ARTE, PAISAJE, HISTORIA Y CULTURA<\/p>\t\t\t\t\t\t\t\t<\/div>\n\t\t\t\t<\/div>\n\t\t\t\t<div class=\"elementor-element elementor-element-8bcc35e elementor-widget elementor-widget-heading\" data-id=\"8bcc35e\" data-element_type=\"widget\" data-e-type=\"widget\" data-widget_type=\"heading.default\">\n\t\t\t\t<div class=\"elementor-widget-container\">\n\t\t\t\t\t<h2 class=\"elementor-heading-title elementor-size-default\">Somos Territorio Borja<\/h2>\t\t\t\t<\/div>\n\t\t\t\t<\/div>\n\t\t\t\t<div class=\"elementor-element elementor-element-8a0e524 elementor-widget-divider--view-line elementor-widget elementor-widget-divider\" data-id=\"8a0e524\" data-element_type=\"widget\" data-e-type=\"widget\" data-widget_type=\"divider.default\">\n\t\t\t\t<div class=\"elementor-widget-container\">\n\t\t\t\t\t\t\t<div class=\"elementor-divider\">\n\t\t\t<span class=\"elementor-divider-separator\">\n\t\t\t\t\t\t<\/span>\n\t\t<\/div>\n\t\t\t\t\t\t<\/div>\n\t\t\t\t<\/div>\n\t\t\t\t<div class=\"elementor-element elementor-element-b0c802c elementor-widget elementor-widget-text-editor\" data-id=\"b0c802c\" data-element_type=\"widget\" data-e-type=\"widget\" data-widget_type=\"text-editor.default\">\n\t\t\t\t<div class=\"elementor-widget-container\">\n\t\t\t\t\t\t\t\t\t<p>Descubre en nuestro territorio un espectacular cat\u00e1logo monumental, fruto de las vicisitudes de nuestra historia. Multitud de yacimientos arqueol\u00f3gicos que han sacado a la luz el h\u00e1bitat de los neandertales, poblados \u00edberos o construcciones andalus\u00edes. Encontrar\u00e1s tambi\u00e9n impresionantes castillos y las primeras ermitas cristianas construidas en tiempos de Jaume I. Pinturas de famosos artistas medievales y renacentistas, y templos erigidos bajo el esplendor de la familia Borja.<\/p>\t\t\t\t\t\t\t\t<\/div>\n\t\t\t\t<\/div>\n\t\t\t\t<div class=\"elementor-element elementor-element-c853d5e elementor-align-center elementor-widget elementor-widget-raven-button\" data-id=\"c853d5e\" data-element_type=\"widget\" data-e-type=\"widget\" data-settings=\"{&quot;_animation&quot;:&quot;none&quot;,&quot;_animation_delay&quot;:1200,&quot;turn_to_popup_action_button&quot;:&quot;no&quot;}\" data-widget_type=\"raven-button.default\">\n\t\t\t\t<div class=\"elementor-widget-container\">\n\t\t\t\t\t\t\t<div class=\"raven-widget-wrapper\">\n\t\t\t<a class=\"raven-button raven-button-widget-normal-effect-none  raven-button-text-align-center raven-button-link elementor-animation-grow\" href=\"https:\/\/www.turismelacostera.com\/es\/patrimonio\/\">\t\t\t\t<div class=\"raven-button-overlay\" ><\/div>\n\t\t\t\t<span class=\"raven-button-content\">\n\t\t\t\t\t\n\t\t\t\t\t<div class=\"button-text-container\">\n\t\t\t\t\t\t\t\t\t<span class=\"raven-button-icon raven-button-icon-position-left\">\n\t\t\t\t<i aria-hidden=\"true\" class=\"fas fa-angle-double-right\"><\/i>\t\t\t<\/span>\n\t\t\t\t\t\t\t\t<div class=\"raven-button-texts-wrapper\">\n\t\t\t\t\t\t\t<div class=\"button-text\">\n\t\t\t\t\t\t\t\t<span class=\"raven-button-text\">\n\t\t\t\t\t\t\t\t\tPROPUESTAS \t\t\t\t\t\t\t\t<\/span>\n\t\t\t\t\t\t\t<\/div>\n\t\t\t\t\t\t\t\t\t\t\t\t\t<\/div>\n\t\t\t\t\t\t\t\t\t\t\t<\/div>\n\t\t\t\t\t\n\t\t\t\t\t\t\t\t\t<\/span>\n\t\t\t<\/a>\t\t<\/div>\n\t\t\t\t\t\t<\/div>\n\t\t\t\t<\/div>\n\t\t\t\t\t<\/div>\n\t\t<\/div>\n\t\t\t\t\t<\/div>\n\t\t<\/section>\n\t\t\t\t<section class=\"elementor-section elementor-top-section elementor-element elementor-element-b7e4867 elementor-hidden-desktop elementor-hidden-phone elementor-section-boxed elementor-section-height-default elementor-section-height-default\" data-id=\"b7e4867\" data-element_type=\"section\" data-e-type=\"section\" data-settings=\"{&quot;jet_parallax_layout_list&quot;:[{&quot;jet_parallax_layout_image&quot;:{&quot;url&quot;:&quot;&quot;,&quot;id&quot;:&quot;&quot;,&quot;size&quot;:&quot;&quot;},&quot;_id&quot;:&quot;f7ea5ed&quot;,&quot;jet_parallax_layout_image_tablet&quot;:{&quot;url&quot;:&quot;&quot;,&quot;id&quot;:&quot;&quot;,&quot;size&quot;:&quot;&quot;},&quot;jet_parallax_layout_image_mobile&quot;:{&quot;url&quot;:&quot;&quot;,&quot;id&quot;:&quot;&quot;,&quot;size&quot;:&quot;&quot;},&quot;jet_parallax_layout_speed&quot;:{&quot;unit&quot;:&quot;%&quot;,&quot;size&quot;:50,&quot;sizes&quot;:[]},&quot;jet_parallax_layout_type&quot;:&quot;scroll&quot;,&quot;jet_parallax_layout_direction&quot;:&quot;1&quot;,&quot;jet_parallax_layout_fx_direction&quot;:null,&quot;jet_parallax_layout_z_index&quot;:&quot;&quot;,&quot;jet_parallax_layout_bg_x&quot;:50,&quot;jet_parallax_layout_bg_x_tablet&quot;:&quot;&quot;,&quot;jet_parallax_layout_bg_x_mobile&quot;:&quot;&quot;,&quot;jet_parallax_layout_bg_y&quot;:50,&quot;jet_parallax_layout_bg_y_tablet&quot;:&quot;&quot;,&quot;jet_parallax_layout_bg_y_mobile&quot;:&quot;&quot;,&quot;jet_parallax_layout_bg_size&quot;:&quot;auto&quot;,&quot;jet_parallax_layout_bg_size_tablet&quot;:&quot;&quot;,&quot;jet_parallax_layout_bg_size_mobile&quot;:&quot;&quot;,&quot;jet_parallax_layout_animation_prop&quot;:&quot;transform&quot;,&quot;jet_parallax_layout_on&quot;:[&quot;desktop&quot;,&quot;tablet&quot;]}]}\">\n\t\t\t\t\t\t<div class=\"elementor-container elementor-column-gap-default\">\n\t\t\t\t\t<div class=\"elementor-column elementor-col-50 elementor-top-column elementor-element elementor-element-d198178\" data-id=\"d198178\" data-element_type=\"column\" data-e-type=\"column\" data-settings=\"{&quot;background_background&quot;:&quot;classic&quot;}\">\n\t\t\t<div class=\"elementor-widget-wrap elementor-element-populated\">\n\t\t\t\t\t\t<div class=\"elementor-element elementor-element-6812437 elementor-widget elementor-widget-spacer\" data-id=\"6812437\" data-element_type=\"widget\" data-e-type=\"widget\" data-widget_type=\"spacer.default\">\n\t\t\t\t<div class=\"elementor-widget-container\">\n\t\t\t\t\t\t\t<div class=\"elementor-spacer\">\n\t\t\t<div class=\"elementor-spacer-inner\"><\/div>\n\t\t<\/div>\n\t\t\t\t\t\t<\/div>\n\t\t\t\t<\/div>\n\t\t\t\t\t<\/div>\n\t\t<\/div>\n\t\t\t\t<div class=\"elementor-column elementor-col-50 elementor-top-column elementor-element elementor-element-0cff8e8\" data-id=\"0cff8e8\" data-element_type=\"column\" data-e-type=\"column\">\n\t\t\t<div class=\"elementor-widget-wrap elementor-element-populated\">\n\t\t\t\t\t\t<div class=\"elementor-element elementor-element-e63c4ce elementor-widget elementor-widget-text-editor\" data-id=\"e63c4ce\" data-element_type=\"widget\" data-e-type=\"widget\" data-widget_type=\"text-editor.default\">\n\t\t\t\t<div class=\"elementor-widget-container\">\n\t\t\t\t\t\t\t\t\t<p>ARTE, PAISAJE, HISTORIA Y CULTURA<\/p>\t\t\t\t\t\t\t\t<\/div>\n\t\t\t\t<\/div>\n\t\t\t\t<div class=\"elementor-element elementor-element-a63a069 elementor-widget elementor-widget-heading\" data-id=\"a63a069\" data-element_type=\"widget\" data-e-type=\"widget\" data-widget_type=\"heading.default\">\n\t\t\t\t<div class=\"elementor-widget-container\">\n\t\t\t\t\t<h2 class=\"elementor-heading-title elementor-size-default\">Somos Territorio Borja<\/h2>\t\t\t\t<\/div>\n\t\t\t\t<\/div>\n\t\t\t\t<div class=\"elementor-element elementor-element-fbc49b7 elementor-widget-divider--view-line elementor-widget elementor-widget-divider\" data-id=\"fbc49b7\" data-element_type=\"widget\" data-e-type=\"widget\" data-widget_type=\"divider.default\">\n\t\t\t\t<div class=\"elementor-widget-container\">\n\t\t\t\t\t\t\t<div class=\"elementor-divider\">\n\t\t\t<span class=\"elementor-divider-separator\">\n\t\t\t\t\t\t<\/span>\n\t\t<\/div>\n\t\t\t\t\t\t<\/div>\n\t\t\t\t<\/div>\n\t\t\t\t<div class=\"elementor-element elementor-element-c4b1ab3 elementor-widget elementor-widget-text-editor\" data-id=\"c4b1ab3\" data-element_type=\"widget\" data-e-type=\"widget\" data-widget_type=\"text-editor.default\">\n\t\t\t\t<div class=\"elementor-widget-container\">\n\t\t\t\t\t\t\t\t\t<p>Descubre en nuestro territorio un espectacular cat\u00e1logo monumental, fruto de las vicisitudes de nuestra historia. Multitud de yacimientos arqueol\u00f3gicos que han sacado a la luz el h\u00e1bitat de los neandertales, poblados \u00edberos o construcciones andalus\u00edes. Encontrar\u00e1s tambi\u00e9n impresionantes castillos y las primeras ermitas cristianas construidas en tiempos de Jaume I. Pinturas de famosos artistas medievales y renacentistas, y templos erigidos bajo el esplendor de la familia Borja.<\/p>\t\t\t\t\t\t\t\t<\/div>\n\t\t\t\t<\/div>\n\t\t\t\t<div class=\"elementor-element elementor-element-24ce803 elementor-align-center elementor-widget elementor-widget-raven-button\" data-id=\"24ce803\" data-element_type=\"widget\" data-e-type=\"widget\" data-settings=\"{&quot;_animation&quot;:&quot;none&quot;,&quot;_animation_delay&quot;:1200,&quot;turn_to_popup_action_button&quot;:&quot;no&quot;}\" data-widget_type=\"raven-button.default\">\n\t\t\t\t<div class=\"elementor-widget-container\">\n\t\t\t\t\t\t\t<div class=\"raven-widget-wrapper\">\n\t\t\t<a class=\"raven-button raven-button-widget-normal-effect-none  raven-button-text-align-center raven-button-link elementor-animation-grow\" href=\"https:\/\/www.turismelacostera.com\/es\/patrimonio\/\">\t\t\t\t<div class=\"raven-button-overlay\" ><\/div>\n\t\t\t\t<span class=\"raven-button-content\">\n\t\t\t\t\t\n\t\t\t\t\t<div class=\"button-text-container\">\n\t\t\t\t\t\t\t\t\t<span class=\"raven-button-icon raven-button-icon-position-left\">\n\t\t\t\t<i aria-hidden=\"true\" class=\"fas fa-angle-double-right\"><\/i>\t\t\t<\/span>\n\t\t\t\t\t\t\t\t<div class=\"raven-button-texts-wrapper\">\n\t\t\t\t\t\t\t<div class=\"button-text\">\n\t\t\t\t\t\t\t\t<span class=\"raven-button-text\">\n\t\t\t\t\t\t\t\t\tPROPUESTAS \t\t\t\t\t\t\t\t<\/span>\n\t\t\t\t\t\t\t<\/div>\n\t\t\t\t\t\t\t\t\t\t\t\t\t<\/div>\n\t\t\t\t\t\t\t\t\t\t\t<\/div>\n\t\t\t\t\t\n\t\t\t\t\t\t\t\t\t<\/span>\n\t\t\t<\/a>\t\t<\/div>\n\t\t\t\t\t\t<\/div>\n\t\t\t\t<\/div>\n\t\t\t\t\t<\/div>\n\t\t<\/div>\n\t\t\t\t\t<\/div>\n\t\t<\/section>\n\t\t\t\t<section class=\"elementor-section elementor-top-section elementor-element elementor-element-6a7f25a elementor-hidden-desktop elementor-hidden-tablet elementor-section-boxed elementor-section-height-default elementor-section-height-default\" data-id=\"6a7f25a\" data-element_type=\"section\" data-e-type=\"section\" data-settings=\"{&quot;jet_parallax_layout_list&quot;:[{&quot;jet_parallax_layout_image&quot;:{&quot;url&quot;:&quot;&quot;,&quot;id&quot;:&quot;&quot;,&quot;size&quot;:&quot;&quot;},&quot;_id&quot;:&quot;f7ea5ed&quot;,&quot;jet_parallax_layout_image_tablet&quot;:{&quot;url&quot;:&quot;&quot;,&quot;id&quot;:&quot;&quot;,&quot;size&quot;:&quot;&quot;},&quot;jet_parallax_layout_image_mobile&quot;:{&quot;url&quot;:&quot;&quot;,&quot;id&quot;:&quot;&quot;,&quot;size&quot;:&quot;&quot;},&quot;jet_parallax_layout_speed&quot;:{&quot;unit&quot;:&quot;%&quot;,&quot;size&quot;:50,&quot;sizes&quot;:[]},&quot;jet_parallax_layout_type&quot;:&quot;scroll&quot;,&quot;jet_parallax_layout_direction&quot;:&quot;1&quot;,&quot;jet_parallax_layout_fx_direction&quot;:null,&quot;jet_parallax_layout_z_index&quot;:&quot;&quot;,&quot;jet_parallax_layout_bg_x&quot;:50,&quot;jet_parallax_layout_bg_x_tablet&quot;:&quot;&quot;,&quot;jet_parallax_layout_bg_x_mobile&quot;:&quot;&quot;,&quot;jet_parallax_layout_bg_y&quot;:50,&quot;jet_parallax_layout_bg_y_tablet&quot;:&quot;&quot;,&quot;jet_parallax_layout_bg_y_mobile&quot;:&quot;&quot;,&quot;jet_parallax_layout_bg_size&quot;:&quot;auto&quot;,&quot;jet_parallax_layout_bg_size_tablet&quot;:&quot;&quot;,&quot;jet_parallax_layout_bg_size_mobile&quot;:&quot;&quot;,&quot;jet_parallax_layout_animation_prop&quot;:&quot;transform&quot;,&quot;jet_parallax_layout_on&quot;:[&quot;desktop&quot;,&quot;tablet&quot;]}]}\">\n\t\t\t\t\t\t<div class=\"elementor-container elementor-column-gap-default\">\n\t\t\t\t\t<div class=\"elementor-column elementor-col-50 elementor-top-column elementor-element elementor-element-d4dd289\" data-id=\"d4dd289\" data-element_type=\"column\" data-e-type=\"column\">\n\t\t\t<div class=\"elementor-widget-wrap elementor-element-populated\">\n\t\t\t\t\t\t<div class=\"elementor-element elementor-element-659447b elementor-widget elementor-widget-image\" data-id=\"659447b\" data-element_type=\"widget\" data-e-type=\"widget\" data-widget_type=\"image.default\">\n\t\t\t\t<div class=\"elementor-widget-container\">\n\t\t\t\t\t\t\t\t\t\t\t\t\t\t\t<img loading=\"lazy\" decoding=\"async\" width=\"1920\" height=\"1080\" src=\"https:\/\/www.turismelacostera.com\/wp-content\/uploads\/2020\/11\/slide-ermita-02-1.jpg\" class=\"attachment-full size-full wp-image-15549\" alt=\"Foto Ermita\" srcset=\"https:\/\/www.turismelacostera.com\/wp-content\/uploads\/2020\/11\/slide-ermita-02-1.jpg 1920w, https:\/\/www.turismelacostera.com\/wp-content\/uploads\/2020\/11\/slide-ermita-02-1-300x169.jpg 300w, https:\/\/www.turismelacostera.com\/wp-content\/uploads\/2020\/11\/slide-ermita-02-1-1024x576.jpg 1024w, https:\/\/www.turismelacostera.com\/wp-content\/uploads\/2020\/11\/slide-ermita-02-1-768x432.jpg 768w, https:\/\/www.turismelacostera.com\/wp-content\/uploads\/2020\/11\/slide-ermita-02-1-1536x864.jpg 1536w\" sizes=\"(max-width: 1920px) 100vw, 1920px\" \/>\t\t\t\t\t\t\t\t\t\t\t\t\t\t\t<\/div>\n\t\t\t\t<\/div>\n\t\t\t\t\t<\/div>\n\t\t<\/div>\n\t\t\t\t<div class=\"elementor-column elementor-col-50 elementor-top-column elementor-element elementor-element-27809d2\" data-id=\"27809d2\" data-element_type=\"column\" data-e-type=\"column\">\n\t\t\t<div class=\"elementor-widget-wrap elementor-element-populated\">\n\t\t\t\t\t\t<div class=\"elementor-element elementor-element-fa5b717 elementor-widget elementor-widget-text-editor\" data-id=\"fa5b717\" data-element_type=\"widget\" data-e-type=\"widget\" data-widget_type=\"text-editor.default\">\n\t\t\t\t<div class=\"elementor-widget-container\">\n\t\t\t\t\t\t\t\t\t<p>ARTE, PAISAJE, HISTORIA Y CULTURA<\/p>\t\t\t\t\t\t\t\t<\/div>\n\t\t\t\t<\/div>\n\t\t\t\t<div class=\"elementor-element elementor-element-6eb4af6 elementor-widget elementor-widget-heading\" data-id=\"6eb4af6\" data-element_type=\"widget\" data-e-type=\"widget\" data-widget_type=\"heading.default\">\n\t\t\t\t<div class=\"elementor-widget-container\">\n\t\t\t\t\t<h2 class=\"elementor-heading-title elementor-size-default\">Somos Territorio Borja<\/h2>\t\t\t\t<\/div>\n\t\t\t\t<\/div>\n\t\t\t\t<div class=\"elementor-element elementor-element-9b66781 elementor-widget-divider--view-line elementor-widget elementor-widget-divider\" data-id=\"9b66781\" data-element_type=\"widget\" data-e-type=\"widget\" data-widget_type=\"divider.default\">\n\t\t\t\t<div class=\"elementor-widget-container\">\n\t\t\t\t\t\t\t<div class=\"elementor-divider\">\n\t\t\t<span class=\"elementor-divider-separator\">\n\t\t\t\t\t\t<\/span>\n\t\t<\/div>\n\t\t\t\t\t\t<\/div>\n\t\t\t\t<\/div>\n\t\t\t\t<div class=\"elementor-element elementor-element-a1820ea elementor-widget elementor-widget-text-editor\" data-id=\"a1820ea\" data-element_type=\"widget\" data-e-type=\"widget\" data-widget_type=\"text-editor.default\">\n\t\t\t\t<div class=\"elementor-widget-container\">\n\t\t\t\t\t\t\t\t\t<p>Descubre en nuestro territorio un espectacular cat\u00e1logo monumental, fruto de las vicisitudes de nuestra historia. Multitud de yacimientos arqueol\u00f3gicos que han sacado a la luz el h\u00e1bitat de los neandertales, poblados \u00edberos o construcciones andalus\u00edes. Encontrar\u00e1s tambi\u00e9n impresionantes castillos y las primeras ermitas cristianas construidas en tiempos de Jaume I. Pinturas de famosos artistas medievales y renacentistas, y templos erigidos bajo el esplendor de la familia Borja.<\/p>\t\t\t\t\t\t\t\t<\/div>\n\t\t\t\t<\/div>\n\t\t\t\t<div class=\"elementor-element elementor-element-4cad1b6 elementor-align-center elementor-widget elementor-widget-raven-button\" data-id=\"4cad1b6\" data-element_type=\"widget\" data-e-type=\"widget\" data-settings=\"{&quot;_animation&quot;:&quot;none&quot;,&quot;_animation_delay&quot;:1200,&quot;turn_to_popup_action_button&quot;:&quot;no&quot;}\" data-widget_type=\"raven-button.default\">\n\t\t\t\t<div class=\"elementor-widget-container\">\n\t\t\t\t\t\t\t<div class=\"raven-widget-wrapper\">\n\t\t\t<a class=\"raven-button raven-button-widget-normal-effect-none  raven-button-text-align-center raven-button-link elementor-animation-grow\" href=\"https:\/\/www.turismelacostera.com\/es\/patrimonio\/\">\t\t\t\t<div class=\"raven-button-overlay\" ><\/div>\n\t\t\t\t<span class=\"raven-button-content\">\n\t\t\t\t\t\n\t\t\t\t\t<div class=\"button-text-container\">\n\t\t\t\t\t\t\t\t\t<span class=\"raven-button-icon raven-button-icon-position-left\">\n\t\t\t\t<i aria-hidden=\"true\" class=\"fas fa-angle-double-right\"><\/i>\t\t\t<\/span>\n\t\t\t\t\t\t\t\t<div class=\"raven-button-texts-wrapper\">\n\t\t\t\t\t\t\t<div class=\"button-text\">\n\t\t\t\t\t\t\t\t<span class=\"raven-button-text\">\n\t\t\t\t\t\t\t\t\tPROPUESTAS \t\t\t\t\t\t\t\t<\/span>\n\t\t\t\t\t\t\t<\/div>\n\t\t\t\t\t\t\t\t\t\t\t\t\t<\/div>\n\t\t\t\t\t\t\t\t\t\t\t<\/div>\n\t\t\t\t\t\n\t\t\t\t\t\t\t\t\t<\/span>\n\t\t\t<\/a>\t\t<\/div>\n\t\t\t\t\t\t<\/div>\n\t\t\t\t<\/div>\n\t\t\t\t\t<\/div>\n\t\t<\/div>\n\t\t\t\t\t<\/div>\n\t\t<\/section>\n\t\t\t\t<\/div>\n\t\t<\/div><div id=\"jet-tabs-content-2022\" class=\"jet-tabs__content \" data-tab=\"2\" role=\"tabpanel\" aria-hidden=\"true\" data-template-id=\"11601\">\t\t<div data-elementor-type=\"single-page\" data-elementor-id=\"16642\" class=\"elementor elementor-16642 elementor-11601 elementor-11601\" data-elementor-post-type=\"elementor_library\">\n\t\t\t\t\t<section class=\"elementor-section elementor-top-section elementor-element elementor-element-3f8667f elementor-section-stretched elementor-hidden-tablet elementor-hidden-phone elementor-section-boxed elementor-section-height-default elementor-section-height-default\" data-id=\"3f8667f\" data-element_type=\"section\" data-e-type=\"section\" data-settings=\"{&quot;stretch_section&quot;:&quot;section-stretched&quot;,&quot;jet_parallax_layout_list&quot;:[{&quot;jet_parallax_layout_image&quot;:{&quot;url&quot;:&quot;&quot;,&quot;id&quot;:&quot;&quot;,&quot;size&quot;:&quot;&quot;},&quot;_id&quot;:&quot;f7ea5ed&quot;,&quot;jet_parallax_layout_image_tablet&quot;:{&quot;url&quot;:&quot;&quot;,&quot;id&quot;:&quot;&quot;,&quot;size&quot;:&quot;&quot;},&quot;jet_parallax_layout_image_mobile&quot;:{&quot;url&quot;:&quot;&quot;,&quot;id&quot;:&quot;&quot;,&quot;size&quot;:&quot;&quot;},&quot;jet_parallax_layout_speed&quot;:{&quot;unit&quot;:&quot;%&quot;,&quot;size&quot;:50,&quot;sizes&quot;:[]},&quot;jet_parallax_layout_type&quot;:&quot;scroll&quot;,&quot;jet_parallax_layout_direction&quot;:&quot;1&quot;,&quot;jet_parallax_layout_fx_direction&quot;:null,&quot;jet_parallax_layout_z_index&quot;:&quot;&quot;,&quot;jet_parallax_layout_bg_x&quot;:50,&quot;jet_parallax_layout_bg_x_tablet&quot;:&quot;&quot;,&quot;jet_parallax_layout_bg_x_mobile&quot;:&quot;&quot;,&quot;jet_parallax_layout_bg_y&quot;:50,&quot;jet_parallax_layout_bg_y_tablet&quot;:&quot;&quot;,&quot;jet_parallax_layout_bg_y_mobile&quot;:&quot;&quot;,&quot;jet_parallax_layout_bg_size&quot;:&quot;auto&quot;,&quot;jet_parallax_layout_bg_size_tablet&quot;:&quot;&quot;,&quot;jet_parallax_layout_bg_size_mobile&quot;:&quot;&quot;,&quot;jet_parallax_layout_animation_prop&quot;:&quot;transform&quot;,&quot;jet_parallax_layout_on&quot;:[&quot;desktop&quot;,&quot;tablet&quot;]}]}\">\n\t\t\t\t\t\t<div class=\"elementor-container elementor-column-gap-default\">\n\t\t\t\t\t<div class=\"elementor-column elementor-col-50 elementor-top-column elementor-element elementor-element-8cc0408\" data-id=\"8cc0408\" data-element_type=\"column\" data-e-type=\"column\" data-settings=\"{&quot;background_background&quot;:&quot;classic&quot;}\">\n\t\t\t<div class=\"elementor-widget-wrap elementor-element-populated\">\n\t\t\t\t\t\t<div class=\"elementor-element elementor-element-2c915cb elementor-widget elementor-widget-spacer\" data-id=\"2c915cb\" data-element_type=\"widget\" data-e-type=\"widget\" data-widget_type=\"spacer.default\">\n\t\t\t\t<div class=\"elementor-widget-container\">\n\t\t\t\t\t\t\t<div class=\"elementor-spacer\">\n\t\t\t<div class=\"elementor-spacer-inner\"><\/div>\n\t\t<\/div>\n\t\t\t\t\t\t<\/div>\n\t\t\t\t<\/div>\n\t\t\t\t\t<\/div>\n\t\t<\/div>\n\t\t\t\t<div class=\"elementor-column elementor-col-50 elementor-top-column elementor-element elementor-element-b0704d9\" data-id=\"b0704d9\" data-element_type=\"column\" data-e-type=\"column\">\n\t\t\t<div class=\"elementor-widget-wrap elementor-element-populated\">\n\t\t\t\t\t\t<div class=\"elementor-element elementor-element-f7b498f elementor-widget elementor-widget-text-editor\" data-id=\"f7b498f\" data-element_type=\"widget\" data-e-type=\"widget\" data-widget_type=\"text-editor.default\">\n\t\t\t\t<div class=\"elementor-widget-container\">\n\t\t\t\t\t\t\t\t\t<p>UNA COCINA CON HISTORIA<\/p>\t\t\t\t\t\t\t\t<\/div>\n\t\t\t\t<\/div>\n\t\t\t\t<div class=\"elementor-element elementor-element-8bcc35e elementor-widget elementor-widget-heading\" data-id=\"8bcc35e\" data-element_type=\"widget\" data-e-type=\"widget\" data-widget_type=\"heading.default\">\n\t\t\t\t<div class=\"elementor-widget-container\">\n\t\t\t\t\t<h2 class=\"elementor-heading-title elementor-size-default\">Sabores de la Costera<\/h2>\t\t\t\t<\/div>\n\t\t\t\t<\/div>\n\t\t\t\t<div class=\"elementor-element elementor-element-8a0e524 elementor-widget-divider--view-line elementor-widget elementor-widget-divider\" data-id=\"8a0e524\" data-element_type=\"widget\" data-e-type=\"widget\" data-widget_type=\"divider.default\">\n\t\t\t\t<div class=\"elementor-widget-container\">\n\t\t\t\t\t\t\t<div class=\"elementor-divider\">\n\t\t\t<span class=\"elementor-divider-separator\">\n\t\t\t\t\t\t<\/span>\n\t\t<\/div>\n\t\t\t\t\t\t<\/div>\n\t\t\t\t<\/div>\n\t\t\t\t<div class=\"elementor-element elementor-element-b0c802c elementor-widget elementor-widget-text-editor\" data-id=\"b0c802c\" data-element_type=\"widget\" data-e-type=\"widget\" data-widget_type=\"text-editor.default\">\n\t\t\t\t<div class=\"elementor-widget-container\">\n\t\t\t\t\t\t\t\t\t<p>La Costera dispone de una rica gastronom\u00eda fruto de la herencia de las diferentes culturas que han ocupado el territorio a lo largo de la historia. Una cocina variada y sana, tradicionalmente mediterr\u00e1nea basada en los productos que produce la tierra. El arroz es el ingrediente b\u00e1sico en muchos de nuestros platos siendo su principal exponente el arroz al horno. La reposter\u00eda tiene un papel destacado con recetas aut\u00f3ctonas de origen andalus\u00ed como el arnad\u00ed y la moix\u00e0vena. De entre los vinos producidos en Moixent y La Font de La Figuera se encuentran los mejores caldos de la D.O origen Valencia.<\/p>\t\t\t\t\t\t\t\t<\/div>\n\t\t\t\t<\/div>\n\t\t\t\t<div class=\"elementor-element elementor-element-c853d5e elementor-align-center elementor-widget elementor-widget-raven-button\" data-id=\"c853d5e\" data-element_type=\"widget\" data-e-type=\"widget\" data-settings=\"{&quot;_animation&quot;:&quot;none&quot;,&quot;_animation_delay&quot;:1200,&quot;turn_to_popup_action_button&quot;:&quot;no&quot;}\" data-widget_type=\"raven-button.default\">\n\t\t\t\t<div class=\"elementor-widget-container\">\n\t\t\t\t\t\t\t<div class=\"raven-widget-wrapper\">\n\t\t\t<a class=\"raven-button raven-button-widget-normal-effect-none  raven-button-text-align-center raven-button-link elementor-animation-grow\" href=\"https:\/\/www.turismelacostera.com\/es\/gastronomia\/\">\t\t\t\t<div class=\"raven-button-overlay\" ><\/div>\n\t\t\t\t<span class=\"raven-button-content\">\n\t\t\t\t\t\n\t\t\t\t\t<div class=\"button-text-container\">\n\t\t\t\t\t\t\t\t\t<span class=\"raven-button-icon raven-button-icon-position-left\">\n\t\t\t\t<i aria-hidden=\"true\" class=\"fas fa-angle-double-right\"><\/i>\t\t\t<\/span>\n\t\t\t\t\t\t\t\t<div class=\"raven-button-texts-wrapper\">\n\t\t\t\t\t\t\t<div class=\"button-text\">\n\t\t\t\t\t\t\t\t<span class=\"raven-button-text\">\n\t\t\t\t\t\t\t\t\tPROPUESTAS \t\t\t\t\t\t\t\t<\/span>\n\t\t\t\t\t\t\t<\/div>\n\t\t\t\t\t\t\t\t\t\t\t\t\t<\/div>\n\t\t\t\t\t\t\t\t\t\t\t<\/div>\n\t\t\t\t\t\n\t\t\t\t\t\t\t\t\t<\/span>\n\t\t\t<\/a>\t\t<\/div>\n\t\t\t\t\t\t<\/div>\n\t\t\t\t<\/div>\n\t\t\t\t\t<\/div>\n\t\t<\/div>\n\t\t\t\t\t<\/div>\n\t\t<\/section>\n\t\t\t\t<section class=\"elementor-section elementor-top-section elementor-element elementor-element-b7e4867 elementor-hidden-desktop elementor-hidden-phone elementor-section-boxed elementor-section-height-default elementor-section-height-default\" data-id=\"b7e4867\" data-element_type=\"section\" data-e-type=\"section\" data-settings=\"{&quot;jet_parallax_layout_list&quot;:[{&quot;jet_parallax_layout_image&quot;:{&quot;url&quot;:&quot;&quot;,&quot;id&quot;:&quot;&quot;,&quot;size&quot;:&quot;&quot;},&quot;_id&quot;:&quot;f7ea5ed&quot;,&quot;jet_parallax_layout_image_tablet&quot;:{&quot;url&quot;:&quot;&quot;,&quot;id&quot;:&quot;&quot;,&quot;size&quot;:&quot;&quot;},&quot;jet_parallax_layout_image_mobile&quot;:{&quot;url&quot;:&quot;&quot;,&quot;id&quot;:&quot;&quot;,&quot;size&quot;:&quot;&quot;},&quot;jet_parallax_layout_speed&quot;:{&quot;unit&quot;:&quot;%&quot;,&quot;size&quot;:50,&quot;sizes&quot;:[]},&quot;jet_parallax_layout_type&quot;:&quot;scroll&quot;,&quot;jet_parallax_layout_direction&quot;:&quot;1&quot;,&quot;jet_parallax_layout_fx_direction&quot;:null,&quot;jet_parallax_layout_z_index&quot;:&quot;&quot;,&quot;jet_parallax_layout_bg_x&quot;:50,&quot;jet_parallax_layout_bg_x_tablet&quot;:&quot;&quot;,&quot;jet_parallax_layout_bg_x_mobile&quot;:&quot;&quot;,&quot;jet_parallax_layout_bg_y&quot;:50,&quot;jet_parallax_layout_bg_y_tablet&quot;:&quot;&quot;,&quot;jet_parallax_layout_bg_y_mobile&quot;:&quot;&quot;,&quot;jet_parallax_layout_bg_size&quot;:&quot;auto&quot;,&quot;jet_parallax_layout_bg_size_tablet&quot;:&quot;&quot;,&quot;jet_parallax_layout_bg_size_mobile&quot;:&quot;&quot;,&quot;jet_parallax_layout_animation_prop&quot;:&quot;transform&quot;,&quot;jet_parallax_layout_on&quot;:[&quot;desktop&quot;,&quot;tablet&quot;]}]}\">\n\t\t\t\t\t\t<div class=\"elementor-container elementor-column-gap-default\">\n\t\t\t\t\t<div class=\"elementor-column elementor-col-50 elementor-top-column elementor-element elementor-element-d198178\" data-id=\"d198178\" data-element_type=\"column\" data-e-type=\"column\" data-settings=\"{&quot;background_background&quot;:&quot;classic&quot;}\">\n\t\t\t<div class=\"elementor-widget-wrap elementor-element-populated\">\n\t\t\t\t\t\t<div class=\"elementor-element elementor-element-6812437 elementor-widget elementor-widget-spacer\" data-id=\"6812437\" data-element_type=\"widget\" data-e-type=\"widget\" data-widget_type=\"spacer.default\">\n\t\t\t\t<div class=\"elementor-widget-container\">\n\t\t\t\t\t\t\t<div class=\"elementor-spacer\">\n\t\t\t<div class=\"elementor-spacer-inner\"><\/div>\n\t\t<\/div>\n\t\t\t\t\t\t<\/div>\n\t\t\t\t<\/div>\n\t\t\t\t\t<\/div>\n\t\t<\/div>\n\t\t\t\t<div class=\"elementor-column elementor-col-50 elementor-top-column elementor-element elementor-element-0cff8e8\" data-id=\"0cff8e8\" data-element_type=\"column\" data-e-type=\"column\">\n\t\t\t<div class=\"elementor-widget-wrap elementor-element-populated\">\n\t\t\t\t\t\t<div class=\"elementor-element elementor-element-e63c4ce elementor-widget elementor-widget-text-editor\" data-id=\"e63c4ce\" data-element_type=\"widget\" data-e-type=\"widget\" data-widget_type=\"text-editor.default\">\n\t\t\t\t<div class=\"elementor-widget-container\">\n\t\t\t\t\t\t\t\t\t<p>UNA COCINA CON HISTORIA<\/p>\t\t\t\t\t\t\t\t<\/div>\n\t\t\t\t<\/div>\n\t\t\t\t<div class=\"elementor-element elementor-element-a63a069 elementor-widget elementor-widget-heading\" data-id=\"a63a069\" data-element_type=\"widget\" data-e-type=\"widget\" data-widget_type=\"heading.default\">\n\t\t\t\t<div class=\"elementor-widget-container\">\n\t\t\t\t\t<h2 class=\"elementor-heading-title elementor-size-default\">Sabores de la Costera\n<\/h2>\t\t\t\t<\/div>\n\t\t\t\t<\/div>\n\t\t\t\t<div class=\"elementor-element elementor-element-fbc49b7 elementor-widget-divider--view-line elementor-widget elementor-widget-divider\" data-id=\"fbc49b7\" data-element_type=\"widget\" data-e-type=\"widget\" data-widget_type=\"divider.default\">\n\t\t\t\t<div class=\"elementor-widget-container\">\n\t\t\t\t\t\t\t<div class=\"elementor-divider\">\n\t\t\t<span class=\"elementor-divider-separator\">\n\t\t\t\t\t\t<\/span>\n\t\t<\/div>\n\t\t\t\t\t\t<\/div>\n\t\t\t\t<\/div>\n\t\t\t\t<div class=\"elementor-element elementor-element-c4b1ab3 elementor-widget elementor-widget-text-editor\" data-id=\"c4b1ab3\" data-element_type=\"widget\" data-e-type=\"widget\" data-widget_type=\"text-editor.default\">\n\t\t\t\t<div class=\"elementor-widget-container\">\n\t\t\t\t\t\t\t\t\t<p>La Costera dispone de una rica gastronom\u00eda fruto de la herencia de las diferentes culturas que han ocupado el territorio a lo largo de la historia. Una cocina variada y sana, tradicionalmente mediterr\u00e1nea basada en los productos que produce la tierra. El arroz es el ingrediente b\u00e1sico en muchos de nuestros platos siendo su principal exponente el arroz al horno. La reposter\u00eda tiene un papel destacado con recetas aut\u00f3ctonas de origen andalus\u00ed como el arnad\u00ed y la moix\u00e0vena. De entre los vinos producidos en Moixent y La Font de La Figuera se encuentran los mejores caldos de la D.O origen Valencia.<\/p>\t\t\t\t\t\t\t\t<\/div>\n\t\t\t\t<\/div>\n\t\t\t\t<div class=\"elementor-element elementor-element-24ce803 elementor-align-center elementor-widget elementor-widget-raven-button\" data-id=\"24ce803\" data-element_type=\"widget\" data-e-type=\"widget\" data-settings=\"{&quot;_animation&quot;:&quot;none&quot;,&quot;_animation_delay&quot;:1200,&quot;turn_to_popup_action_button&quot;:&quot;no&quot;}\" data-widget_type=\"raven-button.default\">\n\t\t\t\t<div class=\"elementor-widget-container\">\n\t\t\t\t\t\t\t<div class=\"raven-widget-wrapper\">\n\t\t\t<a class=\"raven-button raven-button-widget-normal-effect-none  raven-button-text-align-center raven-button-link elementor-animation-grow\" href=\"https:\/\/www.turismelacostera.com\/es\/gastronomia\/\">\t\t\t\t<div class=\"raven-button-overlay\" ><\/div>\n\t\t\t\t<span class=\"raven-button-content\">\n\t\t\t\t\t\n\t\t\t\t\t<div class=\"button-text-container\">\n\t\t\t\t\t\t\t\t\t<span class=\"raven-button-icon raven-button-icon-position-left\">\n\t\t\t\t<i aria-hidden=\"true\" class=\"fas fa-angle-double-right\"><\/i>\t\t\t<\/span>\n\t\t\t\t\t\t\t\t<div class=\"raven-button-texts-wrapper\">\n\t\t\t\t\t\t\t<div class=\"button-text\">\n\t\t\t\t\t\t\t\t<span class=\"raven-button-text\">\n\t\t\t\t\t\t\t\t\tPROPUESTAS \t\t\t\t\t\t\t\t<\/span>\n\t\t\t\t\t\t\t<\/div>\n\t\t\t\t\t\t\t\t\t\t\t\t\t<\/div>\n\t\t\t\t\t\t\t\t\t\t\t<\/div>\n\t\t\t\t\t\n\t\t\t\t\t\t\t\t\t<\/span>\n\t\t\t<\/a>\t\t<\/div>\n\t\t\t\t\t\t<\/div>\n\t\t\t\t<\/div>\n\t\t\t\t\t<\/div>\n\t\t<\/div>\n\t\t\t\t\t<\/div>\n\t\t<\/section>\n\t\t\t\t<section class=\"elementor-section elementor-top-section elementor-element elementor-element-6a7f25a elementor-hidden-desktop elementor-hidden-tablet elementor-section-boxed elementor-section-height-default elementor-section-height-default\" data-id=\"6a7f25a\" data-element_type=\"section\" data-e-type=\"section\" data-settings=\"{&quot;jet_parallax_layout_list&quot;:[{&quot;jet_parallax_layout_image&quot;:{&quot;url&quot;:&quot;&quot;,&quot;id&quot;:&quot;&quot;,&quot;size&quot;:&quot;&quot;},&quot;_id&quot;:&quot;f7ea5ed&quot;,&quot;jet_parallax_layout_image_tablet&quot;:{&quot;url&quot;:&quot;&quot;,&quot;id&quot;:&quot;&quot;,&quot;size&quot;:&quot;&quot;},&quot;jet_parallax_layout_image_mobile&quot;:{&quot;url&quot;:&quot;&quot;,&quot;id&quot;:&quot;&quot;,&quot;size&quot;:&quot;&quot;},&quot;jet_parallax_layout_speed&quot;:{&quot;unit&quot;:&quot;%&quot;,&quot;size&quot;:50,&quot;sizes&quot;:[]},&quot;jet_parallax_layout_type&quot;:&quot;scroll&quot;,&quot;jet_parallax_layout_direction&quot;:&quot;1&quot;,&quot;jet_parallax_layout_fx_direction&quot;:null,&quot;jet_parallax_layout_z_index&quot;:&quot;&quot;,&quot;jet_parallax_layout_bg_x&quot;:50,&quot;jet_parallax_layout_bg_x_tablet&quot;:&quot;&quot;,&quot;jet_parallax_layout_bg_x_mobile&quot;:&quot;&quot;,&quot;jet_parallax_layout_bg_y&quot;:50,&quot;jet_parallax_layout_bg_y_tablet&quot;:&quot;&quot;,&quot;jet_parallax_layout_bg_y_mobile&quot;:&quot;&quot;,&quot;jet_parallax_layout_bg_size&quot;:&quot;auto&quot;,&quot;jet_parallax_layout_bg_size_tablet&quot;:&quot;&quot;,&quot;jet_parallax_layout_bg_size_mobile&quot;:&quot;&quot;,&quot;jet_parallax_layout_animation_prop&quot;:&quot;transform&quot;,&quot;jet_parallax_layout_on&quot;:[&quot;desktop&quot;,&quot;tablet&quot;]}]}\">\n\t\t\t\t\t\t<div class=\"elementor-container elementor-column-gap-default\">\n\t\t\t\t\t<div class=\"elementor-column elementor-col-50 elementor-top-column elementor-element elementor-element-d4dd289\" data-id=\"d4dd289\" data-element_type=\"column\" data-e-type=\"column\">\n\t\t\t<div class=\"elementor-widget-wrap elementor-element-populated\">\n\t\t\t\t\t\t<div class=\"elementor-element elementor-element-659447b elementor-widget elementor-widget-image\" data-id=\"659447b\" data-element_type=\"widget\" data-e-type=\"widget\" data-widget_type=\"image.default\">\n\t\t\t\t<div class=\"elementor-widget-container\">\n\t\t\t\t\t\t\t\t\t\t\t\t\t\t\t<img loading=\"lazy\" decoding=\"async\" width=\"1024\" height=\"682\" src=\"https:\/\/www.turismelacostera.com\/wp-content\/uploads\/2020\/11\/P-gastronomia-1.jpg\" class=\"attachment-full size-full wp-image-15690\" alt=\"\" srcset=\"https:\/\/www.turismelacostera.com\/wp-content\/uploads\/2020\/11\/P-gastronomia-1.jpg 1024w, https:\/\/www.turismelacostera.com\/wp-content\/uploads\/2020\/11\/P-gastronomia-1-300x200.jpg 300w, https:\/\/www.turismelacostera.com\/wp-content\/uploads\/2020\/11\/P-gastronomia-1-768x512.jpg 768w\" sizes=\"(max-width: 1024px) 100vw, 1024px\" \/>\t\t\t\t\t\t\t\t\t\t\t\t\t\t\t<\/div>\n\t\t\t\t<\/div>\n\t\t\t\t\t<\/div>\n\t\t<\/div>\n\t\t\t\t<div class=\"elementor-column elementor-col-50 elementor-top-column elementor-element elementor-element-27809d2\" data-id=\"27809d2\" data-element_type=\"column\" data-e-type=\"column\">\n\t\t\t<div class=\"elementor-widget-wrap elementor-element-populated\">\n\t\t\t\t\t\t<div class=\"elementor-element elementor-element-fa5b717 elementor-widget elementor-widget-text-editor\" data-id=\"fa5b717\" data-element_type=\"widget\" data-e-type=\"widget\" data-widget_type=\"text-editor.default\">\n\t\t\t\t<div class=\"elementor-widget-container\">\n\t\t\t\t\t\t\t\t\t<p>UNA COCINA CON HISTORIA<\/p>\t\t\t\t\t\t\t\t<\/div>\n\t\t\t\t<\/div>\n\t\t\t\t<div class=\"elementor-element elementor-element-6eb4af6 elementor-widget elementor-widget-heading\" data-id=\"6eb4af6\" data-element_type=\"widget\" data-e-type=\"widget\" data-widget_type=\"heading.default\">\n\t\t\t\t<div class=\"elementor-widget-container\">\n\t\t\t\t\t<h2 class=\"elementor-heading-title elementor-size-default\">Sabores de la Costera<\/h2>\t\t\t\t<\/div>\n\t\t\t\t<\/div>\n\t\t\t\t<div class=\"elementor-element elementor-element-9b66781 elementor-widget-divider--view-line elementor-widget elementor-widget-divider\" data-id=\"9b66781\" data-element_type=\"widget\" data-e-type=\"widget\" data-widget_type=\"divider.default\">\n\t\t\t\t<div class=\"elementor-widget-container\">\n\t\t\t\t\t\t\t<div class=\"elementor-divider\">\n\t\t\t<span class=\"elementor-divider-separator\">\n\t\t\t\t\t\t<\/span>\n\t\t<\/div>\n\t\t\t\t\t\t<\/div>\n\t\t\t\t<\/div>\n\t\t\t\t<div class=\"elementor-element elementor-element-a1820ea elementor-widget elementor-widget-text-editor\" data-id=\"a1820ea\" data-element_type=\"widget\" data-e-type=\"widget\" data-widget_type=\"text-editor.default\">\n\t\t\t\t<div class=\"elementor-widget-container\">\n\t\t\t\t\t\t\t\t\t<p>La Costera dispone de una rica gastronom\u00eda fruto de la herencia de las diferentes culturas que han ocupado el territorio a lo largo de la historia. Una cocina variada y sana, tradicionalmente mediterr\u00e1nea basada en los productos que produce la tierra. El arroz es el ingrediente b\u00e1sico en muchos de nuestros platos siendo su principal exponente el arroz al horno. La reposter\u00eda tiene un papel destacado con recetas aut\u00f3ctonas de origen andalus\u00ed como el arnad\u00ed y la moix\u00e0vena. De entre los vinos producidos en Moixent y La Font de La Figuera se encuentran los mejores caldos de la D.O origen Valencia.<\/p>\t\t\t\t\t\t\t\t<\/div>\n\t\t\t\t<\/div>\n\t\t\t\t<div class=\"elementor-element elementor-element-4cad1b6 elementor-align-center elementor-widget elementor-widget-raven-button\" data-id=\"4cad1b6\" data-element_type=\"widget\" data-e-type=\"widget\" data-settings=\"{&quot;_animation&quot;:&quot;none&quot;,&quot;_animation_delay&quot;:1200,&quot;turn_to_popup_action_button&quot;:&quot;no&quot;}\" data-widget_type=\"raven-button.default\">\n\t\t\t\t<div class=\"elementor-widget-container\">\n\t\t\t\t\t\t\t<div class=\"raven-widget-wrapper\">\n\t\t\t<a class=\"raven-button raven-button-widget-normal-effect-none  raven-button-text-align-center raven-button-link elementor-animation-grow\" href=\"https:\/\/www.turismelacostera.com\/es\/gastronomia\/\">\t\t\t\t<div class=\"raven-button-overlay\" ><\/div>\n\t\t\t\t<span class=\"raven-button-content\">\n\t\t\t\t\t\n\t\t\t\t\t<div class=\"button-text-container\">\n\t\t\t\t\t\t\t\t\t<span class=\"raven-button-icon raven-button-icon-position-left\">\n\t\t\t\t<i aria-hidden=\"true\" class=\"fas fa-angle-double-right\"><\/i>\t\t\t<\/span>\n\t\t\t\t\t\t\t\t<div class=\"raven-button-texts-wrapper\">\n\t\t\t\t\t\t\t<div class=\"button-text\">\n\t\t\t\t\t\t\t\t<span class=\"raven-button-text\">\n\t\t\t\t\t\t\t\t\tPROPUESTAS \t\t\t\t\t\t\t\t<\/span>\n\t\t\t\t\t\t\t<\/div>\n\t\t\t\t\t\t\t\t\t\t\t\t\t<\/div>\n\t\t\t\t\t\t\t\t\t\t\t<\/div>\n\t\t\t\t\t\n\t\t\t\t\t\t\t\t\t<\/span>\n\t\t\t<\/a>\t\t<\/div>\n\t\t\t\t\t\t<\/div>\n\t\t\t\t<\/div>\n\t\t\t\t\t<\/div>\n\t\t<\/div>\n\t\t\t\t\t<\/div>\n\t\t<\/section>\n\t\t\t\t<\/div>\n\t\t<\/div><div id=\"jet-tabs-content-2023\" class=\"jet-tabs__content \" data-tab=\"3\" role=\"tabpanel\" aria-hidden=\"true\" data-template-id=\"11650\">\t\t<div data-elementor-type=\"single-page\" data-elementor-id=\"16649\" class=\"elementor elementor-16649 elementor-11650 elementor-11650\" data-elementor-post-type=\"elementor_library\">\n\t\t\t\t\t<section class=\"elementor-section elementor-top-section elementor-element elementor-element-3f8667f elementor-section-stretched elementor-hidden-tablet elementor-hidden-phone elementor-section-boxed elementor-section-height-default elementor-section-height-default\" data-id=\"3f8667f\" data-element_type=\"section\" data-e-type=\"section\" data-settings=\"{&quot;stretch_section&quot;:&quot;section-stretched&quot;,&quot;jet_parallax_layout_list&quot;:[{&quot;jet_parallax_layout_image&quot;:{&quot;url&quot;:&quot;&quot;,&quot;id&quot;:&quot;&quot;,&quot;size&quot;:&quot;&quot;},&quot;_id&quot;:&quot;f7ea5ed&quot;,&quot;jet_parallax_layout_image_tablet&quot;:{&quot;url&quot;:&quot;&quot;,&quot;id&quot;:&quot;&quot;,&quot;size&quot;:&quot;&quot;},&quot;jet_parallax_layout_image_mobile&quot;:{&quot;url&quot;:&quot;&quot;,&quot;id&quot;:&quot;&quot;,&quot;size&quot;:&quot;&quot;},&quot;jet_parallax_layout_speed&quot;:{&quot;unit&quot;:&quot;%&quot;,&quot;size&quot;:50,&quot;sizes&quot;:[]},&quot;jet_parallax_layout_type&quot;:&quot;scroll&quot;,&quot;jet_parallax_layout_direction&quot;:&quot;1&quot;,&quot;jet_parallax_layout_fx_direction&quot;:null,&quot;jet_parallax_layout_z_index&quot;:&quot;&quot;,&quot;jet_parallax_layout_bg_x&quot;:50,&quot;jet_parallax_layout_bg_x_tablet&quot;:&quot;&quot;,&quot;jet_parallax_layout_bg_x_mobile&quot;:&quot;&quot;,&quot;jet_parallax_layout_bg_y&quot;:50,&quot;jet_parallax_layout_bg_y_tablet&quot;:&quot;&quot;,&quot;jet_parallax_layout_bg_y_mobile&quot;:&quot;&quot;,&quot;jet_parallax_layout_bg_size&quot;:&quot;auto&quot;,&quot;jet_parallax_layout_bg_size_tablet&quot;:&quot;&quot;,&quot;jet_parallax_layout_bg_size_mobile&quot;:&quot;&quot;,&quot;jet_parallax_layout_animation_prop&quot;:&quot;transform&quot;,&quot;jet_parallax_layout_on&quot;:[&quot;desktop&quot;,&quot;tablet&quot;]}]}\">\n\t\t\t\t\t\t<div class=\"elementor-container elementor-column-gap-default\">\n\t\t\t\t\t<div class=\"elementor-column elementor-col-50 elementor-top-column elementor-element elementor-element-8cc0408\" data-id=\"8cc0408\" data-element_type=\"column\" data-e-type=\"column\" data-settings=\"{&quot;background_background&quot;:&quot;classic&quot;}\">\n\t\t\t<div class=\"elementor-widget-wrap elementor-element-populated\">\n\t\t\t\t\t\t<div class=\"elementor-element elementor-element-2c915cb elementor-widget elementor-widget-spacer\" data-id=\"2c915cb\" data-element_type=\"widget\" data-e-type=\"widget\" data-widget_type=\"spacer.default\">\n\t\t\t\t<div class=\"elementor-widget-container\">\n\t\t\t\t\t\t\t<div class=\"elementor-spacer\">\n\t\t\t<div class=\"elementor-spacer-inner\"><\/div>\n\t\t<\/div>\n\t\t\t\t\t\t<\/div>\n\t\t\t\t<\/div>\n\t\t\t\t\t<\/div>\n\t\t<\/div>\n\t\t\t\t<div class=\"elementor-column elementor-col-50 elementor-top-column elementor-element elementor-element-b0704d9\" data-id=\"b0704d9\" data-element_type=\"column\" data-e-type=\"column\">\n\t\t\t<div class=\"elementor-widget-wrap elementor-element-populated\">\n\t\t\t\t\t\t<div class=\"elementor-element elementor-element-f7b498f elementor-widget elementor-widget-text-editor\" data-id=\"f7b498f\" data-element_type=\"widget\" data-e-type=\"widget\" data-widget_type=\"text-editor.default\">\n\t\t\t\t<div class=\"elementor-widget-container\">\n\t\t\t\t\t\t\t\t\t<p>CICLO FESTIVO<\/p>\t\t\t\t\t\t\t\t<\/div>\n\t\t\t\t<\/div>\n\t\t\t\t<div class=\"elementor-element elementor-element-8bcc35e elementor-widget elementor-widget-heading\" data-id=\"8bcc35e\" data-element_type=\"widget\" data-e-type=\"widget\" data-widget_type=\"heading.default\">\n\t\t\t\t<div class=\"elementor-widget-container\">\n\t\t\t\t\t<h2 class=\"elementor-heading-title elementor-size-default\">Cultura y ra\u00edces<\/h2>\t\t\t\t<\/div>\n\t\t\t\t<\/div>\n\t\t\t\t<div class=\"elementor-element elementor-element-8a0e524 elementor-widget-divider--view-line elementor-widget elementor-widget-divider\" data-id=\"8a0e524\" data-element_type=\"widget\" data-e-type=\"widget\" data-widget_type=\"divider.default\">\n\t\t\t\t<div class=\"elementor-widget-container\">\n\t\t\t\t\t\t\t<div class=\"elementor-divider\">\n\t\t\t<span class=\"elementor-divider-separator\">\n\t\t\t\t\t\t<\/span>\n\t\t<\/div>\n\t\t\t\t\t\t<\/div>\n\t\t\t\t<\/div>\n\t\t\t\t<div class=\"elementor-element elementor-element-b0c802c elementor-widget elementor-widget-text-editor\" data-id=\"b0c802c\" data-element_type=\"widget\" data-e-type=\"widget\" data-widget_type=\"text-editor.default\">\n\t\t\t\t<div class=\"elementor-widget-container\">\n\t\t\t\t\t\t\t\t\t<p>Las fiestas constituyen uno de los atractivos principales de nuestra comarca. Un legado cultural extraordinariamente popular, rico y diverso. Se mezclan las fiestas religiosas y las profanas, algunas con origen en los cambios estacionales y ciclos agr\u00edcolas, siempre adobadas con la m\u00fasica de las bandas. De inter\u00e9s especial son las fiestas del fuego, las ferias, la procesi\u00f3n del Corpus y las danzadas.<\/p>\t\t\t\t\t\t\t\t<\/div>\n\t\t\t\t<\/div>\n\t\t\t\t<div class=\"elementor-element elementor-element-c853d5e elementor-align-center elementor-widget elementor-widget-raven-button\" data-id=\"c853d5e\" data-element_type=\"widget\" data-e-type=\"widget\" data-settings=\"{&quot;_animation&quot;:&quot;none&quot;,&quot;_animation_delay&quot;:1200,&quot;turn_to_popup_action_button&quot;:&quot;no&quot;}\" data-widget_type=\"raven-button.default\">\n\t\t\t\t<div class=\"elementor-widget-container\">\n\t\t\t\t\t\t\t<div class=\"raven-widget-wrapper\">\n\t\t\t<a class=\"raven-button raven-button-widget-normal-effect-none  raven-button-text-align-center raven-button-link elementor-animation-grow\" href=\"https:\/\/www.turismelacostera.com\/es\/fiestas-y-tradiciones\/\">\t\t\t\t<div class=\"raven-button-overlay\" ><\/div>\n\t\t\t\t<span class=\"raven-button-content\">\n\t\t\t\t\t\n\t\t\t\t\t<div class=\"button-text-container\">\n\t\t\t\t\t\t\t\t\t<span class=\"raven-button-icon raven-button-icon-position-left\">\n\t\t\t\t<i aria-hidden=\"true\" class=\"fas fa-angle-double-right\"><\/i>\t\t\t<\/span>\n\t\t\t\t\t\t\t\t<div class=\"raven-button-texts-wrapper\">\n\t\t\t\t\t\t\t<div class=\"button-text\">\n\t\t\t\t\t\t\t\t<span class=\"raven-button-text\">\n\t\t\t\t\t\t\t\t\tPROPUESTAS \t\t\t\t\t\t\t\t<\/span>\n\t\t\t\t\t\t\t<\/div>\n\t\t\t\t\t\t\t\t\t\t\t\t\t<\/div>\n\t\t\t\t\t\t\t\t\t\t\t<\/div>\n\t\t\t\t\t\n\t\t\t\t\t\t\t\t\t<\/span>\n\t\t\t<\/a>\t\t<\/div>\n\t\t\t\t\t\t<\/div>\n\t\t\t\t<\/div>\n\t\t\t\t\t<\/div>\n\t\t<\/div>\n\t\t\t\t\t<\/div>\n\t\t<\/section>\n\t\t\t\t<section class=\"elementor-section elementor-top-section elementor-element elementor-element-b7e4867 elementor-hidden-desktop elementor-hidden-phone elementor-section-boxed elementor-section-height-default elementor-section-height-default\" data-id=\"b7e4867\" data-element_type=\"section\" data-e-type=\"section\" data-settings=\"{&quot;jet_parallax_layout_list&quot;:[{&quot;jet_parallax_layout_image&quot;:{&quot;url&quot;:&quot;&quot;,&quot;id&quot;:&quot;&quot;,&quot;size&quot;:&quot;&quot;},&quot;_id&quot;:&quot;f7ea5ed&quot;,&quot;jet_parallax_layout_image_tablet&quot;:{&quot;url&quot;:&quot;&quot;,&quot;id&quot;:&quot;&quot;,&quot;size&quot;:&quot;&quot;},&quot;jet_parallax_layout_image_mobile&quot;:{&quot;url&quot;:&quot;&quot;,&quot;id&quot;:&quot;&quot;,&quot;size&quot;:&quot;&quot;},&quot;jet_parallax_layout_speed&quot;:{&quot;unit&quot;:&quot;%&quot;,&quot;size&quot;:50,&quot;sizes&quot;:[]},&quot;jet_parallax_layout_type&quot;:&quot;scroll&quot;,&quot;jet_parallax_layout_direction&quot;:&quot;1&quot;,&quot;jet_parallax_layout_fx_direction&quot;:null,&quot;jet_parallax_layout_z_index&quot;:&quot;&quot;,&quot;jet_parallax_layout_bg_x&quot;:50,&quot;jet_parallax_layout_bg_x_tablet&quot;:&quot;&quot;,&quot;jet_parallax_layout_bg_x_mobile&quot;:&quot;&quot;,&quot;jet_parallax_layout_bg_y&quot;:50,&quot;jet_parallax_layout_bg_y_tablet&quot;:&quot;&quot;,&quot;jet_parallax_layout_bg_y_mobile&quot;:&quot;&quot;,&quot;jet_parallax_layout_bg_size&quot;:&quot;auto&quot;,&quot;jet_parallax_layout_bg_size_tablet&quot;:&quot;&quot;,&quot;jet_parallax_layout_bg_size_mobile&quot;:&quot;&quot;,&quot;jet_parallax_layout_animation_prop&quot;:&quot;transform&quot;,&quot;jet_parallax_layout_on&quot;:[&quot;desktop&quot;,&quot;tablet&quot;]}]}\">\n\t\t\t\t\t\t<div class=\"elementor-container elementor-column-gap-default\">\n\t\t\t\t\t<div class=\"elementor-column elementor-col-50 elementor-top-column elementor-element elementor-element-d198178\" data-id=\"d198178\" data-element_type=\"column\" data-e-type=\"column\" data-settings=\"{&quot;background_background&quot;:&quot;classic&quot;}\">\n\t\t\t<div class=\"elementor-widget-wrap elementor-element-populated\">\n\t\t\t\t\t\t<div class=\"elementor-element elementor-element-6812437 elementor-widget elementor-widget-spacer\" data-id=\"6812437\" data-element_type=\"widget\" data-e-type=\"widget\" data-widget_type=\"spacer.default\">\n\t\t\t\t<div class=\"elementor-widget-container\">\n\t\t\t\t\t\t\t<div class=\"elementor-spacer\">\n\t\t\t<div class=\"elementor-spacer-inner\"><\/div>\n\t\t<\/div>\n\t\t\t\t\t\t<\/div>\n\t\t\t\t<\/div>\n\t\t\t\t\t<\/div>\n\t\t<\/div>\n\t\t\t\t<div class=\"elementor-column elementor-col-50 elementor-top-column elementor-element elementor-element-0cff8e8\" data-id=\"0cff8e8\" data-element_type=\"column\" data-e-type=\"column\">\n\t\t\t<div class=\"elementor-widget-wrap elementor-element-populated\">\n\t\t\t\t\t\t<div class=\"elementor-element elementor-element-e63c4ce elementor-widget elementor-widget-text-editor\" data-id=\"e63c4ce\" data-element_type=\"widget\" data-e-type=\"widget\" data-widget_type=\"text-editor.default\">\n\t\t\t\t<div class=\"elementor-widget-container\">\n\t\t\t\t\t\t\t\t\t<p>CICLO FESTIVO<\/p>\t\t\t\t\t\t\t\t<\/div>\n\t\t\t\t<\/div>\n\t\t\t\t<div class=\"elementor-element elementor-element-a63a069 elementor-widget elementor-widget-heading\" data-id=\"a63a069\" data-element_type=\"widget\" data-e-type=\"widget\" data-widget_type=\"heading.default\">\n\t\t\t\t<div class=\"elementor-widget-container\">\n\t\t\t\t\t<h2 class=\"elementor-heading-title elementor-size-default\">Cultura y ra\u00edces<\/h2>\t\t\t\t<\/div>\n\t\t\t\t<\/div>\n\t\t\t\t<div class=\"elementor-element elementor-element-fbc49b7 elementor-widget-divider--view-line elementor-widget elementor-widget-divider\" data-id=\"fbc49b7\" data-element_type=\"widget\" data-e-type=\"widget\" data-widget_type=\"divider.default\">\n\t\t\t\t<div class=\"elementor-widget-container\">\n\t\t\t\t\t\t\t<div class=\"elementor-divider\">\n\t\t\t<span class=\"elementor-divider-separator\">\n\t\t\t\t\t\t<\/span>\n\t\t<\/div>\n\t\t\t\t\t\t<\/div>\n\t\t\t\t<\/div>\n\t\t\t\t<div class=\"elementor-element elementor-element-c4b1ab3 elementor-widget elementor-widget-text-editor\" data-id=\"c4b1ab3\" data-element_type=\"widget\" data-e-type=\"widget\" data-widget_type=\"text-editor.default\">\n\t\t\t\t<div class=\"elementor-widget-container\">\n\t\t\t\t\t\t\t\t\t<p>Las fiestas constituyen uno de los atractivos principales de nuestra comarca. Un legado cultural extraordinariamente popular, rico y diverso. Se mezclan las fiestas religiosas y las profanas, algunas con origen en los cambios estacionales y ciclos agr\u00edcolas, siempre adobadas con la m\u00fasica de las bandas. De inter\u00e9s especial son las fiestas del fuego, las ferias, la procesi\u00f3n del Corpus y las danzadas.<\/p>\t\t\t\t\t\t\t\t<\/div>\n\t\t\t\t<\/div>\n\t\t\t\t<div class=\"elementor-element elementor-element-24ce803 elementor-align-center elementor-widget elementor-widget-raven-button\" data-id=\"24ce803\" data-element_type=\"widget\" data-e-type=\"widget\" data-settings=\"{&quot;_animation&quot;:&quot;none&quot;,&quot;_animation_delay&quot;:1200,&quot;turn_to_popup_action_button&quot;:&quot;no&quot;}\" data-widget_type=\"raven-button.default\">\n\t\t\t\t<div class=\"elementor-widget-container\">\n\t\t\t\t\t\t\t<div class=\"raven-widget-wrapper\">\n\t\t\t<a class=\"raven-button raven-button-widget-normal-effect-none  raven-button-text-align-center raven-button-link elementor-animation-grow\" href=\"https:\/\/www.turismelacostera.com\/es\/fiestas-y-tradiciones\/\">\t\t\t\t<div class=\"raven-button-overlay\" ><\/div>\n\t\t\t\t<span class=\"raven-button-content\">\n\t\t\t\t\t\n\t\t\t\t\t<div class=\"button-text-container\">\n\t\t\t\t\t\t\t\t\t<span class=\"raven-button-icon raven-button-icon-position-left\">\n\t\t\t\t<i aria-hidden=\"true\" class=\"fas fa-angle-double-right\"><\/i>\t\t\t<\/span>\n\t\t\t\t\t\t\t\t<div class=\"raven-button-texts-wrapper\">\n\t\t\t\t\t\t\t<div class=\"button-text\">\n\t\t\t\t\t\t\t\t<span class=\"raven-button-text\">\n\t\t\t\t\t\t\t\t\tPROPUESTAS \t\t\t\t\t\t\t\t<\/span>\n\t\t\t\t\t\t\t<\/div>\n\t\t\t\t\t\t\t\t\t\t\t\t\t<\/div>\n\t\t\t\t\t\t\t\t\t\t\t<\/div>\n\t\t\t\t\t\n\t\t\t\t\t\t\t\t\t<\/span>\n\t\t\t<\/a>\t\t<\/div>\n\t\t\t\t\t\t<\/div>\n\t\t\t\t<\/div>\n\t\t\t\t\t<\/div>\n\t\t<\/div>\n\t\t\t\t\t<\/div>\n\t\t<\/section>\n\t\t\t\t<section class=\"elementor-section elementor-top-section elementor-element elementor-element-6a7f25a elementor-hidden-desktop elementor-hidden-tablet elementor-section-boxed elementor-section-height-default elementor-section-height-default\" data-id=\"6a7f25a\" data-element_type=\"section\" data-e-type=\"section\" data-settings=\"{&quot;jet_parallax_layout_list&quot;:[{&quot;jet_parallax_layout_image&quot;:{&quot;url&quot;:&quot;&quot;,&quot;id&quot;:&quot;&quot;,&quot;size&quot;:&quot;&quot;},&quot;_id&quot;:&quot;f7ea5ed&quot;,&quot;jet_parallax_layout_image_tablet&quot;:{&quot;url&quot;:&quot;&quot;,&quot;id&quot;:&quot;&quot;,&quot;size&quot;:&quot;&quot;},&quot;jet_parallax_layout_image_mobile&quot;:{&quot;url&quot;:&quot;&quot;,&quot;id&quot;:&quot;&quot;,&quot;size&quot;:&quot;&quot;},&quot;jet_parallax_layout_speed&quot;:{&quot;unit&quot;:&quot;%&quot;,&quot;size&quot;:50,&quot;sizes&quot;:[]},&quot;jet_parallax_layout_type&quot;:&quot;scroll&quot;,&quot;jet_parallax_layout_direction&quot;:&quot;1&quot;,&quot;jet_parallax_layout_fx_direction&quot;:null,&quot;jet_parallax_layout_z_index&quot;:&quot;&quot;,&quot;jet_parallax_layout_bg_x&quot;:50,&quot;jet_parallax_layout_bg_x_tablet&quot;:&quot;&quot;,&quot;jet_parallax_layout_bg_x_mobile&quot;:&quot;&quot;,&quot;jet_parallax_layout_bg_y&quot;:50,&quot;jet_parallax_layout_bg_y_tablet&quot;:&quot;&quot;,&quot;jet_parallax_layout_bg_y_mobile&quot;:&quot;&quot;,&quot;jet_parallax_layout_bg_size&quot;:&quot;auto&quot;,&quot;jet_parallax_layout_bg_size_tablet&quot;:&quot;&quot;,&quot;jet_parallax_layout_bg_size_mobile&quot;:&quot;&quot;,&quot;jet_parallax_layout_animation_prop&quot;:&quot;transform&quot;,&quot;jet_parallax_layout_on&quot;:[&quot;desktop&quot;,&quot;tablet&quot;]}]}\">\n\t\t\t\t\t\t<div class=\"elementor-container elementor-column-gap-default\">\n\t\t\t\t\t<div class=\"elementor-column elementor-col-50 elementor-top-column elementor-element elementor-element-d4dd289\" data-id=\"d4dd289\" data-element_type=\"column\" data-e-type=\"column\">\n\t\t\t<div class=\"elementor-widget-wrap elementor-element-populated\">\n\t\t\t\t\t\t<div class=\"elementor-element elementor-element-659447b elementor-widget elementor-widget-image\" data-id=\"659447b\" data-element_type=\"widget\" data-e-type=\"widget\" data-widget_type=\"image.default\">\n\t\t\t\t<div class=\"elementor-widget-container\">\n\t\t\t\t\t\t\t\t\t\t\t\t\t\t\t<img loading=\"lazy\" decoding=\"async\" width=\"1024\" height=\"682\" src=\"https:\/\/www.turismelacostera.com\/wp-content\/uploads\/2020\/11\/P-festes-1.jpg\" class=\"attachment-full size-full wp-image-15687\" alt=\"\" srcset=\"https:\/\/www.turismelacostera.com\/wp-content\/uploads\/2020\/11\/P-festes-1.jpg 1024w, https:\/\/www.turismelacostera.com\/wp-content\/uploads\/2020\/11\/P-festes-1-300x200.jpg 300w, https:\/\/www.turismelacostera.com\/wp-content\/uploads\/2020\/11\/P-festes-1-768x512.jpg 768w\" sizes=\"(max-width: 1024px) 100vw, 1024px\" \/>\t\t\t\t\t\t\t\t\t\t\t\t\t\t\t<\/div>\n\t\t\t\t<\/div>\n\t\t\t\t\t<\/div>\n\t\t<\/div>\n\t\t\t\t<div class=\"elementor-column elementor-col-50 elementor-top-column elementor-element elementor-element-27809d2\" data-id=\"27809d2\" data-element_type=\"column\" data-e-type=\"column\">\n\t\t\t<div class=\"elementor-widget-wrap elementor-element-populated\">\n\t\t\t\t\t\t<div class=\"elementor-element elementor-element-fa5b717 elementor-widget elementor-widget-text-editor\" data-id=\"fa5b717\" data-element_type=\"widget\" data-e-type=\"widget\" data-widget_type=\"text-editor.default\">\n\t\t\t\t<div class=\"elementor-widget-container\">\n\t\t\t\t\t\t\t\t\t<p>CICLO FESTIVO<\/p>\t\t\t\t\t\t\t\t<\/div>\n\t\t\t\t<\/div>\n\t\t\t\t<div class=\"elementor-element elementor-element-6eb4af6 elementor-widget elementor-widget-heading\" data-id=\"6eb4af6\" data-element_type=\"widget\" data-e-type=\"widget\" data-widget_type=\"heading.default\">\n\t\t\t\t<div class=\"elementor-widget-container\">\n\t\t\t\t\t<h2 class=\"elementor-heading-title elementor-size-default\">Cultura y ra\u00edces<\/h2>\t\t\t\t<\/div>\n\t\t\t\t<\/div>\n\t\t\t\t<div class=\"elementor-element elementor-element-9b66781 elementor-widget-divider--view-line elementor-widget elementor-widget-divider\" data-id=\"9b66781\" data-element_type=\"widget\" data-e-type=\"widget\" data-widget_type=\"divider.default\">\n\t\t\t\t<div class=\"elementor-widget-container\">\n\t\t\t\t\t\t\t<div class=\"elementor-divider\">\n\t\t\t<span class=\"elementor-divider-separator\">\n\t\t\t\t\t\t<\/span>\n\t\t<\/div>\n\t\t\t\t\t\t<\/div>\n\t\t\t\t<\/div>\n\t\t\t\t<div class=\"elementor-element elementor-element-a1820ea elementor-widget elementor-widget-text-editor\" data-id=\"a1820ea\" data-element_type=\"widget\" data-e-type=\"widget\" data-widget_type=\"text-editor.default\">\n\t\t\t\t<div class=\"elementor-widget-container\">\n\t\t\t\t\t\t\t\t\t<p>Las fiestas constituyen uno de los atractivos principales de nuestra comarca. Un legado cultural extraordinariamente popular, rico y diverso. Se mezclan las fiestas religiosas y las profanas, algunas con origen en los cambios estacionales y ciclos agr\u00edcolas, siempre adobadas con la m\u00fasica de las bandas. De inter\u00e9s especial son las fiestas del fuego, las ferias, la procesi\u00f3n del Corpus y las danzadas.<\/p>\t\t\t\t\t\t\t\t<\/div>\n\t\t\t\t<\/div>\n\t\t\t\t<div class=\"elementor-element elementor-element-4cad1b6 elementor-align-center elementor-widget elementor-widget-raven-button\" data-id=\"4cad1b6\" data-element_type=\"widget\" data-e-type=\"widget\" data-settings=\"{&quot;_animation&quot;:&quot;none&quot;,&quot;_animation_delay&quot;:1200,&quot;turn_to_popup_action_button&quot;:&quot;no&quot;}\" data-widget_type=\"raven-button.default\">\n\t\t\t\t<div class=\"elementor-widget-container\">\n\t\t\t\t\t\t\t<div class=\"raven-widget-wrapper\">\n\t\t\t<a class=\"raven-button raven-button-widget-normal-effect-none  raven-button-text-align-center raven-button-link elementor-animation-grow\" href=\"https:\/\/www.turismelacostera.com\/es\/fiestas-y-tradiciones\/\">\t\t\t\t<div class=\"raven-button-overlay\" ><\/div>\n\t\t\t\t<span class=\"raven-button-content\">\n\t\t\t\t\t\n\t\t\t\t\t<div class=\"button-text-container\">\n\t\t\t\t\t\t\t\t\t<span class=\"raven-button-icon raven-button-icon-position-left\">\n\t\t\t\t<i aria-hidden=\"true\" class=\"fas fa-angle-double-right\"><\/i>\t\t\t<\/span>\n\t\t\t\t\t\t\t\t<div class=\"raven-button-texts-wrapper\">\n\t\t\t\t\t\t\t<div class=\"button-text\">\n\t\t\t\t\t\t\t\t<span class=\"raven-button-text\">\n\t\t\t\t\t\t\t\t\tPROPUESTAS \t\t\t\t\t\t\t\t<\/span>\n\t\t\t\t\t\t\t<\/div>\n\t\t\t\t\t\t\t\t\t\t\t\t\t<\/div>\n\t\t\t\t\t\t\t\t\t\t\t<\/div>\n\t\t\t\t\t\n\t\t\t\t\t\t\t\t\t<\/span>\n\t\t\t<\/a>\t\t<\/div>\n\t\t\t\t\t\t<\/div>\n\t\t\t\t<\/div>\n\t\t\t\t\t<\/div>\n\t\t<\/div>\n\t\t\t\t\t<\/div>\n\t\t<\/section>\n\t\t\t\t<\/div>\n\t\t<\/div><div id=\"jet-tabs-content-2024\" class=\"jet-tabs__content \" data-tab=\"4\" role=\"tabpanel\" aria-hidden=\"true\" data-template-id=\"11660\">\t\t<div data-elementor-type=\"single-page\" data-elementor-id=\"16655\" class=\"elementor elementor-16655 elementor-11660 elementor-11660\" data-elementor-post-type=\"elementor_library\">\n\t\t\t\t\t<section class=\"elementor-section elementor-top-section elementor-element elementor-element-3f8667f elementor-section-stretched elementor-hidden-tablet elementor-hidden-phone elementor-section-boxed elementor-section-height-default elementor-section-height-default\" data-id=\"3f8667f\" data-element_type=\"section\" data-e-type=\"section\" data-settings=\"{&quot;stretch_section&quot;:&quot;section-stretched&quot;,&quot;jet_parallax_layout_list&quot;:[{&quot;jet_parallax_layout_image&quot;:{&quot;url&quot;:&quot;&quot;,&quot;id&quot;:&quot;&quot;,&quot;size&quot;:&quot;&quot;},&quot;_id&quot;:&quot;f7ea5ed&quot;,&quot;jet_parallax_layout_image_tablet&quot;:{&quot;url&quot;:&quot;&quot;,&quot;id&quot;:&quot;&quot;,&quot;size&quot;:&quot;&quot;},&quot;jet_parallax_layout_image_mobile&quot;:{&quot;url&quot;:&quot;&quot;,&quot;id&quot;:&quot;&quot;,&quot;size&quot;:&quot;&quot;},&quot;jet_parallax_layout_speed&quot;:{&quot;unit&quot;:&quot;%&quot;,&quot;size&quot;:50,&quot;sizes&quot;:[]},&quot;jet_parallax_layout_type&quot;:&quot;scroll&quot;,&quot;jet_parallax_layout_direction&quot;:&quot;1&quot;,&quot;jet_parallax_layout_fx_direction&quot;:null,&quot;jet_parallax_layout_z_index&quot;:&quot;&quot;,&quot;jet_parallax_layout_bg_x&quot;:50,&quot;jet_parallax_layout_bg_x_tablet&quot;:&quot;&quot;,&quot;jet_parallax_layout_bg_x_mobile&quot;:&quot;&quot;,&quot;jet_parallax_layout_bg_y&quot;:50,&quot;jet_parallax_layout_bg_y_tablet&quot;:&quot;&quot;,&quot;jet_parallax_layout_bg_y_mobile&quot;:&quot;&quot;,&quot;jet_parallax_layout_bg_size&quot;:&quot;auto&quot;,&quot;jet_parallax_layout_bg_size_tablet&quot;:&quot;&quot;,&quot;jet_parallax_layout_bg_size_mobile&quot;:&quot;&quot;,&quot;jet_parallax_layout_animation_prop&quot;:&quot;transform&quot;,&quot;jet_parallax_layout_on&quot;:[&quot;desktop&quot;,&quot;tablet&quot;]}]}\">\n\t\t\t\t\t\t<div class=\"elementor-container elementor-column-gap-default\">\n\t\t\t\t\t<div class=\"elementor-column elementor-col-50 elementor-top-column elementor-element elementor-element-8cc0408\" data-id=\"8cc0408\" data-element_type=\"column\" data-e-type=\"column\" data-settings=\"{&quot;background_background&quot;:&quot;classic&quot;}\">\n\t\t\t<div class=\"elementor-widget-wrap elementor-element-populated\">\n\t\t\t\t\t\t<div class=\"elementor-element elementor-element-2c915cb elementor-widget elementor-widget-spacer\" data-id=\"2c915cb\" data-element_type=\"widget\" data-e-type=\"widget\" data-widget_type=\"spacer.default\">\n\t\t\t\t<div class=\"elementor-widget-container\">\n\t\t\t\t\t\t\t<div class=\"elementor-spacer\">\n\t\t\t<div class=\"elementor-spacer-inner\"><\/div>\n\t\t<\/div>\n\t\t\t\t\t\t<\/div>\n\t\t\t\t<\/div>\n\t\t\t\t\t<\/div>\n\t\t<\/div>\n\t\t\t\t<div class=\"elementor-column elementor-col-50 elementor-top-column elementor-element elementor-element-b0704d9\" data-id=\"b0704d9\" data-element_type=\"column\" data-e-type=\"column\">\n\t\t\t<div class=\"elementor-widget-wrap elementor-element-populated\">\n\t\t\t\t\t\t<div class=\"elementor-element elementor-element-f7b498f elementor-widget elementor-widget-text-editor\" data-id=\"f7b498f\" data-element_type=\"widget\" data-e-type=\"widget\" data-widget_type=\"text-editor.default\">\n\t\t\t\t<div class=\"elementor-widget-container\">\n\t\t\t\t\t\t\t\t\t<p>LO QUE FUIMOS Y LO QUE SOMOS<\/p>\t\t\t\t\t\t\t\t<\/div>\n\t\t\t\t<\/div>\n\t\t\t\t<div class=\"elementor-element elementor-element-8bcc35e elementor-widget elementor-widget-heading\" data-id=\"8bcc35e\" data-element_type=\"widget\" data-e-type=\"widget\" data-widget_type=\"heading.default\">\n\t\t\t\t<div class=\"elementor-widget-container\">\n\t\t\t\t\t<h2 class=\"elementor-heading-title elementor-size-default\">Territorio de museos<\/h2>\t\t\t\t<\/div>\n\t\t\t\t<\/div>\n\t\t\t\t<div class=\"elementor-element elementor-element-8a0e524 elementor-widget-divider--view-line elementor-widget elementor-widget-divider\" data-id=\"8a0e524\" data-element_type=\"widget\" data-e-type=\"widget\" data-widget_type=\"divider.default\">\n\t\t\t\t<div class=\"elementor-widget-container\">\n\t\t\t\t\t\t\t<div class=\"elementor-divider\">\n\t\t\t<span class=\"elementor-divider-separator\">\n\t\t\t\t\t\t<\/span>\n\t\t<\/div>\n\t\t\t\t\t\t<\/div>\n\t\t\t\t<\/div>\n\t\t\t\t<div class=\"elementor-element elementor-element-b0c802c elementor-widget elementor-widget-text-editor\" data-id=\"b0c802c\" data-element_type=\"widget\" data-e-type=\"widget\" data-widget_type=\"text-editor.default\">\n\t\t\t\t<div class=\"elementor-widget-container\">\n\t\t\t\t\t\t\t\t\t<p>La Costera es territorio de museos, espacios que nos muestran la forma de vida de nuestro pueblo a lo largo de la Historia. Desde la Font de la Figuera, al Poniente, hasta el Genov\u00e9s y la Llosa de Ranes, por Levante, podemos disfrutar de museos etnol\u00f3gicos, de bellas artes, arqueol\u00f3gicos, deportivos, hist\u00f3ricos. Dieciocho espacios donde podr\u00e9is conocer lo que fuimos, lo que somos y lo que proyectamos de cara al futuro.<\/p>\t\t\t\t\t\t\t\t<\/div>\n\t\t\t\t<\/div>\n\t\t\t\t<div class=\"elementor-element elementor-element-c853d5e elementor-align-center elementor-widget elementor-widget-raven-button\" data-id=\"c853d5e\" data-element_type=\"widget\" data-e-type=\"widget\" data-settings=\"{&quot;_animation&quot;:&quot;none&quot;,&quot;_animation_delay&quot;:1200,&quot;turn_to_popup_action_button&quot;:&quot;no&quot;}\" data-widget_type=\"raven-button.default\">\n\t\t\t\t<div class=\"elementor-widget-container\">\n\t\t\t\t\t\t\t<div class=\"raven-widget-wrapper\">\n\t\t\t<a class=\"raven-button raven-button-widget-normal-effect-none  raven-button-text-align-center raven-button-link elementor-animation-grow\" href=\"https:\/\/www.turismelacostera.com\/es\/museos\/\">\t\t\t\t<div class=\"raven-button-overlay\" ><\/div>\n\t\t\t\t<span class=\"raven-button-content\">\n\t\t\t\t\t\n\t\t\t\t\t<div class=\"button-text-container\">\n\t\t\t\t\t\t\t\t\t<span class=\"raven-button-icon raven-button-icon-position-left\">\n\t\t\t\t<i aria-hidden=\"true\" class=\"fas fa-angle-double-right\"><\/i>\t\t\t<\/span>\n\t\t\t\t\t\t\t\t<div class=\"raven-button-texts-wrapper\">\n\t\t\t\t\t\t\t<div class=\"button-text\">\n\t\t\t\t\t\t\t\t<span class=\"raven-button-text\">\n\t\t\t\t\t\t\t\t\tPROPUESTAS \t\t\t\t\t\t\t\t<\/span>\n\t\t\t\t\t\t\t<\/div>\n\t\t\t\t\t\t\t\t\t\t\t\t\t<\/div>\n\t\t\t\t\t\t\t\t\t\t\t<\/div>\n\t\t\t\t\t\n\t\t\t\t\t\t\t\t\t<\/span>\n\t\t\t<\/a>\t\t<\/div>\n\t\t\t\t\t\t<\/div>\n\t\t\t\t<\/div>\n\t\t\t\t\t<\/div>\n\t\t<\/div>\n\t\t\t\t\t<\/div>\n\t\t<\/section>\n\t\t\t\t<section class=\"elementor-section elementor-top-section elementor-element elementor-element-b7e4867 elementor-hidden-desktop elementor-hidden-phone elementor-section-boxed elementor-section-height-default elementor-section-height-default\" data-id=\"b7e4867\" data-element_type=\"section\" data-e-type=\"section\" data-settings=\"{&quot;jet_parallax_layout_list&quot;:[{&quot;jet_parallax_layout_image&quot;:{&quot;url&quot;:&quot;&quot;,&quot;id&quot;:&quot;&quot;,&quot;size&quot;:&quot;&quot;},&quot;_id&quot;:&quot;f7ea5ed&quot;,&quot;jet_parallax_layout_image_tablet&quot;:{&quot;url&quot;:&quot;&quot;,&quot;id&quot;:&quot;&quot;,&quot;size&quot;:&quot;&quot;},&quot;jet_parallax_layout_image_mobile&quot;:{&quot;url&quot;:&quot;&quot;,&quot;id&quot;:&quot;&quot;,&quot;size&quot;:&quot;&quot;},&quot;jet_parallax_layout_speed&quot;:{&quot;unit&quot;:&quot;%&quot;,&quot;size&quot;:50,&quot;sizes&quot;:[]},&quot;jet_parallax_layout_type&quot;:&quot;scroll&quot;,&quot;jet_parallax_layout_direction&quot;:&quot;1&quot;,&quot;jet_parallax_layout_fx_direction&quot;:null,&quot;jet_parallax_layout_z_index&quot;:&quot;&quot;,&quot;jet_parallax_layout_bg_x&quot;:50,&quot;jet_parallax_layout_bg_x_tablet&quot;:&quot;&quot;,&quot;jet_parallax_layout_bg_x_mobile&quot;:&quot;&quot;,&quot;jet_parallax_layout_bg_y&quot;:50,&quot;jet_parallax_layout_bg_y_tablet&quot;:&quot;&quot;,&quot;jet_parallax_layout_bg_y_mobile&quot;:&quot;&quot;,&quot;jet_parallax_layout_bg_size&quot;:&quot;auto&quot;,&quot;jet_parallax_layout_bg_size_tablet&quot;:&quot;&quot;,&quot;jet_parallax_layout_bg_size_mobile&quot;:&quot;&quot;,&quot;jet_parallax_layout_animation_prop&quot;:&quot;transform&quot;,&quot;jet_parallax_layout_on&quot;:[&quot;desktop&quot;,&quot;tablet&quot;]}]}\">\n\t\t\t\t\t\t<div class=\"elementor-container elementor-column-gap-default\">\n\t\t\t\t\t<div class=\"elementor-column elementor-col-50 elementor-top-column elementor-element elementor-element-d198178\" data-id=\"d198178\" data-element_type=\"column\" data-e-type=\"column\" data-settings=\"{&quot;background_background&quot;:&quot;classic&quot;}\">\n\t\t\t<div class=\"elementor-widget-wrap elementor-element-populated\">\n\t\t\t\t\t\t<div class=\"elementor-element elementor-element-6812437 elementor-widget elementor-widget-spacer\" data-id=\"6812437\" data-element_type=\"widget\" data-e-type=\"widget\" data-widget_type=\"spacer.default\">\n\t\t\t\t<div class=\"elementor-widget-container\">\n\t\t\t\t\t\t\t<div class=\"elementor-spacer\">\n\t\t\t<div class=\"elementor-spacer-inner\"><\/div>\n\t\t<\/div>\n\t\t\t\t\t\t<\/div>\n\t\t\t\t<\/div>\n\t\t\t\t\t<\/div>\n\t\t<\/div>\n\t\t\t\t<div class=\"elementor-column elementor-col-50 elementor-top-column elementor-element elementor-element-0cff8e8\" data-id=\"0cff8e8\" data-element_type=\"column\" data-e-type=\"column\">\n\t\t\t<div class=\"elementor-widget-wrap elementor-element-populated\">\n\t\t\t\t\t\t<div class=\"elementor-element elementor-element-e63c4ce elementor-widget elementor-widget-text-editor\" data-id=\"e63c4ce\" data-element_type=\"widget\" data-e-type=\"widget\" data-widget_type=\"text-editor.default\">\n\t\t\t\t<div class=\"elementor-widget-container\">\n\t\t\t\t\t\t\t\t\t<p>LO QUE FUIMOS Y LO QUE SOMOS<\/p>\t\t\t\t\t\t\t\t<\/div>\n\t\t\t\t<\/div>\n\t\t\t\t<div class=\"elementor-element elementor-element-a63a069 elementor-widget elementor-widget-heading\" data-id=\"a63a069\" data-element_type=\"widget\" data-e-type=\"widget\" data-widget_type=\"heading.default\">\n\t\t\t\t<div class=\"elementor-widget-container\">\n\t\t\t\t\t<h2 class=\"elementor-heading-title elementor-size-default\">Territorio de museos\n<\/h2>\t\t\t\t<\/div>\n\t\t\t\t<\/div>\n\t\t\t\t<div class=\"elementor-element elementor-element-fbc49b7 elementor-widget-divider--view-line elementor-widget elementor-widget-divider\" data-id=\"fbc49b7\" data-element_type=\"widget\" data-e-type=\"widget\" data-widget_type=\"divider.default\">\n\t\t\t\t<div class=\"elementor-widget-container\">\n\t\t\t\t\t\t\t<div class=\"elementor-divider\">\n\t\t\t<span class=\"elementor-divider-separator\">\n\t\t\t\t\t\t<\/span>\n\t\t<\/div>\n\t\t\t\t\t\t<\/div>\n\t\t\t\t<\/div>\n\t\t\t\t<div class=\"elementor-element elementor-element-c4b1ab3 elementor-widget elementor-widget-text-editor\" data-id=\"c4b1ab3\" data-element_type=\"widget\" data-e-type=\"widget\" data-widget_type=\"text-editor.default\">\n\t\t\t\t<div class=\"elementor-widget-container\">\n\t\t\t\t\t\t\t\t\t<p>La Costera es territorio de museos, espacios que nos muestran la forma de vida de nuestro pueblo a lo largo de la Historia. Desde la Font de la Figuera, al Poniente, hasta el Genov\u00e9s y la Llosa de Ranes, por Levante, podemos disfrutar de museos etnol\u00f3gicos, de bellas artes, arqueol\u00f3gicos, deportivos, hist\u00f3ricos. Dieciocho espacios donde podr\u00e9is conocer lo que fuimos, lo que somos y lo que proyectamos de cara al futuro.<\/p>\t\t\t\t\t\t\t\t<\/div>\n\t\t\t\t<\/div>\n\t\t\t\t<div class=\"elementor-element elementor-element-24ce803 elementor-align-center elementor-widget elementor-widget-raven-button\" data-id=\"24ce803\" data-element_type=\"widget\" data-e-type=\"widget\" data-settings=\"{&quot;_animation&quot;:&quot;none&quot;,&quot;_animation_delay&quot;:1200,&quot;turn_to_popup_action_button&quot;:&quot;no&quot;}\" data-widget_type=\"raven-button.default\">\n\t\t\t\t<div class=\"elementor-widget-container\">\n\t\t\t\t\t\t\t<div class=\"raven-widget-wrapper\">\n\t\t\t<a class=\"raven-button raven-button-widget-normal-effect-none  raven-button-text-align-center raven-button-link elementor-animation-grow\" href=\"https:\/\/www.turismelacostera.com\/es\/museos\/\">\t\t\t\t<div class=\"raven-button-overlay\" ><\/div>\n\t\t\t\t<span class=\"raven-button-content\">\n\t\t\t\t\t\n\t\t\t\t\t<div class=\"button-text-container\">\n\t\t\t\t\t\t\t\t\t<span class=\"raven-button-icon raven-button-icon-position-left\">\n\t\t\t\t<i aria-hidden=\"true\" class=\"fas fa-angle-double-right\"><\/i>\t\t\t<\/span>\n\t\t\t\t\t\t\t\t<div class=\"raven-button-texts-wrapper\">\n\t\t\t\t\t\t\t<div class=\"button-text\">\n\t\t\t\t\t\t\t\t<span class=\"raven-button-text\">\n\t\t\t\t\t\t\t\t\tPROPUESTAS \t\t\t\t\t\t\t\t<\/span>\n\t\t\t\t\t\t\t<\/div>\n\t\t\t\t\t\t\t\t\t\t\t\t\t<\/div>\n\t\t\t\t\t\t\t\t\t\t\t<\/div>\n\t\t\t\t\t\n\t\t\t\t\t\t\t\t\t<\/span>\n\t\t\t<\/a>\t\t<\/div>\n\t\t\t\t\t\t<\/div>\n\t\t\t\t<\/div>\n\t\t\t\t\t<\/div>\n\t\t<\/div>\n\t\t\t\t\t<\/div>\n\t\t<\/section>\n\t\t\t\t<section class=\"elementor-section elementor-top-section elementor-element elementor-element-6a7f25a elementor-hidden-desktop elementor-hidden-tablet elementor-section-boxed elementor-section-height-default elementor-section-height-default\" data-id=\"6a7f25a\" data-element_type=\"section\" data-e-type=\"section\" data-settings=\"{&quot;jet_parallax_layout_list&quot;:[{&quot;jet_parallax_layout_image&quot;:{&quot;url&quot;:&quot;&quot;,&quot;id&quot;:&quot;&quot;,&quot;size&quot;:&quot;&quot;},&quot;_id&quot;:&quot;f7ea5ed&quot;,&quot;jet_parallax_layout_image_tablet&quot;:{&quot;url&quot;:&quot;&quot;,&quot;id&quot;:&quot;&quot;,&quot;size&quot;:&quot;&quot;},&quot;jet_parallax_layout_image_mobile&quot;:{&quot;url&quot;:&quot;&quot;,&quot;id&quot;:&quot;&quot;,&quot;size&quot;:&quot;&quot;},&quot;jet_parallax_layout_speed&quot;:{&quot;unit&quot;:&quot;%&quot;,&quot;size&quot;:50,&quot;sizes&quot;:[]},&quot;jet_parallax_layout_type&quot;:&quot;scroll&quot;,&quot;jet_parallax_layout_direction&quot;:&quot;1&quot;,&quot;jet_parallax_layout_fx_direction&quot;:null,&quot;jet_parallax_layout_z_index&quot;:&quot;&quot;,&quot;jet_parallax_layout_bg_x&quot;:50,&quot;jet_parallax_layout_bg_x_tablet&quot;:&quot;&quot;,&quot;jet_parallax_layout_bg_x_mobile&quot;:&quot;&quot;,&quot;jet_parallax_layout_bg_y&quot;:50,&quot;jet_parallax_layout_bg_y_tablet&quot;:&quot;&quot;,&quot;jet_parallax_layout_bg_y_mobile&quot;:&quot;&quot;,&quot;jet_parallax_layout_bg_size&quot;:&quot;auto&quot;,&quot;jet_parallax_layout_bg_size_tablet&quot;:&quot;&quot;,&quot;jet_parallax_layout_bg_size_mobile&quot;:&quot;&quot;,&quot;jet_parallax_layout_animation_prop&quot;:&quot;transform&quot;,&quot;jet_parallax_layout_on&quot;:[&quot;desktop&quot;,&quot;tablet&quot;]}]}\">\n\t\t\t\t\t\t<div class=\"elementor-container elementor-column-gap-default\">\n\t\t\t\t\t<div class=\"elementor-column elementor-col-50 elementor-top-column elementor-element elementor-element-d4dd289\" data-id=\"d4dd289\" data-element_type=\"column\" data-e-type=\"column\">\n\t\t\t<div class=\"elementor-widget-wrap elementor-element-populated\">\n\t\t\t\t\t\t<div class=\"elementor-element elementor-element-659447b elementor-widget elementor-widget-image\" data-id=\"659447b\" data-element_type=\"widget\" data-e-type=\"widget\" data-widget_type=\"image.default\">\n\t\t\t\t<div class=\"elementor-widget-container\">\n\t\t\t\t\t\t\t\t\t\t\t\t\t\t\t<img loading=\"lazy\" decoding=\"async\" width=\"1024\" height=\"682\" src=\"https:\/\/www.turismelacostera.com\/wp-content\/uploads\/2020\/11\/P-museus-1.jpg\" class=\"attachment-full size-full wp-image-15693\" alt=\"\" srcset=\"https:\/\/www.turismelacostera.com\/wp-content\/uploads\/2020\/11\/P-museus-1.jpg 1024w, https:\/\/www.turismelacostera.com\/wp-content\/uploads\/2020\/11\/P-museus-1-300x200.jpg 300w, https:\/\/www.turismelacostera.com\/wp-content\/uploads\/2020\/11\/P-museus-1-768x512.jpg 768w\" sizes=\"(max-width: 1024px) 100vw, 1024px\" \/>\t\t\t\t\t\t\t\t\t\t\t\t\t\t\t<\/div>\n\t\t\t\t<\/div>\n\t\t\t\t\t<\/div>\n\t\t<\/div>\n\t\t\t\t<div class=\"elementor-column elementor-col-50 elementor-top-column elementor-element elementor-element-27809d2\" data-id=\"27809d2\" data-element_type=\"column\" data-e-type=\"column\">\n\t\t\t<div class=\"elementor-widget-wrap elementor-element-populated\">\n\t\t\t\t\t\t<div class=\"elementor-element elementor-element-fa5b717 elementor-widget elementor-widget-text-editor\" data-id=\"fa5b717\" data-element_type=\"widget\" data-e-type=\"widget\" data-widget_type=\"text-editor.default\">\n\t\t\t\t<div class=\"elementor-widget-container\">\n\t\t\t\t\t\t\t\t\t<p>LO QUE FUIMOS Y LO QUE SOMOS<\/p>\t\t\t\t\t\t\t\t<\/div>\n\t\t\t\t<\/div>\n\t\t\t\t<div class=\"elementor-element elementor-element-6eb4af6 elementor-widget elementor-widget-heading\" data-id=\"6eb4af6\" data-element_type=\"widget\" data-e-type=\"widget\" data-widget_type=\"heading.default\">\n\t\t\t\t<div class=\"elementor-widget-container\">\n\t\t\t\t\t<h2 class=\"elementor-heading-title elementor-size-default\">Territorio de museos<\/h2>\t\t\t\t<\/div>\n\t\t\t\t<\/div>\n\t\t\t\t<div class=\"elementor-element elementor-element-9b66781 elementor-widget-divider--view-line elementor-widget elementor-widget-divider\" data-id=\"9b66781\" data-element_type=\"widget\" data-e-type=\"widget\" data-widget_type=\"divider.default\">\n\t\t\t\t<div class=\"elementor-widget-container\">\n\t\t\t\t\t\t\t<div class=\"elementor-divider\">\n\t\t\t<span class=\"elementor-divider-separator\">\n\t\t\t\t\t\t<\/span>\n\t\t<\/div>\n\t\t\t\t\t\t<\/div>\n\t\t\t\t<\/div>\n\t\t\t\t<div class=\"elementor-element elementor-element-a1820ea elementor-widget elementor-widget-text-editor\" data-id=\"a1820ea\" data-element_type=\"widget\" data-e-type=\"widget\" data-widget_type=\"text-editor.default\">\n\t\t\t\t<div class=\"elementor-widget-container\">\n\t\t\t\t\t\t\t\t\t<p>La Costera es territorio de museos, espacios que nos muestran la forma de vida de nuestro pueblo a lo largo de la Historia. Desde la Font de la Figuera, al Poniente, hasta el Genov\u00e9s y la Llosa de Ranes, por Levante, podemos disfrutar de museos etnol\u00f3gicos, de bellas artes, arqueol\u00f3gicos, deportivos, hist\u00f3ricos. Dieciocho espacios donde podr\u00e9is conocer lo que fuimos, lo que somos y lo que proyectamos de cara al futuro.<\/p>\t\t\t\t\t\t\t\t<\/div>\n\t\t\t\t<\/div>\n\t\t\t\t<div class=\"elementor-element elementor-element-4cad1b6 elementor-align-center elementor-widget elementor-widget-raven-button\" data-id=\"4cad1b6\" data-element_type=\"widget\" data-e-type=\"widget\" data-settings=\"{&quot;_animation&quot;:&quot;none&quot;,&quot;_animation_delay&quot;:1200,&quot;turn_to_popup_action_button&quot;:&quot;no&quot;}\" data-widget_type=\"raven-button.default\">\n\t\t\t\t<div class=\"elementor-widget-container\">\n\t\t\t\t\t\t\t<div class=\"raven-widget-wrapper\">\n\t\t\t<a class=\"raven-button raven-button-widget-normal-effect-none  raven-button-text-align-center raven-button-link elementor-animation-grow\" href=\"https:\/\/www.turismelacostera.com\/es\/museos\/\">\t\t\t\t<div class=\"raven-button-overlay\" ><\/div>\n\t\t\t\t<span class=\"raven-button-content\">\n\t\t\t\t\t\n\t\t\t\t\t<div class=\"button-text-container\">\n\t\t\t\t\t\t\t\t\t<span class=\"raven-button-icon raven-button-icon-position-left\">\n\t\t\t\t<i aria-hidden=\"true\" class=\"fas fa-angle-double-right\"><\/i>\t\t\t<\/span>\n\t\t\t\t\t\t\t\t<div class=\"raven-button-texts-wrapper\">\n\t\t\t\t\t\t\t<div class=\"button-text\">\n\t\t\t\t\t\t\t\t<span class=\"raven-button-text\">\n\t\t\t\t\t\t\t\t\tPROPUESTAS \t\t\t\t\t\t\t\t<\/span>\n\t\t\t\t\t\t\t<\/div>\n\t\t\t\t\t\t\t\t\t\t\t\t\t<\/div>\n\t\t\t\t\t\t\t\t\t\t\t<\/div>\n\t\t\t\t\t\n\t\t\t\t\t\t\t\t\t<\/span>\n\t\t\t<\/a>\t\t<\/div>\n\t\t\t\t\t\t<\/div>\n\t\t\t\t<\/div>\n\t\t\t\t\t<\/div>\n\t\t<\/div>\n\t\t\t\t\t<\/div>\n\t\t<\/section>\n\t\t\t\t<\/div>\n\t\t<\/div>\t\t\t<\/div>\n\t\t\t\t\t<\/div>\n\t\t\t\t\t\t<\/div>\n\t\t\t\t<\/div>\n\t\t\t\t\t<\/div>\n\t\t<\/div>\n\t\t\t\t\t<\/div>\n\t\t<\/section>\n\t\t\t\t<section class=\"elementor-section elementor-top-section elementor-element elementor-element-9b7ec4f elementor-section-height-min-height elementor-section-stretched elementor-section-boxed elementor-section-height-default elementor-section-items-middle\" data-id=\"9b7ec4f\" data-element_type=\"section\" data-e-type=\"section\" data-settings=\"{&quot;jet_parallax_layout_list&quot;:[{&quot;jet_parallax_layout_image&quot;:{&quot;url&quot;:&quot;&quot;,&quot;id&quot;:&quot;&quot;,&quot;size&quot;:&quot;&quot;},&quot;_id&quot;:&quot;b68b6ea&quot;,&quot;jet_parallax_layout_image_tablet&quot;:{&quot;url&quot;:&quot;&quot;,&quot;id&quot;:&quot;&quot;,&quot;size&quot;:&quot;&quot;},&quot;jet_parallax_layout_image_mobile&quot;:{&quot;url&quot;:&quot;&quot;,&quot;id&quot;:&quot;&quot;,&quot;size&quot;:&quot;&quot;},&quot;jet_parallax_layout_speed&quot;:{&quot;unit&quot;:&quot;%&quot;,&quot;size&quot;:50,&quot;sizes&quot;:[]},&quot;jet_parallax_layout_type&quot;:&quot;scroll&quot;,&quot;jet_parallax_layout_direction&quot;:&quot;1&quot;,&quot;jet_parallax_layout_fx_direction&quot;:null,&quot;jet_parallax_layout_z_index&quot;:&quot;&quot;,&quot;jet_parallax_layout_bg_x&quot;:50,&quot;jet_parallax_layout_bg_x_tablet&quot;:&quot;&quot;,&quot;jet_parallax_layout_bg_x_mobile&quot;:&quot;&quot;,&quot;jet_parallax_layout_bg_y&quot;:50,&quot;jet_parallax_layout_bg_y_tablet&quot;:&quot;&quot;,&quot;jet_parallax_layout_bg_y_mobile&quot;:&quot;&quot;,&quot;jet_parallax_layout_bg_size&quot;:&quot;auto&quot;,&quot;jet_parallax_layout_bg_size_tablet&quot;:&quot;&quot;,&quot;jet_parallax_layout_bg_size_mobile&quot;:&quot;&quot;,&quot;jet_parallax_layout_animation_prop&quot;:&quot;transform&quot;,&quot;jet_parallax_layout_on&quot;:[&quot;desktop&quot;,&quot;tablet&quot;]}],&quot;background_background&quot;:&quot;classic&quot;,&quot;stretch_section&quot;:&quot;section-stretched&quot;}\">\n\t\t\t\t\t\t<div class=\"elementor-container elementor-column-gap-default\">\n\t\t\t\t\t<div class=\"elementor-column elementor-col-100 elementor-top-column elementor-element elementor-element-b6c65af\" data-id=\"b6c65af\" data-element_type=\"column\" data-e-type=\"column\">\n\t\t\t<div class=\"elementor-widget-wrap\">\n\t\t\t\t\t\t\t<\/div>\n\t\t<\/div>\n\t\t\t\t\t<\/div>\n\t\t<\/section>\n\t\t\t\t<section class=\"elementor-section elementor-top-section elementor-element elementor-element-18cf014 elementor-section-content-middle elementor-section-stretched elementor-section-boxed elementor-section-height-default elementor-section-height-default\" data-id=\"18cf014\" data-element_type=\"section\" data-e-type=\"section\" data-settings=\"{&quot;stretch_section&quot;:&quot;section-stretched&quot;,&quot;jet_parallax_layout_list&quot;:[{&quot;jet_parallax_layout_image&quot;:{&quot;url&quot;:&quot;&quot;,&quot;id&quot;:&quot;&quot;,&quot;size&quot;:&quot;&quot;},&quot;_id&quot;:&quot;69e5e79&quot;,&quot;jet_parallax_layout_speed&quot;:{&quot;unit&quot;:&quot;%&quot;,&quot;size&quot;:50,&quot;sizes&quot;:[]},&quot;jet_parallax_layout_image_tablet&quot;:{&quot;url&quot;:&quot;&quot;,&quot;id&quot;:&quot;&quot;,&quot;size&quot;:&quot;&quot;},&quot;jet_parallax_layout_image_mobile&quot;:{&quot;url&quot;:&quot;&quot;,&quot;id&quot;:&quot;&quot;,&quot;size&quot;:&quot;&quot;},&quot;jet_parallax_layout_type&quot;:&quot;scroll&quot;,&quot;jet_parallax_layout_direction&quot;:&quot;1&quot;,&quot;jet_parallax_layout_fx_direction&quot;:null,&quot;jet_parallax_layout_z_index&quot;:&quot;&quot;,&quot;jet_parallax_layout_bg_x&quot;:50,&quot;jet_parallax_layout_bg_x_tablet&quot;:&quot;&quot;,&quot;jet_parallax_layout_bg_x_mobile&quot;:&quot;&quot;,&quot;jet_parallax_layout_bg_y&quot;:50,&quot;jet_parallax_layout_bg_y_tablet&quot;:&quot;&quot;,&quot;jet_parallax_layout_bg_y_mobile&quot;:&quot;&quot;,&quot;jet_parallax_layout_bg_size&quot;:&quot;auto&quot;,&quot;jet_parallax_layout_bg_size_tablet&quot;:&quot;&quot;,&quot;jet_parallax_layout_bg_size_mobile&quot;:&quot;&quot;,&quot;jet_parallax_layout_animation_prop&quot;:&quot;transform&quot;,&quot;jet_parallax_layout_on&quot;:[&quot;desktop&quot;,&quot;tablet&quot;]}],&quot;background_background&quot;:&quot;classic&quot;}\">\n\t\t\t\t\t\t\t<div class=\"elementor-background-overlay\"><\/div>\n\t\t\t\t\t\t\t<div class=\"elementor-container elementor-column-gap-default\">\n\t\t\t\t\t<div class=\"elementor-column elementor-col-100 elementor-top-column elementor-element elementor-element-0238688\" data-id=\"0238688\" data-element_type=\"column\" data-e-type=\"column\">\n\t\t\t<div class=\"elementor-widget-wrap elementor-element-populated\">\n\t\t\t\t\t<div class=\"elementor-background-overlay\"><\/div>\n\t\t\t\t\t\t<div class=\"elementor-element elementor-element-926c951 elementor-widget elementor-widget-heading\" data-id=\"926c951\" data-element_type=\"widget\" data-e-type=\"widget\" data-widget_type=\"heading.default\">\n\t\t\t\t<div class=\"elementor-widget-container\">\n\t\t\t\t\t<h2 class=\"elementor-heading-title elementor-size-default\">Rutas tur\u00edsticas<\/h2>\t\t\t\t<\/div>\n\t\t\t\t<\/div>\n\t\t\t\t<div class=\"elementor-element elementor-element-c0b0d2a elementor-widget elementor-widget-heading\" data-id=\"c0b0d2a\" data-element_type=\"widget\" data-e-type=\"widget\" data-widget_type=\"heading.default\">\n\t\t\t\t<div class=\"elementor-widget-container\">\n\t\t\t\t\t<h2 class=\"elementor-heading-title elementor-size-default\">TE PROPONEMOS<\/h2>\t\t\t\t<\/div>\n\t\t\t\t<\/div>\n\t\t\t\t<div class=\"elementor-element elementor-element-9c37d99 elementor-widget-divider--view-line elementor-widget elementor-widget-divider\" data-id=\"9c37d99\" data-element_type=\"widget\" data-e-type=\"widget\" data-widget_type=\"divider.default\">\n\t\t\t\t<div class=\"elementor-widget-container\">\n\t\t\t\t\t\t\t<div class=\"elementor-divider\">\n\t\t\t<span class=\"elementor-divider-separator\">\n\t\t\t\t\t\t<\/span>\n\t\t<\/div>\n\t\t\t\t\t\t<\/div>\n\t\t\t\t<\/div>\n\t\t\t\t<div class=\"elementor-element elementor-element-58ecd80 elementor-widget elementor-widget-text-editor\" data-id=\"58ecd80\" data-element_type=\"widget\" data-e-type=\"widget\" data-widget_type=\"text-editor.default\">\n\t\t\t\t<div class=\"elementor-widget-container\">\n\t\t\t\t\t\t\t\t\t<p>La magia de la cultura y de la hospitalidad de la gente se esconde en cada pueblo de La Costera.<br \/>Nuestras propuestas os ayudar\u00e1n a descubrir desde un punto de vista diferente los encantos naturales y patrimoniales de nuestro territorio.<\/p>\t\t\t\t\t\t\t\t<\/div>\n\t\t\t\t<\/div>\n\t\t\t\t\t<\/div>\n\t\t<\/div>\n\t\t\t\t\t<\/div>\n\t\t<\/section>\n\t\t\t\t<section class=\"elementor-section elementor-top-section elementor-element elementor-element-abfdaa9 elementor-section-content-middle elementor-section-stretched elementor-hidden-desktop elementor-section-boxed elementor-section-height-default elementor-section-height-default\" data-id=\"abfdaa9\" data-element_type=\"section\" data-e-type=\"section\" data-settings=\"{&quot;stretch_section&quot;:&quot;section-stretched&quot;,&quot;jet_parallax_layout_list&quot;:[{&quot;jet_parallax_layout_image&quot;:{&quot;url&quot;:&quot;&quot;,&quot;id&quot;:&quot;&quot;,&quot;size&quot;:&quot;&quot;},&quot;_id&quot;:&quot;69e5e79&quot;,&quot;jet_parallax_layout_speed&quot;:{&quot;unit&quot;:&quot;%&quot;,&quot;size&quot;:50,&quot;sizes&quot;:[]},&quot;jet_parallax_layout_image_tablet&quot;:{&quot;url&quot;:&quot;&quot;,&quot;id&quot;:&quot;&quot;,&quot;size&quot;:&quot;&quot;},&quot;jet_parallax_layout_image_mobile&quot;:{&quot;url&quot;:&quot;&quot;,&quot;id&quot;:&quot;&quot;,&quot;size&quot;:&quot;&quot;},&quot;jet_parallax_layout_type&quot;:&quot;scroll&quot;,&quot;jet_parallax_layout_direction&quot;:&quot;1&quot;,&quot;jet_parallax_layout_fx_direction&quot;:null,&quot;jet_parallax_layout_z_index&quot;:&quot;&quot;,&quot;jet_parallax_layout_bg_x&quot;:50,&quot;jet_parallax_layout_bg_x_tablet&quot;:&quot;&quot;,&quot;jet_parallax_layout_bg_x_mobile&quot;:&quot;&quot;,&quot;jet_parallax_layout_bg_y&quot;:50,&quot;jet_parallax_layout_bg_y_tablet&quot;:&quot;&quot;,&quot;jet_parallax_layout_bg_y_mobile&quot;:&quot;&quot;,&quot;jet_parallax_layout_bg_size&quot;:&quot;auto&quot;,&quot;jet_parallax_layout_bg_size_tablet&quot;:&quot;&quot;,&quot;jet_parallax_layout_bg_size_mobile&quot;:&quot;&quot;,&quot;jet_parallax_layout_animation_prop&quot;:&quot;transform&quot;,&quot;jet_parallax_layout_on&quot;:[&quot;desktop&quot;,&quot;tablet&quot;]}],&quot;background_background&quot;:&quot;classic&quot;}\">\n\t\t\t\t\t\t\t<div class=\"elementor-background-overlay\"><\/div>\n\t\t\t\t\t\t\t<div class=\"elementor-container elementor-column-gap-default\">\n\t\t\t\t\t<div class=\"elementor-column elementor-col-16 elementor-top-column elementor-element elementor-element-b1e1c9b\" data-id=\"b1e1c9b\" data-element_type=\"column\" data-e-type=\"column\">\n\t\t\t<div class=\"elementor-widget-wrap elementor-element-populated\">\n\t\t\t\t\t<div class=\"elementor-background-overlay\"><\/div>\n\t\t\t\t\t\t<div class=\"elementor-element elementor-element-0dff245 elementor-position-top elementor-widget elementor-widget-image-box\" data-id=\"0dff245\" data-element_type=\"widget\" data-e-type=\"widget\" data-widget_type=\"image-box.default\">\n\t\t\t\t<div class=\"elementor-widget-container\">\n\t\t\t\t\t<div class=\"elementor-image-box-wrapper\"><figure class=\"elementor-image-box-img\"><a href=\"https:\/\/www.turismelacostera.com\/es\/?page_id=16190\" tabindex=\"-1\"><img loading=\"lazy\" decoding=\"async\" width=\"500\" height=\"500\" src=\"https:\/\/www.turismelacostera.com\/wp-content\/uploads\/2020\/11\/ruta-borja-500x500.jpg\" class=\"elementor-animation-float attachment-Image Size 500x500 size-Image Size 500x500 wp-image-15497\" alt=\"ruta-borja\" srcset=\"https:\/\/www.turismelacostera.com\/wp-content\/uploads\/2020\/11\/ruta-borja.jpg 500w, https:\/\/www.turismelacostera.com\/wp-content\/uploads\/2020\/11\/ruta-borja-300x300.jpg 300w, https:\/\/www.turismelacostera.com\/wp-content\/uploads\/2020\/11\/ruta-borja-150x150.jpg 150w\" sizes=\"(max-width: 500px) 100vw, 500px\" \/><\/a><\/figure><div class=\"elementor-image-box-content\"><h3 class=\"elementor-image-box-title\"><a href=\"https:\/\/www.turismelacostera.com\/es\/?page_id=16190\">Los Borja en la Costera<\/a><\/h3><\/div><\/div>\t\t\t\t<\/div>\n\t\t\t\t<\/div>\n\t\t\t\t\t<\/div>\n\t\t<\/div>\n\t\t\t\t<div class=\"elementor-column elementor-col-16 elementor-top-column elementor-element elementor-element-12b2638\" data-id=\"12b2638\" data-element_type=\"column\" data-e-type=\"column\">\n\t\t\t<div class=\"elementor-widget-wrap elementor-element-populated\">\n\t\t\t\t\t<div class=\"elementor-background-overlay\"><\/div>\n\t\t\t\t\t\t<div class=\"elementor-element elementor-element-18a1710 elementor-position-top elementor-widget elementor-widget-image-box\" data-id=\"18a1710\" data-element_type=\"widget\" data-e-type=\"widget\" data-widget_type=\"image-box.default\">\n\t\t\t\t<div class=\"elementor-widget-container\">\n\t\t\t\t\t<div class=\"elementor-image-box-wrapper\"><figure class=\"elementor-image-box-img\"><a href=\"https:\/\/www.turismelacostera.com\/es\/?page_id=16179\" tabindex=\"-1\"><img loading=\"lazy\" decoding=\"async\" width=\"500\" height=\"500\" src=\"https:\/\/www.turismelacostera.com\/wp-content\/uploads\/2020\/11\/ruta-aigua-500x500.jpg\" class=\"elementor-animation-float attachment-Image Size 500x500 size-Image Size 500x500 wp-image-15269\" alt=\"ruta-aigua\" srcset=\"https:\/\/www.turismelacostera.com\/wp-content\/uploads\/2020\/11\/ruta-aigua.jpg 500w, https:\/\/www.turismelacostera.com\/wp-content\/uploads\/2020\/11\/ruta-aigua-300x300.jpg 300w, https:\/\/www.turismelacostera.com\/wp-content\/uploads\/2020\/11\/ruta-aigua-150x150.jpg 150w\" sizes=\"(max-width: 500px) 100vw, 500px\" \/><\/a><\/figure><div class=\"elementor-image-box-content\"><h3 class=\"elementor-image-box-title\"><a href=\"https:\/\/www.turismelacostera.com\/es\/?page_id=16179\">El agua de la Costera<\/a><\/h3><\/div><\/div>\t\t\t\t<\/div>\n\t\t\t\t<\/div>\n\t\t\t\t\t<\/div>\n\t\t<\/div>\n\t\t\t\t<div class=\"elementor-column elementor-col-16 elementor-top-column elementor-element elementor-element-154e154\" data-id=\"154e154\" data-element_type=\"column\" data-e-type=\"column\">\n\t\t\t<div class=\"elementor-widget-wrap elementor-element-populated\">\n\t\t\t\t\t<div class=\"elementor-background-overlay\"><\/div>\n\t\t\t\t\t\t<div class=\"elementor-element elementor-element-0477137 elementor-position-top elementor-widget elementor-widget-image-box\" data-id=\"0477137\" data-element_type=\"widget\" data-e-type=\"widget\" data-widget_type=\"image-box.default\">\n\t\t\t\t<div class=\"elementor-widget-container\">\n\t\t\t\t\t<div class=\"elementor-image-box-wrapper\"><figure class=\"elementor-image-box-img\"><a href=\"https:\/\/www.turismelacostera.com\/es\/?page_id=16182\" tabindex=\"-1\"><img loading=\"lazy\" decoding=\"async\" width=\"500\" height=\"500\" src=\"https:\/\/www.turismelacostera.com\/wp-content\/uploads\/2020\/10\/miniatura_ordre_montesa-500x500.jpg\" class=\"elementor-animation-float attachment-Image Size 500x500 size-Image Size 500x500 wp-image-14874\" alt=\"miniatura_ordre_montesa\" srcset=\"https:\/\/www.turismelacostera.com\/wp-content\/uploads\/2020\/10\/miniatura_ordre_montesa-500x500.jpg 500w, https:\/\/www.turismelacostera.com\/wp-content\/uploads\/2020\/10\/miniatura_ordre_montesa-300x300.jpg 300w, https:\/\/www.turismelacostera.com\/wp-content\/uploads\/2020\/10\/miniatura_ordre_montesa-150x150.jpg 150w, https:\/\/www.turismelacostera.com\/wp-content\/uploads\/2020\/10\/miniatura_ordre_montesa.jpg 600w\" sizes=\"(max-width: 500px) 100vw, 500px\" \/><\/a><\/figure><div class=\"elementor-image-box-content\"><h3 class=\"elementor-image-box-title\"><a href=\"https:\/\/www.turismelacostera.com\/es\/?page_id=16182\">La orden de Montesa<\/a><\/h3><\/div><\/div>\t\t\t\t<\/div>\n\t\t\t\t<\/div>\n\t\t\t\t\t<\/div>\n\t\t<\/div>\n\t\t\t\t<div class=\"elementor-column elementor-col-16 elementor-top-column elementor-element elementor-element-dfb7cef\" data-id=\"dfb7cef\" data-element_type=\"column\" data-e-type=\"column\">\n\t\t\t<div class=\"elementor-widget-wrap elementor-element-populated\">\n\t\t\t\t\t<div class=\"elementor-background-overlay\"><\/div>\n\t\t\t\t\t\t<div class=\"elementor-element elementor-element-3e4c6e8 elementor-position-top elementor-widget elementor-widget-image-box\" data-id=\"3e4c6e8\" data-element_type=\"widget\" data-e-type=\"widget\" data-widget_type=\"image-box.default\">\n\t\t\t\t<div class=\"elementor-widget-container\">\n\t\t\t\t\t<div class=\"elementor-image-box-wrapper\"><figure class=\"elementor-image-box-img\"><a href=\"https:\/\/www.turismelacostera.com\/es\/?page_id=16197\" tabindex=\"-1\"><img loading=\"lazy\" decoding=\"async\" width=\"500\" height=\"500\" src=\"https:\/\/www.turismelacostera.com\/wp-content\/uploads\/2020\/10\/Ruta-museus-1-500x500.jpg\" class=\"elementor-animation-float attachment-Image Size 500x500 size-Image Size 500x500 wp-image-14910\" alt=\"ruta-museus\" srcset=\"https:\/\/www.turismelacostera.com\/wp-content\/uploads\/2020\/10\/Ruta-museus-1.jpg 500w, https:\/\/www.turismelacostera.com\/wp-content\/uploads\/2020\/10\/Ruta-museus-1-300x300.jpg 300w, https:\/\/www.turismelacostera.com\/wp-content\/uploads\/2020\/10\/Ruta-museus-1-150x150.jpg 150w\" sizes=\"(max-width: 500px) 100vw, 500px\" \/><\/a><\/figure><div class=\"elementor-image-box-content\"><h3 class=\"elementor-image-box-title\"><a href=\"https:\/\/www.turismelacostera.com\/es\/?page_id=16197\">Los museos de la Costera<\/a><\/h3><\/div><\/div>\t\t\t\t<\/div>\n\t\t\t\t<\/div>\n\t\t\t\t\t<\/div>\n\t\t<\/div>\n\t\t\t\t<div class=\"elementor-column elementor-col-16 elementor-top-column elementor-element elementor-element-35be456\" data-id=\"35be456\" data-element_type=\"column\" data-e-type=\"column\">\n\t\t\t<div class=\"elementor-widget-wrap elementor-element-populated\">\n\t\t\t\t\t<div class=\"elementor-background-overlay\"><\/div>\n\t\t\t\t\t\t<div class=\"elementor-element elementor-element-08feaf3 elementor-position-top elementor-widget elementor-widget-image-box\" data-id=\"08feaf3\" data-element_type=\"widget\" data-e-type=\"widget\" data-widget_type=\"image-box.default\">\n\t\t\t\t<div class=\"elementor-widget-container\">\n\t\t\t\t\t<div class=\"elementor-image-box-wrapper\"><figure class=\"elementor-image-box-img\"><a href=\"https:\/\/www.turismelacostera.com\/es\/?page_id=16194\" tabindex=\"-1\"><img loading=\"lazy\" decoding=\"async\" width=\"500\" height=\"500\" src=\"https:\/\/www.turismelacostera.com\/wp-content\/uploads\/2020\/12\/ibers-500x500.jpg\" class=\"elementor-animation-float attachment-Image Size 500x500 size-Image Size 500x500 wp-image-15907\" alt=\"ibers\" srcset=\"https:\/\/www.turismelacostera.com\/wp-content\/uploads\/2020\/12\/ibers.jpg 500w, https:\/\/www.turismelacostera.com\/wp-content\/uploads\/2020\/12\/ibers-300x300.jpg 300w, https:\/\/www.turismelacostera.com\/wp-content\/uploads\/2020\/12\/ibers-150x150.jpg 150w\" sizes=\"(max-width: 500px) 100vw, 500px\" \/><\/a><\/figure><div class=\"elementor-image-box-content\"><h3 class=\"elementor-image-box-title\"><a href=\"https:\/\/www.turismelacostera.com\/es\/?page_id=16194\">Los Iberos y la Cultura del Vino<\/a><\/h3><\/div><\/div>\t\t\t\t<\/div>\n\t\t\t\t<\/div>\n\t\t\t\t\t<\/div>\n\t\t<\/div>\n\t\t\t\t<div class=\"elementor-column elementor-col-16 elementor-top-column elementor-element elementor-element-b93caf0\" data-id=\"b93caf0\" data-element_type=\"column\" data-e-type=\"column\">\n\t\t\t<div class=\"elementor-widget-wrap elementor-element-populated\">\n\t\t\t\t\t<div class=\"elementor-background-overlay\"><\/div>\n\t\t\t\t\t\t<div class=\"elementor-element elementor-element-285d95d elementor-position-top elementor-widget elementor-widget-image-box\" data-id=\"285d95d\" data-element_type=\"widget\" data-e-type=\"widget\" data-widget_type=\"image-box.default\">\n\t\t\t\t<div class=\"elementor-widget-container\">\n\t\t\t\t\t<div class=\"elementor-image-box-wrapper\"><figure class=\"elementor-image-box-img\"><a href=\"https:\/\/www.turismelacostera.com\/es\/?page_id=16187\" tabindex=\"-1\"><img loading=\"lazy\" decoding=\"async\" width=\"500\" height=\"500\" src=\"https:\/\/www.turismelacostera.com\/wp-content\/uploads\/2020\/12\/Fogueres-500x500.jpg\" class=\"elementor-animation-float attachment-Image Size 500x500 size-Image Size 500x500 wp-image-15944\" alt=\"Fogueres\" srcset=\"https:\/\/www.turismelacostera.com\/wp-content\/uploads\/2020\/12\/Fogueres.jpg 500w, https:\/\/www.turismelacostera.com\/wp-content\/uploads\/2020\/12\/Fogueres-300x300.jpg 300w, https:\/\/www.turismelacostera.com\/wp-content\/uploads\/2020\/12\/Fogueres-150x150.jpg 150w\" sizes=\"(max-width: 500px) 100vw, 500px\" \/><\/a><\/figure><div class=\"elementor-image-box-content\"><h3 class=\"elementor-image-box-title\"><a href=\"https:\/\/www.turismelacostera.com\/es\/?page_id=16187\"> La tierra de las hogueras<\/a><\/h3><\/div><\/div>\t\t\t\t<\/div>\n\t\t\t\t<\/div>\n\t\t\t\t\t<\/div>\n\t\t<\/div>\n\t\t\t\t\t<\/div>\n\t\t<\/section>\n\t\t\t\t<section class=\"elementor-section elementor-top-section elementor-element elementor-element-726a545 elementor-section-content-middle elementor-section-stretched elementor-hidden-tablet elementor-hidden-phone elementor-section-boxed elementor-section-height-default elementor-section-height-default\" data-id=\"726a545\" data-element_type=\"section\" data-e-type=\"section\" data-settings=\"{&quot;stretch_section&quot;:&quot;section-stretched&quot;,&quot;jet_parallax_layout_list&quot;:[{&quot;jet_parallax_layout_image&quot;:{&quot;url&quot;:&quot;&quot;,&quot;id&quot;:&quot;&quot;,&quot;size&quot;:&quot;&quot;},&quot;_id&quot;:&quot;69e5e79&quot;,&quot;jet_parallax_layout_speed&quot;:{&quot;unit&quot;:&quot;%&quot;,&quot;size&quot;:50,&quot;sizes&quot;:[]},&quot;jet_parallax_layout_image_tablet&quot;:{&quot;url&quot;:&quot;&quot;,&quot;id&quot;:&quot;&quot;,&quot;size&quot;:&quot;&quot;},&quot;jet_parallax_layout_image_mobile&quot;:{&quot;url&quot;:&quot;&quot;,&quot;id&quot;:&quot;&quot;,&quot;size&quot;:&quot;&quot;},&quot;jet_parallax_layout_type&quot;:&quot;scroll&quot;,&quot;jet_parallax_layout_direction&quot;:&quot;1&quot;,&quot;jet_parallax_layout_fx_direction&quot;:null,&quot;jet_parallax_layout_z_index&quot;:&quot;&quot;,&quot;jet_parallax_layout_bg_x&quot;:50,&quot;jet_parallax_layout_bg_x_tablet&quot;:&quot;&quot;,&quot;jet_parallax_layout_bg_x_mobile&quot;:&quot;&quot;,&quot;jet_parallax_layout_bg_y&quot;:50,&quot;jet_parallax_layout_bg_y_tablet&quot;:&quot;&quot;,&quot;jet_parallax_layout_bg_y_mobile&quot;:&quot;&quot;,&quot;jet_parallax_layout_bg_size&quot;:&quot;auto&quot;,&quot;jet_parallax_layout_bg_size_tablet&quot;:&quot;&quot;,&quot;jet_parallax_layout_bg_size_mobile&quot;:&quot;&quot;,&quot;jet_parallax_layout_animation_prop&quot;:&quot;transform&quot;,&quot;jet_parallax_layout_on&quot;:[&quot;desktop&quot;,&quot;tablet&quot;]}],&quot;background_background&quot;:&quot;classic&quot;}\">\n\t\t\t\t\t\t\t<div class=\"elementor-background-overlay\"><\/div>\n\t\t\t\t\t\t\t<div class=\"elementor-container elementor-column-gap-default\">\n\t\t\t\t\t<div class=\"elementor-column elementor-col-20 elementor-top-column elementor-element elementor-element-bea7887\" data-id=\"bea7887\" data-element_type=\"column\" data-e-type=\"column\">\n\t\t\t<div class=\"elementor-widget-wrap\">\n\t\t\t\t\t<div class=\"elementor-background-overlay\"><\/div>\n\t\t\t\t\t\t\t<\/div>\n\t\t<\/div>\n\t\t\t\t<div class=\"elementor-column elementor-col-20 elementor-top-column elementor-element elementor-element-c2256bc\" data-id=\"c2256bc\" data-element_type=\"column\" data-e-type=\"column\">\n\t\t\t<div class=\"elementor-widget-wrap elementor-element-populated\">\n\t\t\t\t\t<div class=\"elementor-background-overlay\"><\/div>\n\t\t\t\t\t\t<div class=\"elementor-element elementor-element-a491182 elementor-position-top elementor-widget elementor-widget-image-box\" data-id=\"a491182\" data-element_type=\"widget\" data-e-type=\"widget\" data-widget_type=\"image-box.default\">\n\t\t\t\t<div class=\"elementor-widget-container\">\n\t\t\t\t\t<div class=\"elementor-image-box-wrapper\"><figure class=\"elementor-image-box-img\"><a href=\"https:\/\/www.turismelacostera.com\/es\/?page_id=16190\" tabindex=\"-1\"><img loading=\"lazy\" decoding=\"async\" width=\"500\" height=\"500\" src=\"https:\/\/www.turismelacostera.com\/wp-content\/uploads\/2020\/11\/ruta-borja-500x500.jpg\" class=\"elementor-animation-float attachment-Image Size 500x500 size-Image Size 500x500 wp-image-15497\" alt=\"ruta-borja\" srcset=\"https:\/\/www.turismelacostera.com\/wp-content\/uploads\/2020\/11\/ruta-borja.jpg 500w, https:\/\/www.turismelacostera.com\/wp-content\/uploads\/2020\/11\/ruta-borja-300x300.jpg 300w, https:\/\/www.turismelacostera.com\/wp-content\/uploads\/2020\/11\/ruta-borja-150x150.jpg 150w\" sizes=\"(max-width: 500px) 100vw, 500px\" \/><\/a><\/figure><div class=\"elementor-image-box-content\"><h3 class=\"elementor-image-box-title\"><a href=\"https:\/\/www.turismelacostera.com\/es\/?page_id=16190\">Los Borja en la Costera<\/a><\/h3><\/div><\/div>\t\t\t\t<\/div>\n\t\t\t\t<\/div>\n\t\t\t\t\t<\/div>\n\t\t<\/div>\n\t\t\t\t<div class=\"elementor-column elementor-col-20 elementor-top-column elementor-element elementor-element-f752ab2\" data-id=\"f752ab2\" data-element_type=\"column\" data-e-type=\"column\">\n\t\t\t<div class=\"elementor-widget-wrap elementor-element-populated\">\n\t\t\t\t\t<div class=\"elementor-background-overlay\"><\/div>\n\t\t\t\t\t\t<div class=\"elementor-element elementor-element-4fac2e3 elementor-position-top elementor-widget elementor-widget-image-box\" data-id=\"4fac2e3\" data-element_type=\"widget\" data-e-type=\"widget\" data-widget_type=\"image-box.default\">\n\t\t\t\t<div class=\"elementor-widget-container\">\n\t\t\t\t\t<div class=\"elementor-image-box-wrapper\"><figure class=\"elementor-image-box-img\"><a href=\"https:\/\/www.turismelacostera.com\/es\/?page_id=16179\" tabindex=\"-1\"><img loading=\"lazy\" decoding=\"async\" width=\"500\" height=\"500\" src=\"https:\/\/www.turismelacostera.com\/wp-content\/uploads\/2020\/11\/ruta-aigua-500x500.jpg\" class=\"elementor-animation-float attachment-Image Size 500x500 size-Image Size 500x500 wp-image-15269\" alt=\"ruta-aigua\" srcset=\"https:\/\/www.turismelacostera.com\/wp-content\/uploads\/2020\/11\/ruta-aigua.jpg 500w, https:\/\/www.turismelacostera.com\/wp-content\/uploads\/2020\/11\/ruta-aigua-300x300.jpg 300w, https:\/\/www.turismelacostera.com\/wp-content\/uploads\/2020\/11\/ruta-aigua-150x150.jpg 150w\" sizes=\"(max-width: 500px) 100vw, 500px\" \/><\/a><\/figure><div class=\"elementor-image-box-content\"><h3 class=\"elementor-image-box-title\"><a href=\"https:\/\/www.turismelacostera.com\/es\/?page_id=16179\">El agua de la Costera<\/a><\/h3><\/div><\/div>\t\t\t\t<\/div>\n\t\t\t\t<\/div>\n\t\t\t\t\t<\/div>\n\t\t<\/div>\n\t\t\t\t<div class=\"elementor-column elementor-col-20 elementor-top-column elementor-element elementor-element-bc291e0\" data-id=\"bc291e0\" data-element_type=\"column\" data-e-type=\"column\">\n\t\t\t<div class=\"elementor-widget-wrap elementor-element-populated\">\n\t\t\t\t\t<div class=\"elementor-background-overlay\"><\/div>\n\t\t\t\t\t\t<div class=\"elementor-element elementor-element-aeffeeb elementor-position-top elementor-widget elementor-widget-image-box\" data-id=\"aeffeeb\" data-element_type=\"widget\" data-e-type=\"widget\" data-widget_type=\"image-box.default\">\n\t\t\t\t<div class=\"elementor-widget-container\">\n\t\t\t\t\t<div class=\"elementor-image-box-wrapper\"><figure class=\"elementor-image-box-img\"><a href=\"https:\/\/www.turismelacostera.com\/es\/?page_id=16182\" tabindex=\"-1\"><img loading=\"lazy\" decoding=\"async\" width=\"500\" height=\"500\" src=\"https:\/\/www.turismelacostera.com\/wp-content\/uploads\/2020\/10\/miniatura_ordre_montesa-500x500.jpg\" class=\"elementor-animation-float attachment-Image Size 500x500 size-Image Size 500x500 wp-image-14874\" alt=\"miniatura_ordre_montesa\" srcset=\"https:\/\/www.turismelacostera.com\/wp-content\/uploads\/2020\/10\/miniatura_ordre_montesa-500x500.jpg 500w, https:\/\/www.turismelacostera.com\/wp-content\/uploads\/2020\/10\/miniatura_ordre_montesa-300x300.jpg 300w, https:\/\/www.turismelacostera.com\/wp-content\/uploads\/2020\/10\/miniatura_ordre_montesa-150x150.jpg 150w, https:\/\/www.turismelacostera.com\/wp-content\/uploads\/2020\/10\/miniatura_ordre_montesa.jpg 600w\" sizes=\"(max-width: 500px) 100vw, 500px\" \/><\/a><\/figure><div class=\"elementor-image-box-content\"><h3 class=\"elementor-image-box-title\"><a href=\"https:\/\/www.turismelacostera.com\/es\/?page_id=16182\">La orden de Montesa<\/a><\/h3><\/div><\/div>\t\t\t\t<\/div>\n\t\t\t\t<\/div>\n\t\t\t\t\t<\/div>\n\t\t<\/div>\n\t\t\t\t<div class=\"elementor-column elementor-col-20 elementor-top-column elementor-element elementor-element-7f85d8d\" data-id=\"7f85d8d\" data-element_type=\"column\" data-e-type=\"column\">\n\t\t\t<div class=\"elementor-widget-wrap\">\n\t\t\t\t\t<div class=\"elementor-background-overlay\"><\/div>\n\t\t\t\t\t\t\t<\/div>\n\t\t<\/div>\n\t\t\t\t\t<\/div>\n\t\t<\/section>\n\t\t\t\t<section class=\"elementor-section elementor-top-section elementor-element elementor-element-eeb4ecc elementor-section-content-middle elementor-section-stretched elementor-hidden-tablet elementor-hidden-phone elementor-section-boxed elementor-section-height-default elementor-section-height-default\" data-id=\"eeb4ecc\" data-element_type=\"section\" data-e-type=\"section\" data-settings=\"{&quot;stretch_section&quot;:&quot;section-stretched&quot;,&quot;jet_parallax_layout_list&quot;:[{&quot;jet_parallax_layout_image&quot;:{&quot;url&quot;:&quot;&quot;,&quot;id&quot;:&quot;&quot;,&quot;size&quot;:&quot;&quot;},&quot;_id&quot;:&quot;69e5e79&quot;,&quot;jet_parallax_layout_speed&quot;:{&quot;unit&quot;:&quot;%&quot;,&quot;size&quot;:50,&quot;sizes&quot;:[]},&quot;jet_parallax_layout_image_tablet&quot;:{&quot;url&quot;:&quot;&quot;,&quot;id&quot;:&quot;&quot;,&quot;size&quot;:&quot;&quot;},&quot;jet_parallax_layout_image_mobile&quot;:{&quot;url&quot;:&quot;&quot;,&quot;id&quot;:&quot;&quot;,&quot;size&quot;:&quot;&quot;},&quot;jet_parallax_layout_type&quot;:&quot;scroll&quot;,&quot;jet_parallax_layout_direction&quot;:&quot;1&quot;,&quot;jet_parallax_layout_fx_direction&quot;:null,&quot;jet_parallax_layout_z_index&quot;:&quot;&quot;,&quot;jet_parallax_layout_bg_x&quot;:50,&quot;jet_parallax_layout_bg_x_tablet&quot;:&quot;&quot;,&quot;jet_parallax_layout_bg_x_mobile&quot;:&quot;&quot;,&quot;jet_parallax_layout_bg_y&quot;:50,&quot;jet_parallax_layout_bg_y_tablet&quot;:&quot;&quot;,&quot;jet_parallax_layout_bg_y_mobile&quot;:&quot;&quot;,&quot;jet_parallax_layout_bg_size&quot;:&quot;auto&quot;,&quot;jet_parallax_layout_bg_size_tablet&quot;:&quot;&quot;,&quot;jet_parallax_layout_bg_size_mobile&quot;:&quot;&quot;,&quot;jet_parallax_layout_animation_prop&quot;:&quot;transform&quot;,&quot;jet_parallax_layout_on&quot;:[&quot;desktop&quot;,&quot;tablet&quot;]}],&quot;background_background&quot;:&quot;classic&quot;}\">\n\t\t\t\t\t\t\t<div class=\"elementor-background-overlay\"><\/div>\n\t\t\t\t\t\t\t<div class=\"elementor-container elementor-column-gap-default\">\n\t\t\t\t\t<div class=\"elementor-column elementor-col-20 elementor-top-column elementor-element elementor-element-8b6e0be\" data-id=\"8b6e0be\" data-element_type=\"column\" data-e-type=\"column\">\n\t\t\t<div class=\"elementor-widget-wrap\">\n\t\t\t\t\t<div class=\"elementor-background-overlay\"><\/div>\n\t\t\t\t\t\t\t<\/div>\n\t\t<\/div>\n\t\t\t\t<div class=\"elementor-column elementor-col-20 elementor-top-column elementor-element elementor-element-86c811c\" data-id=\"86c811c\" data-element_type=\"column\" data-e-type=\"column\">\n\t\t\t<div class=\"elementor-widget-wrap elementor-element-populated\">\n\t\t\t\t\t<div class=\"elementor-background-overlay\"><\/div>\n\t\t\t\t\t\t<div class=\"elementor-element elementor-element-f017d25 elementor-position-top elementor-widget elementor-widget-image-box\" data-id=\"f017d25\" data-element_type=\"widget\" data-e-type=\"widget\" data-widget_type=\"image-box.default\">\n\t\t\t\t<div class=\"elementor-widget-container\">\n\t\t\t\t\t<div class=\"elementor-image-box-wrapper\"><figure class=\"elementor-image-box-img\"><a href=\"https:\/\/www.turismelacostera.com\/es\/?page_id=16197\" tabindex=\"-1\"><img loading=\"lazy\" decoding=\"async\" width=\"500\" height=\"500\" src=\"https:\/\/www.turismelacostera.com\/wp-content\/uploads\/2020\/10\/Ruta-museus-1-500x500.jpg\" class=\"elementor-animation-float attachment-Image Size 500x500 size-Image Size 500x500 wp-image-14910\" alt=\"ruta-museus\" srcset=\"https:\/\/www.turismelacostera.com\/wp-content\/uploads\/2020\/10\/Ruta-museus-1.jpg 500w, https:\/\/www.turismelacostera.com\/wp-content\/uploads\/2020\/10\/Ruta-museus-1-300x300.jpg 300w, https:\/\/www.turismelacostera.com\/wp-content\/uploads\/2020\/10\/Ruta-museus-1-150x150.jpg 150w\" sizes=\"(max-width: 500px) 100vw, 500px\" \/><\/a><\/figure><div class=\"elementor-image-box-content\"><h3 class=\"elementor-image-box-title\"><a href=\"https:\/\/www.turismelacostera.com\/es\/?page_id=16197\">Los museos de la Costera<\/a><\/h3><\/div><\/div>\t\t\t\t<\/div>\n\t\t\t\t<\/div>\n\t\t\t\t\t<\/div>\n\t\t<\/div>\n\t\t\t\t<div class=\"elementor-column elementor-col-20 elementor-top-column elementor-element elementor-element-1fcf100\" data-id=\"1fcf100\" data-element_type=\"column\" data-e-type=\"column\">\n\t\t\t<div class=\"elementor-widget-wrap elementor-element-populated\">\n\t\t\t\t\t<div class=\"elementor-background-overlay\"><\/div>\n\t\t\t\t\t\t<div class=\"elementor-element elementor-element-c3ecf08 elementor-position-top elementor-widget elementor-widget-image-box\" data-id=\"c3ecf08\" data-element_type=\"widget\" data-e-type=\"widget\" data-widget_type=\"image-box.default\">\n\t\t\t\t<div class=\"elementor-widget-container\">\n\t\t\t\t\t<div class=\"elementor-image-box-wrapper\"><figure class=\"elementor-image-box-img\"><a href=\"https:\/\/www.turismelacostera.com\/es\/?page_id=16194\" tabindex=\"-1\"><img loading=\"lazy\" decoding=\"async\" width=\"500\" height=\"500\" src=\"https:\/\/www.turismelacostera.com\/wp-content\/uploads\/2020\/12\/ibers-500x500.jpg\" class=\"elementor-animation-float attachment-Image Size 500x500 size-Image Size 500x500 wp-image-15907\" alt=\"ibers\" srcset=\"https:\/\/www.turismelacostera.com\/wp-content\/uploads\/2020\/12\/ibers.jpg 500w, https:\/\/www.turismelacostera.com\/wp-content\/uploads\/2020\/12\/ibers-300x300.jpg 300w, https:\/\/www.turismelacostera.com\/wp-content\/uploads\/2020\/12\/ibers-150x150.jpg 150w\" sizes=\"(max-width: 500px) 100vw, 500px\" \/><\/a><\/figure><div class=\"elementor-image-box-content\"><h3 class=\"elementor-image-box-title\"><a href=\"https:\/\/www.turismelacostera.com\/es\/?page_id=16194\">Los Iberos y la Cultura del Vino<\/a><\/h3><\/div><\/div>\t\t\t\t<\/div>\n\t\t\t\t<\/div>\n\t\t\t\t\t<\/div>\n\t\t<\/div>\n\t\t\t\t<div class=\"elementor-column elementor-col-20 elementor-top-column elementor-element elementor-element-1cc2578\" data-id=\"1cc2578\" data-element_type=\"column\" data-e-type=\"column\">\n\t\t\t<div class=\"elementor-widget-wrap elementor-element-populated\">\n\t\t\t\t\t<div class=\"elementor-background-overlay\"><\/div>\n\t\t\t\t\t\t<div class=\"elementor-element elementor-element-642b137 elementor-position-top elementor-widget elementor-widget-image-box\" data-id=\"642b137\" data-element_type=\"widget\" data-e-type=\"widget\" data-widget_type=\"image-box.default\">\n\t\t\t\t<div class=\"elementor-widget-container\">\n\t\t\t\t\t<div class=\"elementor-image-box-wrapper\"><figure class=\"elementor-image-box-img\"><a href=\"https:\/\/www.turismelacostera.com\/es\/?page_id=16187\" tabindex=\"-1\"><img loading=\"lazy\" decoding=\"async\" width=\"500\" height=\"500\" src=\"https:\/\/www.turismelacostera.com\/wp-content\/uploads\/2020\/12\/Fogueres-500x500.jpg\" class=\"elementor-animation-float attachment-Image Size 500x500 size-Image Size 500x500 wp-image-15944\" alt=\"Fogueres\" srcset=\"https:\/\/www.turismelacostera.com\/wp-content\/uploads\/2020\/12\/Fogueres.jpg 500w, https:\/\/www.turismelacostera.com\/wp-content\/uploads\/2020\/12\/Fogueres-300x300.jpg 300w, https:\/\/www.turismelacostera.com\/wp-content\/uploads\/2020\/12\/Fogueres-150x150.jpg 150w\" sizes=\"(max-width: 500px) 100vw, 500px\" \/><\/a><\/figure><div class=\"elementor-image-box-content\"><h3 class=\"elementor-image-box-title\"><a href=\"https:\/\/www.turismelacostera.com\/es\/?page_id=16187\"> La tierra de las hogueras<\/a><\/h3><\/div><\/div>\t\t\t\t<\/div>\n\t\t\t\t<\/div>\n\t\t\t\t\t<\/div>\n\t\t<\/div>\n\t\t\t\t<div class=\"elementor-column elementor-col-20 elementor-top-column elementor-element elementor-element-2ab33ea\" data-id=\"2ab33ea\" data-element_type=\"column\" data-e-type=\"column\">\n\t\t\t<div class=\"elementor-widget-wrap\">\n\t\t\t\t\t<div class=\"elementor-background-overlay\"><\/div>\n\t\t\t\t\t\t\t<\/div>\n\t\t<\/div>\n\t\t\t\t\t<\/div>\n\t\t<\/section>\n\t\t\t\t<section class=\"elementor-section elementor-top-section elementor-element elementor-element-c23113c elementor-hidden-desktop elementor-hidden-tablet elementor-hidden-mobile elementor-section-stretched elementor-section-boxed elementor-section-height-default elementor-section-height-default\" data-id=\"c23113c\" data-element_type=\"section\" data-e-type=\"section\" data-settings=\"{&quot;jet_parallax_layout_list&quot;:[],&quot;background_background&quot;:&quot;classic&quot;,&quot;stretch_section&quot;:&quot;section-stretched&quot;}\">\n\t\t\t\t\t\t<div class=\"elementor-container elementor-column-gap-default\">\n\t\t\t\t\t<div class=\"elementor-column elementor-col-100 elementor-top-column elementor-element elementor-element-9a22fe3\" data-id=\"9a22fe3\" data-element_type=\"column\" data-e-type=\"column\">\n\t\t\t<div class=\"elementor-widget-wrap elementor-element-populated\">\n\t\t\t\t\t\t<div class=\"elementor-element elementor-element-2864510 elementor-widget elementor-widget-jet-instagram-gallery\" data-id=\"2864510\" data-element_type=\"widget\" data-e-type=\"widget\" data-settings=\"{&quot;columns&quot;:&quot;6&quot;,&quot;columns_tablet&quot;:&quot;3&quot;,&quot;columns_mobile&quot;:&quot;1&quot;}\" data-widget_type=\"jet-instagram-gallery.default\">\n\t\t\t\t<div class=\"elementor-widget-container\">\n\t\t\t\t\t<div class=\"elementor-jet-instagram-gallery jet-elements\">\n<div class=\"jet-instagram-gallery__instance layout-type-grid col-row disable-cols-gap disable-rows-gap show-overlay-on-hover column-desktop-6 column-tablet-3 column-mobile-1\"  data-settings='{&quot;layoutType&quot;:&quot;grid&quot;,&quot;columns&quot;:6,&quot;columnsTablet&quot;:3,&quot;columnsMobile&quot;:1}'><div class=\"jet-instagram-gallery__item\"><div class=\"jet-instagram-gallery__inner\">Error validating application<\/div><\/div><\/div>\n<\/div>\t\t\t\t<\/div>\n\t\t\t\t<\/div>\n\t\t\t\t\t<\/div>\n\t\t<\/div>\n\t\t\t\t\t<\/div>\n\t\t<\/section>\n\t\t\t\t<\/div>\n\t\t","protected":false},"excerpt":{"rendered":"<p>TESOROS DEL INTERIOR Turismo la Costera Vive una experiencia \u00fanica en la Costera.Contrastes y riquezas naturales y patrimoniales que cuesta abrazar con una sola mirada. Caminos e historias que nos llevan a otros caminos y otras historias. Tierra espl\u00e9ndida y bella de monta\u00f1as y valles que hacen resonar un eco milenario. La sinfon\u00eda de voces [&hellip;]<\/p>\n","protected":false},"author":1,"featured_media":16125,"parent":0,"menu_order":0,"comment_status":"closed","ping_status":"closed","template":"elementor_header_footer","meta":{"_acf_changed":false,"footnotes":""},"class_list":["post-16209","page","type-page","status-publish","has-post-thumbnail","hentry"],"acf":[],"yoast_head":"<!-- This site is optimized with the Yoast SEO plugin v27.4 - https:\/\/yoast.com\/product\/yoast-seo-wordpress\/ -->\n<title>Turisme la Costera l Tesoros del interior<\/title>\n<meta name=\"description\" content=\"Web oficial de Turismo La Costera. D\u00e9jate llevar por el encanto de sus pueblos, su cultura milenaria y su impresionante patrimonio.\" \/>\n<meta name=\"robots\" content=\"index, follow, max-snippet:-1, max-image-preview:large, max-video-preview:-1\" \/>\n<link rel=\"canonical\" href=\"https:\/\/www.turismelacostera.com\/es\/\" \/>\n<meta property=\"og:locale\" content=\"es_ES\" \/>\n<meta property=\"og:type\" content=\"article\" \/>\n<meta property=\"og:title\" content=\"Turisme la Costera l Tesoros del interior\" \/>\n<meta property=\"og:description\" content=\"Web oficial de Turismo La Costera. D\u00e9jate llevar por el encanto de sus pueblos, su cultura milenaria y su impresionante patrimonio.\" \/>\n<meta property=\"og:url\" content=\"https:\/\/www.turismelacostera.com\/es\/\" \/>\n<meta property=\"og:site_name\" content=\"Turisme la Costera l Tesoros del interior\" \/>\n<meta property=\"article:modified_time\" content=\"2026-01-13T11:30:41+00:00\" \/>\n<meta property=\"og:image\" content=\"https:\/\/www.turismelacostera.com\/wp-content\/uploads\/2020\/12\/alcusses.png\" \/>\n<meta name=\"twitter:card\" content=\"summary_large_image\" \/>\n<meta name=\"twitter:image\" content=\"https:\/\/www.turismelacostera.com\/wp-content\/uploads\/2020\/12\/alcusses.png\" \/>\n<meta name=\"twitter:label1\" content=\"Tiempo de lectura\" \/>\n\t<meta name=\"twitter:data1\" content=\"15 minutos\" \/>\n<script type=\"application\/ld+json\" class=\"yoast-schema-graph\">{\"@context\":\"https:\\\/\\\/schema.org\",\"@graph\":[{\"@type\":\"WebPage\",\"@id\":\"https:\\\/\\\/www.turismelacostera.com\\\/es\\\/\",\"url\":\"https:\\\/\\\/www.turismelacostera.com\\\/es\\\/\",\"name\":\"Turisme la Costera l Tesoros del interior\",\"isPartOf\":{\"@id\":\"https:\\\/\\\/www.turismelacostera.com\\\/es\\\/#website\"},\"primaryImageOfPage\":{\"@id\":\"https:\\\/\\\/www.turismelacostera.com\\\/es\\\/#primaryimage\"},\"image\":{\"@id\":\"https:\\\/\\\/www.turismelacostera.com\\\/es\\\/#primaryimage\"},\"thumbnailUrl\":\"https:\\\/\\\/www.turismelacostera.com\\\/wp-content\\\/uploads\\\/2020\\\/12\\\/alcusses.png\",\"datePublished\":\"2020-11-12T15:10:17+00:00\",\"dateModified\":\"2026-01-13T11:30:41+00:00\",\"description\":\"Web oficial de Turismo La Costera. D\u00e9jate llevar por el encanto de sus pueblos, su cultura milenaria y su impresionante patrimonio.\",\"breadcrumb\":{\"@id\":\"https:\\\/\\\/www.turismelacostera.com\\\/es\\\/#breadcrumb\"},\"inLanguage\":\"es\",\"potentialAction\":[{\"@type\":\"ReadAction\",\"target\":[\"https:\\\/\\\/www.turismelacostera.com\\\/es\\\/\"]}]},{\"@type\":\"ImageObject\",\"inLanguage\":\"es\",\"@id\":\"https:\\\/\\\/www.turismelacostera.com\\\/es\\\/#primaryimage\",\"url\":\"https:\\\/\\\/www.turismelacostera.com\\\/wp-content\\\/uploads\\\/2020\\\/12\\\/alcusses.png\",\"contentUrl\":\"https:\\\/\\\/www.turismelacostera.com\\\/wp-content\\\/uploads\\\/2020\\\/12\\\/alcusses.png\",\"width\":1023,\"height\":594,\"caption\":\"Tresors de l'interior\"},{\"@type\":\"BreadcrumbList\",\"@id\":\"https:\\\/\\\/www.turismelacostera.com\\\/es\\\/#breadcrumb\",\"itemListElement\":[{\"@type\":\"ListItem\",\"position\":1,\"name\":\"Portada\",\"item\":\"https:\\\/\\\/www.turismelacostera.com\\\/es\\\/\"},{\"@type\":\"ListItem\",\"position\":2,\"name\":\"Inicio\"}]},{\"@type\":\"WebSite\",\"@id\":\"https:\\\/\\\/www.turismelacostera.com\\\/es\\\/#website\",\"url\":\"https:\\\/\\\/www.turismelacostera.com\\\/es\\\/\",\"name\":\"Turisme la Costera l Tesoros del interior\",\"description\":\"Descobreix els tresors que amaga l&#039;interior de Val\u00e8ncia\",\"potentialAction\":[{\"@type\":\"SearchAction\",\"target\":{\"@type\":\"EntryPoint\",\"urlTemplate\":\"https:\\\/\\\/www.turismelacostera.com\\\/es\\\/?s={search_term_string}\"},\"query-input\":{\"@type\":\"PropertyValueSpecification\",\"valueRequired\":true,\"valueName\":\"search_term_string\"}}],\"inLanguage\":\"es\"}]}<\/script>\n<!-- \/ Yoast SEO plugin. -->","yoast_head_json":{"title":"Turisme la Costera l Tesoros del interior","description":"Web oficial de Turismo La Costera. D\u00e9jate llevar por el encanto de sus pueblos, su cultura milenaria y su impresionante patrimonio.","robots":{"index":"index","follow":"follow","max-snippet":"max-snippet:-1","max-image-preview":"max-image-preview:large","max-video-preview":"max-video-preview:-1"},"canonical":"https:\/\/www.turismelacostera.com\/es\/","og_locale":"es_ES","og_type":"article","og_title":"Turisme la Costera l Tesoros del interior","og_description":"Web oficial de Turismo La Costera. D\u00e9jate llevar por el encanto de sus pueblos, su cultura milenaria y su impresionante patrimonio.","og_url":"https:\/\/www.turismelacostera.com\/es\/","og_site_name":"Turisme la Costera l Tesoros del interior","article_modified_time":"2026-01-13T11:30:41+00:00","og_image":[{"url":"https:\/\/www.turismelacostera.com\/wp-content\/uploads\/2020\/12\/alcusses.png","type":"","width":"","height":""}],"twitter_card":"summary_large_image","twitter_image":"https:\/\/www.turismelacostera.com\/wp-content\/uploads\/2020\/12\/alcusses.png","twitter_misc":{"Tiempo de lectura":"15 minutos"},"schema":{"@context":"https:\/\/schema.org","@graph":[{"@type":"WebPage","@id":"https:\/\/www.turismelacostera.com\/es\/","url":"https:\/\/www.turismelacostera.com\/es\/","name":"Turisme la Costera l Tesoros del interior","isPartOf":{"@id":"https:\/\/www.turismelacostera.com\/es\/#website"},"primaryImageOfPage":{"@id":"https:\/\/www.turismelacostera.com\/es\/#primaryimage"},"image":{"@id":"https:\/\/www.turismelacostera.com\/es\/#primaryimage"},"thumbnailUrl":"https:\/\/www.turismelacostera.com\/wp-content\/uploads\/2020\/12\/alcusses.png","datePublished":"2020-11-12T15:10:17+00:00","dateModified":"2026-01-13T11:30:41+00:00","description":"Web oficial de Turismo La Costera. D\u00e9jate llevar por el encanto de sus pueblos, su cultura milenaria y su impresionante patrimonio.","breadcrumb":{"@id":"https:\/\/www.turismelacostera.com\/es\/#breadcrumb"},"inLanguage":"es","potentialAction":[{"@type":"ReadAction","target":["https:\/\/www.turismelacostera.com\/es\/"]}]},{"@type":"ImageObject","inLanguage":"es","@id":"https:\/\/www.turismelacostera.com\/es\/#primaryimage","url":"https:\/\/www.turismelacostera.com\/wp-content\/uploads\/2020\/12\/alcusses.png","contentUrl":"https:\/\/www.turismelacostera.com\/wp-content\/uploads\/2020\/12\/alcusses.png","width":1023,"height":594,"caption":"Tresors de l'interior"},{"@type":"BreadcrumbList","@id":"https:\/\/www.turismelacostera.com\/es\/#breadcrumb","itemListElement":[{"@type":"ListItem","position":1,"name":"Portada","item":"https:\/\/www.turismelacostera.com\/es\/"},{"@type":"ListItem","position":2,"name":"Inicio"}]},{"@type":"WebSite","@id":"https:\/\/www.turismelacostera.com\/es\/#website","url":"https:\/\/www.turismelacostera.com\/es\/","name":"Turisme la Costera l Tesoros del interior","description":"Descobreix els tresors que amaga l&#039;interior de Val\u00e8ncia","potentialAction":[{"@type":"SearchAction","target":{"@type":"EntryPoint","urlTemplate":"https:\/\/www.turismelacostera.com\/es\/?s={search_term_string}"},"query-input":{"@type":"PropertyValueSpecification","valueRequired":true,"valueName":"search_term_string"}}],"inLanguage":"es"}]}},"_links":{"self":[{"href":"https:\/\/www.turismelacostera.com\/es\/wp-json\/wp\/v2\/pages\/16209","targetHints":{"allow":["GET"]}}],"collection":[{"href":"https:\/\/www.turismelacostera.com\/es\/wp-json\/wp\/v2\/pages"}],"about":[{"href":"https:\/\/www.turismelacostera.com\/es\/wp-json\/wp\/v2\/types\/page"}],"author":[{"embeddable":true,"href":"https:\/\/www.turismelacostera.com\/es\/wp-json\/wp\/v2\/users\/1"}],"replies":[{"embeddable":true,"href":"https:\/\/www.turismelacostera.com\/es\/wp-json\/wp\/v2\/comments?post=16209"}],"version-history":[{"count":24,"href":"https:\/\/www.turismelacostera.com\/es\/wp-json\/wp\/v2\/pages\/16209\/revisions"}],"predecessor-version":[{"id":29736,"href":"https:\/\/www.turismelacostera.com\/es\/wp-json\/wp\/v2\/pages\/16209\/revisions\/29736"}],"wp:featuredmedia":[{"embeddable":true,"href":"https:\/\/www.turismelacostera.com\/es\/wp-json\/wp\/v2\/media\/16125"}],"wp:attachment":[{"href":"https:\/\/www.turismelacostera.com\/es\/wp-json\/wp\/v2\/media?parent=16209"}],"curies":[{"name":"wp","href":"https:\/\/api.w.org\/{rel}","templated":true}]}}