{"id":16179,"date":"2020-11-05T23:41:36","date_gmt":"2020-11-05T23:41:36","guid":{"rendered":"https:\/\/www.turismelacostera.com\/et-proposem\/la-ruta-de-laigua-de-la-costera\/"},"modified":"2024-11-27T08:17:06","modified_gmt":"2024-11-27T08:17:06","slug":"la-ruta-del-agua-de-la-costera","status":"publish","type":"page","link":"https:\/\/www.turismelacostera.com\/es\/rutas-tematicas\/la-ruta-del-agua-de-la-costera\/","title":{"rendered":"La Ruta del agua de la Costera"},"content":{"rendered":"\t\t<div data-elementor-type=\"wp-page\" data-elementor-id=\"16179\" class=\"elementor elementor-16179 elementor-8599\" data-elementor-post-type=\"page\">\n\t\t\t\t\t\t<section class=\"elementor-section elementor-top-section elementor-element elementor-element-52320fa elementor-section-height-min-height elementor-section-stretched elementor-hidden-tablet elementor-hidden-phone elementor-section-boxed elementor-section-height-default elementor-section-items-middle\" data-id=\"52320fa\" data-element_type=\"section\" data-e-type=\"section\" data-settings=\"{&quot;background_background&quot;:&quot;classic&quot;,&quot;jet_parallax_layout_list&quot;:[{&quot;jet_parallax_layout_speed&quot;:{&quot;unit&quot;:&quot;%&quot;,&quot;size&quot;:50,&quot;sizes&quot;:[]},&quot;jet_parallax_layout_bg_size&quot;:&quot;cover&quot;,&quot;_id&quot;:&quot;5a2d651&quot;,&quot;jet_parallax_layout_image&quot;:{&quot;url&quot;:&quot;&quot;,&quot;id&quot;:&quot;&quot;,&quot;size&quot;:&quot;&quot;},&quot;jet_parallax_layout_image_tablet&quot;:{&quot;url&quot;:&quot;&quot;,&quot;id&quot;:&quot;&quot;,&quot;size&quot;:&quot;&quot;},&quot;jet_parallax_layout_image_mobile&quot;:{&quot;url&quot;:&quot;&quot;,&quot;id&quot;:&quot;&quot;,&quot;size&quot;:&quot;&quot;},&quot;jet_parallax_layout_type&quot;:&quot;scroll&quot;,&quot;jet_parallax_layout_direction&quot;:&quot;1&quot;,&quot;jet_parallax_layout_fx_direction&quot;:null,&quot;jet_parallax_layout_z_index&quot;:&quot;&quot;,&quot;jet_parallax_layout_bg_x&quot;:50,&quot;jet_parallax_layout_bg_x_tablet&quot;:&quot;&quot;,&quot;jet_parallax_layout_bg_x_mobile&quot;:&quot;&quot;,&quot;jet_parallax_layout_bg_y&quot;:50,&quot;jet_parallax_layout_bg_y_tablet&quot;:&quot;&quot;,&quot;jet_parallax_layout_bg_y_mobile&quot;:&quot;&quot;,&quot;jet_parallax_layout_bg_size_tablet&quot;:&quot;&quot;,&quot;jet_parallax_layout_bg_size_mobile&quot;:&quot;&quot;,&quot;jet_parallax_layout_animation_prop&quot;:&quot;transform&quot;,&quot;jet_parallax_layout_on&quot;:[&quot;desktop&quot;,&quot;tablet&quot;]}],&quot;stretch_section&quot;:&quot;section-stretched&quot;}\">\n\t\t\t\t\t\t\t<div class=\"elementor-background-overlay\"><\/div>\n\t\t\t\t\t\t\t<div class=\"elementor-container elementor-column-gap-default\">\n\t\t\t\t\t<div class=\"elementor-column elementor-col-100 elementor-top-column elementor-element elementor-element-22d5550 animated-slow elementor-invisible\" data-id=\"22d5550\" data-element_type=\"column\" data-e-type=\"column\" data-settings=\"{&quot;background_background&quot;:&quot;classic&quot;,&quot;animation&quot;:&quot;fadeIn&quot;,&quot;animation_delay&quot;:800}\">\n\t\t\t<div class=\"elementor-widget-wrap elementor-element-populated\">\n\t\t\t\t\t<div class=\"elementor-background-overlay\"><\/div>\n\t\t\t\t\t\t<div class=\"elementor-element elementor-element-804419e elementor-widget elementor-widget-heading\" data-id=\"804419e\" data-element_type=\"widget\" data-e-type=\"widget\" data-widget_type=\"heading.default\">\n\t\t\t\t<div class=\"elementor-widget-container\">\n\t\t\t\t\t<h1 class=\"elementor-heading-title elementor-size-default\">La Ruta del agua de la Costera<\/h1>\t\t\t\t<\/div>\n\t\t\t\t<\/div>\n\t\t\t\t<div class=\"elementor-element elementor-element-5b6fe3f sombras elementor-widget-divider--view-line elementor-widget elementor-widget-divider\" data-id=\"5b6fe3f\" data-element_type=\"widget\" data-e-type=\"widget\" data-widget_type=\"divider.default\">\n\t\t\t\t<div class=\"elementor-widget-container\">\n\t\t\t\t\t\t\t<div class=\"elementor-divider\">\n\t\t\t<span class=\"elementor-divider-separator\">\n\t\t\t\t\t\t<\/span>\n\t\t<\/div>\n\t\t\t\t\t\t<\/div>\n\t\t\t\t<\/div>\n\t\t\t\t<div class=\"elementor-element elementor-element-ba0a8ac sombras elementor-widget elementor-widget-text-editor\" data-id=\"ba0a8ac\" data-element_type=\"widget\" data-e-type=\"widget\" data-widget_type=\"text-editor.default\">\n\t\t\t\t<div class=\"elementor-widget-container\">\n\t\t\t\t\t\t\t\t\t<p>Agua domesticada por el hombre desde hace centenares de a\u00f1os y que ha creado unos caminos, unos\u00a0 paisajes, una riqueza y toda una serie de infraestructuras del agua, que ha sido parte fundamental y primordial para la vida de los habitantes de La Costera.<\/p>\t\t\t\t\t\t\t\t<\/div>\n\t\t\t\t<\/div>\n\t\t\t\t<div class=\"elementor-element elementor-element-bc3540b elementor-align-center elementor-widget elementor-widget-raven-button\" data-id=\"bc3540b\" data-element_type=\"widget\" data-e-type=\"widget\" data-settings=\"{&quot;_animation&quot;:&quot;none&quot;,&quot;_animation_delay&quot;:1200,&quot;turn_to_popup_action_button&quot;:&quot;no&quot;}\" data-widget_type=\"raven-button.default\">\n\t\t\t\t<div class=\"elementor-widget-container\">\n\t\t\t\t\t\t\t<div class=\"raven-widget-wrapper\">\n\t\t\t<a class=\"raven-button raven-button-widget-normal-effect-none  raven-button-text-align-center raven-button-link elementor-animation-grow\" href=\"#entrada\">\t\t\t\t<div class=\"raven-button-overlay\" ><\/div>\n\t\t\t\t<span class=\"raven-button-content\">\n\t\t\t\t\t\n\t\t\t\t\t<div class=\"button-text-container\">\n\t\t\t\t\t\t\t\t\t\t\t\t<div class=\"raven-button-texts-wrapper\">\n\t\t\t\t\t\t\t<div class=\"button-text\">\n\t\t\t\t\t\t\t\t<span class=\"raven-button-text\">\n\t\t\t\t\t\t\t\t\tENTRAR\t\t\t\t\t\t\t\t<\/span>\n\t\t\t\t\t\t\t<\/div>\n\t\t\t\t\t\t\t\t\t\t\t\t\t<\/div>\n\t\t\t\t\t\t\t\t\t\t\t<\/div>\n\t\t\t\t\t\n\t\t\t\t\t\t\t\t\t<\/span>\n\t\t\t<\/a>\t\t<\/div>\n\t\t\t\t\t\t<\/div>\n\t\t\t\t<\/div>\n\t\t\t\t\t<\/div>\n\t\t<\/div>\n\t\t\t\t\t<\/div>\n\t\t<\/section>\n\t\t\t\t<section class=\"elementor-section elementor-top-section elementor-element elementor-element-33c496b elementor-section-content-middle elementor-section-stretched elementor-section-boxed elementor-section-height-default elementor-section-height-default\" data-id=\"33c496b\" data-element_type=\"section\" data-e-type=\"section\" id=\"entrada\" data-settings=\"{&quot;stretch_section&quot;:&quot;section-stretched&quot;,&quot;jet_parallax_layout_list&quot;:[{&quot;jet_parallax_layout_image&quot;:{&quot;url&quot;:&quot;&quot;,&quot;id&quot;:&quot;&quot;,&quot;size&quot;:&quot;&quot;},&quot;_id&quot;:&quot;69e5e79&quot;,&quot;jet_parallax_layout_speed&quot;:{&quot;unit&quot;:&quot;%&quot;,&quot;size&quot;:50,&quot;sizes&quot;:[]},&quot;jet_parallax_layout_image_tablet&quot;:{&quot;url&quot;:&quot;&quot;,&quot;id&quot;:&quot;&quot;,&quot;size&quot;:&quot;&quot;},&quot;jet_parallax_layout_image_mobile&quot;:{&quot;url&quot;:&quot;&quot;,&quot;id&quot;:&quot;&quot;,&quot;size&quot;:&quot;&quot;},&quot;jet_parallax_layout_type&quot;:&quot;scroll&quot;,&quot;jet_parallax_layout_direction&quot;:&quot;1&quot;,&quot;jet_parallax_layout_fx_direction&quot;:null,&quot;jet_parallax_layout_z_index&quot;:&quot;&quot;,&quot;jet_parallax_layout_bg_x&quot;:50,&quot;jet_parallax_layout_bg_x_tablet&quot;:&quot;&quot;,&quot;jet_parallax_layout_bg_x_mobile&quot;:&quot;&quot;,&quot;jet_parallax_layout_bg_y&quot;:50,&quot;jet_parallax_layout_bg_y_tablet&quot;:&quot;&quot;,&quot;jet_parallax_layout_bg_y_mobile&quot;:&quot;&quot;,&quot;jet_parallax_layout_bg_size&quot;:&quot;auto&quot;,&quot;jet_parallax_layout_bg_size_tablet&quot;:&quot;&quot;,&quot;jet_parallax_layout_bg_size_mobile&quot;:&quot;&quot;,&quot;jet_parallax_layout_animation_prop&quot;:&quot;transform&quot;,&quot;jet_parallax_layout_on&quot;:[&quot;desktop&quot;,&quot;tablet&quot;]}],&quot;shape_divider_top&quot;:&quot;arrow&quot;}\">\n\t\t\t\t\t\t\t<div class=\"elementor-background-overlay\"><\/div>\n\t\t\t\t\t\t<div class=\"elementor-shape elementor-shape-top\" aria-hidden=\"true\" data-negative=\"false\">\n\t\t\t<svg xmlns=\"http:\/\/www.w3.org\/2000\/svg\" viewBox=\"0 0 700 10\" preserveAspectRatio=\"none\">\n\t<path class=\"elementor-shape-fill\" d=\"M350,10L340,0h20L350,10z\"\/>\n<\/svg>\t\t<\/div>\n\t\t\t\t\t<div class=\"elementor-container elementor-column-gap-default\">\n\t\t\t\t\t<div class=\"elementor-column elementor-col-100 elementor-top-column elementor-element elementor-element-9ca04aa\" data-id=\"9ca04aa\" data-element_type=\"column\" data-e-type=\"column\">\n\t\t\t<div class=\"elementor-widget-wrap elementor-element-populated\">\n\t\t\t\t\t<div class=\"elementor-background-overlay\"><\/div>\n\t\t\t\t\t\t<div class=\"elementor-element elementor-element-07a5db8 elementor-widget elementor-widget-heading\" data-id=\"07a5db8\" data-element_type=\"widget\" data-e-type=\"widget\" data-widget_type=\"heading.default\">\n\t\t\t\t<div class=\"elementor-widget-container\">\n\t\t\t\t\t<p class=\"elementor-heading-title elementor-size-default\">La vida en el cuerpo de la Costera<\/p>\t\t\t\t<\/div>\n\t\t\t\t<\/div>\n\t\t\t\t<div class=\"elementor-element elementor-element-09cab6a elementor-widget-divider--view-line elementor-widget elementor-widget-divider\" data-id=\"09cab6a\" data-element_type=\"widget\" data-e-type=\"widget\" data-widget_type=\"divider.default\">\n\t\t\t\t<div class=\"elementor-widget-container\">\n\t\t\t\t\t\t\t<div class=\"elementor-divider\">\n\t\t\t<span class=\"elementor-divider-separator\">\n\t\t\t\t\t\t<\/span>\n\t\t<\/div>\n\t\t\t\t\t\t<\/div>\n\t\t\t\t<\/div>\n\t\t\t\t<div class=\"elementor-element elementor-element-44b1ca9 elementor-widget elementor-widget-text-editor\" data-id=\"44b1ca9\" data-element_type=\"widget\" data-e-type=\"widget\" data-widget_type=\"text-editor.default\">\n\t\t\t\t<div class=\"elementor-widget-container\">\n\t\t\t\t\t\t\t\t\t<p>El agua es vida en todos los lugares, pero en La Costera esta relaci\u00f3n ha sido \u00edntima y estrecha y buena parte de nuestra vida e historia ha seguido los caminos trazados por el agua en los r\u00edos, barrancos y acequias o girando alrededor de los puntos donde \u00e9sta se acumulaba o se pod\u00eda aprovechar. Ser el enlace entre los regad\u00edos extensos de las huertas y los dominios del secano ha causado que podamos disfrutar de un patrimonio del agua, de una riqueza y de una variedad dif\u00edcil de encontrar en otros lugares.<\/p>\t\t\t\t\t\t\t\t<\/div>\n\t\t\t\t<\/div>\n\t\t\t\t<div class=\"elementor-element elementor-element-f14ba8c elementor-mobile-align-center elementor-align-center elementor-widget elementor-widget-raven-button\" data-id=\"f14ba8c\" data-element_type=\"widget\" data-e-type=\"widget\" data-settings=\"{&quot;_animation&quot;:&quot;none&quot;,&quot;_animation_delay&quot;:1200,&quot;turn_to_popup_action_button&quot;:&quot;no&quot;}\" data-widget_type=\"raven-button.default\">\n\t\t\t\t<div class=\"elementor-widget-container\">\n\t\t\t\t\t\t\t<div class=\"raven-widget-wrapper\">\n\t\t\t<a class=\"raven-button raven-button-widget-normal-effect-none  raven-button-text-align-center raven-button-link elementor-animation-grow\" href=\"https:\/\/www.turismelacostera.com\/wp-content\/uploads\/2020\/12\/GUIA_DIGITAL_RUTA-DE-LAIGUA.pdf\" target=\"_blank\">\t\t\t\t<div class=\"raven-button-overlay\" ><\/div>\n\t\t\t\t<span class=\"raven-button-content\">\n\t\t\t\t\t\n\t\t\t\t\t<div class=\"button-text-container\">\n\t\t\t\t\t\t\t\t\t<span class=\"raven-button-icon raven-button-icon-position-left\">\n\t\t\t\t<i aria-hidden=\"true\" class=\"fas fa-download\"><\/i>\t\t\t<\/span>\n\t\t\t\t\t\t\t\t<div class=\"raven-button-texts-wrapper\">\n\t\t\t\t\t\t\t<div class=\"button-text\">\n\t\t\t\t\t\t\t\t<span class=\"raven-button-text\">\n\t\t\t\t\t\t\t\t\tDESCARGAR GU\u00cdA\t\t\t\t\t\t\t\t<\/span>\n\t\t\t\t\t\t\t<\/div>\n\t\t\t\t\t\t\t\t\t\t\t\t\t<\/div>\n\t\t\t\t\t\t\t\t\t\t\t<\/div>\n\t\t\t\t\t\n\t\t\t\t\t\t\t\t\t<\/span>\n\t\t\t<\/a>\t\t<\/div>\n\t\t\t\t\t\t<\/div>\n\t\t\t\t<\/div>\n\t\t\t\t\t<\/div>\n\t\t<\/div>\n\t\t\t\t\t<\/div>\n\t\t<\/section>\n\t\t\t\t<section class=\"elementor-section elementor-top-section elementor-element elementor-element-16699235 elementor-section-stretched elementor-section-full_width elementor-section-height-min-height elementor-section-height-default elementor-section-items-middle\" data-id=\"16699235\" data-element_type=\"section\" data-e-type=\"section\" data-settings=\"{&quot;stretch_section&quot;:&quot;section-stretched&quot;,&quot;jet_parallax_layout_list&quot;:[{&quot;jet_parallax_layout_speed&quot;:{&quot;unit&quot;:&quot;%&quot;,&quot;size&quot;:50,&quot;sizes&quot;:[]},&quot;_id&quot;:&quot;2b1684c&quot;,&quot;jet_parallax_layout_image&quot;:{&quot;url&quot;:&quot;&quot;,&quot;id&quot;:&quot;&quot;,&quot;size&quot;:&quot;&quot;},&quot;jet_parallax_layout_image_tablet&quot;:{&quot;url&quot;:&quot;&quot;,&quot;id&quot;:&quot;&quot;,&quot;size&quot;:&quot;&quot;},&quot;jet_parallax_layout_image_mobile&quot;:{&quot;url&quot;:&quot;&quot;,&quot;id&quot;:&quot;&quot;,&quot;size&quot;:&quot;&quot;},&quot;jet_parallax_layout_type&quot;:&quot;scroll&quot;,&quot;jet_parallax_layout_direction&quot;:&quot;1&quot;,&quot;jet_parallax_layout_fx_direction&quot;:null,&quot;jet_parallax_layout_z_index&quot;:&quot;&quot;,&quot;jet_parallax_layout_bg_x&quot;:50,&quot;jet_parallax_layout_bg_x_tablet&quot;:&quot;&quot;,&quot;jet_parallax_layout_bg_x_mobile&quot;:&quot;&quot;,&quot;jet_parallax_layout_bg_y&quot;:50,&quot;jet_parallax_layout_bg_y_tablet&quot;:&quot;&quot;,&quot;jet_parallax_layout_bg_y_mobile&quot;:&quot;&quot;,&quot;jet_parallax_layout_bg_size&quot;:&quot;auto&quot;,&quot;jet_parallax_layout_bg_size_tablet&quot;:&quot;&quot;,&quot;jet_parallax_layout_bg_size_mobile&quot;:&quot;&quot;,&quot;jet_parallax_layout_animation_prop&quot;:&quot;transform&quot;,&quot;jet_parallax_layout_on&quot;:[&quot;desktop&quot;,&quot;tablet&quot;]}],&quot;background_background&quot;:&quot;classic&quot;}\">\n\t\t\t\t\t\t<div class=\"elementor-container elementor-column-gap-default\">\n\t\t\t\t\t<div class=\"elementor-column elementor-col-100 elementor-top-column elementor-element elementor-element-47e03b81\" data-id=\"47e03b81\" data-element_type=\"column\" data-e-type=\"column\">\n\t\t\t<div class=\"elementor-widget-wrap\">\n\t\t\t\t\t\t\t<\/div>\n\t\t<\/div>\n\t\t\t\t\t<\/div>\n\t\t<\/section>\n\t\t\t\t<section class=\"elementor-section elementor-top-section elementor-element elementor-element-3200182 elementor-section-content-middle elementor-section-stretched elementor-section-boxed elementor-section-height-default elementor-section-height-default\" data-id=\"3200182\" data-element_type=\"section\" data-e-type=\"section\" data-settings=\"{&quot;stretch_section&quot;:&quot;section-stretched&quot;,&quot;jet_parallax_layout_list&quot;:[{&quot;jet_parallax_layout_image&quot;:{&quot;url&quot;:&quot;&quot;,&quot;id&quot;:&quot;&quot;,&quot;size&quot;:&quot;&quot;},&quot;_id&quot;:&quot;69e5e79&quot;,&quot;jet_parallax_layout_speed&quot;:{&quot;unit&quot;:&quot;%&quot;,&quot;size&quot;:50,&quot;sizes&quot;:[]},&quot;jet_parallax_layout_image_tablet&quot;:{&quot;url&quot;:&quot;&quot;,&quot;id&quot;:&quot;&quot;,&quot;size&quot;:&quot;&quot;},&quot;jet_parallax_layout_image_mobile&quot;:{&quot;url&quot;:&quot;&quot;,&quot;id&quot;:&quot;&quot;,&quot;size&quot;:&quot;&quot;},&quot;jet_parallax_layout_type&quot;:&quot;scroll&quot;,&quot;jet_parallax_layout_direction&quot;:&quot;1&quot;,&quot;jet_parallax_layout_fx_direction&quot;:null,&quot;jet_parallax_layout_z_index&quot;:&quot;&quot;,&quot;jet_parallax_layout_bg_x&quot;:50,&quot;jet_parallax_layout_bg_x_tablet&quot;:&quot;&quot;,&quot;jet_parallax_layout_bg_x_mobile&quot;:&quot;&quot;,&quot;jet_parallax_layout_bg_y&quot;:50,&quot;jet_parallax_layout_bg_y_tablet&quot;:&quot;&quot;,&quot;jet_parallax_layout_bg_y_mobile&quot;:&quot;&quot;,&quot;jet_parallax_layout_bg_size&quot;:&quot;auto&quot;,&quot;jet_parallax_layout_bg_size_tablet&quot;:&quot;&quot;,&quot;jet_parallax_layout_bg_size_mobile&quot;:&quot;&quot;,&quot;jet_parallax_layout_animation_prop&quot;:&quot;transform&quot;,&quot;jet_parallax_layout_on&quot;:[&quot;desktop&quot;,&quot;tablet&quot;]}],&quot;background_background&quot;:&quot;classic&quot;}\">\n\t\t\t\t\t\t\t<div class=\"elementor-background-overlay\"><\/div>\n\t\t\t\t\t\t\t<div class=\"elementor-container elementor-column-gap-default\">\n\t\t\t\t\t<div class=\"elementor-column elementor-col-100 elementor-top-column elementor-element elementor-element-c85ba8c\" data-id=\"c85ba8c\" data-element_type=\"column\" data-e-type=\"column\">\n\t\t\t<div class=\"elementor-widget-wrap elementor-element-populated\">\n\t\t\t\t\t\t<div class=\"elementor-element elementor-element-11ced8d elementor-widget elementor-widget-text-editor\" data-id=\"11ced8d\" data-element_type=\"widget\" data-e-type=\"widget\" data-widget_type=\"text-editor.default\">\n\t\t\t\t<div class=\"elementor-widget-container\">\n\t\t\t\t\t\t\t\t\t<p>El itinerario os permitir\u00e1 visitar los parajes mejor conservados de nuestro entorno natural h\u00eddrico, pero tambi\u00e9n conocer c\u00f3mo la gente de la Costera ha encontrado mil maneras de disfrutar del agua y transformarla en vida, en fuerza o en caudales para la regad\u00edo.<\/p><p>Os invitamos a hacer con nosotros este camino en el que nunca dejaremos de sentir el rumor del agua corriendo o el sonido risue\u00f1o de las gotas de agua al golpear m\u00e1s agua o la piedra. Una ruta por las venas que llevaban y llevan la vida al cuerpo de la Costera.<\/p>\t\t\t\t\t\t\t\t<\/div>\n\t\t\t\t<\/div>\n\t\t\t\t<div class=\"elementor-element elementor-element-d06d750 elementor-widget elementor-widget-jet-timeline\" data-id=\"d06d750\" data-element_type=\"widget\" data-e-type=\"widget\" data-widget_type=\"jet-timeline.default\">\n\t\t\t\t<div class=\"elementor-widget-container\">\n\t\t\t\t\t<div class=\"elementor-jet-timeline jet-elements\"><div class=\"jet-timeline jet-timeline--align-center jet-timeline--align-middle\">\n\t<div class=\"jet-timeline__line\"><div class=\"jet-timeline__line-progress\"><\/div><\/div>\n\t<div class=\"jet-timeline-list\"><div class=\"jet-timeline-item  elementor-repeater-item-889f76a jet-timeline-item--image-inside\">\n\t<div class=\"timeline-item__card\">\n\t\t<div class=\"timeline-item__card-inner\">\n\t\t\t\t<div class=\"timeline-item__card-img\"><img decoding=\"async\" src=\"https:\/\/www.turismelacostera.com\/wp-content\/uploads\/2020\/11\/barxeta.jpg\" title=\"\" alt=\"\" loading=\"lazy\" \/><\/div>\t\t\t\t<div class=\"timeline-item__card-content\">\n\t\t\t\t\t<div class=\"timeline-item__meta\"><div class=\"timeline-item__meta-content\">BARXETA<\/div><\/div><p class=\"timeline-item__card-title\">El R\u00cdO de Barxeta, naturaleza e historia<\/p><div class=\"timeline-item__card-desc\"><p>El riu de Barxeta es uno de los afluentes del r\u00edo Albaida, con el que junta sus aguas muy cerca de X\u00e0tiva. A pesar de que no es muy caudaloso, sus aguas son regulares y junto a la carencia de contaminaci\u00f3n lo ha convertido en un entorno natural de alto valor.\nEn el r\u00edo de Barxeta podemos encontrar interesantes formaciones y espec\u00edmenes vegetales como por ejemplo  bogas, berros, ca\u00f1as, sauces, chopos y olmos. Esta vegetaci\u00f3n y sus aguas son el sustrato b\u00e1sico que mantiene una fauna que incluye especies aut\u00f3ctonas como la anguila, la espinilla o la madrilla junto a otras for\u00e1neas como las carpas. Junto a los peces y algunos invertebrados podemos encontrar otras especies como la rata de agua, mam\u00edferos cazadores (jinetes, tejones, comadrejas, etc.), culebras de agua y anfibios.\nTambi\u00e9n es el hogar de numerosas especies de aves, como por ejemplo el mart\u00edn pescador, el abejaruco, el ruise\u00f1or o los jilgueros. De forma puntual se pueden encontrar otras aves como por ejemplo los <em>collverds<\/em> que se desplazan desde marjales pr\u00f3ximos o hacen paradas en desplazamientos m\u00e1s largos.<\/p><\/div>\t\t\t\t<\/div>\n\t\t\t\t\t\t<\/div>\n\t\t<div class=\"timeline-item__card-arrow\"><\/div>\n\t<\/div>\n\t<div class=\"timeline-item__point\"><div class=\"timeline-item__point-content timeline-item__point-content--text\">1<\/div><\/div><div class=\"timeline-item__meta\"><div class=\"timeline-item__meta-content\">BARXETA<\/div><\/div><\/div><div class=\"jet-timeline-item  elementor-repeater-item-6a3eecf jet-timeline-item--image-inside\">\n\t<div class=\"timeline-item__card\">\n\t\t<div class=\"timeline-item__card-inner\">\n\t\t\t\t<div class=\"timeline-item__card-img\"><img fetchpriority=\"high\" decoding=\"async\" width=\"800\" height=\"400\" src=\"https:\/\/www.turismelacostera.com\/wp-content\/uploads\/2020\/11\/alboi.jpg\" class=\"attachment-full size-full wp-image-8693\" alt=\"\" srcset=\"https:\/\/www.turismelacostera.com\/wp-content\/uploads\/2020\/11\/alboi.jpg 800w, https:\/\/www.turismelacostera.com\/wp-content\/uploads\/2020\/11\/alboi-300x150.jpg 300w, https:\/\/www.turismelacostera.com\/wp-content\/uploads\/2020\/11\/alboi-768x384.jpg 768w\" sizes=\"(max-width: 800px) 100vw, 800px\" \/><\/div>\t\t\t\t<div class=\"timeline-item__card-content\">\n\t\t\t\t\t<div class=\"timeline-item__meta\"><div class=\"timeline-item__meta-content\">EL GENOV\u00c9S<\/div><\/div><p class=\"timeline-item__card-title\">EL GENOV\u00c9S Y ALBOI: FUENTES, CAMINOS De AGUA Y R\u00cdOS DE NATURALEZA<\/p><div class=\"timeline-item__card-desc\"><p>A El Genov\u00e9s llegaremos por la CV-610 y en la entrada del pueblo veremos enseguida el primer hito de nuestro itinerario, la monumental fuente de San Pascual Bail\u00f3n, hecha construir por el se\u00f1or del pueblo, Pascual Fenollet Roca de Togores, en 1777, en honor al patr\u00f3n del pueblo.\nUna vez fuera del pueblo, y siguiendo un camino situado a la izquierda de la CV-610 en direcci\u00f3n a X\u00e0tiva, que est\u00e1 se\u00f1alizado como \u201curbanizaciones\u201d en una rotonda, se encuentra el paraje de Alboi. En este punto, pr\u00f3ximo al pueblecito del mismo nombre que forma parte del municipio del Genov\u00e9s, podemos ver el r\u00edo y las famosas arcadetes. Les arcadetes de Alboi son arcos g\u00f3ticos (S. XV-XVI) edificados sobre una obra anterior (S.XI) del acueducto de Bell\u00fas que lleva caudales desde el r\u00edo Albaida hasta la huerta de X\u00e0tiva, en un recorrido de m\u00e1s de 7 km.<\/p><\/div>\t\t\t\t<\/div>\n\t\t\t\t\t\t<\/div>\n\t\t<div class=\"timeline-item__card-arrow\"><\/div>\n\t<\/div>\n\t<div class=\"timeline-item__point\"><div class=\"timeline-item__point-content timeline-item__point-content--text\">2<\/div><\/div><div class=\"timeline-item__meta\"><div class=\"timeline-item__meta-content\">EL GENOV\u00c9S<\/div><\/div><\/div><div class=\"jet-timeline-item  elementor-repeater-item-03fd63c jet-timeline-item--image-inside\">\n\t<div class=\"timeline-item__card\">\n\t\t<div class=\"timeline-item__card-inner\">\n\t\t\t\t<div class=\"timeline-item__card-img\"><img decoding=\"async\" width=\"800\" height=\"400\" src=\"https:\/\/www.turismelacostera.com\/wp-content\/uploads\/2020\/11\/xativa-aigua-01.jpg\" class=\"attachment-full size-full wp-image-8688\" alt=\"\" srcset=\"https:\/\/www.turismelacostera.com\/wp-content\/uploads\/2020\/11\/xativa-aigua-01.jpg 800w, https:\/\/www.turismelacostera.com\/wp-content\/uploads\/2020\/11\/xativa-aigua-01-300x150.jpg 300w, https:\/\/www.turismelacostera.com\/wp-content\/uploads\/2020\/11\/xativa-aigua-01-768x384.jpg 768w\" sizes=\"(max-width: 800px) 100vw, 800px\" \/><\/div>\t\t\t\t<div class=\"timeline-item__card-content\">\n\t\t\t\t\t<div class=\"timeline-item__meta\"><div class=\"timeline-item__meta-content\">X\u00c0TIVA<\/div><\/div><p class=\"timeline-item__card-title\">X\u00c0TIVA LA CIUDAD DE LAS MIL FUENTES<\/p><div class=\"timeline-item__card-desc\"><p>Hist\u00f3rica y milenaria, X\u00e0tiva siempre ha sido una ciudad importante que ha concentrado una poblaci\u00f3n que quer\u00eda disfrutar de su entorno. Desde la antig\u00fcedad la gente de X\u00e0tiva ha tenido que razonar c\u00f3mo conseguir que el agua llegara a los hogares de la ciudad, y m\u00e1s cuando no hab\u00eda ning\u00fan r\u00edo pr\u00f3ximo al casco urbano. Como era complicado que una poblaci\u00f3n tan grande dependiera exclusivamente de aljibes y pozos, se habilitaron conductos que aportaron agua a la ciudad desde las acequias que regaban la huerta de X\u00e0tiva. As\u00ed, canales como el de Bell\u00fas, la acequia de Ranes o el del agua Santa eran aprovechados para abastecer los hogares de agua.\nEl origen de este sistema es al menos andalus\u00ed, si no es anterior. En el siglo XVIII se contabilizaban m\u00e1s de novecientas fuentes en la ciudad, divididas en tres clases: Las reales -monumentales y mantenidas por la ciudad-, las vecinales -a cargo del vecindario de una calle o barrio- y las particulares, que brotaban en los domicilios particulares. Por todo ello X\u00e0tiva es conocida como \u201cla ciudad de las mil fuentes\u201d.<\/p><\/div>\t\t\t\t<\/div>\n\t\t\t\t\t\t<\/div>\n\t\t<div class=\"timeline-item__card-arrow\"><\/div>\n\t<\/div>\n\t<div class=\"timeline-item__point\"><div class=\"timeline-item__point-content timeline-item__point-content--text\">2<\/div><\/div><div class=\"timeline-item__meta\"><div class=\"timeline-item__meta-content\">X\u00c0TIVA<\/div><\/div><\/div><div class=\"jet-timeline-item  elementor-repeater-item-5e846e7 jet-timeline-item--image-inside\">\n\t<div class=\"timeline-item__card\">\n\t\t<div class=\"timeline-item__card-inner\">\n\t\t\t\t<div class=\"timeline-item__card-img\"><img decoding=\"async\" width=\"800\" height=\"400\" src=\"https:\/\/www.turismelacostera.com\/wp-content\/uploads\/2020\/11\/xativa-aigua-03.jpg\" class=\"attachment-full size-full wp-image-8696\" alt=\"\" srcset=\"https:\/\/www.turismelacostera.com\/wp-content\/uploads\/2020\/11\/xativa-aigua-03.jpg 800w, https:\/\/www.turismelacostera.com\/wp-content\/uploads\/2020\/11\/xativa-aigua-03-300x150.jpg 300w, https:\/\/www.turismelacostera.com\/wp-content\/uploads\/2020\/11\/xativa-aigua-03-768x384.jpg 768w\" sizes=\"(max-width: 800px) 100vw, 800px\" \/><\/div>\t\t\t\t<div class=\"timeline-item__card-content\">\n\t\t\t\t\t<div class=\"timeline-item__meta\"><div class=\"timeline-item__meta-content\">X\u00c0TIVA<\/div><\/div><p class=\"timeline-item__card-title\">LA RUTA DEL AGUA<\/p><div class=\"timeline-item__card-desc\"><p>A estas alturas muchas de estas fuentes son todav\u00eda visitables, formando un rico conjunto patrimonial que podremos encontrar en muy pocos lugares. Un testimonio vivo y refrescante de c\u00f3mo nuestros antepasados aprovecharon todo su ingenio para facilitar las condiciones de vida y la propia vida en su ciudad.\nEn el n\u00facleo hist\u00f3rico de X\u00e0tiva se ha habilitado una ruta que permite visitar algunas de las fuentes m\u00e1s importantes de la ciudad. Una forma refrescante de conocer las calles, el patrimonio y su evoluci\u00f3n a lo largo de la historia.<\/p><\/div>\t\t\t\t<\/div>\n\t\t\t\t\t\t<\/div>\n\t\t<div class=\"timeline-item__card-arrow\"><\/div>\n\t<\/div>\n\t<div class=\"timeline-item__point\"><div class=\"timeline-item__point-content timeline-item__point-content--text\"> 2<\/div><\/div><div class=\"timeline-item__meta\"><div class=\"timeline-item__meta-content\">X\u00c0TIVA<\/div><\/div><\/div><\/div><\/div><\/div>\t\t\t\t<\/div>\n\t\t\t\t<\/div>\n\t\t\t\t\t<\/div>\n\t\t<\/div>\n\t\t\t\t\t<\/div>\n\t\t<\/section>\n\t\t\t\t<section class=\"elementor-section elementor-top-section elementor-element elementor-element-444f7ea elementor-section-stretched elementor-section-full_width elementor-section-height-min-height elementor-section-height-default elementor-section-items-middle\" data-id=\"444f7ea\" data-element_type=\"section\" data-e-type=\"section\" data-settings=\"{&quot;stretch_section&quot;:&quot;section-stretched&quot;,&quot;jet_parallax_layout_list&quot;:[{&quot;jet_parallax_layout_speed&quot;:{&quot;unit&quot;:&quot;%&quot;,&quot;size&quot;:50,&quot;sizes&quot;:[]},&quot;_id&quot;:&quot;2b1684c&quot;,&quot;jet_parallax_layout_image&quot;:{&quot;url&quot;:&quot;&quot;,&quot;id&quot;:&quot;&quot;,&quot;size&quot;:&quot;&quot;},&quot;jet_parallax_layout_image_tablet&quot;:{&quot;url&quot;:&quot;&quot;,&quot;id&quot;:&quot;&quot;,&quot;size&quot;:&quot;&quot;},&quot;jet_parallax_layout_image_mobile&quot;:{&quot;url&quot;:&quot;&quot;,&quot;id&quot;:&quot;&quot;,&quot;size&quot;:&quot;&quot;},&quot;jet_parallax_layout_type&quot;:&quot;scroll&quot;,&quot;jet_parallax_layout_direction&quot;:&quot;1&quot;,&quot;jet_parallax_layout_fx_direction&quot;:null,&quot;jet_parallax_layout_z_index&quot;:&quot;&quot;,&quot;jet_parallax_layout_bg_x&quot;:50,&quot;jet_parallax_layout_bg_x_tablet&quot;:&quot;&quot;,&quot;jet_parallax_layout_bg_x_mobile&quot;:&quot;&quot;,&quot;jet_parallax_layout_bg_y&quot;:50,&quot;jet_parallax_layout_bg_y_tablet&quot;:&quot;&quot;,&quot;jet_parallax_layout_bg_y_mobile&quot;:&quot;&quot;,&quot;jet_parallax_layout_bg_size&quot;:&quot;auto&quot;,&quot;jet_parallax_layout_bg_size_tablet&quot;:&quot;&quot;,&quot;jet_parallax_layout_bg_size_mobile&quot;:&quot;&quot;,&quot;jet_parallax_layout_animation_prop&quot;:&quot;transform&quot;,&quot;jet_parallax_layout_on&quot;:[&quot;desktop&quot;,&quot;tablet&quot;]}],&quot;background_background&quot;:&quot;classic&quot;}\">\n\t\t\t\t\t\t<div class=\"elementor-container elementor-column-gap-default\">\n\t\t\t\t\t<div class=\"elementor-column elementor-col-100 elementor-top-column elementor-element elementor-element-ec99abb\" data-id=\"ec99abb\" data-element_type=\"column\" data-e-type=\"column\">\n\t\t\t<div class=\"elementor-widget-wrap\">\n\t\t\t\t\t\t\t<\/div>\n\t\t<\/div>\n\t\t\t\t\t<\/div>\n\t\t<\/section>\n\t\t\t\t<section class=\"elementor-section elementor-top-section elementor-element elementor-element-010e390 elementor-section-content-middle elementor-section-stretched elementor-section-boxed elementor-section-height-default elementor-section-height-default\" data-id=\"010e390\" data-element_type=\"section\" data-e-type=\"section\" data-settings=\"{&quot;stretch_section&quot;:&quot;section-stretched&quot;,&quot;jet_parallax_layout_list&quot;:[{&quot;jet_parallax_layout_image&quot;:{&quot;url&quot;:&quot;&quot;,&quot;id&quot;:&quot;&quot;,&quot;size&quot;:&quot;&quot;},&quot;_id&quot;:&quot;69e5e79&quot;,&quot;jet_parallax_layout_speed&quot;:{&quot;unit&quot;:&quot;%&quot;,&quot;size&quot;:50,&quot;sizes&quot;:[]},&quot;jet_parallax_layout_image_tablet&quot;:{&quot;url&quot;:&quot;&quot;,&quot;id&quot;:&quot;&quot;,&quot;size&quot;:&quot;&quot;},&quot;jet_parallax_layout_image_mobile&quot;:{&quot;url&quot;:&quot;&quot;,&quot;id&quot;:&quot;&quot;,&quot;size&quot;:&quot;&quot;},&quot;jet_parallax_layout_type&quot;:&quot;scroll&quot;,&quot;jet_parallax_layout_direction&quot;:&quot;1&quot;,&quot;jet_parallax_layout_fx_direction&quot;:null,&quot;jet_parallax_layout_z_index&quot;:&quot;&quot;,&quot;jet_parallax_layout_bg_x&quot;:50,&quot;jet_parallax_layout_bg_x_tablet&quot;:&quot;&quot;,&quot;jet_parallax_layout_bg_x_mobile&quot;:&quot;&quot;,&quot;jet_parallax_layout_bg_y&quot;:50,&quot;jet_parallax_layout_bg_y_tablet&quot;:&quot;&quot;,&quot;jet_parallax_layout_bg_y_mobile&quot;:&quot;&quot;,&quot;jet_parallax_layout_bg_size&quot;:&quot;auto&quot;,&quot;jet_parallax_layout_bg_size_tablet&quot;:&quot;&quot;,&quot;jet_parallax_layout_bg_size_mobile&quot;:&quot;&quot;,&quot;jet_parallax_layout_animation_prop&quot;:&quot;transform&quot;,&quot;jet_parallax_layout_on&quot;:[&quot;desktop&quot;,&quot;tablet&quot;]}],&quot;background_background&quot;:&quot;classic&quot;}\">\n\t\t\t\t\t\t\t<div class=\"elementor-background-overlay\"><\/div>\n\t\t\t\t\t\t\t<div class=\"elementor-container elementor-column-gap-default\">\n\t\t\t\t\t<div class=\"elementor-column elementor-col-100 elementor-top-column elementor-element elementor-element-32bc3d9\" data-id=\"32bc3d9\" data-element_type=\"column\" data-e-type=\"column\">\n\t\t\t<div class=\"elementor-widget-wrap elementor-element-populated\">\n\t\t\t\t\t\t<div class=\"elementor-element elementor-element-354377b elementor-widget elementor-widget-jet-timeline\" data-id=\"354377b\" data-element_type=\"widget\" data-e-type=\"widget\" data-widget_type=\"jet-timeline.default\">\n\t\t\t\t<div class=\"elementor-widget-container\">\n\t\t\t\t\t<div class=\"elementor-jet-timeline jet-elements\"><div class=\"jet-timeline jet-timeline--align-center jet-timeline--align-middle\">\n\t<div class=\"jet-timeline__line\"><div class=\"jet-timeline__line-progress\"><\/div><\/div>\n\t<div class=\"jet-timeline-list\"><div class=\"jet-timeline-item  elementor-repeater-item-c43315b jet-timeline-item--image-inside\">\n\t<div class=\"timeline-item__card\">\n\t\t<div class=\"timeline-item__card-inner\">\n\t\t\t\t<div class=\"timeline-item__card-img\"><img decoding=\"async\" src=\"https:\/\/www.turismelacostera.com\/wp-content\/uploads\/2020\/11\/llosa-ranes-aigua.jpg\" title=\"llosa ranes aigua\" alt=\"Foto Llosa de Ranes Aigua\" loading=\"lazy\" \/><\/div>\t\t\t\t<div class=\"timeline-item__card-content\">\n\t\t\t\t\t<div class=\"timeline-item__meta\"><div class=\"timeline-item__meta-content\">LA LLOSA DE RANES<\/div><\/div><p class=\"timeline-item__card-title\">LOS BA\u00d1OS Y LAS FUENTES<\/p><div class=\"timeline-item__card-desc\"><p>En la Llosa podemos encontrar dos importantes testigos del uso p\u00fablico del agua que todav\u00eda est\u00e1n muy vivos: la Fuente de la Iglesia y la Fuente del Rinc\u00f3n. Hist\u00f3ricamente el crecimiento de los pueblos iba acompa\u00f1ado de la construcci\u00f3n de fuentes, que iban dando servicio a sus habitantes. En el caso de la Llosa de Ranes estas fuentes se edificaron en 1786 y en 1852 respectivamente.<\/p><\/div>\t\t\t\t<\/div>\n\t\t\t\t\t\t<\/div>\n\t\t<div class=\"timeline-item__card-arrow\"><\/div>\n\t<\/div>\n\t<div class=\"timeline-item__point\"><div class=\"timeline-item__point-content timeline-item__point-content--text\">3<\/div><\/div><div class=\"timeline-item__meta\"><div class=\"timeline-item__meta-content\">LA LLOSA DE RANES<\/div><\/div><\/div><div class=\"jet-timeline-item  elementor-repeater-item-a0624b4 jet-timeline-item--image-inside\">\n\t<div class=\"timeline-item__card\">\n\t\t<div class=\"timeline-item__card-inner\">\n\t\t\t\t<div class=\"timeline-item__card-img\"><img decoding=\"async\" src=\"https:\/\/www.turismelacostera.com\/wp-content\/uploads\/2020\/11\/llosa-ranes-aigua-02.jpg\" title=\"llosa ranes aigua 02\" alt=\"Foto Llosa de Ranes Aigua 02\" loading=\"lazy\" \/><\/div>\t\t\t\t<div class=\"timeline-item__card-content\">\n\t\t\t\t\t<div class=\"timeline-item__meta\"><div class=\"timeline-item__meta-content\">LA LLOSA DE RANES<\/div><\/div><p class=\"timeline-item__card-title\">EL BALNEARIO Y La ERMITA DE SANTA ANNA<\/p><div class=\"timeline-item__card-desc\"><p>Ya fuera del pueblo, y a trav\u00e9s de un camino asfaltado y se\u00f1alizado, tenemos los ba\u00f1os o balneario de Santa Anna, donde el agua ten\u00eda un uso medicinal. Este balneario fue edificado a finales del siglo XIX y permaneci\u00f3 abierto hasta la d\u00e9cada de los 70 del siglo XX. Posteriormente restaurados se usan como albergue en la actualidad. Volviendo al camino principal que nos ha llevado a los ba\u00f1os y deshaciendo parte de lo que se hab\u00eda avanzado, se vuelve al camino que lleva hacia la ermita de Santa Anna, que a pesar de estar completamente rodeada por tierras de la Llosa de Ranes pertenece al municipio de X\u00e0tiva. Este edificio fue edificado por orden del setabense Rodrigo de Borja, m\u00e1s conocido por su nombre de Papa, Alejandro VI. Fue finalizada en 1443 habi\u00e9ndose reformado posteriormente. Ahora s\u00f3lo queda en pie la capilla, ya que se ha perdido la vivienda del ermita\u00f1o, las cuadras y otros edificios auxiliares. Aun as\u00ed, frente a la puerta podemos ver todav\u00eda un pozo que se abastec\u00eda de un aljibe y que almacenaba agua de lluvia para abastecer a sus habitantes.<\/p><\/div>\t\t\t\t<\/div>\n\t\t\t\t\t\t<\/div>\n\t\t<div class=\"timeline-item__card-arrow\"><\/div>\n\t<\/div>\n\t<div class=\"timeline-item__point\"><div class=\"timeline-item__point-content timeline-item__point-content--text\">3<\/div><\/div><div class=\"timeline-item__meta\"><div class=\"timeline-item__meta-content\">LA LLOSA DE RANES<\/div><\/div><\/div><div class=\"jet-timeline-item  elementor-repeater-item-84c5345 jet-timeline-item--image-inside\">\n\t<div class=\"timeline-item__card\">\n\t\t<div class=\"timeline-item__card-inner\">\n\t\t\t\t<div class=\"timeline-item__card-img\"><img decoding=\"async\" src=\"https:\/\/www.turismelacostera.com\/wp-content\/uploads\/2020\/11\/estubeny-aigua-02.jpg\" title=\"estubeny aigua 02\" alt=\"Foto Estubeny Aigua 02\" loading=\"lazy\" \/><\/div>\t\t\t\t<div class=\"timeline-item__card-content\">\n\t\t\t\t\t<div class=\"timeline-item__meta\"><div class=\"timeline-item__meta-content\">ESTUBENY<\/div><\/div><p class=\"timeline-item__card-title\">La Cabrent\u00e0, naturaleza y personas<\/p><div class=\"timeline-item__card-desc\"><p>Estubeny conserva algunas fuentes interesantes en sus cercan\u00edas, pero es el paraje de la Cabrent\u00e0, muy pr\u00f3ximo al casco urbano, el que tiene un mayor inter\u00e9s h\u00eddrico. La Cabrent\u00e0 se puede recorrer siguiendo un itinerario se\u00f1alizado desde el pueblo, al principio del cual podemos disfrutar de magn\u00edficas vistas sobre el valle. Camino de la Cabrent\u00e0 podemos disfrutar de fuentes y un lavadero, pero es en este paraje donde podemos encontrar el rastro del agua como constructor del paisaje que vemos. De entrada, la Cabrent\u00e0 se encuentra en el ca\u00f1\u00f3n o estrecho del Riu Sellent, un valle de poco m\u00e1s de un centenar de metros de ancho que \u00e9ste ha creado erosionando los materiales de las monta\u00f1as originales.<\/p><\/div>\t\t\t\t<\/div>\n\t\t\t\t\t\t<\/div>\n\t\t<div class=\"timeline-item__card-arrow\"><\/div>\n\t<\/div>\n\t<div class=\"timeline-item__point\"><div class=\"timeline-item__point-content timeline-item__point-content--text\">4<\/div><\/div><div class=\"timeline-item__meta\"><div class=\"timeline-item__meta-content\">ESTUBENY<\/div><\/div><\/div><div class=\"jet-timeline-item  elementor-repeater-item-1badcb4 jet-timeline-item--image-inside\">\n\t<div class=\"timeline-item__card\">\n\t\t<div class=\"timeline-item__card-inner\">\n\t\t\t\t<div class=\"timeline-item__card-img\"><img decoding=\"async\" src=\"https:\/\/www.turismelacostera.com\/wp-content\/uploads\/2020\/11\/setenes.jpg\" title=\"setenes\" alt=\"Foto Setenes\" loading=\"lazy\" \/><\/div>\t\t\t\t<div class=\"timeline-item__card-content\">\n\t\t\t\t\t<div class=\"timeline-item__meta\"><\/div><p class=\"timeline-item__card-title\">La Costera de Ranes.<\/p><div class=\"timeline-item__card-desc\"><p>La Costera de Ranes es la subcomarca hist\u00f3rica formada por el arco de pueblos que se sit\u00faan en las sierras que bajan desde la Sierra Plana y el Canal de Navarres hacia el r\u00edo C\u00e0nyoles por su margen izquierdo. Una franja estirada de pueblos que incluye la Torre de Canals, Canals, Aiacor, la Torre de los Frailes (o Torre-Cerd\u00e0), l'Alc\u00fadia de Crespins, Cerd\u00e0, Torrella, Llanera de Ranes, la Llosa de Ranes, Rotgl\u00e0 i Corber\u00e0, la Granja de la Costera y Vall\u00e9s. De forma m\u00e1s resumida se podr\u00eda decir que abarca los lugares que se regaban de las acequias alcanzadas por el Riu dels Sants. De ah\u00ed el top\u00f3nimo Rana (Ranes), que parece derivar de una palabra \u00e1rabe para referirse a los manantiales.<\/p><\/div>\t\t\t\t<\/div>\n\t\t\t\t\t\t<\/div>\n\t\t<div class=\"timeline-item__card-arrow\"><\/div>\n\t<\/div>\n\t<div class=\"timeline-item__point\"><div class=\"timeline-item__point-content timeline-item__point-content--text\">5<\/div><\/div><div class=\"timeline-item__meta\"><\/div><\/div><\/div><\/div><\/div>\t\t\t\t<\/div>\n\t\t\t\t<\/div>\n\t\t\t\t\t<\/div>\n\t\t<\/div>\n\t\t\t\t\t<\/div>\n\t\t<\/section>\n\t\t\t\t<section class=\"elementor-section elementor-top-section elementor-element elementor-element-c48cc24 elementor-section-stretched elementor-section-full_width elementor-section-height-min-height elementor-section-height-default elementor-section-items-middle\" data-id=\"c48cc24\" data-element_type=\"section\" data-e-type=\"section\" data-settings=\"{&quot;stretch_section&quot;:&quot;section-stretched&quot;,&quot;jet_parallax_layout_list&quot;:[{&quot;jet_parallax_layout_speed&quot;:{&quot;unit&quot;:&quot;%&quot;,&quot;size&quot;:50,&quot;sizes&quot;:[]},&quot;_id&quot;:&quot;2b1684c&quot;,&quot;jet_parallax_layout_image&quot;:{&quot;url&quot;:&quot;&quot;,&quot;id&quot;:&quot;&quot;,&quot;size&quot;:&quot;&quot;},&quot;jet_parallax_layout_image_tablet&quot;:{&quot;url&quot;:&quot;&quot;,&quot;id&quot;:&quot;&quot;,&quot;size&quot;:&quot;&quot;},&quot;jet_parallax_layout_image_mobile&quot;:{&quot;url&quot;:&quot;&quot;,&quot;id&quot;:&quot;&quot;,&quot;size&quot;:&quot;&quot;},&quot;jet_parallax_layout_type&quot;:&quot;scroll&quot;,&quot;jet_parallax_layout_direction&quot;:&quot;1&quot;,&quot;jet_parallax_layout_fx_direction&quot;:null,&quot;jet_parallax_layout_z_index&quot;:&quot;&quot;,&quot;jet_parallax_layout_bg_x&quot;:50,&quot;jet_parallax_layout_bg_x_tablet&quot;:&quot;&quot;,&quot;jet_parallax_layout_bg_x_mobile&quot;:&quot;&quot;,&quot;jet_parallax_layout_bg_y&quot;:50,&quot;jet_parallax_layout_bg_y_tablet&quot;:&quot;&quot;,&quot;jet_parallax_layout_bg_y_mobile&quot;:&quot;&quot;,&quot;jet_parallax_layout_bg_size&quot;:&quot;auto&quot;,&quot;jet_parallax_layout_bg_size_tablet&quot;:&quot;&quot;,&quot;jet_parallax_layout_bg_size_mobile&quot;:&quot;&quot;,&quot;jet_parallax_layout_animation_prop&quot;:&quot;transform&quot;,&quot;jet_parallax_layout_on&quot;:[&quot;desktop&quot;,&quot;tablet&quot;]}],&quot;background_background&quot;:&quot;classic&quot;}\">\n\t\t\t\t\t\t<div class=\"elementor-container elementor-column-gap-default\">\n\t\t\t\t\t<div class=\"elementor-column elementor-col-100 elementor-top-column elementor-element elementor-element-afd704e\" data-id=\"afd704e\" data-element_type=\"column\" data-e-type=\"column\">\n\t\t\t<div class=\"elementor-widget-wrap\">\n\t\t\t\t\t\t\t<\/div>\n\t\t<\/div>\n\t\t\t\t\t<\/div>\n\t\t<\/section>\n\t\t\t\t<section class=\"elementor-section elementor-top-section elementor-element elementor-element-63dd7c7 elementor-section-content-middle elementor-section-stretched elementor-section-boxed elementor-section-height-default elementor-section-height-default\" data-id=\"63dd7c7\" data-element_type=\"section\" data-e-type=\"section\" data-settings=\"{&quot;stretch_section&quot;:&quot;section-stretched&quot;,&quot;jet_parallax_layout_list&quot;:[{&quot;jet_parallax_layout_image&quot;:{&quot;url&quot;:&quot;&quot;,&quot;id&quot;:&quot;&quot;,&quot;size&quot;:&quot;&quot;},&quot;_id&quot;:&quot;69e5e79&quot;,&quot;jet_parallax_layout_speed&quot;:{&quot;unit&quot;:&quot;%&quot;,&quot;size&quot;:50,&quot;sizes&quot;:[]},&quot;jet_parallax_layout_image_tablet&quot;:{&quot;url&quot;:&quot;&quot;,&quot;id&quot;:&quot;&quot;,&quot;size&quot;:&quot;&quot;},&quot;jet_parallax_layout_image_mobile&quot;:{&quot;url&quot;:&quot;&quot;,&quot;id&quot;:&quot;&quot;,&quot;size&quot;:&quot;&quot;},&quot;jet_parallax_layout_type&quot;:&quot;scroll&quot;,&quot;jet_parallax_layout_direction&quot;:&quot;1&quot;,&quot;jet_parallax_layout_fx_direction&quot;:null,&quot;jet_parallax_layout_z_index&quot;:&quot;&quot;,&quot;jet_parallax_layout_bg_x&quot;:50,&quot;jet_parallax_layout_bg_x_tablet&quot;:&quot;&quot;,&quot;jet_parallax_layout_bg_x_mobile&quot;:&quot;&quot;,&quot;jet_parallax_layout_bg_y&quot;:50,&quot;jet_parallax_layout_bg_y_tablet&quot;:&quot;&quot;,&quot;jet_parallax_layout_bg_y_mobile&quot;:&quot;&quot;,&quot;jet_parallax_layout_bg_size&quot;:&quot;auto&quot;,&quot;jet_parallax_layout_bg_size_tablet&quot;:&quot;&quot;,&quot;jet_parallax_layout_bg_size_mobile&quot;:&quot;&quot;,&quot;jet_parallax_layout_animation_prop&quot;:&quot;transform&quot;,&quot;jet_parallax_layout_on&quot;:[&quot;desktop&quot;,&quot;tablet&quot;]}],&quot;background_background&quot;:&quot;classic&quot;}\">\n\t\t\t\t\t\t\t<div class=\"elementor-background-overlay\"><\/div>\n\t\t\t\t\t\t\t<div class=\"elementor-container elementor-column-gap-default\">\n\t\t\t\t\t<div class=\"elementor-column elementor-col-100 elementor-top-column elementor-element elementor-element-1ad91fd\" data-id=\"1ad91fd\" data-element_type=\"column\" data-e-type=\"column\">\n\t\t\t<div class=\"elementor-widget-wrap elementor-element-populated\">\n\t\t\t\t\t\t<div class=\"elementor-element elementor-element-5468c05 elementor-widget elementor-widget-jet-timeline\" data-id=\"5468c05\" data-element_type=\"widget\" data-e-type=\"widget\" data-widget_type=\"jet-timeline.default\">\n\t\t\t\t<div class=\"elementor-widget-container\">\n\t\t\t\t\t<div class=\"elementor-jet-timeline jet-elements\"><div class=\"jet-timeline jet-timeline--align-center jet-timeline--align-middle\">\n\t<div class=\"jet-timeline__line\"><div class=\"jet-timeline__line-progress\"><\/div><\/div>\n\t<div class=\"jet-timeline-list\"><div class=\"jet-timeline-item  elementor-repeater-item-6a3eecf jet-timeline-item--image-inside\">\n\t<div class=\"timeline-item__card\">\n\t\t<div class=\"timeline-item__card-inner\">\n\t\t\t\t<div class=\"timeline-item__card-img\"><img loading=\"lazy\" decoding=\"async\" width=\"800\" height=\"400\" src=\"https:\/\/www.turismelacostera.com\/wp-content\/uploads\/2020\/11\/alcudia-crespins-aigua-02.jpg\" class=\"attachment-full size-full wp-image-8676\" alt=\"\" srcset=\"https:\/\/www.turismelacostera.com\/wp-content\/uploads\/2020\/11\/alcudia-crespins-aigua-02.jpg 800w, https:\/\/www.turismelacostera.com\/wp-content\/uploads\/2020\/11\/alcudia-crespins-aigua-02-300x150.jpg 300w, https:\/\/www.turismelacostera.com\/wp-content\/uploads\/2020\/11\/alcudia-crespins-aigua-02-768x384.jpg 768w\" sizes=\"(max-width: 800px) 100vw, 800px\" \/><\/div>\t\t\t\t<div class=\"timeline-item__card-content\">\n\t\t\t\t\t<div class=\"timeline-item__meta\"><div class=\"timeline-item__meta-content\">L'ALC\u00daDIA DE CRESPINS<\/div><\/div><p class=\"timeline-item__card-title\">El Riu dels Sants<\/p><div class=\"timeline-item__card-desc\"><p>El r\u00edo brota en el t\u00e9rmino de l'Alc\u00fadia de Crespins, en el paraje conocido como el Nacimiento y muy cerca de la zona de ba\u00f1o del R\u00edo Nou. Desgraciadamente, la sobreexplotaci\u00f3n de los acu\u00edferos por pozos de regad\u00edo ha causado que se quede seco durante largas temporadas, teniendo que hacerse uso de un pozo y motores para poder llevar agua en ciertas \u00e9pocas. Aguas abajo del r\u00edo encontramos cinco partidores de los que parten las acequias que riegan la comarca.<\/p><\/div>\t\t\t\t<\/div>\n\t\t\t\t\t\t<\/div>\n\t\t<div class=\"timeline-item__card-arrow\"><\/div>\n\t<\/div>\n\t<div class=\"timeline-item__point\"><div class=\"timeline-item__point-content timeline-item__point-content--text\">6<\/div><\/div><div class=\"timeline-item__meta\"><div class=\"timeline-item__meta-content\">L'ALC\u00daDIA DE CRESPINS<\/div><\/div><\/div><div class=\"jet-timeline-item  elementor-repeater-item-03fd63c jet-timeline-item--image-inside\">\n\t<div class=\"timeline-item__card\">\n\t\t<div class=\"timeline-item__card-inner\">\n\t\t\t\t<div class=\"timeline-item__card-img\"><img loading=\"lazy\" decoding=\"async\" width=\"800\" height=\"400\" src=\"https:\/\/www.turismelacostera.com\/wp-content\/uploads\/2020\/11\/cerda.jpg\" class=\"attachment-full size-full wp-image-8680\" alt=\"\" srcset=\"https:\/\/www.turismelacostera.com\/wp-content\/uploads\/2020\/11\/cerda.jpg 800w, https:\/\/www.turismelacostera.com\/wp-content\/uploads\/2020\/11\/cerda-300x150.jpg 300w, https:\/\/www.turismelacostera.com\/wp-content\/uploads\/2020\/11\/cerda-768x384.jpg 768w\" sizes=\"(max-width: 800px) 100vw, 800px\" \/><\/div>\t\t\t\t<div class=\"timeline-item__card-content\">\n\t\t\t\t\t<div class=\"timeline-item__meta\"><div class=\"timeline-item__meta-content\">CERD\u00c0<\/div><\/div><p class=\"timeline-item__card-title\">LAS ACEQUIAS Y LOS LAVADEROS<\/p><div class=\"timeline-item__card-desc\"><p>Los n\u00facleos de l'Alc\u00fadia de Crespins y Canals son atravesados en su subsuelo por esta red de acequias y los adyacentes que de ellas sal\u00edan. As\u00ed, muchas casas de sus n\u00facleos antiguos ten\u00edan pozos que se abastec\u00edan directamente del agua de las acequias. Muchas viviendas particulares contiguas al riu dels Sants o a la Acequia de Ranes abrieron lavaderos particulares.\nOtros pueblos de la Costera, como Cerd\u00e0 o Torrella, limitaban con la acequia de Ranes, que los abastec\u00eda de agua de regad\u00edo y de uso dom\u00e9stico. En Cerd\u00e0 todav\u00eda podemos disfrutar de un lavadero que aprovechaba estas aguas.<\/p><\/div>\t\t\t\t<\/div>\n\t\t\t\t\t\t<\/div>\n\t\t<div class=\"timeline-item__card-arrow\"><\/div>\n\t<\/div>\n\t<div class=\"timeline-item__point\"><div class=\"timeline-item__point-content timeline-item__point-content--text\">7<\/div><\/div><div class=\"timeline-item__meta\"><div class=\"timeline-item__meta-content\">CERD\u00c0<\/div><\/div><\/div><div class=\"jet-timeline-item  elementor-repeater-item-baf9d64 jet-timeline-item--image-inside\">\n\t<div class=\"timeline-item__card\">\n\t\t<div class=\"timeline-item__card-inner\">\n\t\t\t\t<div class=\"timeline-item__card-img\"><img loading=\"lazy\" decoding=\"async\" width=\"800\" height=\"400\" src=\"https:\/\/www.turismelacostera.com\/wp-content\/uploads\/2020\/11\/bosquet-2.jpg\" class=\"attachment-full size-full wp-image-8678\" alt=\"\" srcset=\"https:\/\/www.turismelacostera.com\/wp-content\/uploads\/2020\/11\/bosquet-2.jpg 800w, https:\/\/www.turismelacostera.com\/wp-content\/uploads\/2020\/11\/bosquet-2-300x150.jpg 300w, https:\/\/www.turismelacostera.com\/wp-content\/uploads\/2020\/11\/bosquet-2-768x384.jpg 768w\" sizes=\"(max-width: 800px) 100vw, 800px\" \/><\/div>\t\t\t\t<div class=\"timeline-item__card-content\">\n\t\t\t\t\t<div class=\"timeline-item__meta\"><div class=\"timeline-item__meta-content\">MOIXENT<\/div><\/div><p class=\"timeline-item__card-title\">El Bosquet, la Fuente y la vida del agua<\/p><div class=\"timeline-item__card-desc\"><p>A unos pocos kil\u00f3metros, en el sur del casco urbano de Moixent se encuentra el paraje del Bosquet. Moixent ha sido hist\u00f3ricamente tierra de secano con dificultad de introducir la irrigaci\u00f3n en las mesetas y sierras que conforman la mayor parte de su t\u00e9rmino.\nEn el \u00faltimo tercio del siglo XVIII se emprendi\u00f3 la iniciativa de construir un pantano en este paraje que permitiera mejorar la irrigaci\u00f3n local. El embalse se encuentra en el centro de una hoya cerrada, entre las monta\u00f1as del Picaio, sierra de la Atalaya, Corvatelles y la Balarma. Actualmente, el embalse tiene unas dimensiones de cien por doscientos metros aproximadamente y una profundidad media de unos ocho metros. Su capacidad es de unos 160.000 m\u00b3 que riegan una superficie de un poco m\u00e1s de cuatro hect\u00e1reas.<\/p>\n<\/div>\t\t\t\t<\/div>\n\t\t\t\t\t\t<\/div>\n\t\t<div class=\"timeline-item__card-arrow\"><\/div>\n\t<\/div>\n\t<div class=\"timeline-item__point\"><div class=\"timeline-item__point-content timeline-item__point-content--text\">8<\/div><\/div><div class=\"timeline-item__meta\"><div class=\"timeline-item__meta-content\">MOIXENT<\/div><\/div><\/div><div class=\"jet-timeline-item  elementor-repeater-item-5ad7bb6 jet-timeline-item--image-inside\">\n\t<div class=\"timeline-item__card\">\n\t\t<div class=\"timeline-item__card-inner\">\n\t\t\t\t<div class=\"timeline-item__card-img\"><img loading=\"lazy\" decoding=\"async\" width=\"800\" height=\"400\" src=\"https:\/\/www.turismelacostera.com\/wp-content\/uploads\/2020\/11\/font-figuera-aigua-02.jpg\" class=\"attachment-full size-full wp-image-8683\" alt=\"\" srcset=\"https:\/\/www.turismelacostera.com\/wp-content\/uploads\/2020\/11\/font-figuera-aigua-02.jpg 800w, https:\/\/www.turismelacostera.com\/wp-content\/uploads\/2020\/11\/font-figuera-aigua-02-300x150.jpg 300w, https:\/\/www.turismelacostera.com\/wp-content\/uploads\/2020\/11\/font-figuera-aigua-02-768x384.jpg 768w\" sizes=\"(max-width: 800px) 100vw, 800px\" \/><\/div>\t\t\t\t<div class=\"timeline-item__card-content\">\n\t\t\t\t\t<div class=\"timeline-item__meta\"><div class=\"timeline-item__meta-content\">LA FONT DE LA FIGUERA<\/div><\/div><p class=\"timeline-item__card-title\">El Minat y la Font de Baix<\/p><div class=\"timeline-item__card-desc\"><p>La Font de la Figuera, municipio vecino de Moixent, tambi\u00e9n emprendi\u00f3 sus obras para obtener caudales que irrigaron parte de sus secanos. Aun as\u00ed, la Font de la Figuera se abastec\u00eda por diferentes m\u00e9todos que demostraban mucho ingenio. Por un lado, estaba la <em>Font del Po\u00e7anco<\/em> que se abastec\u00eda del <em>minat de Serramala<\/em>. Un <em>minat<\/em> es una galer\u00eda artificial subterr\u00e1nea que lleva agua desde el subsuelo all\u00e1 donde sea necesaria. En 1776 se construy\u00f3 la <em>Font de Baix<\/em> y una balsa de regad\u00edo que se abastec\u00eda de estos sobrantes. Muy cerca de la fuente se encontraba un lavadero que se abastec\u00eda del agua del <em>barranc dels Molins<\/em>. En 1885 se construy\u00f3 un lavadero nuevo sobre el antiguo para aumentar el servicio que prestaba.<\/p><\/div>\t\t\t\t<\/div>\n\t\t\t\t\t\t<\/div>\n\t\t<div class=\"timeline-item__card-arrow\"><\/div>\n\t<\/div>\n\t<div class=\"timeline-item__point\"><div class=\"timeline-item__point-content timeline-item__point-content--text\">9<\/div><\/div><div class=\"timeline-item__meta\"><div class=\"timeline-item__meta-content\">LA FONT DE LA FIGUERA<\/div><\/div><\/div><\/div><\/div><\/div>\t\t\t\t<\/div>\n\t\t\t\t<\/div>\n\t\t\t\t\t<\/div>\n\t\t<\/div>\n\t\t\t\t\t<\/div>\n\t\t<\/section>\n\t\t\t\t<section class=\"elementor-section elementor-top-section elementor-element elementor-element-3522b6d elementor-section-stretched elementor-section-full_width elementor-section-height-min-height elementor-section-height-default elementor-section-items-middle\" data-id=\"3522b6d\" data-element_type=\"section\" data-e-type=\"section\" data-settings=\"{&quot;stretch_section&quot;:&quot;section-stretched&quot;,&quot;jet_parallax_layout_list&quot;:[{&quot;jet_parallax_layout_speed&quot;:{&quot;unit&quot;:&quot;%&quot;,&quot;size&quot;:50,&quot;sizes&quot;:[]},&quot;_id&quot;:&quot;2b1684c&quot;,&quot;jet_parallax_layout_image&quot;:{&quot;url&quot;:&quot;&quot;,&quot;id&quot;:&quot;&quot;,&quot;size&quot;:&quot;&quot;},&quot;jet_parallax_layout_image_tablet&quot;:{&quot;url&quot;:&quot;&quot;,&quot;id&quot;:&quot;&quot;,&quot;size&quot;:&quot;&quot;},&quot;jet_parallax_layout_image_mobile&quot;:{&quot;url&quot;:&quot;&quot;,&quot;id&quot;:&quot;&quot;,&quot;size&quot;:&quot;&quot;},&quot;jet_parallax_layout_type&quot;:&quot;scroll&quot;,&quot;jet_parallax_layout_direction&quot;:&quot;1&quot;,&quot;jet_parallax_layout_fx_direction&quot;:null,&quot;jet_parallax_layout_z_index&quot;:&quot;&quot;,&quot;jet_parallax_layout_bg_x&quot;:50,&quot;jet_parallax_layout_bg_x_tablet&quot;:&quot;&quot;,&quot;jet_parallax_layout_bg_x_mobile&quot;:&quot;&quot;,&quot;jet_parallax_layout_bg_y&quot;:50,&quot;jet_parallax_layout_bg_y_tablet&quot;:&quot;&quot;,&quot;jet_parallax_layout_bg_y_mobile&quot;:&quot;&quot;,&quot;jet_parallax_layout_bg_size&quot;:&quot;auto&quot;,&quot;jet_parallax_layout_bg_size_tablet&quot;:&quot;&quot;,&quot;jet_parallax_layout_bg_size_mobile&quot;:&quot;&quot;,&quot;jet_parallax_layout_animation_prop&quot;:&quot;transform&quot;,&quot;jet_parallax_layout_on&quot;:[&quot;desktop&quot;,&quot;tablet&quot;]}],&quot;background_background&quot;:&quot;classic&quot;}\">\n\t\t\t\t\t\t<div class=\"elementor-container elementor-column-gap-default\">\n\t\t\t\t\t<div class=\"elementor-column elementor-col-100 elementor-top-column elementor-element elementor-element-c600b55\" data-id=\"c600b55\" data-element_type=\"column\" data-e-type=\"column\">\n\t\t\t<div class=\"elementor-widget-wrap\">\n\t\t\t\t\t\t\t<\/div>\n\t\t<\/div>\n\t\t\t\t\t<\/div>\n\t\t<\/section>\n\t\t\t\t<\/div>\n\t\t","protected":false},"excerpt":{"rendered":"<p>La Ruta del agua de la Costera Agua domesticada por el hombre desde hace centenares de a\u00f1os y que ha creado unos caminos, unos\u00a0 paisajes, una riqueza y toda una serie de infraestructuras del agua, que ha sido parte fundamental y primordial para la vida de los habitantes de La Costera. ENTRAR La vida en [&hellip;]<\/p>\n","protected":false},"author":1,"featured_media":15240,"parent":16177,"menu_order":0,"comment_status":"closed","ping_status":"closed","template":"","meta":{"_acf_changed":false,"footnotes":""},"class_list":["post-16179","page","type-page","status-publish","has-post-thumbnail","hentry"],"acf":[],"yoast_head":"<!-- This site is optimized with the Yoast SEO plugin v27.4 - https:\/\/yoast.com\/product\/yoast-seo-wordpress\/ -->\n<title>La Ruta del agua de la Costera - Turisme La Costera<\/title>\n<meta name=\"description\" content=\"La vida e historia de la Costera ha seguido los caminos trazados por el agua en los r\u00edos, barrancos y acequias o girando alrededor de los puntos donde esta se acumulaba o se pod\u00eda aprovechar.\" \/>\n<meta name=\"robots\" content=\"index, follow, max-snippet:-1, max-image-preview:large, max-video-preview:-1\" \/>\n<link rel=\"canonical\" href=\"https:\/\/www.turismelacostera.com\/es\/rutas-tematicas\/la-ruta-del-agua-de-la-costera\/\" \/>\n<meta property=\"og:locale\" content=\"es_ES\" \/>\n<meta property=\"og:type\" content=\"article\" \/>\n<meta property=\"og:title\" content=\"La Ruta del agua de la Costera - Turisme La Costera\" \/>\n<meta property=\"og:description\" content=\"La vida e historia de la Costera ha seguido los caminos trazados por el agua en los r\u00edos, barrancos y acequias o girando alrededor de los puntos donde esta se acumulaba o se pod\u00eda aprovechar.\" \/>\n<meta property=\"og:url\" content=\"https:\/\/www.turismelacostera.com\/es\/rutas-tematicas\/la-ruta-del-agua-de-la-costera\/\" \/>\n<meta property=\"og:site_name\" content=\"Turisme la Costera l Tesoros del interior\" \/>\n<meta property=\"article:modified_time\" content=\"2024-11-27T08:17:06+00:00\" \/>\n<meta property=\"og:image\" content=\"https:\/\/www.turismelacostera.com\/wp-content\/uploads\/2020\/11\/aigua-01.jpg\" \/>\n\t<meta property=\"og:image:width\" content=\"1920\" \/>\n\t<meta property=\"og:image:height\" content=\"1080\" \/>\n\t<meta property=\"og:image:type\" content=\"image\/jpeg\" \/>\n<meta name=\"twitter:card\" content=\"summary_large_image\" \/>\n<meta name=\"twitter:label1\" content=\"Tiempo de lectura\" \/>\n\t<meta name=\"twitter:data1\" content=\"12 minutos\" \/>\n<script type=\"application\/ld+json\" class=\"yoast-schema-graph\">{\"@context\":\"https:\\\/\\\/schema.org\",\"@graph\":[{\"@type\":\"WebPage\",\"@id\":\"https:\\\/\\\/www.turismelacostera.com\\\/es\\\/rutas-tematicas\\\/la-ruta-del-agua-de-la-costera\\\/\",\"url\":\"https:\\\/\\\/www.turismelacostera.com\\\/es\\\/rutas-tematicas\\\/la-ruta-del-agua-de-la-costera\\\/\",\"name\":\"La Ruta del agua de la Costera - Turisme La Costera\",\"isPartOf\":{\"@id\":\"https:\\\/\\\/www.turismelacostera.com\\\/es\\\/#website\"},\"primaryImageOfPage\":{\"@id\":\"https:\\\/\\\/www.turismelacostera.com\\\/es\\\/rutas-tematicas\\\/la-ruta-del-agua-de-la-costera\\\/#primaryimage\"},\"image\":{\"@id\":\"https:\\\/\\\/www.turismelacostera.com\\\/es\\\/rutas-tematicas\\\/la-ruta-del-agua-de-la-costera\\\/#primaryimage\"},\"thumbnailUrl\":\"https:\\\/\\\/www.turismelacostera.com\\\/wp-content\\\/uploads\\\/2020\\\/11\\\/aigua-01.jpg\",\"datePublished\":\"2020-11-05T23:41:36+00:00\",\"dateModified\":\"2024-11-27T08:17:06+00:00\",\"description\":\"La vida e historia de la Costera ha seguido los caminos trazados por el agua en los r\u00edos, barrancos y acequias o girando alrededor de los puntos donde esta se acumulaba o se pod\u00eda aprovechar.\",\"breadcrumb\":{\"@id\":\"https:\\\/\\\/www.turismelacostera.com\\\/es\\\/rutas-tematicas\\\/la-ruta-del-agua-de-la-costera\\\/#breadcrumb\"},\"inLanguage\":\"es\",\"potentialAction\":[{\"@type\":\"ReadAction\",\"target\":[\"https:\\\/\\\/www.turismelacostera.com\\\/es\\\/rutas-tematicas\\\/la-ruta-del-agua-de-la-costera\\\/\"]}]},{\"@type\":\"ImageObject\",\"inLanguage\":\"es\",\"@id\":\"https:\\\/\\\/www.turismelacostera.com\\\/es\\\/rutas-tematicas\\\/la-ruta-del-agua-de-la-costera\\\/#primaryimage\",\"url\":\"https:\\\/\\\/www.turismelacostera.com\\\/wp-content\\\/uploads\\\/2020\\\/11\\\/aigua-01.jpg\",\"contentUrl\":\"https:\\\/\\\/www.turismelacostera.com\\\/wp-content\\\/uploads\\\/2020\\\/11\\\/aigua-01.jpg\",\"width\":1920,\"height\":1080},{\"@type\":\"BreadcrumbList\",\"@id\":\"https:\\\/\\\/www.turismelacostera.com\\\/es\\\/rutas-tematicas\\\/la-ruta-del-agua-de-la-costera\\\/#breadcrumb\",\"itemListElement\":[{\"@type\":\"ListItem\",\"position\":1,\"name\":\"Portada\",\"item\":\"https:\\\/\\\/www.turismelacostera.com\\\/es\\\/\"},{\"@type\":\"ListItem\",\"position\":2,\"name\":\"Rutas tem\u00e1ticas\",\"item\":\"https:\\\/\\\/www.turismelacostera.com\\\/es\\\/rutas-tematicas\\\/\"},{\"@type\":\"ListItem\",\"position\":3,\"name\":\"La Ruta del agua de la Costera\"}]},{\"@type\":\"WebSite\",\"@id\":\"https:\\\/\\\/www.turismelacostera.com\\\/es\\\/#website\",\"url\":\"https:\\\/\\\/www.turismelacostera.com\\\/es\\\/\",\"name\":\"Turisme la Costera l Tesoros del interior\",\"description\":\"Descobreix els tresors que amaga l&#039;interior de Val\u00e8ncia\",\"potentialAction\":[{\"@type\":\"SearchAction\",\"target\":{\"@type\":\"EntryPoint\",\"urlTemplate\":\"https:\\\/\\\/www.turismelacostera.com\\\/es\\\/?s={search_term_string}\"},\"query-input\":{\"@type\":\"PropertyValueSpecification\",\"valueRequired\":true,\"valueName\":\"search_term_string\"}}],\"inLanguage\":\"es\"}]}<\/script>\n<!-- \/ Yoast SEO plugin. -->","yoast_head_json":{"title":"La Ruta del agua de la Costera - Turisme La Costera","description":"La vida e historia de la Costera ha seguido los caminos trazados por el agua en los r\u00edos, barrancos y acequias o girando alrededor de los puntos donde esta se acumulaba o se pod\u00eda aprovechar.","robots":{"index":"index","follow":"follow","max-snippet":"max-snippet:-1","max-image-preview":"max-image-preview:large","max-video-preview":"max-video-preview:-1"},"canonical":"https:\/\/www.turismelacostera.com\/es\/rutas-tematicas\/la-ruta-del-agua-de-la-costera\/","og_locale":"es_ES","og_type":"article","og_title":"La Ruta del agua de la Costera - Turisme La Costera","og_description":"La vida e historia de la Costera ha seguido los caminos trazados por el agua en los r\u00edos, barrancos y acequias o girando alrededor de los puntos donde esta se acumulaba o se pod\u00eda aprovechar.","og_url":"https:\/\/www.turismelacostera.com\/es\/rutas-tematicas\/la-ruta-del-agua-de-la-costera\/","og_site_name":"Turisme la Costera l Tesoros del interior","article_modified_time":"2024-11-27T08:17:06+00:00","og_image":[{"width":1920,"height":1080,"url":"https:\/\/www.turismelacostera.com\/wp-content\/uploads\/2020\/11\/aigua-01.jpg","type":"image\/jpeg"}],"twitter_card":"summary_large_image","twitter_misc":{"Tiempo de lectura":"12 minutos"},"schema":{"@context":"https:\/\/schema.org","@graph":[{"@type":"WebPage","@id":"https:\/\/www.turismelacostera.com\/es\/rutas-tematicas\/la-ruta-del-agua-de-la-costera\/","url":"https:\/\/www.turismelacostera.com\/es\/rutas-tematicas\/la-ruta-del-agua-de-la-costera\/","name":"La Ruta del agua de la Costera - Turisme La Costera","isPartOf":{"@id":"https:\/\/www.turismelacostera.com\/es\/#website"},"primaryImageOfPage":{"@id":"https:\/\/www.turismelacostera.com\/es\/rutas-tematicas\/la-ruta-del-agua-de-la-costera\/#primaryimage"},"image":{"@id":"https:\/\/www.turismelacostera.com\/es\/rutas-tematicas\/la-ruta-del-agua-de-la-costera\/#primaryimage"},"thumbnailUrl":"https:\/\/www.turismelacostera.com\/wp-content\/uploads\/2020\/11\/aigua-01.jpg","datePublished":"2020-11-05T23:41:36+00:00","dateModified":"2024-11-27T08:17:06+00:00","description":"La vida e historia de la Costera ha seguido los caminos trazados por el agua en los r\u00edos, barrancos y acequias o girando alrededor de los puntos donde esta se acumulaba o se pod\u00eda aprovechar.","breadcrumb":{"@id":"https:\/\/www.turismelacostera.com\/es\/rutas-tematicas\/la-ruta-del-agua-de-la-costera\/#breadcrumb"},"inLanguage":"es","potentialAction":[{"@type":"ReadAction","target":["https:\/\/www.turismelacostera.com\/es\/rutas-tematicas\/la-ruta-del-agua-de-la-costera\/"]}]},{"@type":"ImageObject","inLanguage":"es","@id":"https:\/\/www.turismelacostera.com\/es\/rutas-tematicas\/la-ruta-del-agua-de-la-costera\/#primaryimage","url":"https:\/\/www.turismelacostera.com\/wp-content\/uploads\/2020\/11\/aigua-01.jpg","contentUrl":"https:\/\/www.turismelacostera.com\/wp-content\/uploads\/2020\/11\/aigua-01.jpg","width":1920,"height":1080},{"@type":"BreadcrumbList","@id":"https:\/\/www.turismelacostera.com\/es\/rutas-tematicas\/la-ruta-del-agua-de-la-costera\/#breadcrumb","itemListElement":[{"@type":"ListItem","position":1,"name":"Portada","item":"https:\/\/www.turismelacostera.com\/es\/"},{"@type":"ListItem","position":2,"name":"Rutas tem\u00e1ticas","item":"https:\/\/www.turismelacostera.com\/es\/rutas-tematicas\/"},{"@type":"ListItem","position":3,"name":"La Ruta del agua de la Costera"}]},{"@type":"WebSite","@id":"https:\/\/www.turismelacostera.com\/es\/#website","url":"https:\/\/www.turismelacostera.com\/es\/","name":"Turisme la Costera l Tesoros del interior","description":"Descobreix els tresors que amaga l&#039;interior de Val\u00e8ncia","potentialAction":[{"@type":"SearchAction","target":{"@type":"EntryPoint","urlTemplate":"https:\/\/www.turismelacostera.com\/es\/?s={search_term_string}"},"query-input":{"@type":"PropertyValueSpecification","valueRequired":true,"valueName":"search_term_string"}}],"inLanguage":"es"}]}},"_links":{"self":[{"href":"https:\/\/www.turismelacostera.com\/es\/wp-json\/wp\/v2\/pages\/16179","targetHints":{"allow":["GET"]}}],"collection":[{"href":"https:\/\/www.turismelacostera.com\/es\/wp-json\/wp\/v2\/pages"}],"about":[{"href":"https:\/\/www.turismelacostera.com\/es\/wp-json\/wp\/v2\/types\/page"}],"author":[{"embeddable":true,"href":"https:\/\/www.turismelacostera.com\/es\/wp-json\/wp\/v2\/users\/1"}],"replies":[{"embeddable":true,"href":"https:\/\/www.turismelacostera.com\/es\/wp-json\/wp\/v2\/comments?post=16179"}],"version-history":[{"count":24,"href":"https:\/\/www.turismelacostera.com\/es\/wp-json\/wp\/v2\/pages\/16179\/revisions"}],"predecessor-version":[{"id":28489,"href":"https:\/\/www.turismelacostera.com\/es\/wp-json\/wp\/v2\/pages\/16179\/revisions\/28489"}],"up":[{"embeddable":true,"href":"https:\/\/www.turismelacostera.com\/es\/wp-json\/wp\/v2\/pages\/16177"}],"wp:featuredmedia":[{"embeddable":true,"href":"https:\/\/www.turismelacostera.com\/es\/wp-json\/wp\/v2\/media\/15240"}],"wp:attachment":[{"href":"https:\/\/www.turismelacostera.com\/es\/wp-json\/wp\/v2\/media?parent=16179"}],"curies":[{"name":"wp","href":"https:\/\/api.w.org\/{rel}","templated":true}]}}