{"id":26269,"date":"2022-02-21T12:20:21","date_gmt":"2022-02-21T12:20:21","guid":{"rendered":"https:\/\/www.turismelacostera.com\/allotjaments\/la-verbena-de-santa-barbara\/"},"modified":"2022-02-21T12:24:26","modified_gmt":"2022-02-21T12:24:26","slug":"la-verbena-de-santa-barbara","status":"publish","type":"allotjaments","link":"https:\/\/www.turismelacostera.com\/es\/alojamientos\/la-verbena-de-santa-barbara\/","title":{"rendered":"La Verbena de Santa B\u00e1rbara"},"content":{"rendered":"\n<p>Bienvenidos a La Verbena de Santa B\u00e1rbara un espacio confortable, fresco y \u00fanico en el que todas las personas tienen cabida.<br>Nuestra casa se encuentra en pleno casco antiguo de Moixent. Un peque\u00f1o pueblo de la Comunitat Valenciana conocido por su entorno natural, su historia, sus tradiciones y sus bodegas.<\/p>\n","protected":false},"template":"","class_list":["post-26269","allotjaments","type-allotjaments","status-publish","hentry"],"acf":[],"yoast_head":"<!-- This site is optimized with the Yoast SEO plugin v27.4 - https:\/\/yoast.com\/product\/yoast-seo-wordpress\/ -->\n<title>La Verbena de Santa B\u00e1rbara - Turisme la Costera l Tesoros del interior<\/title>\n<meta name=\"robots\" content=\"index, follow, max-snippet:-1, max-image-preview:large, max-video-preview:-1\" \/>\n<link rel=\"canonical\" href=\"https:\/\/www.turismelacostera.com\/es\/alojamientos\/la-verbena-de-santa-barbara\/\" \/>\n<meta property=\"og:locale\" content=\"es_ES\" \/>\n<meta property=\"og:type\" content=\"article\" \/>\n<meta property=\"og:title\" content=\"La Verbena de Santa B\u00e1rbara - Turisme la Costera l Tesoros del interior\" \/>\n<meta property=\"og:description\" content=\"Bienvenidos a La Verbena de Santa B\u00e1rbara un espacio confortable, fresco y \u00fanico en el que todas las personas tienen cabida.Nuestra casa se encuentra en pleno casco antiguo de Moixent. Un peque\u00f1o pueblo de la Comunitat Valenciana conocido por su entorno natural, su historia, sus tradiciones y sus bodegas.\" \/>\n<meta property=\"og:url\" content=\"https:\/\/www.turismelacostera.com\/es\/alojamientos\/la-verbena-de-santa-barbara\/\" \/>\n<meta property=\"og:site_name\" content=\"Turisme la Costera l Tesoros del interior\" \/>\n<meta property=\"article:modified_time\" content=\"2022-02-21T12:24:26+00:00\" \/>\n<meta name=\"twitter:card\" content=\"summary_large_image\" \/>\n<meta name=\"twitter:label1\" content=\"Tiempo de lectura\" \/>\n\t<meta name=\"twitter:data1\" content=\"1 minuto\" \/>\n<script type=\"application\/ld+json\" class=\"yoast-schema-graph\">{\"@context\":\"https:\\\/\\\/schema.org\",\"@graph\":[{\"@type\":\"WebPage\",\"@id\":\"https:\\\/\\\/www.turismelacostera.com\\\/es\\\/alojamientos\\\/la-verbena-de-santa-barbara\\\/\",\"url\":\"https:\\\/\\\/www.turismelacostera.com\\\/es\\\/alojamientos\\\/la-verbena-de-santa-barbara\\\/\",\"name\":\"La Verbena de Santa B\u00e1rbara - Turisme la Costera l Tesoros del interior\",\"isPartOf\":{\"@id\":\"https:\\\/\\\/www.turismelacostera.com\\\/es\\\/#website\"},\"datePublished\":\"2022-02-21T12:20:21+00:00\",\"dateModified\":\"2022-02-21T12:24:26+00:00\",\"breadcrumb\":{\"@id\":\"https:\\\/\\\/www.turismelacostera.com\\\/es\\\/alojamientos\\\/la-verbena-de-santa-barbara\\\/#breadcrumb\"},\"inLanguage\":\"es\",\"potentialAction\":[{\"@type\":\"ReadAction\",\"target\":[\"https:\\\/\\\/www.turismelacostera.com\\\/es\\\/alojamientos\\\/la-verbena-de-santa-barbara\\\/\"]}]},{\"@type\":\"BreadcrumbList\",\"@id\":\"https:\\\/\\\/www.turismelacostera.com\\\/es\\\/alojamientos\\\/la-verbena-de-santa-barbara\\\/#breadcrumb\",\"itemListElement\":[{\"@type\":\"ListItem\",\"position\":1,\"name\":\"Portada\",\"item\":\"https:\\\/\\\/www.turismelacostera.com\\\/es\\\/\"},{\"@type\":\"ListItem\",\"position\":2,\"name\":\"Allotjaments\",\"item\":\"https:\\\/\\\/www.turismelacostera.com\\\/es\\\/alojamientos\\\/\"},{\"@type\":\"ListItem\",\"position\":3,\"name\":\"La Verbena de Santa B\u00e1rbara\"}]},{\"@type\":\"WebSite\",\"@id\":\"https:\\\/\\\/www.turismelacostera.com\\\/es\\\/#website\",\"url\":\"https:\\\/\\\/www.turismelacostera.com\\\/es\\\/\",\"name\":\"Turisme la Costera l Tesoros del interior\",\"description\":\"Descobreix els tresors que amaga l&#039;interior de Val\u00e8ncia\",\"potentialAction\":[{\"@type\":\"SearchAction\",\"target\":{\"@type\":\"EntryPoint\",\"urlTemplate\":\"https:\\\/\\\/www.turismelacostera.com\\\/es\\\/?s={search_term_string}\"},\"query-input\":{\"@type\":\"PropertyValueSpecification\",\"valueRequired\":true,\"valueName\":\"search_term_string\"}}],\"inLanguage\":\"es\"}]}<\/script>\n<!-- \/ Yoast SEO plugin. -->","yoast_head_json":{"title":"La Verbena de Santa B\u00e1rbara - Turisme la Costera l Tesoros del interior","robots":{"index":"index","follow":"follow","max-snippet":"max-snippet:-1","max-image-preview":"max-image-preview:large","max-video-preview":"max-video-preview:-1"},"canonical":"https:\/\/www.turismelacostera.com\/es\/alojamientos\/la-verbena-de-santa-barbara\/","og_locale":"es_ES","og_type":"article","og_title":"La Verbena de Santa B\u00e1rbara - Turisme la Costera l Tesoros del interior","og_description":"Bienvenidos a La Verbena de Santa B\u00e1rbara un espacio confortable, fresco y \u00fanico en el que todas las personas tienen cabida.Nuestra casa se encuentra en pleno casco antiguo de Moixent. Un peque\u00f1o pueblo de la Comunitat Valenciana conocido por su entorno natural, su historia, sus tradiciones y sus bodegas.","og_url":"https:\/\/www.turismelacostera.com\/es\/alojamientos\/la-verbena-de-santa-barbara\/","og_site_name":"Turisme la Costera l Tesoros del interior","article_modified_time":"2022-02-21T12:24:26+00:00","twitter_card":"summary_large_image","twitter_misc":{"Tiempo de lectura":"1 minuto"},"schema":{"@context":"https:\/\/schema.org","@graph":[{"@type":"WebPage","@id":"https:\/\/www.turismelacostera.com\/es\/alojamientos\/la-verbena-de-santa-barbara\/","url":"https:\/\/www.turismelacostera.com\/es\/alojamientos\/la-verbena-de-santa-barbara\/","name":"La Verbena de Santa B\u00e1rbara - Turisme la Costera l Tesoros del interior","isPartOf":{"@id":"https:\/\/www.turismelacostera.com\/es\/#website"},"datePublished":"2022-02-21T12:20:21+00:00","dateModified":"2022-02-21T12:24:26+00:00","breadcrumb":{"@id":"https:\/\/www.turismelacostera.com\/es\/alojamientos\/la-verbena-de-santa-barbara\/#breadcrumb"},"inLanguage":"es","potentialAction":[{"@type":"ReadAction","target":["https:\/\/www.turismelacostera.com\/es\/alojamientos\/la-verbena-de-santa-barbara\/"]}]},{"@type":"BreadcrumbList","@id":"https:\/\/www.turismelacostera.com\/es\/alojamientos\/la-verbena-de-santa-barbara\/#breadcrumb","itemListElement":[{"@type":"ListItem","position":1,"name":"Portada","item":"https:\/\/www.turismelacostera.com\/es\/"},{"@type":"ListItem","position":2,"name":"Allotjaments","item":"https:\/\/www.turismelacostera.com\/es\/alojamientos\/"},{"@type":"ListItem","position":3,"name":"La Verbena de Santa B\u00e1rbara"}]},{"@type":"WebSite","@id":"https:\/\/www.turismelacostera.com\/es\/#website","url":"https:\/\/www.turismelacostera.com\/es\/","name":"Turisme la Costera l Tesoros del interior","description":"Descobreix els tresors que amaga l&#039;interior de Val\u00e8ncia","potentialAction":[{"@type":"SearchAction","target":{"@type":"EntryPoint","urlTemplate":"https:\/\/www.turismelacostera.com\/es\/?s={search_term_string}"},"query-input":{"@type":"PropertyValueSpecification","valueRequired":true,"valueName":"search_term_string"}}],"inLanguage":"es"}]}},"_links":{"self":[{"href":"https:\/\/www.turismelacostera.com\/es\/wp-json\/wp\/v2\/allotjaments\/26269","targetHints":{"allow":["GET"]}}],"collection":[{"href":"https:\/\/www.turismelacostera.com\/es\/wp-json\/wp\/v2\/allotjaments"}],"about":[{"href":"https:\/\/www.turismelacostera.com\/es\/wp-json\/wp\/v2\/types\/allotjaments"}],"wp:attachment":[{"href":"https:\/\/www.turismelacostera.com\/es\/wp-json\/wp\/v2\/media?parent=26269"}],"curies":[{"name":"wp","href":"https:\/\/api.w.org\/{rel}","templated":true}]}}